{"version":"1.0","provider_name":"Archdiocese of Ottawa-Cornwall","provider_url":"https:\/\/ottawacornwall.ca\/fr\/","author_name":"Carine","author_url":"https:\/\/ottawacornwall.ca\/fr\/author\/carine\/","title":"Retraite du Car\u00eame \u00e0 la Paroisse Sacr\u00e9-C\u0153ur\/Alexandria - Archdiocese of Ottawa-Cornwall","type":"rich","width":600,"height":338,"html":"<blockquote class=\"wp-embedded-content\" data-secret=\"eDEPCqOULn\"><a href=\"https:\/\/ottawacornwall.ca\/fr\/events\/38181\/\">Retraite du Car\u00eame \u00e0 la Paroisse Sacr\u00e9-C\u0153ur\/Alexandria<\/a><\/blockquote><iframe sandbox=\"allow-scripts\" security=\"restricted\" src=\"https:\/\/ottawacornwall.ca\/fr\/events\/38181\/embed\/#?secret=eDEPCqOULn\" width=\"600\" height=\"338\" title=\"\u00ab\u00a0Retraite du Car\u00eame \u00e0 la Paroisse Sacr\u00e9-C\u0153ur\/Alexandria\u00a0\u00bb &#8212; Archdiocese of Ottawa-Cornwall\" data-secret=\"eDEPCqOULn\" frameborder=\"0\" marginwidth=\"0\" marginheight=\"0\" scrolling=\"no\" class=\"wp-embedded-content\"><\/iframe><script type=\"text\/javascript\">\n\/* <![CDATA[ *\/\n\/*! This file is auto-generated *\/\n!function(d,l){\"use strict\";l.querySelector&&d.addEventListener&&\"undefined\"!=typeof URL&&(d.wp=d.wp||{},d.wp.receiveEmbedMessage||(d.wp.receiveEmbedMessage=function(e){var t=e.data;if((t||t.secret||t.message||t.value)&&!\/[^a-zA-Z0-9]\/.test(t.secret)){for(var s,r,n,a=l.querySelectorAll('iframe[data-secret=\"'+t.secret+'\"]'),o=l.querySelectorAll('blockquote[data-secret=\"'+t.secret+'\"]'),c=new RegExp(\"^https?:$\",\"i\"),i=0;i<o.length;i++)o[i].style.display=\"none\";for(i=0;i<a.length;i++)s=a[i],e.source===s.contentWindow&&(s.removeAttribute(\"style\"),\"height\"===t.message?(1e3<(r=parseInt(t.value,10))?r=1e3:~~r<200&&(r=200),s.height=r):\"link\"===t.message&&(r=new URL(s.getAttribute(\"src\")),n=new URL(t.value),c.test(n.protocol))&&n.host===r.host&&l.activeElement===s&&(d.top.location.href=t.value))}},d.addEventListener(\"message\",d.wp.receiveEmbedMessage,!1),l.addEventListener(\"DOMContentLoaded\",function(){for(var e,t,s=l.querySelectorAll(\"iframe.wp-embedded-content\"),r=0;r<s.length;r++)(t=(e=s[r]).getAttribute(\"data-secret\"))||(t=Math.random().toString(36).substring(2,12),e.src+=\"#?secret=\"+t,e.setAttribute(\"data-secret\",t)),e.contentWindow.postMessage({message:\"ready\",secret:t},\"*\")},!1)))}(window,document);\n\/\/# sourceURL=https:\/\/ottawacornwall.ca\/wp-includes\/js\/wp-embed.min.js\n\/* ]]> *\/\n<\/script>\n","thumbnail_url":"https:\/\/ottawacornwall.ca\/wp-content\/uploads\/2026\/03\/1Careme-2025--scaled.jpg","thumbnail_width":1978,"thumbnail_height":2560,"description":"Retraite du Car\u00eame \u00e0 la Paroisse Sacr\u00e9-C\u0153ur\/Alexandria du\u00a022 au 24 mars 2026 Sous le\u00a0th\u00e8me \u00ab\u00a0L\u2019amour du Christ nous saisit\u2026\u00a0\u00bb,\u00a0Notre \u00e9v\u00eaque auxiliaire et V.G, Mgr Yvan Mathieu, s.m., animera la\u00a0retraite\u00a0du Car\u00eame, les\u00a022, 23 et 24 mars \u00e0 19 h, \u00e0 l\u2019\u00e9glise\u00a0Sacr\u00e9-C\u0153ur d\u2019Alexandria. Au plaisir de vous y accueillir \u00e0 ces 3 soir\u00e9es de ressourcement au c\u0153ur [&hellip;]"}