{"version":"1.0","provider_name":"Archdiocese of Ottawa-Cornwall","provider_url":"https:\/\/ottawacornwall.ca\/fr\/","author_name":"ruth","author_url":"https:\/\/ottawacornwall.ca\/fr\/author\/ruth\/","title":"\u00c9mergence : La palette de la Gen\u00e8se - Archdiocese of Ottawa-Cornwall","type":"rich","width":600,"height":338,"html":"<blockquote class=\"wp-embedded-content\" data-secret=\"JGsFS7u0Kz\"><a href=\"https:\/\/ottawacornwall.ca\/fr\/events\/emergence-la-palette-de-la-genese\/\">\u00c9mergence : La palette de la Gen\u00e8se<\/a><\/blockquote><iframe sandbox=\"allow-scripts\" security=\"restricted\" src=\"https:\/\/ottawacornwall.ca\/fr\/events\/emergence-la-palette-de-la-genese\/embed\/#?secret=JGsFS7u0Kz\" width=\"600\" height=\"338\" title=\"\u00ab\u00a0\u00c9mergence : La palette de la Gen\u00e8se\u00a0\u00bb &#8212; Archdiocese of Ottawa-Cornwall\" data-secret=\"JGsFS7u0Kz\" frameborder=\"0\" marginwidth=\"0\" marginheight=\"0\" scrolling=\"no\" class=\"wp-embedded-content\"><\/iframe><script type=\"text\/javascript\">\n\/* <![CDATA[ *\/\n\/*! This file is auto-generated *\/\n!function(d,l){\"use strict\";l.querySelector&&d.addEventListener&&\"undefined\"!=typeof URL&&(d.wp=d.wp||{},d.wp.receiveEmbedMessage||(d.wp.receiveEmbedMessage=function(e){var t=e.data;if((t||t.secret||t.message||t.value)&&!\/[^a-zA-Z0-9]\/.test(t.secret)){for(var s,r,n,a=l.querySelectorAll('iframe[data-secret=\"'+t.secret+'\"]'),o=l.querySelectorAll('blockquote[data-secret=\"'+t.secret+'\"]'),c=new RegExp(\"^https?:$\",\"i\"),i=0;i<o.length;i++)o[i].style.display=\"none\";for(i=0;i<a.length;i++)s=a[i],e.source===s.contentWindow&&(s.removeAttribute(\"style\"),\"height\"===t.message?(1e3<(r=parseInt(t.value,10))?r=1e3:~~r<200&&(r=200),s.height=r):\"link\"===t.message&&(r=new URL(s.getAttribute(\"src\")),n=new URL(t.value),c.test(n.protocol))&&n.host===r.host&&l.activeElement===s&&(d.top.location.href=t.value))}},d.addEventListener(\"message\",d.wp.receiveEmbedMessage,!1),l.addEventListener(\"DOMContentLoaded\",function(){for(var e,t,s=l.querySelectorAll(\"iframe.wp-embedded-content\"),r=0;r<s.length;r++)(t=(e=s[r]).getAttribute(\"data-secret\"))||(t=Math.random().toString(36).substring(2,12),e.src+=\"#?secret=\"+t,e.setAttribute(\"data-secret\",t)),e.contentWindow.postMessage({message:\"ready\",secret:t},\"*\")},!1)))}(window,document);\n\/\/# sourceURL=https:\/\/ottawacornwall.ca\/wp-includes\/js\/wp-embed.min.js\n\/* ]]> *\/\n<\/script>\n","thumbnail_url":"https:\/\/ottawacornwall.ca\/wp-content\/uploads\/2025\/02\/FR.png","thumbnail_width":1875,"thumbnail_height":625,"description":"Venez d\u00e9couvrir comment des artistes de la r\u00e9gion pr\u00e9senteront la beaut\u00e9 de la Cr\u00e9ation et son Auteur \u00e0 travers leurs \u0153uvres d\u2019art, le 27 avril. Cet \u00e9v\u00e9nement est organis\u00e9 par l\u2019Archidioc\u00e8se d\u2019Ottawa-Cornwall au Caf\u00e9 Des Tours pour c\u00e9l\u00e9brer la Saison de la Cr\u00e9ation. &nbsp; SOUMISSIONS DE VOS PI\u00c8CES ARTISTIQUES Si vous \u00eates un artiste de [&hellip;]"}