{"version":"1.0","provider_name":"Archdiocese of Ottawa-Cornwall","provider_url":"https:\/\/ottawacornwall.ca\/fr\/","author_name":"ruth","author_url":"https:\/\/ottawacornwall.ca\/fr\/author\/ruth\/","title":"Chant th\u00e8me pastoral 2024-2025\u00a0- CECCE - Archdiocese of Ottawa-Cornwall","type":"rich","width":600,"height":338,"html":"<blockquote class=\"wp-embedded-content\" data-secret=\"k582EhMNKL\"><a href=\"https:\/\/ottawacornwall.ca\/fr\/news\/chant-theme-pastoral-2024-2025-cecce\/\">Chant th\u00e8me pastoral 2024-2025\u00a0&#8211; CECCE<\/a><\/blockquote><iframe sandbox=\"allow-scripts\" security=\"restricted\" src=\"https:\/\/ottawacornwall.ca\/fr\/news\/chant-theme-pastoral-2024-2025-cecce\/embed\/#?secret=k582EhMNKL\" width=\"600\" height=\"338\" title=\"\u00ab\u00a0Chant th\u00e8me pastoral 2024-2025\u00a0&#8211; CECCE\u00a0\u00bb &#8212; Archdiocese of Ottawa-Cornwall\" data-secret=\"k582EhMNKL\" frameborder=\"0\" marginwidth=\"0\" marginheight=\"0\" scrolling=\"no\" class=\"wp-embedded-content\"><\/iframe><script type=\"text\/javascript\">\n\/* <![CDATA[ *\/\n\/*! This file is auto-generated *\/\n!function(d,l){\"use strict\";l.querySelector&&d.addEventListener&&\"undefined\"!=typeof URL&&(d.wp=d.wp||{},d.wp.receiveEmbedMessage||(d.wp.receiveEmbedMessage=function(e){var t=e.data;if((t||t.secret||t.message||t.value)&&!\/[^a-zA-Z0-9]\/.test(t.secret)){for(var s,r,n,a=l.querySelectorAll('iframe[data-secret=\"'+t.secret+'\"]'),o=l.querySelectorAll('blockquote[data-secret=\"'+t.secret+'\"]'),c=new RegExp(\"^https?:$\",\"i\"),i=0;i<o.length;i++)o[i].style.display=\"none\";for(i=0;i<a.length;i++)s=a[i],e.source===s.contentWindow&&(s.removeAttribute(\"style\"),\"height\"===t.message?(1e3<(r=parseInt(t.value,10))?r=1e3:~~r<200&&(r=200),s.height=r):\"link\"===t.message&&(r=new URL(s.getAttribute(\"src\")),n=new URL(t.value),c.test(n.protocol))&&n.host===r.host&&l.activeElement===s&&(d.top.location.href=t.value))}},d.addEventListener(\"message\",d.wp.receiveEmbedMessage,!1),l.addEventListener(\"DOMContentLoaded\",function(){for(var e,t,s=l.querySelectorAll(\"iframe.wp-embedded-content\"),r=0;r<s.length;r++)(t=(e=s[r]).getAttribute(\"data-secret\"))||(t=Math.random().toString(36).substring(2,12),e.src+=\"#?secret=\"+t,e.setAttribute(\"data-secret\",t)),e.contentWindow.postMessage({message:\"ready\",secret:t},\"*\")},!1)))}(window,document);\n\/\/# sourceURL=https:\/\/ottawacornwall.ca\/wp-includes\/js\/wp-embed.min.js\n\/* ]]> *\/\n<\/script>\n","description":"Le Conseil des \u00e9coles catholiques du Centre-Est (CECCE) est fier de vous pr\u00e9senter le chant th\u00e8me pastoral 2024-2025,\u00a0P\u00e8lerins d&rsquo;esp\u00e9rance, qui est \u00e9galement le th\u00e8me pour toutes les \u00e9coles catholiques de langue fran\u00e7aise en Ontario. Pour les familles et les paroisses, nous pla\u00e7ons \u00e9galement \u00e0 votre disposition des\u00a0ressources\u00a0en lien avec le chant th\u00e8me, incluant l&rsquo;acc\u00e8s au [&hellip;]","thumbnail_url":"http:\/\/ottawacornwall.ca\/wp-content\/uploads\/2024\/11\/Pelerins-desperance-logo-v1-1024x534.png"}