{"id":38817,"date":"2026-04-17T14:25:04","date_gmt":"2026-04-17T18:25:04","guid":{"rendered":"https:\/\/ottawacornwall.ca\/?post_type=careers&#038;p=38817"},"modified":"2026-04-17T14:58:51","modified_gmt":"2026-04-17T18:58:51","slug":"administrateurtrice-paroissiale-bureau-et-ministere-st-francis-de-sales-st-columban-cornwall","status":"publish","type":"careers","link":"https:\/\/ottawacornwall.ca\/fr\/careers\/administrateurtrice-paroissiale-bureau-et-ministere-st-francis-de-sales-st-columban-cornwall\/","title":{"rendered":"Administrateur(trice) paroissial(e), Bureau et minist\u00e8re, St. Francis de Sales, St. Columban &#8211; Cornwall"},"content":{"rendered":"<p data-start=\"0\" data-end=\"508\"><strong data-start=\"0\" data-end=\"22\">Date d\u2019affichage :<\/strong> 17 avril 2026<br data-start=\"36\" data-end=\"39\" \/><strong data-start=\"39\" data-end=\"81\">Date de soumission de la candidature:<\/strong> 8 mai 2026<br data-start=\"92\" data-end=\"95\" \/><strong data-start=\"95\" data-end=\"115\">Titre du poste:<\/strong> <strong>Administrateur(trice) paroissial(e)<\/strong> <strong>(Bureau et minist\u00e8re)<\/strong><br data-start=\"173\" data-end=\"176\" \/><strong data-start=\"176\" data-end=\"186\">Lieu:<\/strong> St. Francis de Sales, St. Columban<br data-start=\"221\" data-end=\"224\" \/><strong data-start=\"224\" data-end=\"247\">\u00c9chelle salariale:<\/strong> Selon l\u2019exp\u00e9rience<br data-start=\"266\" data-end=\"269\" \/><strong data-start=\"269\" data-end=\"290\">Type de contrat:<\/strong> Temps partiel, menant \u00e0 un poste \u00e0 temps plein, <span data-olk-copy-source=\"MessageBody\">dur\u00e9e ind\u00e9termin\u00e9e <\/span><br data-start=\"337\" data-end=\"340\" \/><strong data-start=\"340\" data-end=\"364\">Horaire de travail:<\/strong> 20 heures\/semaine, du lundi au vendredi, \u00e9voluant vers 37,5 heures\/semaine, de 8 h \u00e0 16 h avec une pause d\u00e9jeuner non r\u00e9mun\u00e9r\u00e9e de 30 minutes<\/p>\n<p>&nbsp;<\/p>\n<p><em><strong>Administrateur(trice) paroissial(e) (Bureau et minist\u00e8re)<\/strong><\/em><\/p>\n<p>&nbsp;<\/p>\n<p><strong>APER\u00c7U DU POSTE<\/strong><\/p>\n<p data-start=\"0\" data-end=\"399\">L\u2019administrateur(trice) paroissial(e) (Bureau et minist\u00e8re) soutient le cur\u00e9 et l\u2019\u00e9quipe de direction paroissiale dans l\u2019administration efficace et la communication de la vie paroissiale. Ce r\u00f4le assure le bon fonctionnement quotidien du bureau paroissial tout en appuyant les initiatives pastorales, la pr\u00e9paration sacramentelle, les efforts d\u2019\u00e9vang\u00e9lisation et les communications de la paroisse.<\/p>\n<p data-start=\"401\" data-end=\"790\" data-is-last-node=\"\" data-is-only-node=\"\">Ce poste combine <strong>la coordination administrative<\/strong>, <strong>le soutien pastoral, la gestion des communications et l\u2019accueil<\/strong>, contribuant \u00e0 favoriser une communaut\u00e9 paroissiale accueillante, inform\u00e9e et orient\u00e9e vers sa mission. L\u2019administrateur(trice) paroissial(e) agit comme point de contact principal pour les paroissiens, les b\u00e9n\u00e9voles, les responsables de minist\u00e8res et les partenaires externes.<\/p>\n<p>&nbsp;<\/p>\n<p>&nbsp;<\/p>\n<p><strong>RESPONSABILIT\u00c9S PRINCIPALES<\/strong><\/p>\n<p><strong>Administration paroissiale et op\u00e9rations de bureau<\/strong><\/p>\n<ul>\n<li>G\u00e9rer les op\u00e9rations quotidiennes du bureau paroissial et veiller au bon d\u00e9roulement des processus administratifs<\/li>\n<li>Agir comme premier point de contact pour les paroissiens et visiteurs (t\u00e9l\u00e9phone, courriel, site web, en personne)<\/li>\n<li>Tenir \u00e0 jour les dossiers, syst\u00e8mes de classement et bases de donn\u00e9es avec exactitude et confidentialit\u00e9<\/li>\n<li>Offrir un soutien administratif et de secr\u00e9tariat au cur\u00e9 (correspondance, horaires, rapports, r\u00e9unions)<\/li>\n<li>Coordonner le calendrier paroissial (messes, sacrements, r\u00e9unions, missions, \u00e9v\u00e9nements)<\/li>\n<li>G\u00e9rer les demandes d\u2019intentions de messe et assurer une planification pr\u00e9cise<\/li>\n<li>Superviser l\u2019entretien de l\u2019\u00e9quipement de bureau et les fournitures<\/li>\n<li>G\u00e9rer l\u2019acc\u00e8s aux cl\u00e9s, syst\u00e8mes d\u2019alarme et dossiers de s\u00e9curit\u00e9<\/li>\n<li>Aider aux t\u00e2ches administratives li\u00e9es aux propri\u00e9t\u00e9s et aux fournisseurs<\/li>\n<li>Veiller \u00e0 la pr\u00e9paration des rapports et documents selon les exigences dioc\u00e9saines<\/li>\n<li>Participer aux r\u00e9unions du personnel et \u00e0 la planification des initiatives paroissiales<\/li>\n<\/ul>\n<p>&nbsp;<\/p>\n<p data-section-id=\"1fizbe9\" data-start=\"2675\" data-end=\"2719\"><strong>Coordination sacramentelle et liturgique<\/strong><\/p>\n<ul data-start=\"2721\" data-end=\"3359\">\n<li data-section-id=\"a0ns4m\" data-start=\"2721\" data-end=\"2820\">Coordonner et planifier les c\u00e9l\u00e9brations sacramentelles (bapt\u00eames, mariages, fun\u00e9railles, etc.)<\/li>\n<li data-section-id=\"1chufrb\" data-start=\"2821\" data-end=\"2905\">Soutenir le cur\u00e9 dans l\u2019organisation des programmes de pr\u00e9paration sacramentelle<\/li>\n<li data-section-id=\"1opaidd\" data-start=\"2906\" data-end=\"2999\">Communiquer avec les familles concernant la pr\u00e9paration, la documentation et les horaires<\/li>\n<li data-section-id=\"4ensxw\" data-start=\"3000\" data-end=\"3094\">Tenir \u00e0 jour les registres sacramentels selon les exigences de l\u2019\u00c9glise et du gouvernement<\/li>\n<li data-section-id=\"z81qoe\" data-start=\"3095\" data-end=\"3175\">Aider \u00e0 la documentation des mariages et aux enregistrements gouvernementaux<\/li>\n<li data-section-id=\"v1cv4w\" data-start=\"3176\" data-end=\"3265\">Coordonner les fun\u00e9railles avec les familles, maisons fun\u00e9raires, clerg\u00e9 et musiciens<\/li>\n<li data-section-id=\"16b5jpk\" data-start=\"3266\" data-end=\"3359\">Aider \u00e0 la planification des minist\u00e8res liturgiques (lecteurs, ministres, placiers, etc.)<\/li>\n<\/ul>\n<p>&nbsp;<\/p>\n<p data-section-id=\"620mb1\" data-start=\"3366\" data-end=\"3424\"><strong>Soutien \u00e0 la mission paroissiale et \u00e0 l\u2019\u00e9vang\u00e9lisation<\/strong><\/p>\n<ul data-start=\"3426\" data-end=\"3829\">\n<li data-section-id=\"1widq42\" data-start=\"3426\" data-end=\"3515\">Appuyer les programmes favorisant la croissance spirituelle et la formation de la foi<\/li>\n<li data-section-id=\"1vgthms\" data-start=\"3516\" data-end=\"3588\">Aider \u00e0 coordonner les activit\u00e9s, retraites et missions paroissiales<\/li>\n<li data-section-id=\"x39ubb\" data-start=\"3589\" data-end=\"3664\">Collaborer avec les minist\u00e8res, b\u00e9n\u00e9voles et partenaires communautaires<\/li>\n<li data-section-id=\"y8mxqg\" data-start=\"3665\" data-end=\"3741\">Favoriser un environnement accueillant pour les paroissiens et visiteurs<\/li>\n<li data-section-id=\"1rah2sr\" data-start=\"3742\" data-end=\"3829\">Participer \u00e0 la coordination des b\u00e9n\u00e9voles et au respect des politiques dioc\u00e9saines<\/li>\n<\/ul>\n<p>&nbsp;<\/p>\n<p data-section-id=\"1j32wf6\" data-start=\"3836\" data-end=\"3867\"><strong>Communications paroissiales<\/strong><\/p>\n<ul data-start=\"3869\" data-end=\"4319\">\n<li data-section-id=\"1kujpsd\" data-start=\"3869\" data-end=\"3937\">Coordonner et g\u00e9rer les communications (num\u00e9riques et imprim\u00e9es)<\/li>\n<li data-section-id=\"m23xq0\" data-start=\"3938\" data-end=\"4013\">Pr\u00e9parer et publier le feuillet paroissial hebdomadaire et les annonces<\/li>\n<li data-section-id=\"3wujp9\" data-start=\"4014\" data-end=\"4098\">Mettre \u00e0 jour les outils de communication (site web, courriels, r\u00e9seaux sociaux)<\/li>\n<li data-section-id=\"bcr8mq\" data-start=\"4099\" data-end=\"4168\">Cr\u00e9er du mat\u00e9riel promotionnel (affiches, brochures, invitations)<\/li>\n<li data-section-id=\"r75p6h\" data-start=\"4169\" data-end=\"4253\">Appuyer la promotion des grandes c\u00e9l\u00e9brations (No\u00ebl, P\u00e2ques, f\u00eates paroissiales)<\/li>\n<li data-section-id=\"jfps1b\" data-start=\"4254\" data-end=\"4319\">Assurer une communication claire et rapide avec la communaut\u00e9<\/li>\n<\/ul>\n<p>&nbsp;<\/p>\n<p data-section-id=\"16h081j\" data-start=\"4326\" data-end=\"4372\"><strong>Coordination d\u2019\u00e9v\u00e9nements et de programmes<\/strong><\/p>\n<ul data-start=\"4374\" data-end=\"4593\">\n<li data-section-id=\"1ta2oit\" data-start=\"4374\" data-end=\"4446\">Aider \u00e0 planifier et organiser les \u00e9v\u00e9nements majeurs de la paroisse<\/li>\n<li data-section-id=\"rx5es2\" data-start=\"4447\" data-end=\"4522\">Coordonner la logistique (horaire, mat\u00e9riel, communications, b\u00e9n\u00e9voles)<\/li>\n<li data-section-id=\"4ryzt3\" data-start=\"4523\" data-end=\"4593\">Soutenir les activit\u00e9s avec les \u00e9coles catholiques, le cas \u00e9ch\u00e9ant<\/li>\n<\/ul>\n<p>&nbsp;<\/p>\n<p data-section-id=\"xnsdnr\" data-start=\"4600\" data-end=\"4617\"><strong>QUALIFICATIONS<\/strong><\/p>\n<p data-section-id=\"1ujt0z1\" data-start=\"4619\" data-end=\"4632\"><strong>Formation<\/strong><\/p>\n<ul data-start=\"4634\" data-end=\"4779\">\n<li data-section-id=\"1hhv7dj\" data-start=\"4634\" data-end=\"4673\">Dipl\u00f4me d\u2019\u00e9tudes secondaires requis<\/li>\n<li data-section-id=\"pwlozt\" data-start=\"4674\" data-end=\"4779\">Un dipl\u00f4me, un certificat ou une formation universitaire en <strong>administration, communications, th\u00e9ologie, \u00e9tudes religieuses, minist\u00e8re pastoral ou dans un domaine connexe<\/strong> est un atout.<\/li>\n<\/ul>\n<p>&nbsp;<\/p>\n<p data-section-id=\"1f0qifo\" data-start=\"4786\" data-end=\"4800\"><strong>Exp\u00e9rience<\/strong><\/p>\n<ul data-start=\"4802\" data-end=\"4941\">\n<li data-section-id=\"1f0rt3e\" data-start=\"4802\" data-end=\"4862\">Minimum de <strong>2 \u00e0 3 ans d&rsquo;exp\u00e9rience dans un r\u00f4le administratif, de coordination ou de gestion de bureau<\/strong>.<\/li>\n<li data-section-id=\"1xnfz65\" data-start=\"4863\" data-end=\"4941\">Exp\u00e9rience en milieu <strong>eccl\u00e9sial, communautaire ou sans but lucratif<\/strong> (atout)<\/li>\n<\/ul>\n<p>&nbsp;<\/p>\n<p data-section-id=\"1nqqqms\" data-start=\"4948\" data-end=\"4963\"><strong>Comp\u00e9tences<\/strong><\/p>\n<ul data-start=\"4965\" data-end=\"5456\">\n<li data-section-id=\"jejorn\" data-start=\"4965\" data-end=\"5028\">Excellentes comp\u00e9tences en organisation et gestion du temps<\/li>\n<li data-section-id=\"eq8nqf\" data-start=\"5029\" data-end=\"5089\">Excellentes comp\u00e9tences en communication \u00e9crite et orale<span data-olk-copy-source=\"MessageBody\"> en langue anglaise<\/span><\/li>\n<li data-section-id=\"15h9x8e\" data-start=\"5090\" data-end=\"5145\">Bonnes aptitudes interpersonnelles et collaboration<\/li>\n<li data-section-id=\"1oc1eny\" data-start=\"5146\" data-end=\"5198\">Professionnalisme, discr\u00e9tion et confidentialit\u00e9<\/li>\n<li data-section-id=\"unjkej\" data-start=\"5199\" data-end=\"5249\">Sens de l\u2019accueil et du service \u00e0 la client\u00e8le<\/li>\n<li data-section-id=\"ladhov\" data-start=\"5250\" data-end=\"5306\">Capacit\u00e9 \u00e0 travailler de fa\u00e7on autonome et en \u00e9quipe<\/li>\n<li data-section-id=\"iconct\" data-start=\"5307\" data-end=\"5337\">Souci du d\u00e9tail et rigueur<\/li>\n<li data-section-id=\"1owf6ww\" data-start=\"5338\" data-end=\"5400\">Catholique<strong> pratiquant(e) avec bonne connaissance de la foi<\/strong><\/li>\n<li data-section-id=\"7bbxtd\" data-start=\"5401\" data-end=\"5456\">Engagement envers la mission de l\u2019\u00c9glise catholique<\/li>\n<\/ul>\n<p>&nbsp;<\/p>\n<p data-section-id=\"1m86hnf\" data-start=\"5463\" data-end=\"5489\"><strong>Comp\u00e9tences techniques<\/strong><\/p>\n<ul data-start=\"5491\" data-end=\"5707\">\n<li data-section-id=\"kfvv3c\" data-start=\"5491\" data-end=\"5558\">Ma\u00eetrise de <strong>Microsoft Office (Word, Excel, Outlook, PowerPoint)<\/strong><\/li>\n<li data-section-id=\"blt6pz\" data-start=\"5559\" data-end=\"5603\"><strong>Logiciels de gestion paroissiale<\/strong> (atout)<\/li>\n<li data-section-id=\"kwpxf7\" data-start=\"5604\" data-end=\"5661\">Connaissance des <strong>outils num\u00e9riques et r\u00e9seaux sociaux<\/strong><\/li>\n<li data-section-id=\"j1xwe9\" data-start=\"5662\" data-end=\"5707\">L&rsquo;exp\u00e9rience avec des <strong>outils de conception tels que Canva et les mises \u00e0 jour de sites Web<\/strong> est un atout.<\/li>\n<\/ul>\n<p>&nbsp;<\/p>\n<p data-section-id=\"12xbad2\" data-start=\"5714\" data-end=\"5736\"><strong>POURQUOI POSTULER ?<\/strong><\/p>\n<ul data-start=\"5738\" data-end=\"5821\">\n<li data-section-id=\"w2pb75\" data-start=\"5738\" data-end=\"5768\">Forfait complet d&rsquo;avantages<\/li>\n<li data-section-id=\"10qf2td\" data-start=\"5769\" data-end=\"5821\">Vacances et cong\u00e9s de maladie pay\u00e9s apr\u00e8s 3 mois<\/li>\n<\/ul>\n<p>&nbsp;<\/p>\n<p><strong>POUR POSTULER<\/strong><\/p>\n<div class=\"text-base my-auto mx-auto [--thread-content-margin:var(--thread-content-margin-xs,calc(var(--spacing)*4))] @w-sm\/main:[--thread-content-margin:var(--thread-content-margin-sm,calc(var(--spacing)*6))] @w-lg\/main:[--thread-content-margin:var(--thread-content-margin-lg,calc(var(--spacing)*16))] px-(--thread-content-margin)\">\n<div class=\"[--thread-content-max-width:40rem] @w-lg\/main:[--thread-content-max-width:48rem] mx-auto max-w-(--thread-content-max-width) flex-1 group\/turn-messages focus-visible:outline-hidden relative flex w-full min-w-0 flex-col agent-turn\">\n<div class=\"flex max-w-full flex-col gap-4 grow\">\n<div class=\"min-h-8 text-message relative flex w-full flex-col items-end gap-2 text-start break-words whitespace-normal outline-none keyboard-focused:focus-ring [.text-message+&amp;]:mt-1\" dir=\"auto\" data-message-author-role=\"assistant\" data-message-id=\"e4c3f82d-ee94-431d-9c19-935177590855\" data-message-model-slug=\"gpt-5-3\">\n<div class=\"flex w-full flex-col gap-1 empty:hidden\">\n<div class=\"markdown prose dark:prose-invert w-full wrap-break-word light markdown-new-styling\">\n<p data-start=\"6490\" data-end=\"6591\">Documents requis :<\/p>\n<ul>\n<li data-start=\"6490\" data-end=\"6591\">CV et trois (3) r\u00e9f\u00e9rences (contact\u00e9es seulement si vous \u00eates s\u00e9lectionn\u00e9(e)).<\/li>\n<li data-start=\"6490\" data-end=\"6591\">Envoyer votre candidature par courriel \u00e0 : Judy Czernys (<a href=\"mailto:jczernys@gmail.com\">jczernys@gmail.com<\/a>)<\/li>\n<li data-start=\"6490\" data-end=\"6591\">Les candidatures seront accept\u00e9es jusqu\u2019au <strong>8 mai 2026<\/strong>. Seules les personnes retenues pour une entrevue seront contact\u00e9es.<\/li>\n<\/ul>\n<p data-start=\"6673\" data-end=\"6796\" data-is-last-node=\"\" data-is-only-node=\"\">\n<\/div>\n<\/div>\n<\/div>\n<\/div>\n<\/div>\n<\/div>\n","protected":false},"excerpt":{"rendered":"<p>Date d\u2019affichage : 17 avril 2026Date de soumission de la candidature: 8 mai 2026Titre du poste: Administrateur(trice) paroissial(e) (Bureau et minist\u00e8re)Lieu: St. Francis de Sales, St. Columban\u00c9chelle salariale: Selon l\u2019exp\u00e9rienceType de contrat: Temps partiel, menant \u00e0 un poste \u00e0 temps plein, dur\u00e9e ind\u00e9termin\u00e9e Horaire de travail: 20 heures\/semaine, du lundi au vendredi, \u00e9voluant vers 37,5 [&hellip;]<\/p>\n","protected":false},"featured_media":0,"template":"","meta":{"_acf_changed":false,"footnotes":""},"tags":[88],"class_list":["post-38817","careers","type-careers","status-publish","hentry","tag-occasions-demplois-dans-nos-paroisses"],"acf":[],"yoast_head":"<!-- This site is optimized with the Yoast SEO plugin v27.4 - https:\/\/yoast.com\/product\/yoast-seo-wordpress\/ -->\n<title>Administrateur(trice) paroissial(e), Bureau et minist\u00e8re, St. Francis de Sales, St. Columban - Cornwall - Archdiocese of Ottawa-Cornwall<\/title>\n<meta name=\"robots\" content=\"index, follow, max-snippet:-1, max-image-preview:large, max-video-preview:-1\" \/>\n<link rel=\"canonical\" href=\"https:\/\/ottawacornwall.ca\/fr\/careers\/administrateurtrice-paroissiale-bureau-et-ministere-st-francis-de-sales-st-columban-cornwall\/\" \/>\n<meta property=\"og:locale\" content=\"fr_FR\" \/>\n<meta property=\"og:type\" content=\"article\" \/>\n<meta property=\"og:title\" content=\"Administrateur(trice) paroissial(e), Bureau et minist\u00e8re, St. Francis de Sales, St. Columban - Cornwall - Archdiocese of Ottawa-Cornwall\" \/>\n<meta property=\"og:description\" content=\"Date d\u2019affichage : 17 avril 2026Date de soumission de la candidature: 8 mai 2026Titre du poste: Administrateur(trice) paroissial(e) (Bureau et minist\u00e8re)Lieu: St. Francis de Sales, St. Columban\u00c9chelle salariale: Selon l\u2019exp\u00e9rienceType de contrat: Temps partiel, menant \u00e0 un poste \u00e0 temps plein, dur\u00e9e ind\u00e9termin\u00e9e Horaire de travail: 20 heures\/semaine, du lundi au vendredi, \u00e9voluant vers 37,5 [&hellip;]\" \/>\n<meta property=\"og:url\" content=\"https:\/\/ottawacornwall.ca\/fr\/careers\/administrateurtrice-paroissiale-bureau-et-ministere-st-francis-de-sales-st-columban-cornwall\/\" \/>\n<meta property=\"og:site_name\" content=\"Archdiocese of Ottawa-Cornwall\" \/>\n<meta property=\"article:modified_time\" content=\"2026-04-17T18:58:51+00:00\" \/>\n<meta name=\"twitter:card\" content=\"summary_large_image\" \/>\n<meta name=\"twitter:label1\" content=\"Dur\u00e9e de lecture estim\u00e9e\" \/>\n\t<meta name=\"twitter:data1\" content=\"4 minutes\" \/>\n<script type=\"application\/ld+json\" class=\"yoast-schema-graph\">{\"@context\":\"https:\\\/\\\/schema.org\",\"@graph\":[{\"@type\":\"WebPage\",\"@id\":\"https:\\\/\\\/ottawacornwall.ca\\\/fr\\\/careers\\\/administrateurtrice-paroissiale-bureau-et-ministere-st-francis-de-sales-st-columban-cornwall\\\/\",\"url\":\"https:\\\/\\\/ottawacornwall.ca\\\/fr\\\/careers\\\/administrateurtrice-paroissiale-bureau-et-ministere-st-francis-de-sales-st-columban-cornwall\\\/\",\"name\":\"Administrateur(trice) paroissial(e), Bureau et minist\u00e8re, St. Francis de Sales, St. Columban - Cornwall - Archdiocese of Ottawa-Cornwall\",\"isPartOf\":{\"@id\":\"https:\\\/\\\/ottawacornwall.ca\\\/#website\"},\"datePublished\":\"2026-04-17T18:25:04+00:00\",\"dateModified\":\"2026-04-17T18:58:51+00:00\",\"breadcrumb\":{\"@id\":\"https:\\\/\\\/ottawacornwall.ca\\\/fr\\\/careers\\\/administrateurtrice-paroissiale-bureau-et-ministere-st-francis-de-sales-st-columban-cornwall\\\/#breadcrumb\"},\"inLanguage\":\"fr-FR\",\"potentialAction\":[{\"@type\":\"ReadAction\",\"target\":[\"https:\\\/\\\/ottawacornwall.ca\\\/fr\\\/careers\\\/administrateurtrice-paroissiale-bureau-et-ministere-st-francis-de-sales-st-columban-cornwall\\\/\"]}]},{\"@type\":\"BreadcrumbList\",\"@id\":\"https:\\\/\\\/ottawacornwall.ca\\\/fr\\\/careers\\\/administrateurtrice-paroissiale-bureau-et-ministere-st-francis-de-sales-st-columban-cornwall\\\/#breadcrumb\",\"itemListElement\":[{\"@type\":\"ListItem\",\"position\":1,\"name\":\"Home\",\"item\":\"https:\\\/\\\/ottawacornwall.ca\\\/fr\\\/\"},{\"@type\":\"ListItem\",\"position\":2,\"name\":\"Administrateur(trice) paroissial(e), Bureau et minist\u00e8re, St. Francis de Sales, St. Columban &#8211; Cornwall\"}]},{\"@type\":\"WebSite\",\"@id\":\"https:\\\/\\\/ottawacornwall.ca\\\/#website\",\"url\":\"https:\\\/\\\/ottawacornwall.ca\\\/\",\"name\":\"Archdiocese of Ottawa-Cornwall\",\"description\":\"Welcome to the  Ottawa-Cornwall Archdiocese!\",\"publisher\":{\"@id\":\"https:\\\/\\\/ottawacornwall.ca\\\/#organization\"},\"potentialAction\":[{\"@type\":\"SearchAction\",\"target\":{\"@type\":\"EntryPoint\",\"urlTemplate\":\"https:\\\/\\\/ottawacornwall.ca\\\/?s={search_term_string}\"},\"query-input\":{\"@type\":\"PropertyValueSpecification\",\"valueRequired\":true,\"valueName\":\"search_term_string\"}}],\"inLanguage\":\"fr-FR\"},{\"@type\":\"Organization\",\"@id\":\"https:\\\/\\\/ottawacornwall.ca\\\/#organization\",\"name\":\"Archdiocese of Ottawa-Cornwall\",\"url\":\"https:\\\/\\\/ottawacornwall.ca\\\/\",\"logo\":{\"@type\":\"ImageObject\",\"inLanguage\":\"fr-FR\",\"@id\":\"https:\\\/\\\/ottawacornwall.ca\\\/#\\\/schema\\\/logo\\\/image\\\/\",\"url\":\"https:\\\/\\\/ottawacornwall.ca\\\/wp-content\\\/uploads\\\/2022\\\/11\\\/Archdiocese-Logo-Horizontal-Reverse-1.svg\",\"contentUrl\":\"https:\\\/\\\/ottawacornwall.ca\\\/wp-content\\\/uploads\\\/2022\\\/11\\\/Archdiocese-Logo-Horizontal-Reverse-1.svg\",\"caption\":\"Archdiocese of Ottawa-Cornwall\"},\"image\":{\"@id\":\"https:\\\/\\\/ottawacornwall.ca\\\/#\\\/schema\\\/logo\\\/image\\\/\"}}]}<\/script>\n<!-- \/ Yoast SEO plugin. -->","yoast_head_json":{"title":"Administrateur(trice) paroissial(e), Bureau et minist\u00e8re, St. Francis de Sales, St. Columban - Cornwall - Archdiocese of Ottawa-Cornwall","robots":{"index":"index","follow":"follow","max-snippet":"max-snippet:-1","max-image-preview":"max-image-preview:large","max-video-preview":"max-video-preview:-1"},"canonical":"https:\/\/ottawacornwall.ca\/fr\/careers\/administrateurtrice-paroissiale-bureau-et-ministere-st-francis-de-sales-st-columban-cornwall\/","og_locale":"fr_FR","og_type":"article","og_title":"Administrateur(trice) paroissial(e), Bureau et minist\u00e8re, St. Francis de Sales, St. Columban - Cornwall - Archdiocese of Ottawa-Cornwall","og_description":"Date d\u2019affichage : 17 avril 2026Date de soumission de la candidature: 8 mai 2026Titre du poste: Administrateur(trice) paroissial(e) (Bureau et minist\u00e8re)Lieu: St. Francis de Sales, St. Columban\u00c9chelle salariale: Selon l\u2019exp\u00e9rienceType de contrat: Temps partiel, menant \u00e0 un poste \u00e0 temps plein, dur\u00e9e ind\u00e9termin\u00e9e Horaire de travail: 20 heures\/semaine, du lundi au vendredi, \u00e9voluant vers 37,5 [&hellip;]","og_url":"https:\/\/ottawacornwall.ca\/fr\/careers\/administrateurtrice-paroissiale-bureau-et-ministere-st-francis-de-sales-st-columban-cornwall\/","og_site_name":"Archdiocese of Ottawa-Cornwall","article_modified_time":"2026-04-17T18:58:51+00:00","twitter_card":"summary_large_image","twitter_misc":{"Dur\u00e9e de lecture estim\u00e9e":"4 minutes"},"schema":{"@context":"https:\/\/schema.org","@graph":[{"@type":"WebPage","@id":"https:\/\/ottawacornwall.ca\/fr\/careers\/administrateurtrice-paroissiale-bureau-et-ministere-st-francis-de-sales-st-columban-cornwall\/","url":"https:\/\/ottawacornwall.ca\/fr\/careers\/administrateurtrice-paroissiale-bureau-et-ministere-st-francis-de-sales-st-columban-cornwall\/","name":"Administrateur(trice) paroissial(e), Bureau et minist\u00e8re, St. Francis de Sales, St. Columban - Cornwall - Archdiocese of Ottawa-Cornwall","isPartOf":{"@id":"https:\/\/ottawacornwall.ca\/#website"},"datePublished":"2026-04-17T18:25:04+00:00","dateModified":"2026-04-17T18:58:51+00:00","breadcrumb":{"@id":"https:\/\/ottawacornwall.ca\/fr\/careers\/administrateurtrice-paroissiale-bureau-et-ministere-st-francis-de-sales-st-columban-cornwall\/#breadcrumb"},"inLanguage":"fr-FR","potentialAction":[{"@type":"ReadAction","target":["https:\/\/ottawacornwall.ca\/fr\/careers\/administrateurtrice-paroissiale-bureau-et-ministere-st-francis-de-sales-st-columban-cornwall\/"]}]},{"@type":"BreadcrumbList","@id":"https:\/\/ottawacornwall.ca\/fr\/careers\/administrateurtrice-paroissiale-bureau-et-ministere-st-francis-de-sales-st-columban-cornwall\/#breadcrumb","itemListElement":[{"@type":"ListItem","position":1,"name":"Home","item":"https:\/\/ottawacornwall.ca\/fr\/"},{"@type":"ListItem","position":2,"name":"Administrateur(trice) paroissial(e), Bureau et minist\u00e8re, St. Francis de Sales, St. Columban &#8211; Cornwall"}]},{"@type":"WebSite","@id":"https:\/\/ottawacornwall.ca\/#website","url":"https:\/\/ottawacornwall.ca\/","name":"Archdiocese of Ottawa-Cornwall","description":"Welcome to the  Ottawa-Cornwall Archdiocese!","publisher":{"@id":"https:\/\/ottawacornwall.ca\/#organization"},"potentialAction":[{"@type":"SearchAction","target":{"@type":"EntryPoint","urlTemplate":"https:\/\/ottawacornwall.ca\/?s={search_term_string}"},"query-input":{"@type":"PropertyValueSpecification","valueRequired":true,"valueName":"search_term_string"}}],"inLanguage":"fr-FR"},{"@type":"Organization","@id":"https:\/\/ottawacornwall.ca\/#organization","name":"Archdiocese of Ottawa-Cornwall","url":"https:\/\/ottawacornwall.ca\/","logo":{"@type":"ImageObject","inLanguage":"fr-FR","@id":"https:\/\/ottawacornwall.ca\/#\/schema\/logo\/image\/","url":"https:\/\/ottawacornwall.ca\/wp-content\/uploads\/2022\/11\/Archdiocese-Logo-Horizontal-Reverse-1.svg","contentUrl":"https:\/\/ottawacornwall.ca\/wp-content\/uploads\/2022\/11\/Archdiocese-Logo-Horizontal-Reverse-1.svg","caption":"Archdiocese of Ottawa-Cornwall"},"image":{"@id":"https:\/\/ottawacornwall.ca\/#\/schema\/logo\/image\/"}}]}},"_links":{"self":[{"href":"https:\/\/ottawacornwall.ca\/fr\/wp-json\/wp\/v2\/careers\/38817","targetHints":{"allow":["GET"]}}],"collection":[{"href":"https:\/\/ottawacornwall.ca\/fr\/wp-json\/wp\/v2\/careers"}],"about":[{"href":"https:\/\/ottawacornwall.ca\/fr\/wp-json\/wp\/v2\/types\/careers"}],"version-history":[{"count":17,"href":"https:\/\/ottawacornwall.ca\/fr\/wp-json\/wp\/v2\/careers\/38817\/revisions"}],"predecessor-version":[{"id":38842,"href":"https:\/\/ottawacornwall.ca\/fr\/wp-json\/wp\/v2\/careers\/38817\/revisions\/38842"}],"wp:attachment":[{"href":"https:\/\/ottawacornwall.ca\/fr\/wp-json\/wp\/v2\/media?parent=38817"}],"wp:term":[{"taxonomy":"post_tag","embeddable":true,"href":"https:\/\/ottawacornwall.ca\/fr\/wp-json\/wp\/v2\/tags?post=38817"}],"curies":[{"name":"wp","href":"https:\/\/api.w.org\/{rel}","templated":true}]}}