{"id":23022,"date":"2024-09-24T08:53:15","date_gmt":"2024-09-24T12:53:15","guid":{"rendered":"https:\/\/wp268132.wpdns.ca\/events\/priere-et-chants-de-taize\/"},"modified":"2024-09-24T08:53:15","modified_gmt":"2024-09-24T12:53:15","slug":"priere-et-chants-de-taize","status":"publish","type":"mec-events","link":"https:\/\/ottawacornwall.ca\/fr\/events\/priere-et-chants-de-taize\/","title":{"rendered":"Pri\u00e8re et chants de Taiz\u00e9"},"content":{"rendered":"<p>Quelle belle occasion de se rassembler pour prier ! Les religieuses de la Communaut\u00e9 de Sainte-Marie-de-Namur invitent non seulement les amis de Taiz\u00e9, mais aussi toutes les g\u00e9n\u00e9rations de jeunes, ainsi que les jeunes de c\u0153ur, \u00e0 participer \u00e0 la pri\u00e8re de Taiz\u00e9 \u00e0 la paroisse Sacr\u00e9-C\u0153ur sur le campus de l&rsquo;Universit\u00e9 d&rsquo;Ottawa.<\/p>\n<p>Veuillez <span style=\"color: #000000;\"><a style=\"color: #000000;\" href=\"http:\/\/ottawacornwall.ca\/wp-content\/uploads\/2024\/09\/Taize-2024.pdf\" target=\"_blank\" rel=\"noopener\">cliquer ici<\/a><\/span> pour voir l&rsquo;affiche avec toutes les dates des pri\u00e8res pr\u00e9vues de septembre \u00e0 d\u00e9cembre 2024. Veuillez <span style=\"color: #000000;\"><a style=\"color: #000000;\" href=\"http:\/\/ottawacornwall.ca\/wp-content\/uploads\/2024\/09\/Passes-St-Joes.pdf\" target=\"_blank\" rel=\"noopener\">cliquer ici<\/a><\/span> pour voir les passes de stationnement pour te garer \u00e0 la paroisse St-Joe, situ\u00e9e juste de l&rsquo;autre c\u00f4t\u00e9 de la rue de la paroisse Sacr\u00e9-C\u0153ur d&rsquo;Ottawa.<\/p>\n","protected":false},"excerpt":{"rendered":"<p>Quelle belle occasion de se rassembler pour prier ! Les religieuses de la Communaut\u00e9 de Sainte-Marie-de-Namur invitent non seulement les amis de Taiz\u00e9, mais aussi toutes les g\u00e9n\u00e9rations de jeunes, ainsi que les jeunes de c\u0153ur, \u00e0 participer \u00e0 la pri\u00e8re de Taiz\u00e9 \u00e0 la paroisse Sacr\u00e9-C\u0153ur sur le campus de l&rsquo;Universit\u00e9 d&rsquo;Ottawa. Veuillez cliquer [&hellip;]<\/p>\n","protected":false},"author":6,"featured_media":22924,"comment_status":"closed","ping_status":"closed","template":"","mec_category":[],"mec_tag":[],"class_list":["post-23022","mec-events","type-mec-events","status-publish","has-post-thumbnail","hentry"],"acf":[],"yoast_head":"<!-- This site is optimized with the Yoast SEO plugin v27.4 - https:\/\/yoast.com\/product\/yoast-seo-wordpress\/ -->\n<title>Pri\u00e8re et chants de Taiz\u00e9 - Archdiocese of Ottawa-Cornwall<\/title>\n<meta name=\"robots\" content=\"index, follow, max-snippet:-1, max-image-preview:large, max-video-preview:-1\" \/>\n<link rel=\"canonical\" href=\"https:\/\/ottawacornwall.ca\/fr\/events\/priere-et-chants-de-taize\/\" \/>\n<meta property=\"og:locale\" content=\"fr_FR\" \/>\n<meta property=\"og:type\" content=\"article\" \/>\n<meta property=\"og:title\" content=\"Pri\u00e8re et chants de Taiz\u00e9 - Archdiocese of Ottawa-Cornwall\" \/>\n<meta property=\"og:description\" content=\"Quelle belle occasion de se rassembler pour prier ! Les religieuses de la Communaut\u00e9 de Sainte-Marie-de-Namur invitent non seulement les amis de Taiz\u00e9, mais aussi toutes les g\u00e9n\u00e9rations de jeunes, ainsi que les jeunes de c\u0153ur, \u00e0 participer \u00e0 la pri\u00e8re de Taiz\u00e9 \u00e0 la paroisse Sacr\u00e9-C\u0153ur sur le campus de l&rsquo;Universit\u00e9 d&rsquo;Ottawa. Veuillez cliquer [&hellip;]\" \/>\n<meta property=\"og:url\" content=\"https:\/\/ottawacornwall.ca\/fr\/events\/priere-et-chants-de-taize\/\" \/>\n<meta property=\"og:site_name\" content=\"Archdiocese of Ottawa-Cornwall\" \/>\n<meta property=\"og:image\" content=\"https:\/\/ottawacornwall.ca\/wp-content\/uploads\/2024\/09\/Taize-2024-scaled.jpg\" \/>\n\t<meta property=\"og:image:width\" content=\"1554\" \/>\n\t<meta property=\"og:image:height\" content=\"2560\" \/>\n\t<meta property=\"og:image:type\" content=\"image\/jpeg\" \/>\n<meta name=\"twitter:card\" content=\"summary_large_image\" \/>\n<meta name=\"twitter:label1\" content=\"Dur\u00e9e de lecture estim\u00e9e\" \/>\n\t<meta name=\"twitter:data1\" content=\"1 minute\" \/>\n<script type=\"application\/ld+json\" class=\"yoast-schema-graph\">{\"@context\":\"https:\\\/\\\/schema.org\",\"@graph\":[{\"@type\":\"WebPage\",\"@id\":\"https:\\\/\\\/ottawacornwall.ca\\\/fr\\\/events\\\/priere-et-chants-de-taize\\\/\",\"url\":\"https:\\\/\\\/ottawacornwall.ca\\\/fr\\\/events\\\/priere-et-chants-de-taize\\\/\",\"name\":\"Pri\u00e8re et chants de Taiz\u00e9 - Archdiocese of Ottawa-Cornwall\",\"isPartOf\":{\"@id\":\"https:\\\/\\\/ottawacornwall.ca\\\/#website\"},\"primaryImageOfPage\":{\"@id\":\"https:\\\/\\\/ottawacornwall.ca\\\/fr\\\/events\\\/priere-et-chants-de-taize\\\/#primaryimage\"},\"image\":{\"@id\":\"https:\\\/\\\/ottawacornwall.ca\\\/fr\\\/events\\\/priere-et-chants-de-taize\\\/#primaryimage\"},\"thumbnailUrl\":\"https:\\\/\\\/ottawacornwall.ca\\\/wp-content\\\/uploads\\\/2024\\\/09\\\/Taize-2024-scaled.jpg\",\"datePublished\":\"2024-09-24T12:53:15+00:00\",\"breadcrumb\":{\"@id\":\"https:\\\/\\\/ottawacornwall.ca\\\/fr\\\/events\\\/priere-et-chants-de-taize\\\/#breadcrumb\"},\"inLanguage\":\"fr-FR\",\"potentialAction\":[{\"@type\":\"ReadAction\",\"target\":[\"https:\\\/\\\/ottawacornwall.ca\\\/fr\\\/events\\\/priere-et-chants-de-taize\\\/\"]}]},{\"@type\":\"ImageObject\",\"inLanguage\":\"fr-FR\",\"@id\":\"https:\\\/\\\/ottawacornwall.ca\\\/fr\\\/events\\\/priere-et-chants-de-taize\\\/#primaryimage\",\"url\":\"https:\\\/\\\/ottawacornwall.ca\\\/wp-content\\\/uploads\\\/2024\\\/09\\\/Taize-2024-scaled.jpg\",\"contentUrl\":\"https:\\\/\\\/ottawacornwall.ca\\\/wp-content\\\/uploads\\\/2024\\\/09\\\/Taize-2024-scaled.jpg\",\"width\":1554,\"height\":2560},{\"@type\":\"BreadcrumbList\",\"@id\":\"https:\\\/\\\/ottawacornwall.ca\\\/fr\\\/events\\\/priere-et-chants-de-taize\\\/#breadcrumb\",\"itemListElement\":[{\"@type\":\"ListItem\",\"position\":1,\"name\":\"Home\",\"item\":\"https:\\\/\\\/ottawacornwall.ca\\\/fr\\\/\"},{\"@type\":\"ListItem\",\"position\":2,\"name\":\"Events\",\"item\":\"https:\\\/\\\/ottawacornwall.ca\\\/events\\\/\"},{\"@type\":\"ListItem\",\"position\":3,\"name\":\"Pri\u00e8re et chants de Taiz\u00e9\"}]},{\"@type\":\"WebSite\",\"@id\":\"https:\\\/\\\/ottawacornwall.ca\\\/#website\",\"url\":\"https:\\\/\\\/ottawacornwall.ca\\\/\",\"name\":\"Archdiocese of Ottawa-Cornwall\",\"description\":\"Welcome to the  Ottawa-Cornwall Archdiocese!\",\"publisher\":{\"@id\":\"https:\\\/\\\/ottawacornwall.ca\\\/#organization\"},\"potentialAction\":[{\"@type\":\"SearchAction\",\"target\":{\"@type\":\"EntryPoint\",\"urlTemplate\":\"https:\\\/\\\/ottawacornwall.ca\\\/?s={search_term_string}\"},\"query-input\":{\"@type\":\"PropertyValueSpecification\",\"valueRequired\":true,\"valueName\":\"search_term_string\"}}],\"inLanguage\":\"fr-FR\"},{\"@type\":\"Organization\",\"@id\":\"https:\\\/\\\/ottawacornwall.ca\\\/#organization\",\"name\":\"Archdiocese of Ottawa-Cornwall\",\"url\":\"https:\\\/\\\/ottawacornwall.ca\\\/\",\"logo\":{\"@type\":\"ImageObject\",\"inLanguage\":\"fr-FR\",\"@id\":\"https:\\\/\\\/ottawacornwall.ca\\\/#\\\/schema\\\/logo\\\/image\\\/\",\"url\":\"https:\\\/\\\/ottawacornwall.ca\\\/wp-content\\\/uploads\\\/2022\\\/11\\\/Archdiocese-Logo-Horizontal-Reverse-1.svg\",\"contentUrl\":\"https:\\\/\\\/ottawacornwall.ca\\\/wp-content\\\/uploads\\\/2022\\\/11\\\/Archdiocese-Logo-Horizontal-Reverse-1.svg\",\"caption\":\"Archdiocese of Ottawa-Cornwall\"},\"image\":{\"@id\":\"https:\\\/\\\/ottawacornwall.ca\\\/#\\\/schema\\\/logo\\\/image\\\/\"}}]}<\/script>\n<!-- \/ Yoast SEO plugin. -->","yoast_head_json":{"title":"Pri\u00e8re et chants de Taiz\u00e9 - Archdiocese of Ottawa-Cornwall","robots":{"index":"index","follow":"follow","max-snippet":"max-snippet:-1","max-image-preview":"max-image-preview:large","max-video-preview":"max-video-preview:-1"},"canonical":"https:\/\/ottawacornwall.ca\/fr\/events\/priere-et-chants-de-taize\/","og_locale":"fr_FR","og_type":"article","og_title":"Pri\u00e8re et chants de Taiz\u00e9 - Archdiocese of Ottawa-Cornwall","og_description":"Quelle belle occasion de se rassembler pour prier ! Les religieuses de la Communaut\u00e9 de Sainte-Marie-de-Namur invitent non seulement les amis de Taiz\u00e9, mais aussi toutes les g\u00e9n\u00e9rations de jeunes, ainsi que les jeunes de c\u0153ur, \u00e0 participer \u00e0 la pri\u00e8re de Taiz\u00e9 \u00e0 la paroisse Sacr\u00e9-C\u0153ur sur le campus de l&rsquo;Universit\u00e9 d&rsquo;Ottawa. Veuillez cliquer [&hellip;]","og_url":"https:\/\/ottawacornwall.ca\/fr\/events\/priere-et-chants-de-taize\/","og_site_name":"Archdiocese of Ottawa-Cornwall","og_image":[{"width":1554,"height":2560,"url":"https:\/\/ottawacornwall.ca\/wp-content\/uploads\/2024\/09\/Taize-2024-scaled.jpg","type":"image\/jpeg"}],"twitter_card":"summary_large_image","twitter_misc":{"Dur\u00e9e de lecture estim\u00e9e":"1 minute"},"schema":{"@context":"https:\/\/schema.org","@graph":[{"@type":"WebPage","@id":"https:\/\/ottawacornwall.ca\/fr\/events\/priere-et-chants-de-taize\/","url":"https:\/\/ottawacornwall.ca\/fr\/events\/priere-et-chants-de-taize\/","name":"Pri\u00e8re et chants de Taiz\u00e9 - Archdiocese of Ottawa-Cornwall","isPartOf":{"@id":"https:\/\/ottawacornwall.ca\/#website"},"primaryImageOfPage":{"@id":"https:\/\/ottawacornwall.ca\/fr\/events\/priere-et-chants-de-taize\/#primaryimage"},"image":{"@id":"https:\/\/ottawacornwall.ca\/fr\/events\/priere-et-chants-de-taize\/#primaryimage"},"thumbnailUrl":"https:\/\/ottawacornwall.ca\/wp-content\/uploads\/2024\/09\/Taize-2024-scaled.jpg","datePublished":"2024-09-24T12:53:15+00:00","breadcrumb":{"@id":"https:\/\/ottawacornwall.ca\/fr\/events\/priere-et-chants-de-taize\/#breadcrumb"},"inLanguage":"fr-FR","potentialAction":[{"@type":"ReadAction","target":["https:\/\/ottawacornwall.ca\/fr\/events\/priere-et-chants-de-taize\/"]}]},{"@type":"ImageObject","inLanguage":"fr-FR","@id":"https:\/\/ottawacornwall.ca\/fr\/events\/priere-et-chants-de-taize\/#primaryimage","url":"https:\/\/ottawacornwall.ca\/wp-content\/uploads\/2024\/09\/Taize-2024-scaled.jpg","contentUrl":"https:\/\/ottawacornwall.ca\/wp-content\/uploads\/2024\/09\/Taize-2024-scaled.jpg","width":1554,"height":2560},{"@type":"BreadcrumbList","@id":"https:\/\/ottawacornwall.ca\/fr\/events\/priere-et-chants-de-taize\/#breadcrumb","itemListElement":[{"@type":"ListItem","position":1,"name":"Home","item":"https:\/\/ottawacornwall.ca\/fr\/"},{"@type":"ListItem","position":2,"name":"Events","item":"https:\/\/ottawacornwall.ca\/events\/"},{"@type":"ListItem","position":3,"name":"Pri\u00e8re et chants de Taiz\u00e9"}]},{"@type":"WebSite","@id":"https:\/\/ottawacornwall.ca\/#website","url":"https:\/\/ottawacornwall.ca\/","name":"Archdiocese of Ottawa-Cornwall","description":"Welcome to the  Ottawa-Cornwall Archdiocese!","publisher":{"@id":"https:\/\/ottawacornwall.ca\/#organization"},"potentialAction":[{"@type":"SearchAction","target":{"@type":"EntryPoint","urlTemplate":"https:\/\/ottawacornwall.ca\/?s={search_term_string}"},"query-input":{"@type":"PropertyValueSpecification","valueRequired":true,"valueName":"search_term_string"}}],"inLanguage":"fr-FR"},{"@type":"Organization","@id":"https:\/\/ottawacornwall.ca\/#organization","name":"Archdiocese of Ottawa-Cornwall","url":"https:\/\/ottawacornwall.ca\/","logo":{"@type":"ImageObject","inLanguage":"fr-FR","@id":"https:\/\/ottawacornwall.ca\/#\/schema\/logo\/image\/","url":"https:\/\/ottawacornwall.ca\/wp-content\/uploads\/2022\/11\/Archdiocese-Logo-Horizontal-Reverse-1.svg","contentUrl":"https:\/\/ottawacornwall.ca\/wp-content\/uploads\/2022\/11\/Archdiocese-Logo-Horizontal-Reverse-1.svg","caption":"Archdiocese of Ottawa-Cornwall"},"image":{"@id":"https:\/\/ottawacornwall.ca\/#\/schema\/logo\/image\/"}}]}},"_links":{"self":[{"href":"https:\/\/ottawacornwall.ca\/fr\/wp-json\/wp\/v2\/mec-events\/23022","targetHints":{"allow":["GET"]}}],"collection":[{"href":"https:\/\/ottawacornwall.ca\/fr\/wp-json\/wp\/v2\/mec-events"}],"about":[{"href":"https:\/\/ottawacornwall.ca\/fr\/wp-json\/wp\/v2\/types\/mec-events"}],"author":[{"embeddable":true,"href":"https:\/\/ottawacornwall.ca\/fr\/wp-json\/wp\/v2\/users\/6"}],"replies":[{"embeddable":true,"href":"https:\/\/ottawacornwall.ca\/fr\/wp-json\/wp\/v2\/comments?post=23022"}],"wp:featuredmedia":[{"embeddable":true,"href":"https:\/\/ottawacornwall.ca\/fr\/wp-json\/wp\/v2\/media\/22924"}],"wp:attachment":[{"href":"https:\/\/ottawacornwall.ca\/fr\/wp-json\/wp\/v2\/media?parent=23022"}],"wp:term":[{"taxonomy":"mec_category","embeddable":true,"href":"https:\/\/ottawacornwall.ca\/fr\/wp-json\/wp\/v2\/mec_category?post=23022"},{"taxonomy":"mec_tag","embeddable":true,"href":"https:\/\/ottawacornwall.ca\/fr\/wp-json\/wp\/v2\/mec_tag?post=23022"}],"curies":[{"name":"wp","href":"https:\/\/api.w.org\/{rel}","templated":true}]}}