{"id":23082,"date":"2024-09-24T08:53:23","date_gmt":"2024-09-24T12:53:23","guid":{"rendered":"https:\/\/wp268132.wpdns.ca\/events\/heure-sainte-diocesaine-pour-les-vocations\/"},"modified":"2024-09-24T08:53:23","modified_gmt":"2024-09-24T12:53:23","slug":"heure-sainte-diocesaine-pour-les-vocations","status":"publish","type":"mec-events","link":"https:\/\/ottawacornwall.ca\/fr\/events\/heure-sainte-diocesaine-pour-les-vocations\/","title":{"rendered":"Heure sainte dioc\u00e9saine pour les vocations"},"content":{"rendered":"<div class=\"xdj266r x11i5rnm xat24cr x1mh8g0r x1vvkbs\">\n<p>Pour faire na\u00eetre des vocations, venez \u00ab\u00a0prier le ma\u00eetre de la moisson\u00a0\u00bb (Matthieu\u00a09,\u00a038). Le grand public est invit\u00e9 \u00e0 la basilique-cath\u00e9drale Notre-Dame pour une soir\u00e9e d\u2019adoration eucharistique lors de laquelle nous prierons pour accro\u00eetre toutes les vocations au sein de l\u2019archidioc\u00e8se d\u2019Ottawa-Cornwall. Nous nous r\u00e9unirons ensuite au Caf\u00e9 des Tours, situ\u00e9 au sous-sol de Notre-Dame.<\/p>\n<p>Stationnez gratuitement dans la section d\u00e9limit\u00e9e par une ligne bleue du stationnement public derri\u00e8re la cath\u00e9drale.<\/p>\n<p>Pour en savoir plus, communiquez avec le directeur des vocations, M.\u00a0l\u2019abb\u00e9 Connor\u00a0O\u2019Hara, \u00e0 <span style=\"color: #000000;\"><a style=\"color: #000000;\" href=\"mailto:vocations@ottawacornwall.ca\">vocations@ottawacornwall.ca<\/a>.<\/span><\/p>\n<p>L\u2019activit\u00e9 se d\u00e9roulera en anglais, mais toutes et tous sont les bienvenus. Le langage de la pri\u00e8re est universel!<\/p>\n<\/div>\n","protected":false},"excerpt":{"rendered":"<p>Pour faire na\u00eetre des vocations, venez \u00ab\u00a0prier le ma\u00eetre de la moisson\u00a0\u00bb (Matthieu\u00a09,\u00a038). Le grand public est invit\u00e9 \u00e0 la basilique-cath\u00e9drale Notre-Dame pour une soir\u00e9e d\u2019adoration eucharistique lors de laquelle nous prierons pour accro\u00eetre toutes les vocations au sein de l\u2019archidioc\u00e8se d\u2019Ottawa-Cornwall. Nous nous r\u00e9unirons ensuite au Caf\u00e9 des Tours, situ\u00e9 au sous-sol de Notre-Dame. [&hellip;]<\/p>\n","protected":false},"author":6,"featured_media":22099,"comment_status":"closed","ping_status":"closed","template":"","mec_category":[],"mec_tag":[],"class_list":["post-23082","mec-events","type-mec-events","status-publish","has-post-thumbnail","hentry"],"acf":[],"yoast_head":"<!-- This site is optimized with the Yoast SEO plugin v27.4 - https:\/\/yoast.com\/product\/yoast-seo-wordpress\/ -->\n<title>Heure sainte dioc\u00e9saine pour les vocations - Archdiocese of Ottawa-Cornwall<\/title>\n<meta name=\"robots\" content=\"index, follow, max-snippet:-1, max-image-preview:large, max-video-preview:-1\" \/>\n<link rel=\"canonical\" href=\"https:\/\/ottawacornwall.ca\/fr\/events\/heure-sainte-diocesaine-pour-les-vocations\/\" \/>\n<meta property=\"og:locale\" content=\"fr_FR\" \/>\n<meta property=\"og:type\" content=\"article\" \/>\n<meta property=\"og:title\" content=\"Heure sainte dioc\u00e9saine pour les vocations - Archdiocese of Ottawa-Cornwall\" \/>\n<meta property=\"og:description\" content=\"Pour faire na\u00eetre des vocations, venez \u00ab\u00a0prier le ma\u00eetre de la moisson\u00a0\u00bb (Matthieu\u00a09,\u00a038). Le grand public est invit\u00e9 \u00e0 la basilique-cath\u00e9drale Notre-Dame pour une soir\u00e9e d\u2019adoration eucharistique lors de laquelle nous prierons pour accro\u00eetre toutes les vocations au sein de l\u2019archidioc\u00e8se d\u2019Ottawa-Cornwall. Nous nous r\u00e9unirons ensuite au Caf\u00e9 des Tours, situ\u00e9 au sous-sol de Notre-Dame. [&hellip;]\" \/>\n<meta property=\"og:url\" content=\"https:\/\/ottawacornwall.ca\/fr\/events\/heure-sainte-diocesaine-pour-les-vocations\/\" \/>\n<meta property=\"og:site_name\" content=\"Archdiocese of Ottawa-Cornwall\" \/>\n<meta property=\"og:image\" content=\"https:\/\/ottawacornwall.ca\/wp-content\/uploads\/2024\/08\/Holy-Hour-for-Vocations-1920-x-1080-px-1.png\" \/>\n\t<meta property=\"og:image:width\" content=\"1920\" \/>\n\t<meta property=\"og:image:height\" content=\"1080\" \/>\n\t<meta property=\"og:image:type\" content=\"image\/png\" \/>\n<meta name=\"twitter:card\" content=\"summary_large_image\" \/>\n<meta name=\"twitter:label1\" content=\"Dur\u00e9e de lecture estim\u00e9e\" \/>\n\t<meta name=\"twitter:data1\" content=\"1 minute\" \/>\n<script type=\"application\/ld+json\" class=\"yoast-schema-graph\">{\"@context\":\"https:\\\/\\\/schema.org\",\"@graph\":[{\"@type\":\"WebPage\",\"@id\":\"https:\\\/\\\/ottawacornwall.ca\\\/fr\\\/events\\\/heure-sainte-diocesaine-pour-les-vocations\\\/\",\"url\":\"https:\\\/\\\/ottawacornwall.ca\\\/fr\\\/events\\\/heure-sainte-diocesaine-pour-les-vocations\\\/\",\"name\":\"Heure sainte dioc\u00e9saine pour les vocations - Archdiocese of Ottawa-Cornwall\",\"isPartOf\":{\"@id\":\"https:\\\/\\\/ottawacornwall.ca\\\/#website\"},\"primaryImageOfPage\":{\"@id\":\"https:\\\/\\\/ottawacornwall.ca\\\/fr\\\/events\\\/heure-sainte-diocesaine-pour-les-vocations\\\/#primaryimage\"},\"image\":{\"@id\":\"https:\\\/\\\/ottawacornwall.ca\\\/fr\\\/events\\\/heure-sainte-diocesaine-pour-les-vocations\\\/#primaryimage\"},\"thumbnailUrl\":\"https:\\\/\\\/ottawacornwall.ca\\\/wp-content\\\/uploads\\\/2024\\\/08\\\/Holy-Hour-for-Vocations-1920-x-1080-px-1.png\",\"datePublished\":\"2024-09-24T12:53:23+00:00\",\"breadcrumb\":{\"@id\":\"https:\\\/\\\/ottawacornwall.ca\\\/fr\\\/events\\\/heure-sainte-diocesaine-pour-les-vocations\\\/#breadcrumb\"},\"inLanguage\":\"fr-FR\",\"potentialAction\":[{\"@type\":\"ReadAction\",\"target\":[\"https:\\\/\\\/ottawacornwall.ca\\\/fr\\\/events\\\/heure-sainte-diocesaine-pour-les-vocations\\\/\"]}]},{\"@type\":\"ImageObject\",\"inLanguage\":\"fr-FR\",\"@id\":\"https:\\\/\\\/ottawacornwall.ca\\\/fr\\\/events\\\/heure-sainte-diocesaine-pour-les-vocations\\\/#primaryimage\",\"url\":\"https:\\\/\\\/ottawacornwall.ca\\\/wp-content\\\/uploads\\\/2024\\\/08\\\/Holy-Hour-for-Vocations-1920-x-1080-px-1.png\",\"contentUrl\":\"https:\\\/\\\/ottawacornwall.ca\\\/wp-content\\\/uploads\\\/2024\\\/08\\\/Holy-Hour-for-Vocations-1920-x-1080-px-1.png\",\"width\":1920,\"height\":1080},{\"@type\":\"BreadcrumbList\",\"@id\":\"https:\\\/\\\/ottawacornwall.ca\\\/fr\\\/events\\\/heure-sainte-diocesaine-pour-les-vocations\\\/#breadcrumb\",\"itemListElement\":[{\"@type\":\"ListItem\",\"position\":1,\"name\":\"Home\",\"item\":\"https:\\\/\\\/ottawacornwall.ca\\\/fr\\\/\"},{\"@type\":\"ListItem\",\"position\":2,\"name\":\"Events\",\"item\":\"https:\\\/\\\/ottawacornwall.ca\\\/events\\\/\"},{\"@type\":\"ListItem\",\"position\":3,\"name\":\"Heure sainte dioc\u00e9saine pour les vocations\"}]},{\"@type\":\"WebSite\",\"@id\":\"https:\\\/\\\/ottawacornwall.ca\\\/#website\",\"url\":\"https:\\\/\\\/ottawacornwall.ca\\\/\",\"name\":\"Archdiocese of Ottawa-Cornwall\",\"description\":\"Welcome to the  Ottawa-Cornwall Archdiocese!\",\"publisher\":{\"@id\":\"https:\\\/\\\/ottawacornwall.ca\\\/#organization\"},\"potentialAction\":[{\"@type\":\"SearchAction\",\"target\":{\"@type\":\"EntryPoint\",\"urlTemplate\":\"https:\\\/\\\/ottawacornwall.ca\\\/?s={search_term_string}\"},\"query-input\":{\"@type\":\"PropertyValueSpecification\",\"valueRequired\":true,\"valueName\":\"search_term_string\"}}],\"inLanguage\":\"fr-FR\"},{\"@type\":\"Organization\",\"@id\":\"https:\\\/\\\/ottawacornwall.ca\\\/#organization\",\"name\":\"Archdiocese of Ottawa-Cornwall\",\"url\":\"https:\\\/\\\/ottawacornwall.ca\\\/\",\"logo\":{\"@type\":\"ImageObject\",\"inLanguage\":\"fr-FR\",\"@id\":\"https:\\\/\\\/ottawacornwall.ca\\\/#\\\/schema\\\/logo\\\/image\\\/\",\"url\":\"https:\\\/\\\/ottawacornwall.ca\\\/wp-content\\\/uploads\\\/2022\\\/11\\\/Archdiocese-Logo-Horizontal-Reverse-1.svg\",\"contentUrl\":\"https:\\\/\\\/ottawacornwall.ca\\\/wp-content\\\/uploads\\\/2022\\\/11\\\/Archdiocese-Logo-Horizontal-Reverse-1.svg\",\"caption\":\"Archdiocese of Ottawa-Cornwall\"},\"image\":{\"@id\":\"https:\\\/\\\/ottawacornwall.ca\\\/#\\\/schema\\\/logo\\\/image\\\/\"}}]}<\/script>\n<!-- \/ Yoast SEO plugin. -->","yoast_head_json":{"title":"Heure sainte dioc\u00e9saine pour les vocations - Archdiocese of Ottawa-Cornwall","robots":{"index":"index","follow":"follow","max-snippet":"max-snippet:-1","max-image-preview":"max-image-preview:large","max-video-preview":"max-video-preview:-1"},"canonical":"https:\/\/ottawacornwall.ca\/fr\/events\/heure-sainte-diocesaine-pour-les-vocations\/","og_locale":"fr_FR","og_type":"article","og_title":"Heure sainte dioc\u00e9saine pour les vocations - Archdiocese of Ottawa-Cornwall","og_description":"Pour faire na\u00eetre des vocations, venez \u00ab\u00a0prier le ma\u00eetre de la moisson\u00a0\u00bb (Matthieu\u00a09,\u00a038). Le grand public est invit\u00e9 \u00e0 la basilique-cath\u00e9drale Notre-Dame pour une soir\u00e9e d\u2019adoration eucharistique lors de laquelle nous prierons pour accro\u00eetre toutes les vocations au sein de l\u2019archidioc\u00e8se d\u2019Ottawa-Cornwall. Nous nous r\u00e9unirons ensuite au Caf\u00e9 des Tours, situ\u00e9 au sous-sol de Notre-Dame. [&hellip;]","og_url":"https:\/\/ottawacornwall.ca\/fr\/events\/heure-sainte-diocesaine-pour-les-vocations\/","og_site_name":"Archdiocese of Ottawa-Cornwall","og_image":[{"width":1920,"height":1080,"url":"https:\/\/ottawacornwall.ca\/wp-content\/uploads\/2024\/08\/Holy-Hour-for-Vocations-1920-x-1080-px-1.png","type":"image\/png"}],"twitter_card":"summary_large_image","twitter_misc":{"Dur\u00e9e de lecture estim\u00e9e":"1 minute"},"schema":{"@context":"https:\/\/schema.org","@graph":[{"@type":"WebPage","@id":"https:\/\/ottawacornwall.ca\/fr\/events\/heure-sainte-diocesaine-pour-les-vocations\/","url":"https:\/\/ottawacornwall.ca\/fr\/events\/heure-sainte-diocesaine-pour-les-vocations\/","name":"Heure sainte dioc\u00e9saine pour les vocations - Archdiocese of Ottawa-Cornwall","isPartOf":{"@id":"https:\/\/ottawacornwall.ca\/#website"},"primaryImageOfPage":{"@id":"https:\/\/ottawacornwall.ca\/fr\/events\/heure-sainte-diocesaine-pour-les-vocations\/#primaryimage"},"image":{"@id":"https:\/\/ottawacornwall.ca\/fr\/events\/heure-sainte-diocesaine-pour-les-vocations\/#primaryimage"},"thumbnailUrl":"https:\/\/ottawacornwall.ca\/wp-content\/uploads\/2024\/08\/Holy-Hour-for-Vocations-1920-x-1080-px-1.png","datePublished":"2024-09-24T12:53:23+00:00","breadcrumb":{"@id":"https:\/\/ottawacornwall.ca\/fr\/events\/heure-sainte-diocesaine-pour-les-vocations\/#breadcrumb"},"inLanguage":"fr-FR","potentialAction":[{"@type":"ReadAction","target":["https:\/\/ottawacornwall.ca\/fr\/events\/heure-sainte-diocesaine-pour-les-vocations\/"]}]},{"@type":"ImageObject","inLanguage":"fr-FR","@id":"https:\/\/ottawacornwall.ca\/fr\/events\/heure-sainte-diocesaine-pour-les-vocations\/#primaryimage","url":"https:\/\/ottawacornwall.ca\/wp-content\/uploads\/2024\/08\/Holy-Hour-for-Vocations-1920-x-1080-px-1.png","contentUrl":"https:\/\/ottawacornwall.ca\/wp-content\/uploads\/2024\/08\/Holy-Hour-for-Vocations-1920-x-1080-px-1.png","width":1920,"height":1080},{"@type":"BreadcrumbList","@id":"https:\/\/ottawacornwall.ca\/fr\/events\/heure-sainte-diocesaine-pour-les-vocations\/#breadcrumb","itemListElement":[{"@type":"ListItem","position":1,"name":"Home","item":"https:\/\/ottawacornwall.ca\/fr\/"},{"@type":"ListItem","position":2,"name":"Events","item":"https:\/\/ottawacornwall.ca\/events\/"},{"@type":"ListItem","position":3,"name":"Heure sainte dioc\u00e9saine pour les vocations"}]},{"@type":"WebSite","@id":"https:\/\/ottawacornwall.ca\/#website","url":"https:\/\/ottawacornwall.ca\/","name":"Archdiocese of Ottawa-Cornwall","description":"Welcome to the  Ottawa-Cornwall Archdiocese!","publisher":{"@id":"https:\/\/ottawacornwall.ca\/#organization"},"potentialAction":[{"@type":"SearchAction","target":{"@type":"EntryPoint","urlTemplate":"https:\/\/ottawacornwall.ca\/?s={search_term_string}"},"query-input":{"@type":"PropertyValueSpecification","valueRequired":true,"valueName":"search_term_string"}}],"inLanguage":"fr-FR"},{"@type":"Organization","@id":"https:\/\/ottawacornwall.ca\/#organization","name":"Archdiocese of Ottawa-Cornwall","url":"https:\/\/ottawacornwall.ca\/","logo":{"@type":"ImageObject","inLanguage":"fr-FR","@id":"https:\/\/ottawacornwall.ca\/#\/schema\/logo\/image\/","url":"https:\/\/ottawacornwall.ca\/wp-content\/uploads\/2022\/11\/Archdiocese-Logo-Horizontal-Reverse-1.svg","contentUrl":"https:\/\/ottawacornwall.ca\/wp-content\/uploads\/2022\/11\/Archdiocese-Logo-Horizontal-Reverse-1.svg","caption":"Archdiocese of Ottawa-Cornwall"},"image":{"@id":"https:\/\/ottawacornwall.ca\/#\/schema\/logo\/image\/"}}]}},"_links":{"self":[{"href":"https:\/\/ottawacornwall.ca\/fr\/wp-json\/wp\/v2\/mec-events\/23082","targetHints":{"allow":["GET"]}}],"collection":[{"href":"https:\/\/ottawacornwall.ca\/fr\/wp-json\/wp\/v2\/mec-events"}],"about":[{"href":"https:\/\/ottawacornwall.ca\/fr\/wp-json\/wp\/v2\/types\/mec-events"}],"author":[{"embeddable":true,"href":"https:\/\/ottawacornwall.ca\/fr\/wp-json\/wp\/v2\/users\/6"}],"replies":[{"embeddable":true,"href":"https:\/\/ottawacornwall.ca\/fr\/wp-json\/wp\/v2\/comments?post=23082"}],"wp:featuredmedia":[{"embeddable":true,"href":"https:\/\/ottawacornwall.ca\/fr\/wp-json\/wp\/v2\/media\/22099"}],"wp:attachment":[{"href":"https:\/\/ottawacornwall.ca\/fr\/wp-json\/wp\/v2\/media?parent=23082"}],"wp:term":[{"taxonomy":"mec_category","embeddable":true,"href":"https:\/\/ottawacornwall.ca\/fr\/wp-json\/wp\/v2\/mec_category?post=23082"},{"taxonomy":"mec_tag","embeddable":true,"href":"https:\/\/ottawacornwall.ca\/fr\/wp-json\/wp\/v2\/mec_tag?post=23082"}],"curies":[{"name":"wp","href":"https:\/\/api.w.org\/{rel}","templated":true}]}}