{"id":23085,"date":"2024-09-24T08:53:23","date_gmt":"2024-09-24T12:53:23","guid":{"rendered":"https:\/\/wp268132.wpdns.ca\/events\/le-temps-pour-la-creation-messe-douverture\/"},"modified":"2024-09-24T08:53:23","modified_gmt":"2024-09-24T12:53:23","slug":"le-temps-pour-la-creation-messe-douverture","status":"publish","type":"mec-events","link":"https:\/\/ottawacornwall.ca\/fr\/events\/le-temps-pour-la-creation-messe-douverture\/","title":{"rendered":"Le Temps pour la Cr\u00e9ation &#8211; Messe d&rsquo;ouverture"},"content":{"rendered":"<p>Pour marquer le d\u00e9but du temps pour la Cr\u00e9ation 2024, assistez \u00e0 une messe bilingue c\u00e9l\u00e9br\u00e9e par Mgr Yvan Mathieu, \u00e9v\u00eaque auxiliaire. La messe sera c\u00e9l\u00e9br\u00e9e \u00e0 17 h le samedi 7 septembre \u00e0 la basilique-cath\u00e9drale Notre-Dame. Apr\u00e8s la messe, assistez \u00e0 la remise du prix John-Dorner, suivie d\u2019une r\u00e9ception au Caf\u00e9 des Tours, situ\u00e9 au sous-sol de la cath\u00e9drale.<\/p>\n<p>&nbsp;<\/p>\n<p><strong>Le Temps pour la Cr\u00e9ation<\/strong><\/p>\n<p>Le Temps pour la Cr\u00e9ation est la c\u00e9l\u00e9bration chr\u00e9tienne annuelle pour prier et r\u00e9pondre ensemble \u00e0 la clameur de la Cr\u00e9ation : la famille \u0153cum\u00e9nique tout autour du monde s\u2019unit pour \u00e9couter et prendre soin de notre maison commune. La \u00ab c\u00e9l\u00e9bration \u00bb d\u00e9bute le 1er septembre, pendant la f\u00eate de la Cr\u00e9ation, et se termine le 4 octobre, \u00e0 la f\u00eate de saint Fran\u00e7ois d\u2019Assise, Le th\u00e8me du Temps pour la Cr\u00e9ation de cette ann\u00e9e est Esp\u00e9rer et agir avec la Cr\u00e9ation, et le symbole est Les pr\u00e9mices de l\u2019esp\u00e9rance, inspir\u00e9 par Romains 8,19-25 :<\/p>\n<p><em>En effet, la cr\u00e9ation attend avec impatience la r\u00e9v\u00e9lation des fils de Dieu. Car la cr\u00e9ation a \u00e9t\u00e9 soumise au pouvoir du n\u00e9ant, non pas de son plein gr\u00e9, mais \u00e0 cause de celui qui l\u2019a livr\u00e9e \u00e0 ce pouvoir. Pourtant, elle a gard\u00e9 l\u2019esp\u00e9rance d\u2019\u00eatre, elle aussi, lib\u00e9r\u00e9e de l\u2019esclavage de la d\u00e9gradation, pour conna\u00eetre la libert\u00e9 de la gloire donn\u00e9e aux enfants de Dieu. Nous le savons bien, la cr\u00e9ation tout enti\u00e8re g\u00e9mit, elle passe par les douleurs d\u2019un enfantement qui dure encore. Et elle n\u2019est pas seule. Nous aussi, en nous-m\u00eames, nous g\u00e9missons ; nous avons commenc\u00e9 \u00e0 recevoir l\u2019Esprit Saint, mais nous attendons notre adoption et la r\u00e9demption de notre corps. Car nous avons \u00e9t\u00e9 sauv\u00e9s, mais c\u2019est en esp\u00e9rance ; voir ce qu\u2019on esp\u00e8re, ce n\u2019est plus esp\u00e9rer : ce que l\u2019on voit, comment peut-on l\u2019esp\u00e9rer encore ? Mais nous, qui esp\u00e9rons ce que nous ne voyons pas, nous l\u2019attendons avec pers\u00e9v\u00e9rance.<\/em><\/p>\n<p>&nbsp;<\/p>\n<p>&nbsp;<\/p>\n<p>&nbsp;<\/p>\n<p>&nbsp;<\/p>\n","protected":false},"excerpt":{"rendered":"<p>Pour marquer le d\u00e9but du temps pour la Cr\u00e9ation 2024, assistez \u00e0 une messe bilingue c\u00e9l\u00e9br\u00e9e par Mgr Yvan Mathieu, \u00e9v\u00eaque auxiliaire. La messe sera c\u00e9l\u00e9br\u00e9e \u00e0 17 h le samedi 7 septembre \u00e0 la basilique-cath\u00e9drale Notre-Dame. Apr\u00e8s la messe, assistez \u00e0 la remise du prix John-Dorner, suivie d\u2019une r\u00e9ception au Caf\u00e9 des Tours, situ\u00e9 [&hellip;]<\/p>\n","protected":false},"author":6,"featured_media":21942,"comment_status":"closed","ping_status":"closed","template":"","mec_category":[],"mec_tag":[],"class_list":["post-23085","mec-events","type-mec-events","status-publish","has-post-thumbnail","hentry"],"acf":[],"yoast_head":"<!-- This site is optimized with the Yoast SEO plugin v27.4 - https:\/\/yoast.com\/product\/yoast-seo-wordpress\/ -->\n<title>Le Temps pour la Cr\u00e9ation - Messe d&#039;ouverture - Archdiocese of Ottawa-Cornwall<\/title>\n<meta name=\"robots\" content=\"index, follow, max-snippet:-1, max-image-preview:large, max-video-preview:-1\" \/>\n<link rel=\"canonical\" href=\"https:\/\/ottawacornwall.ca\/fr\/events\/le-temps-pour-la-creation-messe-douverture\/\" \/>\n<meta property=\"og:locale\" content=\"fr_FR\" \/>\n<meta property=\"og:type\" content=\"article\" \/>\n<meta property=\"og:title\" content=\"Le Temps pour la Cr\u00e9ation - Messe d&#039;ouverture - Archdiocese of Ottawa-Cornwall\" \/>\n<meta property=\"og:description\" content=\"Pour marquer le d\u00e9but du temps pour la Cr\u00e9ation 2024, assistez \u00e0 une messe bilingue c\u00e9l\u00e9br\u00e9e par Mgr Yvan Mathieu, \u00e9v\u00eaque auxiliaire. La messe sera c\u00e9l\u00e9br\u00e9e \u00e0 17 h le samedi 7 septembre \u00e0 la basilique-cath\u00e9drale Notre-Dame. Apr\u00e8s la messe, assistez \u00e0 la remise du prix John-Dorner, suivie d\u2019une r\u00e9ception au Caf\u00e9 des Tours, situ\u00e9 [&hellip;]\" \/>\n<meta property=\"og:url\" content=\"https:\/\/ottawacornwall.ca\/fr\/events\/le-temps-pour-la-creation-messe-douverture\/\" \/>\n<meta property=\"og:site_name\" content=\"Archdiocese of Ottawa-Cornwall\" \/>\n<meta property=\"og:image\" content=\"https:\/\/ottawacornwall.ca\/wp-content\/uploads\/2024\/08\/Season-of-Creation-Opening-Mass-Instagram-1920-x-1080-px-6.png\" \/>\n\t<meta property=\"og:image:width\" content=\"1440\" \/>\n\t<meta property=\"og:image:height\" content=\"810\" \/>\n\t<meta property=\"og:image:type\" content=\"image\/png\" \/>\n<meta name=\"twitter:card\" content=\"summary_large_image\" \/>\n<meta name=\"twitter:label1\" content=\"Dur\u00e9e de lecture estim\u00e9e\" \/>\n\t<meta name=\"twitter:data1\" content=\"2 minutes\" \/>\n<script type=\"application\/ld+json\" class=\"yoast-schema-graph\">{\"@context\":\"https:\\\/\\\/schema.org\",\"@graph\":[{\"@type\":\"WebPage\",\"@id\":\"https:\\\/\\\/ottawacornwall.ca\\\/fr\\\/events\\\/le-temps-pour-la-creation-messe-douverture\\\/\",\"url\":\"https:\\\/\\\/ottawacornwall.ca\\\/fr\\\/events\\\/le-temps-pour-la-creation-messe-douverture\\\/\",\"name\":\"Le Temps pour la Cr\u00e9ation - Messe d'ouverture - Archdiocese of Ottawa-Cornwall\",\"isPartOf\":{\"@id\":\"https:\\\/\\\/ottawacornwall.ca\\\/#website\"},\"primaryImageOfPage\":{\"@id\":\"https:\\\/\\\/ottawacornwall.ca\\\/fr\\\/events\\\/le-temps-pour-la-creation-messe-douverture\\\/#primaryimage\"},\"image\":{\"@id\":\"https:\\\/\\\/ottawacornwall.ca\\\/fr\\\/events\\\/le-temps-pour-la-creation-messe-douverture\\\/#primaryimage\"},\"thumbnailUrl\":\"https:\\\/\\\/ottawacornwall.ca\\\/wp-content\\\/uploads\\\/2024\\\/08\\\/Season-of-Creation-Opening-Mass-Instagram-1920-x-1080-px-6.png\",\"datePublished\":\"2024-09-24T12:53:23+00:00\",\"breadcrumb\":{\"@id\":\"https:\\\/\\\/ottawacornwall.ca\\\/fr\\\/events\\\/le-temps-pour-la-creation-messe-douverture\\\/#breadcrumb\"},\"inLanguage\":\"fr-FR\",\"potentialAction\":[{\"@type\":\"ReadAction\",\"target\":[\"https:\\\/\\\/ottawacornwall.ca\\\/fr\\\/events\\\/le-temps-pour-la-creation-messe-douverture\\\/\"]}]},{\"@type\":\"ImageObject\",\"inLanguage\":\"fr-FR\",\"@id\":\"https:\\\/\\\/ottawacornwall.ca\\\/fr\\\/events\\\/le-temps-pour-la-creation-messe-douverture\\\/#primaryimage\",\"url\":\"https:\\\/\\\/ottawacornwall.ca\\\/wp-content\\\/uploads\\\/2024\\\/08\\\/Season-of-Creation-Opening-Mass-Instagram-1920-x-1080-px-6.png\",\"contentUrl\":\"https:\\\/\\\/ottawacornwall.ca\\\/wp-content\\\/uploads\\\/2024\\\/08\\\/Season-of-Creation-Opening-Mass-Instagram-1920-x-1080-px-6.png\",\"width\":1440,\"height\":810},{\"@type\":\"BreadcrumbList\",\"@id\":\"https:\\\/\\\/ottawacornwall.ca\\\/fr\\\/events\\\/le-temps-pour-la-creation-messe-douverture\\\/#breadcrumb\",\"itemListElement\":[{\"@type\":\"ListItem\",\"position\":1,\"name\":\"Home\",\"item\":\"https:\\\/\\\/ottawacornwall.ca\\\/fr\\\/\"},{\"@type\":\"ListItem\",\"position\":2,\"name\":\"Events\",\"item\":\"https:\\\/\\\/ottawacornwall.ca\\\/events\\\/\"},{\"@type\":\"ListItem\",\"position\":3,\"name\":\"Le Temps pour la Cr\u00e9ation &#8211; Messe d&rsquo;ouverture\"}]},{\"@type\":\"WebSite\",\"@id\":\"https:\\\/\\\/ottawacornwall.ca\\\/#website\",\"url\":\"https:\\\/\\\/ottawacornwall.ca\\\/\",\"name\":\"Archdiocese of Ottawa-Cornwall\",\"description\":\"Welcome to the  Ottawa-Cornwall Archdiocese!\",\"publisher\":{\"@id\":\"https:\\\/\\\/ottawacornwall.ca\\\/#organization\"},\"potentialAction\":[{\"@type\":\"SearchAction\",\"target\":{\"@type\":\"EntryPoint\",\"urlTemplate\":\"https:\\\/\\\/ottawacornwall.ca\\\/?s={search_term_string}\"},\"query-input\":{\"@type\":\"PropertyValueSpecification\",\"valueRequired\":true,\"valueName\":\"search_term_string\"}}],\"inLanguage\":\"fr-FR\"},{\"@type\":\"Organization\",\"@id\":\"https:\\\/\\\/ottawacornwall.ca\\\/#organization\",\"name\":\"Archdiocese of Ottawa-Cornwall\",\"url\":\"https:\\\/\\\/ottawacornwall.ca\\\/\",\"logo\":{\"@type\":\"ImageObject\",\"inLanguage\":\"fr-FR\",\"@id\":\"https:\\\/\\\/ottawacornwall.ca\\\/#\\\/schema\\\/logo\\\/image\\\/\",\"url\":\"https:\\\/\\\/ottawacornwall.ca\\\/wp-content\\\/uploads\\\/2022\\\/11\\\/Archdiocese-Logo-Horizontal-Reverse-1.svg\",\"contentUrl\":\"https:\\\/\\\/ottawacornwall.ca\\\/wp-content\\\/uploads\\\/2022\\\/11\\\/Archdiocese-Logo-Horizontal-Reverse-1.svg\",\"caption\":\"Archdiocese of Ottawa-Cornwall\"},\"image\":{\"@id\":\"https:\\\/\\\/ottawacornwall.ca\\\/#\\\/schema\\\/logo\\\/image\\\/\"}}]}<\/script>\n<!-- \/ Yoast SEO plugin. -->","yoast_head_json":{"title":"Le Temps pour la Cr\u00e9ation - Messe d'ouverture - Archdiocese of Ottawa-Cornwall","robots":{"index":"index","follow":"follow","max-snippet":"max-snippet:-1","max-image-preview":"max-image-preview:large","max-video-preview":"max-video-preview:-1"},"canonical":"https:\/\/ottawacornwall.ca\/fr\/events\/le-temps-pour-la-creation-messe-douverture\/","og_locale":"fr_FR","og_type":"article","og_title":"Le Temps pour la Cr\u00e9ation - Messe d'ouverture - Archdiocese of Ottawa-Cornwall","og_description":"Pour marquer le d\u00e9but du temps pour la Cr\u00e9ation 2024, assistez \u00e0 une messe bilingue c\u00e9l\u00e9br\u00e9e par Mgr Yvan Mathieu, \u00e9v\u00eaque auxiliaire. La messe sera c\u00e9l\u00e9br\u00e9e \u00e0 17 h le samedi 7 septembre \u00e0 la basilique-cath\u00e9drale Notre-Dame. Apr\u00e8s la messe, assistez \u00e0 la remise du prix John-Dorner, suivie d\u2019une r\u00e9ception au Caf\u00e9 des Tours, situ\u00e9 [&hellip;]","og_url":"https:\/\/ottawacornwall.ca\/fr\/events\/le-temps-pour-la-creation-messe-douverture\/","og_site_name":"Archdiocese of Ottawa-Cornwall","og_image":[{"width":1440,"height":810,"url":"https:\/\/ottawacornwall.ca\/wp-content\/uploads\/2024\/08\/Season-of-Creation-Opening-Mass-Instagram-1920-x-1080-px-6.png","type":"image\/png"}],"twitter_card":"summary_large_image","twitter_misc":{"Dur\u00e9e de lecture estim\u00e9e":"2 minutes"},"schema":{"@context":"https:\/\/schema.org","@graph":[{"@type":"WebPage","@id":"https:\/\/ottawacornwall.ca\/fr\/events\/le-temps-pour-la-creation-messe-douverture\/","url":"https:\/\/ottawacornwall.ca\/fr\/events\/le-temps-pour-la-creation-messe-douverture\/","name":"Le Temps pour la Cr\u00e9ation - Messe d'ouverture - Archdiocese of Ottawa-Cornwall","isPartOf":{"@id":"https:\/\/ottawacornwall.ca\/#website"},"primaryImageOfPage":{"@id":"https:\/\/ottawacornwall.ca\/fr\/events\/le-temps-pour-la-creation-messe-douverture\/#primaryimage"},"image":{"@id":"https:\/\/ottawacornwall.ca\/fr\/events\/le-temps-pour-la-creation-messe-douverture\/#primaryimage"},"thumbnailUrl":"https:\/\/ottawacornwall.ca\/wp-content\/uploads\/2024\/08\/Season-of-Creation-Opening-Mass-Instagram-1920-x-1080-px-6.png","datePublished":"2024-09-24T12:53:23+00:00","breadcrumb":{"@id":"https:\/\/ottawacornwall.ca\/fr\/events\/le-temps-pour-la-creation-messe-douverture\/#breadcrumb"},"inLanguage":"fr-FR","potentialAction":[{"@type":"ReadAction","target":["https:\/\/ottawacornwall.ca\/fr\/events\/le-temps-pour-la-creation-messe-douverture\/"]}]},{"@type":"ImageObject","inLanguage":"fr-FR","@id":"https:\/\/ottawacornwall.ca\/fr\/events\/le-temps-pour-la-creation-messe-douverture\/#primaryimage","url":"https:\/\/ottawacornwall.ca\/wp-content\/uploads\/2024\/08\/Season-of-Creation-Opening-Mass-Instagram-1920-x-1080-px-6.png","contentUrl":"https:\/\/ottawacornwall.ca\/wp-content\/uploads\/2024\/08\/Season-of-Creation-Opening-Mass-Instagram-1920-x-1080-px-6.png","width":1440,"height":810},{"@type":"BreadcrumbList","@id":"https:\/\/ottawacornwall.ca\/fr\/events\/le-temps-pour-la-creation-messe-douverture\/#breadcrumb","itemListElement":[{"@type":"ListItem","position":1,"name":"Home","item":"https:\/\/ottawacornwall.ca\/fr\/"},{"@type":"ListItem","position":2,"name":"Events","item":"https:\/\/ottawacornwall.ca\/events\/"},{"@type":"ListItem","position":3,"name":"Le Temps pour la Cr\u00e9ation &#8211; Messe d&rsquo;ouverture"}]},{"@type":"WebSite","@id":"https:\/\/ottawacornwall.ca\/#website","url":"https:\/\/ottawacornwall.ca\/","name":"Archdiocese of Ottawa-Cornwall","description":"Welcome to the  Ottawa-Cornwall Archdiocese!","publisher":{"@id":"https:\/\/ottawacornwall.ca\/#organization"},"potentialAction":[{"@type":"SearchAction","target":{"@type":"EntryPoint","urlTemplate":"https:\/\/ottawacornwall.ca\/?s={search_term_string}"},"query-input":{"@type":"PropertyValueSpecification","valueRequired":true,"valueName":"search_term_string"}}],"inLanguage":"fr-FR"},{"@type":"Organization","@id":"https:\/\/ottawacornwall.ca\/#organization","name":"Archdiocese of Ottawa-Cornwall","url":"https:\/\/ottawacornwall.ca\/","logo":{"@type":"ImageObject","inLanguage":"fr-FR","@id":"https:\/\/ottawacornwall.ca\/#\/schema\/logo\/image\/","url":"https:\/\/ottawacornwall.ca\/wp-content\/uploads\/2022\/11\/Archdiocese-Logo-Horizontal-Reverse-1.svg","contentUrl":"https:\/\/ottawacornwall.ca\/wp-content\/uploads\/2022\/11\/Archdiocese-Logo-Horizontal-Reverse-1.svg","caption":"Archdiocese of Ottawa-Cornwall"},"image":{"@id":"https:\/\/ottawacornwall.ca\/#\/schema\/logo\/image\/"}}]}},"_links":{"self":[{"href":"https:\/\/ottawacornwall.ca\/fr\/wp-json\/wp\/v2\/mec-events\/23085","targetHints":{"allow":["GET"]}}],"collection":[{"href":"https:\/\/ottawacornwall.ca\/fr\/wp-json\/wp\/v2\/mec-events"}],"about":[{"href":"https:\/\/ottawacornwall.ca\/fr\/wp-json\/wp\/v2\/types\/mec-events"}],"author":[{"embeddable":true,"href":"https:\/\/ottawacornwall.ca\/fr\/wp-json\/wp\/v2\/users\/6"}],"replies":[{"embeddable":true,"href":"https:\/\/ottawacornwall.ca\/fr\/wp-json\/wp\/v2\/comments?post=23085"}],"wp:featuredmedia":[{"embeddable":true,"href":"https:\/\/ottawacornwall.ca\/fr\/wp-json\/wp\/v2\/media\/21942"}],"wp:attachment":[{"href":"https:\/\/ottawacornwall.ca\/fr\/wp-json\/wp\/v2\/media?parent=23085"}],"wp:term":[{"taxonomy":"mec_category","embeddable":true,"href":"https:\/\/ottawacornwall.ca\/fr\/wp-json\/wp\/v2\/mec_category?post=23085"},{"taxonomy":"mec_tag","embeddable":true,"href":"https:\/\/ottawacornwall.ca\/fr\/wp-json\/wp\/v2\/mec_tag?post=23085"}],"curies":[{"name":"wp","href":"https:\/\/api.w.org\/{rel}","templated":true}]}}