{"id":25395,"date":"2024-11-25T11:56:51","date_gmt":"2024-11-25T16:56:51","guid":{"rendered":"https:\/\/wp268132.wpdns.ca\/?post_type=mec-events&#038;p=25395"},"modified":"2024-11-27T14:23:11","modified_gmt":"2024-11-27T19:23:11","slug":"les-fondements-bibliques-du-jubile-avec-mgr-yvan-mathieu","status":"publish","type":"mec-events","link":"https:\/\/ottawacornwall.ca\/fr\/events\/les-fondements-bibliques-du-jubile-avec-mgr-yvan-mathieu\/","title":{"rendered":"\u00ab Les fondements bibliques du Jubil\u00e9 \u00bb &#8211; avec Mgr Yvan Mathieu"},"content":{"rendered":"<p style=\"font-weight: 400;\">En pr\u00e9paration au Jubil\u00e9 2025, la paroisse Saint-Gabriel accueille Mgr Yvan Mathieu qui nous entretiendra des \u00ab Fondements bibliques du Jubil\u00e9 \u00bb. Venez d\u00e9couvrir les origines et le sens de cette Ann\u00e9e Sainte. Vous \u00eates toutes et tous invit\u00e9s \u00e0 ce rendez-vous le lundi 9 d\u00e9cembre \u00e0 19h \u00e0 l\u2019\u00e9glise Saint-Gabriel, 55, rue Appleford, Ottawa. L\u2019entr\u00e9e est gratuite.<\/p>\n<p style=\"font-weight: 400;\">Pr\u00e9sent\u00e9 en simultan\u00e9 au <span style=\"color: #000000;\"><a style=\"color: #000000;\" href=\"https:\/\/us02web.zoom.us\/j\/653325113?pwd=V1B4eVNob3MrUzRJQmFQejd5L3luUT09\">https:\/\/us02web.zoom.us\/j\/653325113?pwd=V1B4eVNob3MrUzRJQmFQejd5L3luUT09<\/a><\/span><\/p>\n<p style=\"font-weight: 400;\">Mot de passe si n\u00e9cessaire: 148894. La connexion est ouverte d\u00e8s 18h55.<\/p>\n","protected":false},"excerpt":{"rendered":"<p>En pr\u00e9paration au Jubil\u00e9 2025, la paroisse Saint-Gabriel accueille Mgr Yvan Mathieu qui nous entretiendra des \u00ab Fondements bibliques du Jubil\u00e9 \u00bb. Venez d\u00e9couvrir les origines et le sens de cette Ann\u00e9e Sainte. Vous \u00eates toutes et tous invit\u00e9s \u00e0 ce rendez-vous le lundi 9 d\u00e9cembre \u00e0 19h \u00e0 l\u2019\u00e9glise Saint-Gabriel, 55, rue Appleford, Ottawa. [&hellip;]<\/p>\n","protected":false},"author":24,"featured_media":0,"comment_status":"closed","ping_status":"closed","template":"","mec_category":[430],"mec_tag":[],"class_list":["post-25395","mec-events","type-mec-events","status-publish","hentry","mec_category-gloucester-2"],"acf":[],"yoast_head":"<!-- This site is optimized with the Yoast SEO plugin v27.4 - https:\/\/yoast.com\/product\/yoast-seo-wordpress\/ -->\n<title>\u00ab Les fondements bibliques du Jubil\u00e9 \u00bb - avec Mgr Yvan Mathieu - Archdiocese of Ottawa-Cornwall<\/title>\n<meta name=\"robots\" content=\"index, follow, max-snippet:-1, max-image-preview:large, max-video-preview:-1\" \/>\n<link rel=\"canonical\" href=\"https:\/\/ottawacornwall.ca\/fr\/events\/les-fondements-bibliques-du-jubile-avec-mgr-yvan-mathieu\/\" \/>\n<meta property=\"og:locale\" content=\"fr_FR\" \/>\n<meta property=\"og:type\" content=\"article\" \/>\n<meta property=\"og:title\" content=\"\u00ab Les fondements bibliques du Jubil\u00e9 \u00bb - avec Mgr Yvan Mathieu - Archdiocese of Ottawa-Cornwall\" \/>\n<meta property=\"og:description\" content=\"En pr\u00e9paration au Jubil\u00e9 2025, la paroisse Saint-Gabriel accueille Mgr Yvan Mathieu qui nous entretiendra des \u00ab Fondements bibliques du Jubil\u00e9 \u00bb. Venez d\u00e9couvrir les origines et le sens de cette Ann\u00e9e Sainte. Vous \u00eates toutes et tous invit\u00e9s \u00e0 ce rendez-vous le lundi 9 d\u00e9cembre \u00e0 19h \u00e0 l\u2019\u00e9glise Saint-Gabriel, 55, rue Appleford, Ottawa. [&hellip;]\" \/>\n<meta property=\"og:url\" content=\"https:\/\/ottawacornwall.ca\/fr\/events\/les-fondements-bibliques-du-jubile-avec-mgr-yvan-mathieu\/\" \/>\n<meta property=\"og:site_name\" content=\"Archdiocese of Ottawa-Cornwall\" \/>\n<meta property=\"article:modified_time\" content=\"2024-11-27T19:23:11+00:00\" \/>\n<meta name=\"twitter:card\" content=\"summary_large_image\" \/>\n<meta name=\"twitter:label1\" content=\"Dur\u00e9e de lecture estim\u00e9e\" \/>\n\t<meta name=\"twitter:data1\" content=\"1 minute\" \/>\n<script type=\"application\/ld+json\" class=\"yoast-schema-graph\">{\"@context\":\"https:\\\/\\\/schema.org\",\"@graph\":[{\"@type\":\"WebPage\",\"@id\":\"https:\\\/\\\/ottawacornwall.ca\\\/fr\\\/events\\\/les-fondements-bibliques-du-jubile-avec-mgr-yvan-mathieu\\\/\",\"url\":\"https:\\\/\\\/ottawacornwall.ca\\\/fr\\\/events\\\/les-fondements-bibliques-du-jubile-avec-mgr-yvan-mathieu\\\/\",\"name\":\"\u00ab Les fondements bibliques du Jubil\u00e9 \u00bb - avec Mgr Yvan Mathieu - Archdiocese of Ottawa-Cornwall\",\"isPartOf\":{\"@id\":\"https:\\\/\\\/ottawacornwall.ca\\\/#website\"},\"datePublished\":\"2024-11-25T16:56:51+00:00\",\"dateModified\":\"2024-11-27T19:23:11+00:00\",\"breadcrumb\":{\"@id\":\"https:\\\/\\\/ottawacornwall.ca\\\/fr\\\/events\\\/les-fondements-bibliques-du-jubile-avec-mgr-yvan-mathieu\\\/#breadcrumb\"},\"inLanguage\":\"fr-FR\",\"potentialAction\":[{\"@type\":\"ReadAction\",\"target\":[\"https:\\\/\\\/ottawacornwall.ca\\\/fr\\\/events\\\/les-fondements-bibliques-du-jubile-avec-mgr-yvan-mathieu\\\/\"]}]},{\"@type\":\"BreadcrumbList\",\"@id\":\"https:\\\/\\\/ottawacornwall.ca\\\/fr\\\/events\\\/les-fondements-bibliques-du-jubile-avec-mgr-yvan-mathieu\\\/#breadcrumb\",\"itemListElement\":[{\"@type\":\"ListItem\",\"position\":1,\"name\":\"Home\",\"item\":\"https:\\\/\\\/ottawacornwall.ca\\\/fr\\\/\"},{\"@type\":\"ListItem\",\"position\":2,\"name\":\"Events\",\"item\":\"https:\\\/\\\/ottawacornwall.ca\\\/events\\\/\"},{\"@type\":\"ListItem\",\"position\":3,\"name\":\"\u00ab Les fondements bibliques du Jubil\u00e9 \u00bb &#8211; avec Mgr Yvan Mathieu\"}]},{\"@type\":\"WebSite\",\"@id\":\"https:\\\/\\\/ottawacornwall.ca\\\/#website\",\"url\":\"https:\\\/\\\/ottawacornwall.ca\\\/\",\"name\":\"Archdiocese of Ottawa-Cornwall\",\"description\":\"Welcome to the  Ottawa-Cornwall Archdiocese!\",\"publisher\":{\"@id\":\"https:\\\/\\\/ottawacornwall.ca\\\/#organization\"},\"potentialAction\":[{\"@type\":\"SearchAction\",\"target\":{\"@type\":\"EntryPoint\",\"urlTemplate\":\"https:\\\/\\\/ottawacornwall.ca\\\/?s={search_term_string}\"},\"query-input\":{\"@type\":\"PropertyValueSpecification\",\"valueRequired\":true,\"valueName\":\"search_term_string\"}}],\"inLanguage\":\"fr-FR\"},{\"@type\":\"Organization\",\"@id\":\"https:\\\/\\\/ottawacornwall.ca\\\/#organization\",\"name\":\"Archdiocese of Ottawa-Cornwall\",\"url\":\"https:\\\/\\\/ottawacornwall.ca\\\/\",\"logo\":{\"@type\":\"ImageObject\",\"inLanguage\":\"fr-FR\",\"@id\":\"https:\\\/\\\/ottawacornwall.ca\\\/#\\\/schema\\\/logo\\\/image\\\/\",\"url\":\"https:\\\/\\\/ottawacornwall.ca\\\/wp-content\\\/uploads\\\/2022\\\/11\\\/Archdiocese-Logo-Horizontal-Reverse-1.svg\",\"contentUrl\":\"https:\\\/\\\/ottawacornwall.ca\\\/wp-content\\\/uploads\\\/2022\\\/11\\\/Archdiocese-Logo-Horizontal-Reverse-1.svg\",\"caption\":\"Archdiocese of Ottawa-Cornwall\"},\"image\":{\"@id\":\"https:\\\/\\\/ottawacornwall.ca\\\/#\\\/schema\\\/logo\\\/image\\\/\"}}]}<\/script>\n<!-- \/ Yoast SEO plugin. -->","yoast_head_json":{"title":"\u00ab Les fondements bibliques du Jubil\u00e9 \u00bb - avec Mgr Yvan Mathieu - Archdiocese of Ottawa-Cornwall","robots":{"index":"index","follow":"follow","max-snippet":"max-snippet:-1","max-image-preview":"max-image-preview:large","max-video-preview":"max-video-preview:-1"},"canonical":"https:\/\/ottawacornwall.ca\/fr\/events\/les-fondements-bibliques-du-jubile-avec-mgr-yvan-mathieu\/","og_locale":"fr_FR","og_type":"article","og_title":"\u00ab Les fondements bibliques du Jubil\u00e9 \u00bb - avec Mgr Yvan Mathieu - Archdiocese of Ottawa-Cornwall","og_description":"En pr\u00e9paration au Jubil\u00e9 2025, la paroisse Saint-Gabriel accueille Mgr Yvan Mathieu qui nous entretiendra des \u00ab Fondements bibliques du Jubil\u00e9 \u00bb. Venez d\u00e9couvrir les origines et le sens de cette Ann\u00e9e Sainte. Vous \u00eates toutes et tous invit\u00e9s \u00e0 ce rendez-vous le lundi 9 d\u00e9cembre \u00e0 19h \u00e0 l\u2019\u00e9glise Saint-Gabriel, 55, rue Appleford, Ottawa. [&hellip;]","og_url":"https:\/\/ottawacornwall.ca\/fr\/events\/les-fondements-bibliques-du-jubile-avec-mgr-yvan-mathieu\/","og_site_name":"Archdiocese of Ottawa-Cornwall","article_modified_time":"2024-11-27T19:23:11+00:00","twitter_card":"summary_large_image","twitter_misc":{"Dur\u00e9e de lecture estim\u00e9e":"1 minute"},"schema":{"@context":"https:\/\/schema.org","@graph":[{"@type":"WebPage","@id":"https:\/\/ottawacornwall.ca\/fr\/events\/les-fondements-bibliques-du-jubile-avec-mgr-yvan-mathieu\/","url":"https:\/\/ottawacornwall.ca\/fr\/events\/les-fondements-bibliques-du-jubile-avec-mgr-yvan-mathieu\/","name":"\u00ab Les fondements bibliques du Jubil\u00e9 \u00bb - avec Mgr Yvan Mathieu - Archdiocese of Ottawa-Cornwall","isPartOf":{"@id":"https:\/\/ottawacornwall.ca\/#website"},"datePublished":"2024-11-25T16:56:51+00:00","dateModified":"2024-11-27T19:23:11+00:00","breadcrumb":{"@id":"https:\/\/ottawacornwall.ca\/fr\/events\/les-fondements-bibliques-du-jubile-avec-mgr-yvan-mathieu\/#breadcrumb"},"inLanguage":"fr-FR","potentialAction":[{"@type":"ReadAction","target":["https:\/\/ottawacornwall.ca\/fr\/events\/les-fondements-bibliques-du-jubile-avec-mgr-yvan-mathieu\/"]}]},{"@type":"BreadcrumbList","@id":"https:\/\/ottawacornwall.ca\/fr\/events\/les-fondements-bibliques-du-jubile-avec-mgr-yvan-mathieu\/#breadcrumb","itemListElement":[{"@type":"ListItem","position":1,"name":"Home","item":"https:\/\/ottawacornwall.ca\/fr\/"},{"@type":"ListItem","position":2,"name":"Events","item":"https:\/\/ottawacornwall.ca\/events\/"},{"@type":"ListItem","position":3,"name":"\u00ab Les fondements bibliques du Jubil\u00e9 \u00bb &#8211; avec Mgr Yvan Mathieu"}]},{"@type":"WebSite","@id":"https:\/\/ottawacornwall.ca\/#website","url":"https:\/\/ottawacornwall.ca\/","name":"Archdiocese of Ottawa-Cornwall","description":"Welcome to the  Ottawa-Cornwall Archdiocese!","publisher":{"@id":"https:\/\/ottawacornwall.ca\/#organization"},"potentialAction":[{"@type":"SearchAction","target":{"@type":"EntryPoint","urlTemplate":"https:\/\/ottawacornwall.ca\/?s={search_term_string}"},"query-input":{"@type":"PropertyValueSpecification","valueRequired":true,"valueName":"search_term_string"}}],"inLanguage":"fr-FR"},{"@type":"Organization","@id":"https:\/\/ottawacornwall.ca\/#organization","name":"Archdiocese of Ottawa-Cornwall","url":"https:\/\/ottawacornwall.ca\/","logo":{"@type":"ImageObject","inLanguage":"fr-FR","@id":"https:\/\/ottawacornwall.ca\/#\/schema\/logo\/image\/","url":"https:\/\/ottawacornwall.ca\/wp-content\/uploads\/2022\/11\/Archdiocese-Logo-Horizontal-Reverse-1.svg","contentUrl":"https:\/\/ottawacornwall.ca\/wp-content\/uploads\/2022\/11\/Archdiocese-Logo-Horizontal-Reverse-1.svg","caption":"Archdiocese of Ottawa-Cornwall"},"image":{"@id":"https:\/\/ottawacornwall.ca\/#\/schema\/logo\/image\/"}}]}},"_links":{"self":[{"href":"https:\/\/ottawacornwall.ca\/fr\/wp-json\/wp\/v2\/mec-events\/25395","targetHints":{"allow":["GET"]}}],"collection":[{"href":"https:\/\/ottawacornwall.ca\/fr\/wp-json\/wp\/v2\/mec-events"}],"about":[{"href":"https:\/\/ottawacornwall.ca\/fr\/wp-json\/wp\/v2\/types\/mec-events"}],"author":[{"embeddable":true,"href":"https:\/\/ottawacornwall.ca\/fr\/wp-json\/wp\/v2\/users\/24"}],"replies":[{"embeddable":true,"href":"https:\/\/ottawacornwall.ca\/fr\/wp-json\/wp\/v2\/comments?post=25395"}],"wp:attachment":[{"href":"https:\/\/ottawacornwall.ca\/fr\/wp-json\/wp\/v2\/media?parent=25395"}],"wp:term":[{"taxonomy":"mec_category","embeddable":true,"href":"https:\/\/ottawacornwall.ca\/fr\/wp-json\/wp\/v2\/mec_category?post=25395"},{"taxonomy":"mec_tag","embeddable":true,"href":"https:\/\/ottawacornwall.ca\/fr\/wp-json\/wp\/v2\/mec_tag?post=25395"}],"curies":[{"name":"wp","href":"https:\/\/api.w.org\/{rel}","templated":true}]}}