{"id":26575,"date":"2025-01-09T10:08:51","date_gmt":"2025-01-09T15:08:51","guid":{"rendered":"https:\/\/wp268132.wpdns.ca\/?post_type=mec-events&#038;p=26575"},"modified":"2025-01-09T10:08:51","modified_gmt":"2025-01-09T15:08:51","slug":"invitation-aux-cafe-causeries-pour-les-aines-centre-de-services-a-la-famille-csf-2","status":"publish","type":"mec-events","link":"https:\/\/ottawacornwall.ca\/fr\/events\/invitation-aux-cafe-causeries-pour-les-aines-centre-de-services-a-la-famille-csf-2\/","title":{"rendered":"Invitation aux Caf\u00e9-causeries pour les a\u00een\u00e9s &#8211; Centre de services \u00e0 la famille (CSF)"},"content":{"rendered":"<p><strong>A\u00een\u00e9s, on vous attend! <\/strong><br \/>\n<strong>\u00a0 \u00a0 \u00a0 \u00a0 \u00a0 \u00a0 \u00a0 \u00a0 \u00a0 \u00a0 \u00a0 \u00a0 \u00a0 \u00a0 \u00a0 \u00a0 \u00a0 \u00a0<\/strong><br \/>\nChers a\u00een\u00e9s et a\u00een\u00e9es,<\/p>\n<p>Nous avons le plaisir de vous inviter chaleureusement \u00e0 participer aux caf\u00e9-causeries organis\u00e9es par le Centre de service \u00e0 la famille. Ces rencontres auront lieu les mercredis <strong>15 janvier<\/strong> et <strong>12 f\u00e9vrier 2025<\/strong>, de 10 h \u00e0 midi, au Complexe Saint-Laurent, situ\u00e9 au 525, rue C\u00f4te, Ottawa, ON K1K 0Z8.<\/p>\n<p><strong>Mercredi 15 janvier<\/strong> : Venez partager un moment convivial autour d\u2019un go\u00fbter l\u00e9ger et de jeux de soci\u00e9t\u00e9 passionnants ! Ce sera l\u2019occasion parfaite de stimuler votre esprit, de renforcer vos liens sociaux et d\u2019enrichir votre bien-\u00eatre \u00e9motionnel. Entre rires, d\u00e9fis et d\u00e9couvertes, les jeux de soci\u00e9t\u00e9 offrent de nombreux bienfaits. Ne manquez pas cette belle opportunit\u00e9 de vous amuser et de vous ressourcer !<\/p>\n<p><strong>Mercredi 12 f\u00e9vrier<\/strong> : Participez \u00e0 un atelier d\u2019information sur les services de sant\u00e9 en fran\u00e7ais disponibles pour les a\u00een\u00e9s, anim\u00e9 par Jeanine Proulx du R\u00e9seau des services de sant\u00e9 en fran\u00e7ais de l\u2019Est de l&rsquo;Ontario. Ce sera un moment d\u2019\u00e9changes pr\u00e9cieux pour mieux conna\u00eetre les ressources \u00e0 votre disposition.<\/p>\n<p>Nous esp\u00e9rons vous y voir nombreux et vous remercions pour votre pr\u00e9sence !<br \/>\nInscrivez-vous en envoyant un courriel \u00e0 \u00a0<a href=\"mailto:info@csfamille.ca\">info@csfamille.ca<\/a> ou en appellant Gastelle au 613-565-5166.<\/p>\n<p>Pour\u00a0toute information suppl\u00e9mentaire, veuillez contacter<strong>\u00a0Roxanne\u00a0Le Blanc-Lemieux au 613-854-7010 ou\u00a0Gastelle Mbakop\u00a0au 613-565-5166.<\/strong><\/p>\n<p>Au plaisir de vous recevoir comme membres du Carrefour des a\u00een\u00e9s ou simplement de vous voir lors de nos\u00a0activit\u00e9s.<\/p>\n<p>L&rsquo;\u00e9quipe organisatrice<\/p>\n<p>&nbsp;<\/p>\n","protected":false},"excerpt":{"rendered":"<p>A\u00een\u00e9s, on vous attend! \u00a0 \u00a0 \u00a0 \u00a0 \u00a0 \u00a0 \u00a0 \u00a0 \u00a0 \u00a0 \u00a0 \u00a0 \u00a0 \u00a0 \u00a0 \u00a0 \u00a0 \u00a0 Chers a\u00een\u00e9s et a\u00een\u00e9es, Nous avons le plaisir de vous inviter chaleureusement \u00e0 participer aux caf\u00e9-causeries organis\u00e9es par le Centre de service \u00e0 la famille. Ces rencontres auront lieu les mercredis 15 janvier [&hellip;]<\/p>\n","protected":false},"author":11,"featured_media":0,"comment_status":"closed","ping_status":"closed","template":"","mec_category":[],"mec_tag":[],"class_list":["post-26575","mec-events","type-mec-events","status-publish","hentry"],"acf":[],"yoast_head":"<!-- This site is optimized with the Yoast SEO plugin v27.4 - https:\/\/yoast.com\/product\/yoast-seo-wordpress\/ -->\n<title>Invitation aux Caf\u00e9-causeries pour les a\u00een\u00e9s - Centre de services \u00e0 la famille (CSF) - Archdiocese of Ottawa-Cornwall<\/title>\n<meta name=\"robots\" content=\"index, follow, max-snippet:-1, max-image-preview:large, max-video-preview:-1\" \/>\n<link rel=\"canonical\" href=\"https:\/\/ottawacornwall.ca\/fr\/events\/invitation-aux-cafe-causeries-pour-les-aines-centre-de-services-a-la-famille-csf-2\/\" \/>\n<meta property=\"og:locale\" content=\"fr_FR\" \/>\n<meta property=\"og:type\" content=\"article\" \/>\n<meta property=\"og:title\" content=\"Invitation aux Caf\u00e9-causeries pour les a\u00een\u00e9s - Centre de services \u00e0 la famille (CSF) - Archdiocese of Ottawa-Cornwall\" \/>\n<meta property=\"og:description\" content=\"A\u00een\u00e9s, on vous attend! \u00a0 \u00a0 \u00a0 \u00a0 \u00a0 \u00a0 \u00a0 \u00a0 \u00a0 \u00a0 \u00a0 \u00a0 \u00a0 \u00a0 \u00a0 \u00a0 \u00a0 \u00a0 Chers a\u00een\u00e9s et a\u00een\u00e9es, Nous avons le plaisir de vous inviter chaleureusement \u00e0 participer aux caf\u00e9-causeries organis\u00e9es par le Centre de service \u00e0 la famille. Ces rencontres auront lieu les mercredis 15 janvier [&hellip;]\" \/>\n<meta property=\"og:url\" content=\"https:\/\/ottawacornwall.ca\/fr\/events\/invitation-aux-cafe-causeries-pour-les-aines-centre-de-services-a-la-famille-csf-2\/\" \/>\n<meta property=\"og:site_name\" content=\"Archdiocese of Ottawa-Cornwall\" \/>\n<meta name=\"twitter:card\" content=\"summary_large_image\" \/>\n<meta name=\"twitter:label1\" content=\"Dur\u00e9e de lecture estim\u00e9e\" \/>\n\t<meta name=\"twitter:data1\" content=\"2 minutes\" \/>\n<script type=\"application\/ld+json\" class=\"yoast-schema-graph\">{\"@context\":\"https:\\\/\\\/schema.org\",\"@graph\":[{\"@type\":\"WebPage\",\"@id\":\"https:\\\/\\\/ottawacornwall.ca\\\/fr\\\/events\\\/invitation-aux-cafe-causeries-pour-les-aines-centre-de-services-a-la-famille-csf-2\\\/\",\"url\":\"https:\\\/\\\/ottawacornwall.ca\\\/fr\\\/events\\\/invitation-aux-cafe-causeries-pour-les-aines-centre-de-services-a-la-famille-csf-2\\\/\",\"name\":\"Invitation aux Caf\u00e9-causeries pour les a\u00een\u00e9s - Centre de services \u00e0 la famille (CSF) - Archdiocese of Ottawa-Cornwall\",\"isPartOf\":{\"@id\":\"https:\\\/\\\/ottawacornwall.ca\\\/#website\"},\"datePublished\":\"2025-01-09T15:08:51+00:00\",\"breadcrumb\":{\"@id\":\"https:\\\/\\\/ottawacornwall.ca\\\/fr\\\/events\\\/invitation-aux-cafe-causeries-pour-les-aines-centre-de-services-a-la-famille-csf-2\\\/#breadcrumb\"},\"inLanguage\":\"fr-FR\",\"potentialAction\":[{\"@type\":\"ReadAction\",\"target\":[\"https:\\\/\\\/ottawacornwall.ca\\\/fr\\\/events\\\/invitation-aux-cafe-causeries-pour-les-aines-centre-de-services-a-la-famille-csf-2\\\/\"]}]},{\"@type\":\"BreadcrumbList\",\"@id\":\"https:\\\/\\\/ottawacornwall.ca\\\/fr\\\/events\\\/invitation-aux-cafe-causeries-pour-les-aines-centre-de-services-a-la-famille-csf-2\\\/#breadcrumb\",\"itemListElement\":[{\"@type\":\"ListItem\",\"position\":1,\"name\":\"Home\",\"item\":\"https:\\\/\\\/ottawacornwall.ca\\\/fr\\\/\"},{\"@type\":\"ListItem\",\"position\":2,\"name\":\"Events\",\"item\":\"https:\\\/\\\/ottawacornwall.ca\\\/events\\\/\"},{\"@type\":\"ListItem\",\"position\":3,\"name\":\"Invitation aux Caf\u00e9-causeries pour les a\u00een\u00e9s &#8211; Centre de services \u00e0 la famille (CSF)\"}]},{\"@type\":\"WebSite\",\"@id\":\"https:\\\/\\\/ottawacornwall.ca\\\/#website\",\"url\":\"https:\\\/\\\/ottawacornwall.ca\\\/\",\"name\":\"Archdiocese of Ottawa-Cornwall\",\"description\":\"Welcome to the  Ottawa-Cornwall Archdiocese!\",\"publisher\":{\"@id\":\"https:\\\/\\\/ottawacornwall.ca\\\/#organization\"},\"potentialAction\":[{\"@type\":\"SearchAction\",\"target\":{\"@type\":\"EntryPoint\",\"urlTemplate\":\"https:\\\/\\\/ottawacornwall.ca\\\/?s={search_term_string}\"},\"query-input\":{\"@type\":\"PropertyValueSpecification\",\"valueRequired\":true,\"valueName\":\"search_term_string\"}}],\"inLanguage\":\"fr-FR\"},{\"@type\":\"Organization\",\"@id\":\"https:\\\/\\\/ottawacornwall.ca\\\/#organization\",\"name\":\"Archdiocese of Ottawa-Cornwall\",\"url\":\"https:\\\/\\\/ottawacornwall.ca\\\/\",\"logo\":{\"@type\":\"ImageObject\",\"inLanguage\":\"fr-FR\",\"@id\":\"https:\\\/\\\/ottawacornwall.ca\\\/#\\\/schema\\\/logo\\\/image\\\/\",\"url\":\"https:\\\/\\\/ottawacornwall.ca\\\/wp-content\\\/uploads\\\/2022\\\/11\\\/Archdiocese-Logo-Horizontal-Reverse-1.svg\",\"contentUrl\":\"https:\\\/\\\/ottawacornwall.ca\\\/wp-content\\\/uploads\\\/2022\\\/11\\\/Archdiocese-Logo-Horizontal-Reverse-1.svg\",\"caption\":\"Archdiocese of Ottawa-Cornwall\"},\"image\":{\"@id\":\"https:\\\/\\\/ottawacornwall.ca\\\/#\\\/schema\\\/logo\\\/image\\\/\"}}]}<\/script>\n<!-- \/ Yoast SEO plugin. -->","yoast_head_json":{"title":"Invitation aux Caf\u00e9-causeries pour les a\u00een\u00e9s - Centre de services \u00e0 la famille (CSF) - Archdiocese of Ottawa-Cornwall","robots":{"index":"index","follow":"follow","max-snippet":"max-snippet:-1","max-image-preview":"max-image-preview:large","max-video-preview":"max-video-preview:-1"},"canonical":"https:\/\/ottawacornwall.ca\/fr\/events\/invitation-aux-cafe-causeries-pour-les-aines-centre-de-services-a-la-famille-csf-2\/","og_locale":"fr_FR","og_type":"article","og_title":"Invitation aux Caf\u00e9-causeries pour les a\u00een\u00e9s - Centre de services \u00e0 la famille (CSF) - Archdiocese of Ottawa-Cornwall","og_description":"A\u00een\u00e9s, on vous attend! \u00a0 \u00a0 \u00a0 \u00a0 \u00a0 \u00a0 \u00a0 \u00a0 \u00a0 \u00a0 \u00a0 \u00a0 \u00a0 \u00a0 \u00a0 \u00a0 \u00a0 \u00a0 Chers a\u00een\u00e9s et a\u00een\u00e9es, Nous avons le plaisir de vous inviter chaleureusement \u00e0 participer aux caf\u00e9-causeries organis\u00e9es par le Centre de service \u00e0 la famille. Ces rencontres auront lieu les mercredis 15 janvier [&hellip;]","og_url":"https:\/\/ottawacornwall.ca\/fr\/events\/invitation-aux-cafe-causeries-pour-les-aines-centre-de-services-a-la-famille-csf-2\/","og_site_name":"Archdiocese of Ottawa-Cornwall","twitter_card":"summary_large_image","twitter_misc":{"Dur\u00e9e de lecture estim\u00e9e":"2 minutes"},"schema":{"@context":"https:\/\/schema.org","@graph":[{"@type":"WebPage","@id":"https:\/\/ottawacornwall.ca\/fr\/events\/invitation-aux-cafe-causeries-pour-les-aines-centre-de-services-a-la-famille-csf-2\/","url":"https:\/\/ottawacornwall.ca\/fr\/events\/invitation-aux-cafe-causeries-pour-les-aines-centre-de-services-a-la-famille-csf-2\/","name":"Invitation aux Caf\u00e9-causeries pour les a\u00een\u00e9s - Centre de services \u00e0 la famille (CSF) - Archdiocese of Ottawa-Cornwall","isPartOf":{"@id":"https:\/\/ottawacornwall.ca\/#website"},"datePublished":"2025-01-09T15:08:51+00:00","breadcrumb":{"@id":"https:\/\/ottawacornwall.ca\/fr\/events\/invitation-aux-cafe-causeries-pour-les-aines-centre-de-services-a-la-famille-csf-2\/#breadcrumb"},"inLanguage":"fr-FR","potentialAction":[{"@type":"ReadAction","target":["https:\/\/ottawacornwall.ca\/fr\/events\/invitation-aux-cafe-causeries-pour-les-aines-centre-de-services-a-la-famille-csf-2\/"]}]},{"@type":"BreadcrumbList","@id":"https:\/\/ottawacornwall.ca\/fr\/events\/invitation-aux-cafe-causeries-pour-les-aines-centre-de-services-a-la-famille-csf-2\/#breadcrumb","itemListElement":[{"@type":"ListItem","position":1,"name":"Home","item":"https:\/\/ottawacornwall.ca\/fr\/"},{"@type":"ListItem","position":2,"name":"Events","item":"https:\/\/ottawacornwall.ca\/events\/"},{"@type":"ListItem","position":3,"name":"Invitation aux Caf\u00e9-causeries pour les a\u00een\u00e9s &#8211; Centre de services \u00e0 la famille (CSF)"}]},{"@type":"WebSite","@id":"https:\/\/ottawacornwall.ca\/#website","url":"https:\/\/ottawacornwall.ca\/","name":"Archdiocese of Ottawa-Cornwall","description":"Welcome to the  Ottawa-Cornwall Archdiocese!","publisher":{"@id":"https:\/\/ottawacornwall.ca\/#organization"},"potentialAction":[{"@type":"SearchAction","target":{"@type":"EntryPoint","urlTemplate":"https:\/\/ottawacornwall.ca\/?s={search_term_string}"},"query-input":{"@type":"PropertyValueSpecification","valueRequired":true,"valueName":"search_term_string"}}],"inLanguage":"fr-FR"},{"@type":"Organization","@id":"https:\/\/ottawacornwall.ca\/#organization","name":"Archdiocese of Ottawa-Cornwall","url":"https:\/\/ottawacornwall.ca\/","logo":{"@type":"ImageObject","inLanguage":"fr-FR","@id":"https:\/\/ottawacornwall.ca\/#\/schema\/logo\/image\/","url":"https:\/\/ottawacornwall.ca\/wp-content\/uploads\/2022\/11\/Archdiocese-Logo-Horizontal-Reverse-1.svg","contentUrl":"https:\/\/ottawacornwall.ca\/wp-content\/uploads\/2022\/11\/Archdiocese-Logo-Horizontal-Reverse-1.svg","caption":"Archdiocese of Ottawa-Cornwall"},"image":{"@id":"https:\/\/ottawacornwall.ca\/#\/schema\/logo\/image\/"}}]}},"_links":{"self":[{"href":"https:\/\/ottawacornwall.ca\/fr\/wp-json\/wp\/v2\/mec-events\/26575","targetHints":{"allow":["GET"]}}],"collection":[{"href":"https:\/\/ottawacornwall.ca\/fr\/wp-json\/wp\/v2\/mec-events"}],"about":[{"href":"https:\/\/ottawacornwall.ca\/fr\/wp-json\/wp\/v2\/types\/mec-events"}],"author":[{"embeddable":true,"href":"https:\/\/ottawacornwall.ca\/fr\/wp-json\/wp\/v2\/users\/11"}],"replies":[{"embeddable":true,"href":"https:\/\/ottawacornwall.ca\/fr\/wp-json\/wp\/v2\/comments?post=26575"}],"wp:attachment":[{"href":"https:\/\/ottawacornwall.ca\/fr\/wp-json\/wp\/v2\/media?parent=26575"}],"wp:term":[{"taxonomy":"mec_category","embeddable":true,"href":"https:\/\/ottawacornwall.ca\/fr\/wp-json\/wp\/v2\/mec_category?post=26575"},{"taxonomy":"mec_tag","embeddable":true,"href":"https:\/\/ottawacornwall.ca\/fr\/wp-json\/wp\/v2\/mec_tag?post=26575"}],"curies":[{"name":"wp","href":"https:\/\/api.w.org\/{rel}","templated":true}]}}