{"id":26814,"date":"2025-01-20T16:07:50","date_gmt":"2025-01-20T21:07:50","guid":{"rendered":"https:\/\/wp268132.wpdns.ca\/?post_type=mec-events&#038;p=26814"},"modified":"2025-01-20T16:07:50","modified_gmt":"2025-01-20T21:07:50","slug":"invitation-aux-cafe-causeries-pour-les-aines","status":"publish","type":"mec-events","link":"https:\/\/ottawacornwall.ca\/fr\/events\/invitation-aux-cafe-causeries-pour-les-aines\/","title":{"rendered":"Invitation aux Caf\u00e9-causeries pour les a\u00een\u00e9s"},"content":{"rendered":"<p><strong>A\u00een\u00e9(e)s, on vous attend! <\/strong><br \/>\n<strong>\u00a0 \u00a0 \u00a0 \u00a0 \u00a0 \u00a0 \u00a0 \u00a0 \u00a0 \u00a0 \u00a0 \u00a0 \u00a0 \u00a0 \u00a0 \u00a0 \u00a0 \u00a0<\/strong><br \/>\n<strong>Chers a\u00een\u00e9s et a\u00een\u00e9es,<\/strong><br \/>\nNous avons le plaisir de vous inviter chaleureusement \u00e0 participer aux <strong>caf\u00e9-causeries<\/strong> organis\u00e9es par le <strong>Centre de service \u00e0 la famille<\/strong>. Ces rencontres se tiendront les mercredis 12 f\u00e9vrier et 26 f\u00e9vrier 2025 \u00e0 Ottawa.<\/p>\n<p><strong>Mercredi 12 f\u00e9vrier<\/strong> :<br \/>\nDe <strong>10 h \u00e0 midi<\/strong>, au <strong>Complexe Saint-Laurent<\/strong> (525, rue C\u00f4te, Ottawa, ON K1K 0Z8), venez assister \u00e0 un atelier d\u2019information sur les services de sant\u00e9 en fran\u00e7ais disponibles pour les a\u00een\u00e9s, anim\u00e9 par <strong>Jeanine Proulx<\/strong> du <strong>R\u00e9seau des services de sant\u00e9 en fran\u00e7ais de l\u2019Est de l\u2019Ontario<\/strong>. Ce sera un moment d\u2019\u00e9changes pr\u00e9cieux pour d\u00e9couvrir les ressources \u00e0 votre disposition.<\/p>\n<p><strong>Mercredi 26 f\u00e9vrier<\/strong> :<br \/>\nDe <strong>19 h \u00e0 20 h 30<\/strong>, <strong>en ligne et en pr\u00e9sentiel <\/strong>(435, rue Donald, Ottawa, ON K1K 4X5), participez \u00e0 un atelier sur la <strong>cybers\u00e9curit\u00e9 pour les a\u00een\u00e9s<\/strong>, anim\u00e9 par <strong>Jean-Fran\u00e7ois Sauriol<\/strong>, expert-conseil en cybers\u00e9curit\u00e9. Apprenez des techniques simples et efficaces pour s\u00e9curiser vos informations personnelles, \u00e9viter les escroqueries et naviguer en toute s\u00e9curit\u00e9 sur Internet.<br \/>\nNous esp\u00e9rons vous voir nombreux et vous remercions pour votre pr\u00e9sence !<\/p>\n<p><strong>Inscription<\/strong> :<br \/>\nPour vous inscrire, envoyez un courriel \u00e0 <a href=\"mailto:info@csfamille.ca\">info@csfamille.ca<\/a> ou appelez <strong>Gastelle<\/strong> au <strong>613-804-3722<\/strong>.<br \/>\nPour toute information suppl\u00e9mentaire, n\u2019h\u00e9sitez pas \u00e0 contacter le Centre au <strong>613-565-5166<\/strong>.<br \/>\nAu plaisir de vous accueillir en tant que membres du Carrefour des a\u00een\u00e9s ou simplement de vous rencontrer lors de nos activit\u00e9s.<\/p>\n<p><strong>L\u2019\u00e9quipe organisatrice<\/strong><\/p>\n","protected":false},"excerpt":{"rendered":"<p>A\u00een\u00e9(e)s, on vous attend! \u00a0 \u00a0 \u00a0 \u00a0 \u00a0 \u00a0 \u00a0 \u00a0 \u00a0 \u00a0 \u00a0 \u00a0 \u00a0 \u00a0 \u00a0 \u00a0 \u00a0 \u00a0 Chers a\u00een\u00e9s et a\u00een\u00e9es, Nous avons le plaisir de vous inviter chaleureusement \u00e0 participer aux caf\u00e9-causeries organis\u00e9es par le Centre de service \u00e0 la famille. Ces rencontres se tiendront les mercredis 12 f\u00e9vrier [&hellip;]<\/p>\n","protected":false},"author":11,"featured_media":0,"comment_status":"closed","ping_status":"closed","template":"","mec_category":[],"mec_tag":[],"class_list":["post-26814","mec-events","type-mec-events","status-publish","hentry"],"acf":[],"yoast_head":"<!-- This site is optimized with the Yoast SEO plugin v27.4 - https:\/\/yoast.com\/product\/yoast-seo-wordpress\/ -->\n<title>Invitation aux Caf\u00e9-causeries pour les a\u00een\u00e9s - Archdiocese of Ottawa-Cornwall<\/title>\n<meta name=\"robots\" content=\"index, follow, max-snippet:-1, max-image-preview:large, max-video-preview:-1\" \/>\n<link rel=\"canonical\" href=\"https:\/\/ottawacornwall.ca\/fr\/events\/invitation-aux-cafe-causeries-pour-les-aines\/\" \/>\n<meta property=\"og:locale\" content=\"fr_FR\" \/>\n<meta property=\"og:type\" content=\"article\" \/>\n<meta property=\"og:title\" content=\"Invitation aux Caf\u00e9-causeries pour les a\u00een\u00e9s - Archdiocese of Ottawa-Cornwall\" \/>\n<meta property=\"og:description\" content=\"A\u00een\u00e9(e)s, on vous attend! \u00a0 \u00a0 \u00a0 \u00a0 \u00a0 \u00a0 \u00a0 \u00a0 \u00a0 \u00a0 \u00a0 \u00a0 \u00a0 \u00a0 \u00a0 \u00a0 \u00a0 \u00a0 Chers a\u00een\u00e9s et a\u00een\u00e9es, Nous avons le plaisir de vous inviter chaleureusement \u00e0 participer aux caf\u00e9-causeries organis\u00e9es par le Centre de service \u00e0 la famille. Ces rencontres se tiendront les mercredis 12 f\u00e9vrier [&hellip;]\" \/>\n<meta property=\"og:url\" content=\"https:\/\/ottawacornwall.ca\/fr\/events\/invitation-aux-cafe-causeries-pour-les-aines\/\" \/>\n<meta property=\"og:site_name\" content=\"Archdiocese of Ottawa-Cornwall\" \/>\n<meta name=\"twitter:card\" content=\"summary_large_image\" \/>\n<meta name=\"twitter:label1\" content=\"Dur\u00e9e de lecture estim\u00e9e\" \/>\n\t<meta name=\"twitter:data1\" content=\"2 minutes\" \/>\n<script type=\"application\/ld+json\" class=\"yoast-schema-graph\">{\"@context\":\"https:\\\/\\\/schema.org\",\"@graph\":[{\"@type\":\"WebPage\",\"@id\":\"https:\\\/\\\/ottawacornwall.ca\\\/fr\\\/events\\\/invitation-aux-cafe-causeries-pour-les-aines\\\/\",\"url\":\"https:\\\/\\\/ottawacornwall.ca\\\/fr\\\/events\\\/invitation-aux-cafe-causeries-pour-les-aines\\\/\",\"name\":\"Invitation aux Caf\u00e9-causeries pour les a\u00een\u00e9s - Archdiocese of Ottawa-Cornwall\",\"isPartOf\":{\"@id\":\"https:\\\/\\\/ottawacornwall.ca\\\/#website\"},\"datePublished\":\"2025-01-20T21:07:50+00:00\",\"breadcrumb\":{\"@id\":\"https:\\\/\\\/ottawacornwall.ca\\\/fr\\\/events\\\/invitation-aux-cafe-causeries-pour-les-aines\\\/#breadcrumb\"},\"inLanguage\":\"fr-FR\",\"potentialAction\":[{\"@type\":\"ReadAction\",\"target\":[\"https:\\\/\\\/ottawacornwall.ca\\\/fr\\\/events\\\/invitation-aux-cafe-causeries-pour-les-aines\\\/\"]}]},{\"@type\":\"BreadcrumbList\",\"@id\":\"https:\\\/\\\/ottawacornwall.ca\\\/fr\\\/events\\\/invitation-aux-cafe-causeries-pour-les-aines\\\/#breadcrumb\",\"itemListElement\":[{\"@type\":\"ListItem\",\"position\":1,\"name\":\"Home\",\"item\":\"https:\\\/\\\/ottawacornwall.ca\\\/fr\\\/\"},{\"@type\":\"ListItem\",\"position\":2,\"name\":\"Events\",\"item\":\"https:\\\/\\\/ottawacornwall.ca\\\/events\\\/\"},{\"@type\":\"ListItem\",\"position\":3,\"name\":\"Invitation aux Caf\u00e9-causeries pour les a\u00een\u00e9s\"}]},{\"@type\":\"WebSite\",\"@id\":\"https:\\\/\\\/ottawacornwall.ca\\\/#website\",\"url\":\"https:\\\/\\\/ottawacornwall.ca\\\/\",\"name\":\"Archdiocese of Ottawa-Cornwall\",\"description\":\"Welcome to the  Ottawa-Cornwall Archdiocese!\",\"publisher\":{\"@id\":\"https:\\\/\\\/ottawacornwall.ca\\\/#organization\"},\"potentialAction\":[{\"@type\":\"SearchAction\",\"target\":{\"@type\":\"EntryPoint\",\"urlTemplate\":\"https:\\\/\\\/ottawacornwall.ca\\\/?s={search_term_string}\"},\"query-input\":{\"@type\":\"PropertyValueSpecification\",\"valueRequired\":true,\"valueName\":\"search_term_string\"}}],\"inLanguage\":\"fr-FR\"},{\"@type\":\"Organization\",\"@id\":\"https:\\\/\\\/ottawacornwall.ca\\\/#organization\",\"name\":\"Archdiocese of Ottawa-Cornwall\",\"url\":\"https:\\\/\\\/ottawacornwall.ca\\\/\",\"logo\":{\"@type\":\"ImageObject\",\"inLanguage\":\"fr-FR\",\"@id\":\"https:\\\/\\\/ottawacornwall.ca\\\/#\\\/schema\\\/logo\\\/image\\\/\",\"url\":\"https:\\\/\\\/ottawacornwall.ca\\\/wp-content\\\/uploads\\\/2022\\\/11\\\/Archdiocese-Logo-Horizontal-Reverse-1.svg\",\"contentUrl\":\"https:\\\/\\\/ottawacornwall.ca\\\/wp-content\\\/uploads\\\/2022\\\/11\\\/Archdiocese-Logo-Horizontal-Reverse-1.svg\",\"caption\":\"Archdiocese of Ottawa-Cornwall\"},\"image\":{\"@id\":\"https:\\\/\\\/ottawacornwall.ca\\\/#\\\/schema\\\/logo\\\/image\\\/\"}}]}<\/script>\n<!-- \/ Yoast SEO plugin. -->","yoast_head_json":{"title":"Invitation aux Caf\u00e9-causeries pour les a\u00een\u00e9s - Archdiocese of Ottawa-Cornwall","robots":{"index":"index","follow":"follow","max-snippet":"max-snippet:-1","max-image-preview":"max-image-preview:large","max-video-preview":"max-video-preview:-1"},"canonical":"https:\/\/ottawacornwall.ca\/fr\/events\/invitation-aux-cafe-causeries-pour-les-aines\/","og_locale":"fr_FR","og_type":"article","og_title":"Invitation aux Caf\u00e9-causeries pour les a\u00een\u00e9s - Archdiocese of Ottawa-Cornwall","og_description":"A\u00een\u00e9(e)s, on vous attend! \u00a0 \u00a0 \u00a0 \u00a0 \u00a0 \u00a0 \u00a0 \u00a0 \u00a0 \u00a0 \u00a0 \u00a0 \u00a0 \u00a0 \u00a0 \u00a0 \u00a0 \u00a0 Chers a\u00een\u00e9s et a\u00een\u00e9es, Nous avons le plaisir de vous inviter chaleureusement \u00e0 participer aux caf\u00e9-causeries organis\u00e9es par le Centre de service \u00e0 la famille. Ces rencontres se tiendront les mercredis 12 f\u00e9vrier [&hellip;]","og_url":"https:\/\/ottawacornwall.ca\/fr\/events\/invitation-aux-cafe-causeries-pour-les-aines\/","og_site_name":"Archdiocese of Ottawa-Cornwall","twitter_card":"summary_large_image","twitter_misc":{"Dur\u00e9e de lecture estim\u00e9e":"2 minutes"},"schema":{"@context":"https:\/\/schema.org","@graph":[{"@type":"WebPage","@id":"https:\/\/ottawacornwall.ca\/fr\/events\/invitation-aux-cafe-causeries-pour-les-aines\/","url":"https:\/\/ottawacornwall.ca\/fr\/events\/invitation-aux-cafe-causeries-pour-les-aines\/","name":"Invitation aux Caf\u00e9-causeries pour les a\u00een\u00e9s - Archdiocese of Ottawa-Cornwall","isPartOf":{"@id":"https:\/\/ottawacornwall.ca\/#website"},"datePublished":"2025-01-20T21:07:50+00:00","breadcrumb":{"@id":"https:\/\/ottawacornwall.ca\/fr\/events\/invitation-aux-cafe-causeries-pour-les-aines\/#breadcrumb"},"inLanguage":"fr-FR","potentialAction":[{"@type":"ReadAction","target":["https:\/\/ottawacornwall.ca\/fr\/events\/invitation-aux-cafe-causeries-pour-les-aines\/"]}]},{"@type":"BreadcrumbList","@id":"https:\/\/ottawacornwall.ca\/fr\/events\/invitation-aux-cafe-causeries-pour-les-aines\/#breadcrumb","itemListElement":[{"@type":"ListItem","position":1,"name":"Home","item":"https:\/\/ottawacornwall.ca\/fr\/"},{"@type":"ListItem","position":2,"name":"Events","item":"https:\/\/ottawacornwall.ca\/events\/"},{"@type":"ListItem","position":3,"name":"Invitation aux Caf\u00e9-causeries pour les a\u00een\u00e9s"}]},{"@type":"WebSite","@id":"https:\/\/ottawacornwall.ca\/#website","url":"https:\/\/ottawacornwall.ca\/","name":"Archdiocese of Ottawa-Cornwall","description":"Welcome to the  Ottawa-Cornwall Archdiocese!","publisher":{"@id":"https:\/\/ottawacornwall.ca\/#organization"},"potentialAction":[{"@type":"SearchAction","target":{"@type":"EntryPoint","urlTemplate":"https:\/\/ottawacornwall.ca\/?s={search_term_string}"},"query-input":{"@type":"PropertyValueSpecification","valueRequired":true,"valueName":"search_term_string"}}],"inLanguage":"fr-FR"},{"@type":"Organization","@id":"https:\/\/ottawacornwall.ca\/#organization","name":"Archdiocese of Ottawa-Cornwall","url":"https:\/\/ottawacornwall.ca\/","logo":{"@type":"ImageObject","inLanguage":"fr-FR","@id":"https:\/\/ottawacornwall.ca\/#\/schema\/logo\/image\/","url":"https:\/\/ottawacornwall.ca\/wp-content\/uploads\/2022\/11\/Archdiocese-Logo-Horizontal-Reverse-1.svg","contentUrl":"https:\/\/ottawacornwall.ca\/wp-content\/uploads\/2022\/11\/Archdiocese-Logo-Horizontal-Reverse-1.svg","caption":"Archdiocese of Ottawa-Cornwall"},"image":{"@id":"https:\/\/ottawacornwall.ca\/#\/schema\/logo\/image\/"}}]}},"_links":{"self":[{"href":"https:\/\/ottawacornwall.ca\/fr\/wp-json\/wp\/v2\/mec-events\/26814","targetHints":{"allow":["GET"]}}],"collection":[{"href":"https:\/\/ottawacornwall.ca\/fr\/wp-json\/wp\/v2\/mec-events"}],"about":[{"href":"https:\/\/ottawacornwall.ca\/fr\/wp-json\/wp\/v2\/types\/mec-events"}],"author":[{"embeddable":true,"href":"https:\/\/ottawacornwall.ca\/fr\/wp-json\/wp\/v2\/users\/11"}],"replies":[{"embeddable":true,"href":"https:\/\/ottawacornwall.ca\/fr\/wp-json\/wp\/v2\/comments?post=26814"}],"wp:attachment":[{"href":"https:\/\/ottawacornwall.ca\/fr\/wp-json\/wp\/v2\/media?parent=26814"}],"wp:term":[{"taxonomy":"mec_category","embeddable":true,"href":"https:\/\/ottawacornwall.ca\/fr\/wp-json\/wp\/v2\/mec_category?post=26814"},{"taxonomy":"mec_tag","embeddable":true,"href":"https:\/\/ottawacornwall.ca\/fr\/wp-json\/wp\/v2\/mec_tag?post=26814"}],"curies":[{"name":"wp","href":"https:\/\/api.w.org\/{rel}","templated":true}]}}