{"id":27482,"date":"2025-02-13T12:53:55","date_gmt":"2025-02-13T17:53:55","guid":{"rendered":"https:\/\/wp268132.wpdns.ca\/?post_type=mec-events&#038;p=27482"},"modified":"2025-02-26T11:54:49","modified_gmt":"2025-02-26T16:54:49","slug":"emergence-la-palette-de-la-genese","status":"publish","type":"mec-events","link":"https:\/\/ottawacornwall.ca\/fr\/events\/emergence-la-palette-de-la-genese\/","title":{"rendered":"\u00c9mergence : La palette de la Gen\u00e8se"},"content":{"rendered":"<p>Venez d\u00e9couvrir comment des artistes de la r\u00e9gion pr\u00e9senteront la beaut\u00e9 de la Cr\u00e9ation et son Auteur \u00e0 travers leurs \u0153uvres d\u2019art, le 27 avril. Cet \u00e9v\u00e9nement est organis\u00e9 par l\u2019Archidioc\u00e8se d\u2019Ottawa-Cornwall au Caf\u00e9 Des Tours pour c\u00e9l\u00e9brer la Saison de la Cr\u00e9ation.<\/p>\n<p>&nbsp;<\/p>\n<h5><span style=\"color: #000000;\">SOUMISSIONS DE VOS PI\u00c8CES ARTISTIQUES<\/span><\/h5>\n<p>Si vous \u00eates un artiste de la r\u00e9gion et aimeriez soumettre votre art pour cette exposition, veuillez contacter Mireille Church \u00e0 : <a href=\"mailto:mireille.church@ottawacornwall.ca\">mireille.church@ottawacornwall.ca<\/a>. Soumettre votre nom, coordonn\u00e9es et nombre et taille de vos pi\u00e8ces (en moyenne 3 pi\u00e8ces par exposant) d\u2019ici le 14 avril \u00e0 Mireille Church et inclure le titre de chacune de vos pi\u00e8ces et une br\u00e8ve description, medium utilis\u00e9 et signification. Nous fournir une br\u00e8ve biographie qui mette en lumi\u00e8re votre cheminement comme artiste and comment votre art c\u00e9l\u00e8bre la Valeur de la Cr\u00e9ation.<\/p>\n<p>Les pi\u00e8ces (une vari\u00e9t\u00e9 de media sont admissibles) doivent refl\u00e9ter la valeur de la Cr\u00e9ation. Cependant ceci ne s\u2019arr\u00eate pas \u00e0 la nature mais pourrait inclure tout aspect de la Cr\u00e9ation. Entre autres, des portraits pourraient \u00eatre justifi\u00e9s.<\/p>\n<p>Vous pouvez afficher un prix sur vos pi\u00e8ces d\u2019art si vous voulez les vendre. Vous \u00eates responsables de toute transaction qui pourrait en d\u00e9couler.<\/p>\n<p><img fetchpriority=\"high\" decoding=\"async\" class=\"aligncenter wp-image-27483 size-large\" src=\"http:\/\/ottawacornwall.ca\/wp-content\/uploads\/2025\/02\/4-1024x341.png\" alt=\"\" width=\"1024\" height=\"341\" srcset=\"https:\/\/ottawacornwall.ca\/wp-content\/uploads\/2025\/02\/4-1024x341.png 1024w, https:\/\/ottawacornwall.ca\/wp-content\/uploads\/2025\/02\/4-300x100.png 300w, https:\/\/ottawacornwall.ca\/wp-content\/uploads\/2025\/02\/4-768x256.png 768w, https:\/\/ottawacornwall.ca\/wp-content\/uploads\/2025\/02\/4-1536x512.png 1536w, https:\/\/ottawacornwall.ca\/wp-content\/uploads\/2025\/02\/4-31x10.png 31w, https:\/\/ottawacornwall.ca\/wp-content\/uploads\/2025\/02\/4.png 1875w\" sizes=\"(max-width: 1024px) 100vw, 1024px\" \/><\/p>\n","protected":false},"excerpt":{"rendered":"<p>Venez d\u00e9couvrir comment des artistes de la r\u00e9gion pr\u00e9senteront la beaut\u00e9 de la Cr\u00e9ation et son Auteur \u00e0 travers leurs \u0153uvres d\u2019art, le 27 avril. Cet \u00e9v\u00e9nement est organis\u00e9 par l\u2019Archidioc\u00e8se d\u2019Ottawa-Cornwall au Caf\u00e9 Des Tours pour c\u00e9l\u00e9brer la Saison de la Cr\u00e9ation. &nbsp; SOUMISSIONS DE VOS PI\u00c8CES ARTISTIQUES Si vous \u00eates un artiste de [&hellip;]<\/p>\n","protected":false},"author":6,"featured_media":27485,"comment_status":"closed","ping_status":"closed","template":"","mec_category":[],"mec_tag":[364],"class_list":["post-27482","mec-events","type-mec-events","status-publish","has-post-thumbnail","hentry","mec_tag-care-for-creation"],"acf":[],"yoast_head":"<!-- This site is optimized with the Yoast SEO plugin v27.4 - https:\/\/yoast.com\/product\/yoast-seo-wordpress\/ -->\n<title>\u00c9mergence : La palette de la Gen\u00e8se - Archdiocese of Ottawa-Cornwall<\/title>\n<meta name=\"robots\" content=\"index, follow, max-snippet:-1, max-image-preview:large, max-video-preview:-1\" \/>\n<link rel=\"canonical\" href=\"https:\/\/ottawacornwall.ca\/fr\/events\/emergence-la-palette-de-la-genese\/\" \/>\n<meta property=\"og:locale\" content=\"fr_FR\" \/>\n<meta property=\"og:type\" content=\"article\" \/>\n<meta property=\"og:title\" content=\"\u00c9mergence : La palette de la Gen\u00e8se - Archdiocese of Ottawa-Cornwall\" \/>\n<meta property=\"og:description\" content=\"Venez d\u00e9couvrir comment des artistes de la r\u00e9gion pr\u00e9senteront la beaut\u00e9 de la Cr\u00e9ation et son Auteur \u00e0 travers leurs \u0153uvres d\u2019art, le 27 avril. Cet \u00e9v\u00e9nement est organis\u00e9 par l\u2019Archidioc\u00e8se d\u2019Ottawa-Cornwall au Caf\u00e9 Des Tours pour c\u00e9l\u00e9brer la Saison de la Cr\u00e9ation. &nbsp; SOUMISSIONS DE VOS PI\u00c8CES ARTISTIQUES Si vous \u00eates un artiste de [&hellip;]\" \/>\n<meta property=\"og:url\" content=\"https:\/\/ottawacornwall.ca\/fr\/events\/emergence-la-palette-de-la-genese\/\" \/>\n<meta property=\"og:site_name\" content=\"Archdiocese of Ottawa-Cornwall\" \/>\n<meta property=\"article:modified_time\" content=\"2025-02-26T16:54:49+00:00\" \/>\n<meta property=\"og:image\" content=\"https:\/\/ottawacornwall.ca\/wp-content\/uploads\/2025\/02\/FR.png\" \/>\n\t<meta property=\"og:image:width\" content=\"1875\" \/>\n\t<meta property=\"og:image:height\" content=\"625\" \/>\n\t<meta property=\"og:image:type\" content=\"image\/png\" \/>\n<meta name=\"twitter:card\" content=\"summary_large_image\" \/>\n<meta name=\"twitter:label1\" content=\"Dur\u00e9e de lecture estim\u00e9e\" \/>\n\t<meta name=\"twitter:data1\" content=\"2 minutes\" \/>\n<script type=\"application\/ld+json\" class=\"yoast-schema-graph\">{\"@context\":\"https:\\\/\\\/schema.org\",\"@graph\":[{\"@type\":\"WebPage\",\"@id\":\"https:\\\/\\\/ottawacornwall.ca\\\/fr\\\/events\\\/emergence-la-palette-de-la-genese\\\/\",\"url\":\"https:\\\/\\\/ottawacornwall.ca\\\/fr\\\/events\\\/emergence-la-palette-de-la-genese\\\/\",\"name\":\"\u00c9mergence : La palette de la Gen\u00e8se - Archdiocese of Ottawa-Cornwall\",\"isPartOf\":{\"@id\":\"https:\\\/\\\/ottawacornwall.ca\\\/#website\"},\"primaryImageOfPage\":{\"@id\":\"https:\\\/\\\/ottawacornwall.ca\\\/fr\\\/events\\\/emergence-la-palette-de-la-genese\\\/#primaryimage\"},\"image\":{\"@id\":\"https:\\\/\\\/ottawacornwall.ca\\\/fr\\\/events\\\/emergence-la-palette-de-la-genese\\\/#primaryimage\"},\"thumbnailUrl\":\"https:\\\/\\\/ottawacornwall.ca\\\/wp-content\\\/uploads\\\/2025\\\/02\\\/FR.png\",\"datePublished\":\"2025-02-13T17:53:55+00:00\",\"dateModified\":\"2025-02-26T16:54:49+00:00\",\"breadcrumb\":{\"@id\":\"https:\\\/\\\/ottawacornwall.ca\\\/fr\\\/events\\\/emergence-la-palette-de-la-genese\\\/#breadcrumb\"},\"inLanguage\":\"fr-FR\",\"potentialAction\":[{\"@type\":\"ReadAction\",\"target\":[\"https:\\\/\\\/ottawacornwall.ca\\\/fr\\\/events\\\/emergence-la-palette-de-la-genese\\\/\"]}]},{\"@type\":\"ImageObject\",\"inLanguage\":\"fr-FR\",\"@id\":\"https:\\\/\\\/ottawacornwall.ca\\\/fr\\\/events\\\/emergence-la-palette-de-la-genese\\\/#primaryimage\",\"url\":\"https:\\\/\\\/ottawacornwall.ca\\\/wp-content\\\/uploads\\\/2025\\\/02\\\/FR.png\",\"contentUrl\":\"https:\\\/\\\/ottawacornwall.ca\\\/wp-content\\\/uploads\\\/2025\\\/02\\\/FR.png\",\"width\":1875,\"height\":625},{\"@type\":\"BreadcrumbList\",\"@id\":\"https:\\\/\\\/ottawacornwall.ca\\\/fr\\\/events\\\/emergence-la-palette-de-la-genese\\\/#breadcrumb\",\"itemListElement\":[{\"@type\":\"ListItem\",\"position\":1,\"name\":\"Home\",\"item\":\"https:\\\/\\\/ottawacornwall.ca\\\/fr\\\/\"},{\"@type\":\"ListItem\",\"position\":2,\"name\":\"Events\",\"item\":\"https:\\\/\\\/ottawacornwall.ca\\\/events\\\/\"},{\"@type\":\"ListItem\",\"position\":3,\"name\":\"\u00c9mergence : La palette de la Gen\u00e8se\"}]},{\"@type\":\"WebSite\",\"@id\":\"https:\\\/\\\/ottawacornwall.ca\\\/#website\",\"url\":\"https:\\\/\\\/ottawacornwall.ca\\\/\",\"name\":\"Archdiocese of Ottawa-Cornwall\",\"description\":\"Welcome to the  Ottawa-Cornwall Archdiocese!\",\"publisher\":{\"@id\":\"https:\\\/\\\/ottawacornwall.ca\\\/#organization\"},\"potentialAction\":[{\"@type\":\"SearchAction\",\"target\":{\"@type\":\"EntryPoint\",\"urlTemplate\":\"https:\\\/\\\/ottawacornwall.ca\\\/?s={search_term_string}\"},\"query-input\":{\"@type\":\"PropertyValueSpecification\",\"valueRequired\":true,\"valueName\":\"search_term_string\"}}],\"inLanguage\":\"fr-FR\"},{\"@type\":\"Organization\",\"@id\":\"https:\\\/\\\/ottawacornwall.ca\\\/#organization\",\"name\":\"Archdiocese of Ottawa-Cornwall\",\"url\":\"https:\\\/\\\/ottawacornwall.ca\\\/\",\"logo\":{\"@type\":\"ImageObject\",\"inLanguage\":\"fr-FR\",\"@id\":\"https:\\\/\\\/ottawacornwall.ca\\\/#\\\/schema\\\/logo\\\/image\\\/\",\"url\":\"https:\\\/\\\/ottawacornwall.ca\\\/wp-content\\\/uploads\\\/2022\\\/11\\\/Archdiocese-Logo-Horizontal-Reverse-1.svg\",\"contentUrl\":\"https:\\\/\\\/ottawacornwall.ca\\\/wp-content\\\/uploads\\\/2022\\\/11\\\/Archdiocese-Logo-Horizontal-Reverse-1.svg\",\"caption\":\"Archdiocese of Ottawa-Cornwall\"},\"image\":{\"@id\":\"https:\\\/\\\/ottawacornwall.ca\\\/#\\\/schema\\\/logo\\\/image\\\/\"}}]}<\/script>\n<!-- \/ Yoast SEO plugin. -->","yoast_head_json":{"title":"\u00c9mergence : La palette de la Gen\u00e8se - Archdiocese of Ottawa-Cornwall","robots":{"index":"index","follow":"follow","max-snippet":"max-snippet:-1","max-image-preview":"max-image-preview:large","max-video-preview":"max-video-preview:-1"},"canonical":"https:\/\/ottawacornwall.ca\/fr\/events\/emergence-la-palette-de-la-genese\/","og_locale":"fr_FR","og_type":"article","og_title":"\u00c9mergence : La palette de la Gen\u00e8se - Archdiocese of Ottawa-Cornwall","og_description":"Venez d\u00e9couvrir comment des artistes de la r\u00e9gion pr\u00e9senteront la beaut\u00e9 de la Cr\u00e9ation et son Auteur \u00e0 travers leurs \u0153uvres d\u2019art, le 27 avril. Cet \u00e9v\u00e9nement est organis\u00e9 par l\u2019Archidioc\u00e8se d\u2019Ottawa-Cornwall au Caf\u00e9 Des Tours pour c\u00e9l\u00e9brer la Saison de la Cr\u00e9ation. &nbsp; SOUMISSIONS DE VOS PI\u00c8CES ARTISTIQUES Si vous \u00eates un artiste de [&hellip;]","og_url":"https:\/\/ottawacornwall.ca\/fr\/events\/emergence-la-palette-de-la-genese\/","og_site_name":"Archdiocese of Ottawa-Cornwall","article_modified_time":"2025-02-26T16:54:49+00:00","og_image":[{"width":1875,"height":625,"url":"https:\/\/ottawacornwall.ca\/wp-content\/uploads\/2025\/02\/FR.png","type":"image\/png"}],"twitter_card":"summary_large_image","twitter_misc":{"Dur\u00e9e de lecture estim\u00e9e":"2 minutes"},"schema":{"@context":"https:\/\/schema.org","@graph":[{"@type":"WebPage","@id":"https:\/\/ottawacornwall.ca\/fr\/events\/emergence-la-palette-de-la-genese\/","url":"https:\/\/ottawacornwall.ca\/fr\/events\/emergence-la-palette-de-la-genese\/","name":"\u00c9mergence : La palette de la Gen\u00e8se - Archdiocese of Ottawa-Cornwall","isPartOf":{"@id":"https:\/\/ottawacornwall.ca\/#website"},"primaryImageOfPage":{"@id":"https:\/\/ottawacornwall.ca\/fr\/events\/emergence-la-palette-de-la-genese\/#primaryimage"},"image":{"@id":"https:\/\/ottawacornwall.ca\/fr\/events\/emergence-la-palette-de-la-genese\/#primaryimage"},"thumbnailUrl":"https:\/\/ottawacornwall.ca\/wp-content\/uploads\/2025\/02\/FR.png","datePublished":"2025-02-13T17:53:55+00:00","dateModified":"2025-02-26T16:54:49+00:00","breadcrumb":{"@id":"https:\/\/ottawacornwall.ca\/fr\/events\/emergence-la-palette-de-la-genese\/#breadcrumb"},"inLanguage":"fr-FR","potentialAction":[{"@type":"ReadAction","target":["https:\/\/ottawacornwall.ca\/fr\/events\/emergence-la-palette-de-la-genese\/"]}]},{"@type":"ImageObject","inLanguage":"fr-FR","@id":"https:\/\/ottawacornwall.ca\/fr\/events\/emergence-la-palette-de-la-genese\/#primaryimage","url":"https:\/\/ottawacornwall.ca\/wp-content\/uploads\/2025\/02\/FR.png","contentUrl":"https:\/\/ottawacornwall.ca\/wp-content\/uploads\/2025\/02\/FR.png","width":1875,"height":625},{"@type":"BreadcrumbList","@id":"https:\/\/ottawacornwall.ca\/fr\/events\/emergence-la-palette-de-la-genese\/#breadcrumb","itemListElement":[{"@type":"ListItem","position":1,"name":"Home","item":"https:\/\/ottawacornwall.ca\/fr\/"},{"@type":"ListItem","position":2,"name":"Events","item":"https:\/\/ottawacornwall.ca\/events\/"},{"@type":"ListItem","position":3,"name":"\u00c9mergence : La palette de la Gen\u00e8se"}]},{"@type":"WebSite","@id":"https:\/\/ottawacornwall.ca\/#website","url":"https:\/\/ottawacornwall.ca\/","name":"Archdiocese of Ottawa-Cornwall","description":"Welcome to the  Ottawa-Cornwall Archdiocese!","publisher":{"@id":"https:\/\/ottawacornwall.ca\/#organization"},"potentialAction":[{"@type":"SearchAction","target":{"@type":"EntryPoint","urlTemplate":"https:\/\/ottawacornwall.ca\/?s={search_term_string}"},"query-input":{"@type":"PropertyValueSpecification","valueRequired":true,"valueName":"search_term_string"}}],"inLanguage":"fr-FR"},{"@type":"Organization","@id":"https:\/\/ottawacornwall.ca\/#organization","name":"Archdiocese of Ottawa-Cornwall","url":"https:\/\/ottawacornwall.ca\/","logo":{"@type":"ImageObject","inLanguage":"fr-FR","@id":"https:\/\/ottawacornwall.ca\/#\/schema\/logo\/image\/","url":"https:\/\/ottawacornwall.ca\/wp-content\/uploads\/2022\/11\/Archdiocese-Logo-Horizontal-Reverse-1.svg","contentUrl":"https:\/\/ottawacornwall.ca\/wp-content\/uploads\/2022\/11\/Archdiocese-Logo-Horizontal-Reverse-1.svg","caption":"Archdiocese of Ottawa-Cornwall"},"image":{"@id":"https:\/\/ottawacornwall.ca\/#\/schema\/logo\/image\/"}}]}},"_links":{"self":[{"href":"https:\/\/ottawacornwall.ca\/fr\/wp-json\/wp\/v2\/mec-events\/27482","targetHints":{"allow":["GET"]}}],"collection":[{"href":"https:\/\/ottawacornwall.ca\/fr\/wp-json\/wp\/v2\/mec-events"}],"about":[{"href":"https:\/\/ottawacornwall.ca\/fr\/wp-json\/wp\/v2\/types\/mec-events"}],"author":[{"embeddable":true,"href":"https:\/\/ottawacornwall.ca\/fr\/wp-json\/wp\/v2\/users\/6"}],"replies":[{"embeddable":true,"href":"https:\/\/ottawacornwall.ca\/fr\/wp-json\/wp\/v2\/comments?post=27482"}],"wp:featuredmedia":[{"embeddable":true,"href":"https:\/\/ottawacornwall.ca\/fr\/wp-json\/wp\/v2\/media\/27485"}],"wp:attachment":[{"href":"https:\/\/ottawacornwall.ca\/fr\/wp-json\/wp\/v2\/media?parent=27482"}],"wp:term":[{"taxonomy":"mec_category","embeddable":true,"href":"https:\/\/ottawacornwall.ca\/fr\/wp-json\/wp\/v2\/mec_category?post=27482"},{"taxonomy":"mec_tag","embeddable":true,"href":"https:\/\/ottawacornwall.ca\/fr\/wp-json\/wp\/v2\/mec_tag?post=27482"}],"curies":[{"name":"wp","href":"https:\/\/api.w.org\/{rel}","templated":true}]}}