{"id":29808,"date":"2025-04-08T13:33:36","date_gmt":"2025-04-08T17:33:36","guid":{"rendered":"https:\/\/wp268132.wpdns.ca\/?post_type=mec-events&#038;p=29808"},"modified":"2025-06-19T11:39:15","modified_gmt":"2025-06-19T15:39:15","slug":"jubile-une-journee-avec-jesus-2025","status":"publish","type":"mec-events","link":"https:\/\/ottawacornwall.ca\/fr\/events\/jubile-une-journee-avec-jesus-2025\/","title":{"rendered":"Programme Jubil\u00e9 Une Journ\u00e9e avec J\u00e9sus du Doyenn\u00e9 Larose"},"content":{"rendered":"<h6><strong>Jubil\u00e9 Une Journ\u00e9e avec J\u00e9sus &#8211; Doyenn\u00e9 Larose<\/strong><\/h6>\n<p>Venez vivre une exp\u00e9rience spirituelle unique avec le Jubil\u00e9 Une Journ\u00e9e avec J\u00e9sus organis\u00e9 par le Doyenn\u00e9 Larose. Ce moment de renouveau et de pri\u00e8re commence le vendredi 20 juin \u00e0 21h00 avec une adoration sp\u00e9ciale, suivie d&rsquo;une s\u00e9rie d&rsquo;activit\u00e9s spirituelles et communautaires pour nourrir votre foi le Samedi 21 Juin.<\/p>\n<p>Ce jubil\u00e9 est une occasion pr\u00e9cieuse de renouveler votre relation avec le Seigneur, de partager des moments de joie et de fraternit\u00e9, et de grandir ensemble dans la foi. Toutes les familles et paroissiens sont chaleureusement invit\u00e9s \u00e0 se joindre \u00e0 nous pour cette journ\u00e9e exceptionnelle <strong>! <\/strong><\/p>\n<p><strong>\ud83d\udcc5 Date : du Vendredi 20 juin 2025, 21h00 au Samedi 21 Juin 2025, 18h00<\/strong><\/p>\n<p><strong>\ud83d\udccd Lieux : multiples\u00a0<\/strong><\/p>\n<ul>\n<li>De 21h le 20 juin \u00e0 11h 30 le 21 juin \u00e0 l&rsquo;<strong>\u00e9glise Sacr\u00e9-Coeur de Bourget au 3765 rue Champlain.<\/strong><\/li>\n<li>De 11h30 \u00e0 12h les gens sont invit\u00e9s \u00e0 <strong>une marche du p\u00e8lerin de l&rsquo;\u00e9glise au Centre communautaire de Bourget au 19 rue Lavigne.<\/strong><\/li>\n<li>De 11h30 \u00e0 18h le 21 juin au <strong>Centre communautaire de Bourget au 19 rue Lavigne.<\/strong><\/li>\n<\/ul>\n<p>Rejoignez-nous pour une journ\u00e9e de pri\u00e8re, de joie et de gr\u00e2ce avec J\u00e9sus!<\/p>\n<p><strong>Pour plus d\u2019informations sur l\u2019\u00e9v\u00e9nement, veuillez contacter votre paroisse<\/strong>.<\/p>\n<p><span class=\"relative -mx-px my-[-0.2rem] rounded px-px py-[0.2rem] transition-colors duration-100 ease-in-out\"><strong data-start=\"0\" data-end=\"127\" data-is-last-node=\"\" data-is-only-node=\"\">Pour le d\u00eener, vous pouvez apporter votre propre pique-nique ou acheter de la nourriture sur place au Centre communautaire.<\/strong><\/span>\u200b<\/p>\n<p><iframe title=\"Programme du Jubil\u00e9 Une Journ\u00e9e avec J\u00e9sus du Doyenn\u00e9 Larose.\" width=\"800\" height=\"450\" src=\"https:\/\/www.youtube.com\/embed\/XM3kntVfRwI?feature=oembed\" frameborder=\"0\" allow=\"accelerometer; autoplay; clipboard-write; encrypted-media; gyroscope; picture-in-picture; web-share\" referrerpolicy=\"strict-origin-when-cross-origin\" allowfullscreen><\/iframe><\/p>\n<h6>Pourquoi rejoindre le Jubil\u00e9 une Journ\u00e9e avec J\u00e9sus du Doyenn\u00e9 Larose?<\/h6>\n<p>Rejoignez la communaut\u00e9 du Doyenn\u00e9 Larose pour un moment unique et l\u2019opportunit\u00e9 de raviver votre foi, renforcer les liens paroissiaux et renouveler votre engagement envers le Seigneur. Chaque famille, chaque fid\u00e8le de l\u2019Archidioc\u00e8se est chaleureusement invit\u00e9 \u00e0 vivre cette journ\u00e9e de pri\u00e8re, de joie et de fraternit\u00e9.<\/p>\n<div style=\"width: 800px;\" class=\"wp-video\"><video class=\"wp-video-shortcode\" id=\"video-29808-1\" width=\"800\" height=\"450\" preload=\"metadata\" controls=\"controls\"><source type=\"video\/mp4\" src=\"http:\/\/ottawacornwall.ca\/wp-content\/uploads\/2025\/04\/Copy-of-Raisons-pour-participer-au-jubile-Doyenne-La-Rose-1.mp4?_=1\" \/><a href=\"http:\/\/ottawacornwall.ca\/wp-content\/uploads\/2025\/04\/Copy-of-Raisons-pour-participer-au-jubile-Doyenne-La-Rose-1.mp4\">http:\/\/ottawacornwall.ca\/wp-content\/uploads\/2025\/04\/Copy-of-Raisons-pour-participer-au-jubile-Doyenne-La-Rose-1.mp4<\/a><\/video><\/div>\n<h6>\u00c0 la d\u00e9couverte de l\u2019histoire de la For\u00eat Larose : Doyenn\u00e9 Larose<\/h6>\n<p>Le Doyenn\u00e9 Larose vous invite \u00e0 c\u00e9l\u00e9brer son Jubil\u00e9 dans le cadre exceptionnel de la for\u00eat Larose, \u00e0 Bourget. Cette vid\u00e9o nous entra\u00eene dans l\u2019histoire singuli\u00e8re de cette for\u00eat, t\u00e9moin silencieux des g\u00e9n\u00e9rations pass\u00e9es et symbole vivant du renouveau. Ce lieu enchanteur, o\u00f9 la nature rena\u00eet au fil des saisons, offre un \u00e9crin parfait pour une c\u00e9l\u00e9bration empreinte de s\u00e9r\u00e9nit\u00e9 et d\u2019esp\u00e9rance.<\/p>\n<div style=\"width: 800px;\" class=\"wp-video\"><video class=\"wp-video-shortcode\" id=\"video-29808-2\" width=\"800\" height=\"450\" preload=\"metadata\" controls=\"controls\"><source type=\"video\/mp4\" src=\"http:\/\/ottawacornwall.ca\/wp-content\/uploads\/2025\/04\/Histoire-la-foret-Larose-Doyenne-La-Rose-FV-2-2.mp4?_=2\" \/><a href=\"http:\/\/ottawacornwall.ca\/wp-content\/uploads\/2025\/04\/Histoire-la-foret-Larose-Doyenne-La-Rose-FV-2-2.mp4\">http:\/\/ottawacornwall.ca\/wp-content\/uploads\/2025\/04\/Histoire-la-foret-Larose-Doyenne-La-Rose-FV-2-2.mp4<\/a><\/video><\/div>\n<p>&nbsp;<\/p>\n<h6 style=\"text-align: center;\"><strong>Ci-dessous le programme d\u00e9taill\u00e9 du\u00a0<\/strong><strong>Jubil\u00e9 <\/strong><strong>Une Journ\u00e9e avec J\u00e9sus<\/strong><\/h6>\n<p><img fetchpriority=\"high\" decoding=\"async\" class=\" wp-image-30164 aligncenter\" src=\"http:\/\/ottawacornwall.ca\/wp-content\/uploads\/2025\/04\/Programme-Jubile-une-journee-avec-Jesus-225x300.png\" alt=\"\" width=\"387\" height=\"516\" srcset=\"https:\/\/ottawacornwall.ca\/wp-content\/uploads\/2025\/04\/Programme-Jubile-une-journee-avec-Jesus-225x300.png 225w, https:\/\/ottawacornwall.ca\/wp-content\/uploads\/2025\/04\/Programme-Jubile-une-journee-avec-Jesus-768x1024.png 768w, https:\/\/ottawacornwall.ca\/wp-content\/uploads\/2025\/04\/Programme-Jubile-une-journee-avec-Jesus-300x400.png 300w, https:\/\/ottawacornwall.ca\/wp-content\/uploads\/2025\/04\/Programme-Jubile-une-journee-avec-Jesus-1152x1536.png 1152w, https:\/\/ottawacornwall.ca\/wp-content\/uploads\/2025\/04\/Programme-Jubile-une-journee-avec-Jesus-1536x2048.png 1536w, https:\/\/ottawacornwall.ca\/wp-content\/uploads\/2025\/04\/Programme-Jubile-une-journee-avec-Jesus-20x27.png 20w, https:\/\/ottawacornwall.ca\/wp-content\/uploads\/2025\/04\/Programme-Jubile-une-journee-avec-Jesus.png 1728w\" sizes=\"(max-width: 387px) 100vw, 387px\" \/><\/p>\n<p>&nbsp;<\/p>\n<p class=\"\" data-start=\"81\" data-end=\"129\"><strong data-start=\"81\" data-end=\"129\">Veill\u00e9e de pri\u00e8re \u2013 Jubil\u00e9 du Doyenn\u00e9 Larose<\/strong><\/p>\n<p class=\"\" data-start=\"131\" data-end=\"343\">Le Doyenn\u00e9 Larose vous invite \u00e0 une veill\u00e9e de pri\u00e8re exceptionnelle intitul\u00e9e <strong data-start=\"210\" data-end=\"249\">\u00ab Jubil\u00e9 d\u2019une journ\u00e9e avec J\u00e9sus \u00bb<\/strong>, du <strong data-start=\"254\" data-end=\"305\">vendredi 20 juin \u00e0 21 h au samedi 21 juin \u00e0 9 h<\/strong>, \u00e0 la paroisse Sacr\u00e9-C\u0153ur de Bourget.<\/p>\n<p class=\"\" data-start=\"345\" data-end=\"681\">\ud83d\udd38 <strong data-start=\"348\" data-end=\"384\">Adoration eucharistique continue<\/strong> toute la nuit<br data-start=\"398\" data-end=\"401\" \/>\ud83d\udd38 <strong data-start=\"404\" data-end=\"438\">Sacrament de la r\u00e9conciliation<\/strong> avec plusieurs pr\u00eatres<br data-start=\"461\" data-end=\"464\" \/>\ud83d\udd38 Enseignement et partage sur le th\u00e8me : <em data-start=\"506\" data-end=\"585\">\u00ab P\u00e8lerins d\u2019esp\u00e9rance \u2013 Marcher avec le Christ dans l\u2019Ann\u00e9e jubilaire 2025 \u00bb<\/em><br data-start=\"585\" data-end=\"588\" \/>\ud83d\udd38 Temps forts : chapelets, louanges, intercessions, m\u00e9ditation silencieuse, pri\u00e8res du matin<\/p>\n<p class=\"\" data-start=\"683\" data-end=\"761\">Venez vivre un moment de foi profond, d&rsquo;esp\u00e9rance et de communion fraternelle.<\/p>\n<p data-start=\"683\" data-end=\"761\"><img decoding=\"async\" class=\" wp-image-31051 aligncenter\" src=\"http:\/\/ottawacornwall.ca\/wp-content\/uploads\/2025\/05\/Capture-decran-2025-05-15-105712-231x300.png\" alt=\"\" width=\"559\" height=\"726\" srcset=\"https:\/\/ottawacornwall.ca\/wp-content\/uploads\/2025\/05\/Capture-decran-2025-05-15-105712-231x300.png 231w, https:\/\/ottawacornwall.ca\/wp-content\/uploads\/2025\/05\/Capture-decran-2025-05-15-105712-21x27.png 21w, https:\/\/ottawacornwall.ca\/wp-content\/uploads\/2025\/05\/Capture-decran-2025-05-15-105712.png 585w\" sizes=\"(max-width: 559px) 100vw, 559px\" \/><\/p>\n<p data-start=\"683\" data-end=\"761\">\n","protected":false},"excerpt":{"rendered":"<p>Jubil\u00e9 Une Journ\u00e9e avec J\u00e9sus &#8211; Doyenn\u00e9 Larose Venez vivre une exp\u00e9rience spirituelle unique avec le Jubil\u00e9 Une Journ\u00e9e avec J\u00e9sus organis\u00e9 par le Doyenn\u00e9 Larose. Ce moment de renouveau et de pri\u00e8re commence le vendredi 20 juin \u00e0 21h00 avec une adoration sp\u00e9ciale, suivie d&rsquo;une s\u00e9rie d&rsquo;activit\u00e9s spirituelles et communautaires pour nourrir votre foi [&hellip;]<\/p>\n","protected":false},"author":24,"featured_media":0,"comment_status":"closed","ping_status":"closed","template":"","mec_category":[],"mec_tag":[543],"class_list":["post-29808","mec-events","type-mec-events","status-publish","hentry","mec_tag-jubilee-2025"],"acf":[],"yoast_head":"<!-- This site is optimized with the Yoast SEO plugin v27.4 - https:\/\/yoast.com\/product\/yoast-seo-wordpress\/ -->\n<title>Programme Jubil\u00e9 Une Journ\u00e9e avec J\u00e9sus du Doyenn\u00e9 Larose - Archdiocese of Ottawa-Cornwall<\/title>\n<meta name=\"description\" content=\"Venez c\u00e9l\u00e9brer le Jubil\u00e9 &quot;Une Journ\u00e9e avec J\u00e9sus&quot; au Doyenn\u00e9 Larose le 20 juin 2025. Participez \u00e0 une exp\u00e9rience spirituelle unique avec pri\u00e8re, adoration, et activit\u00e9s communautaires \u00e0 la For\u00eat Larose, Bourget. Joignez-vous \u00e0 nous pour une journ\u00e9e de foi, de joie et de fraternit\u00e9!\" \/>\n<meta name=\"robots\" content=\"index, follow, max-snippet:-1, max-image-preview:large, max-video-preview:-1\" \/>\n<link rel=\"canonical\" href=\"https:\/\/ottawacornwall.ca\/fr\/events\/jubile-une-journee-avec-jesus-2025\/\" \/>\n<meta property=\"og:locale\" content=\"fr_FR\" \/>\n<meta property=\"og:type\" content=\"article\" \/>\n<meta property=\"og:title\" content=\"Programme Jubil\u00e9 Une Journ\u00e9e avec J\u00e9sus du Doyenn\u00e9 Larose - Archdiocese of Ottawa-Cornwall\" \/>\n<meta property=\"og:description\" content=\"Venez c\u00e9l\u00e9brer le Jubil\u00e9 &quot;Une Journ\u00e9e avec J\u00e9sus&quot; au Doyenn\u00e9 Larose le 20 juin 2025. Participez \u00e0 une exp\u00e9rience spirituelle unique avec pri\u00e8re, adoration, et activit\u00e9s communautaires \u00e0 la For\u00eat Larose, Bourget. Joignez-vous \u00e0 nous pour une journ\u00e9e de foi, de joie et de fraternit\u00e9!\" \/>\n<meta property=\"og:url\" content=\"https:\/\/ottawacornwall.ca\/fr\/events\/jubile-une-journee-avec-jesus-2025\/\" \/>\n<meta property=\"og:site_name\" content=\"Archdiocese of Ottawa-Cornwall\" \/>\n<meta property=\"article:modified_time\" content=\"2025-06-19T15:39:15+00:00\" \/>\n<meta property=\"og:image\" content=\"http:\/\/ottawacornwall.ca\/wp-content\/uploads\/2025\/04\/Programme-Jubile-une-journee-avec-Jesus-225x300.png\" \/>\n<meta name=\"twitter:card\" content=\"summary_large_image\" \/>\n<meta name=\"twitter:label1\" content=\"Dur\u00e9e de lecture estim\u00e9e\" \/>\n\t<meta name=\"twitter:data1\" content=\"3 minutes\" \/>\n<script type=\"application\/ld+json\" class=\"yoast-schema-graph\">{\"@context\":\"https:\\\/\\\/schema.org\",\"@graph\":[{\"@type\":\"WebPage\",\"@id\":\"https:\\\/\\\/ottawacornwall.ca\\\/fr\\\/events\\\/jubile-une-journee-avec-jesus-2025\\\/\",\"url\":\"https:\\\/\\\/ottawacornwall.ca\\\/fr\\\/events\\\/jubile-une-journee-avec-jesus-2025\\\/\",\"name\":\"Programme Jubil\u00e9 Une Journ\u00e9e avec J\u00e9sus du Doyenn\u00e9 Larose - Archdiocese of Ottawa-Cornwall\",\"isPartOf\":{\"@id\":\"https:\\\/\\\/ottawacornwall.ca\\\/#website\"},\"primaryImageOfPage\":{\"@id\":\"https:\\\/\\\/ottawacornwall.ca\\\/fr\\\/events\\\/jubile-une-journee-avec-jesus-2025\\\/#primaryimage\"},\"image\":{\"@id\":\"https:\\\/\\\/ottawacornwall.ca\\\/fr\\\/events\\\/jubile-une-journee-avec-jesus-2025\\\/#primaryimage\"},\"thumbnailUrl\":\"http:\\\/\\\/ottawacornwall.ca\\\/wp-content\\\/uploads\\\/2025\\\/04\\\/Programme-Jubile-une-journee-avec-Jesus-225x300.png\",\"datePublished\":\"2025-04-08T17:33:36+00:00\",\"dateModified\":\"2025-06-19T15:39:15+00:00\",\"description\":\"Venez c\u00e9l\u00e9brer le Jubil\u00e9 \\\"Une Journ\u00e9e avec J\u00e9sus\\\" au Doyenn\u00e9 Larose le 20 juin 2025. Participez \u00e0 une exp\u00e9rience spirituelle unique avec pri\u00e8re, adoration, et activit\u00e9s communautaires \u00e0 la For\u00eat Larose, Bourget. Joignez-vous \u00e0 nous pour une journ\u00e9e de foi, de joie et de fraternit\u00e9!\",\"breadcrumb\":{\"@id\":\"https:\\\/\\\/ottawacornwall.ca\\\/fr\\\/events\\\/jubile-une-journee-avec-jesus-2025\\\/#breadcrumb\"},\"inLanguage\":\"fr-FR\",\"potentialAction\":[{\"@type\":\"ReadAction\",\"target\":[\"https:\\\/\\\/ottawacornwall.ca\\\/fr\\\/events\\\/jubile-une-journee-avec-jesus-2025\\\/\"]}]},{\"@type\":\"ImageObject\",\"inLanguage\":\"fr-FR\",\"@id\":\"https:\\\/\\\/ottawacornwall.ca\\\/fr\\\/events\\\/jubile-une-journee-avec-jesus-2025\\\/#primaryimage\",\"url\":\"http:\\\/\\\/ottawacornwall.ca\\\/wp-content\\\/uploads\\\/2025\\\/04\\\/Programme-Jubile-une-journee-avec-Jesus-225x300.png\",\"contentUrl\":\"http:\\\/\\\/ottawacornwall.ca\\\/wp-content\\\/uploads\\\/2025\\\/04\\\/Programme-Jubile-une-journee-avec-Jesus-225x300.png\"},{\"@type\":\"BreadcrumbList\",\"@id\":\"https:\\\/\\\/ottawacornwall.ca\\\/fr\\\/events\\\/jubile-une-journee-avec-jesus-2025\\\/#breadcrumb\",\"itemListElement\":[{\"@type\":\"ListItem\",\"position\":1,\"name\":\"Home\",\"item\":\"https:\\\/\\\/ottawacornwall.ca\\\/fr\\\/\"},{\"@type\":\"ListItem\",\"position\":2,\"name\":\"Events\",\"item\":\"https:\\\/\\\/ottawacornwall.ca\\\/events\\\/\"},{\"@type\":\"ListItem\",\"position\":3,\"name\":\"Programme Jubil\u00e9 Une Journ\u00e9e avec J\u00e9sus du Doyenn\u00e9 Larose\"}]},{\"@type\":\"WebSite\",\"@id\":\"https:\\\/\\\/ottawacornwall.ca\\\/#website\",\"url\":\"https:\\\/\\\/ottawacornwall.ca\\\/\",\"name\":\"Archdiocese of Ottawa-Cornwall\",\"description\":\"Welcome to the  Ottawa-Cornwall Archdiocese!\",\"publisher\":{\"@id\":\"https:\\\/\\\/ottawacornwall.ca\\\/#organization\"},\"potentialAction\":[{\"@type\":\"SearchAction\",\"target\":{\"@type\":\"EntryPoint\",\"urlTemplate\":\"https:\\\/\\\/ottawacornwall.ca\\\/?s={search_term_string}\"},\"query-input\":{\"@type\":\"PropertyValueSpecification\",\"valueRequired\":true,\"valueName\":\"search_term_string\"}}],\"inLanguage\":\"fr-FR\"},{\"@type\":\"Organization\",\"@id\":\"https:\\\/\\\/ottawacornwall.ca\\\/#organization\",\"name\":\"Archdiocese of Ottawa-Cornwall\",\"url\":\"https:\\\/\\\/ottawacornwall.ca\\\/\",\"logo\":{\"@type\":\"ImageObject\",\"inLanguage\":\"fr-FR\",\"@id\":\"https:\\\/\\\/ottawacornwall.ca\\\/#\\\/schema\\\/logo\\\/image\\\/\",\"url\":\"https:\\\/\\\/ottawacornwall.ca\\\/wp-content\\\/uploads\\\/2022\\\/11\\\/Archdiocese-Logo-Horizontal-Reverse-1.svg\",\"contentUrl\":\"https:\\\/\\\/ottawacornwall.ca\\\/wp-content\\\/uploads\\\/2022\\\/11\\\/Archdiocese-Logo-Horizontal-Reverse-1.svg\",\"caption\":\"Archdiocese of Ottawa-Cornwall\"},\"image\":{\"@id\":\"https:\\\/\\\/ottawacornwall.ca\\\/#\\\/schema\\\/logo\\\/image\\\/\"}}]}<\/script>\n<!-- \/ Yoast SEO plugin. -->","yoast_head_json":{"title":"Programme Jubil\u00e9 Une Journ\u00e9e avec J\u00e9sus du Doyenn\u00e9 Larose - Archdiocese of Ottawa-Cornwall","description":"Venez c\u00e9l\u00e9brer le Jubil\u00e9 \"Une Journ\u00e9e avec J\u00e9sus\" au Doyenn\u00e9 Larose le 20 juin 2025. Participez \u00e0 une exp\u00e9rience spirituelle unique avec pri\u00e8re, adoration, et activit\u00e9s communautaires \u00e0 la For\u00eat Larose, Bourget. Joignez-vous \u00e0 nous pour une journ\u00e9e de foi, de joie et de fraternit\u00e9!","robots":{"index":"index","follow":"follow","max-snippet":"max-snippet:-1","max-image-preview":"max-image-preview:large","max-video-preview":"max-video-preview:-1"},"canonical":"https:\/\/ottawacornwall.ca\/fr\/events\/jubile-une-journee-avec-jesus-2025\/","og_locale":"fr_FR","og_type":"article","og_title":"Programme Jubil\u00e9 Une Journ\u00e9e avec J\u00e9sus du Doyenn\u00e9 Larose - Archdiocese of Ottawa-Cornwall","og_description":"Venez c\u00e9l\u00e9brer le Jubil\u00e9 \"Une Journ\u00e9e avec J\u00e9sus\" au Doyenn\u00e9 Larose le 20 juin 2025. Participez \u00e0 une exp\u00e9rience spirituelle unique avec pri\u00e8re, adoration, et activit\u00e9s communautaires \u00e0 la For\u00eat Larose, Bourget. Joignez-vous \u00e0 nous pour une journ\u00e9e de foi, de joie et de fraternit\u00e9!","og_url":"https:\/\/ottawacornwall.ca\/fr\/events\/jubile-une-journee-avec-jesus-2025\/","og_site_name":"Archdiocese of Ottawa-Cornwall","article_modified_time":"2025-06-19T15:39:15+00:00","og_image":[{"url":"http:\/\/ottawacornwall.ca\/wp-content\/uploads\/2025\/04\/Programme-Jubile-une-journee-avec-Jesus-225x300.png","type":"","width":"","height":""}],"twitter_card":"summary_large_image","twitter_misc":{"Dur\u00e9e de lecture estim\u00e9e":"3 minutes"},"schema":{"@context":"https:\/\/schema.org","@graph":[{"@type":"WebPage","@id":"https:\/\/ottawacornwall.ca\/fr\/events\/jubile-une-journee-avec-jesus-2025\/","url":"https:\/\/ottawacornwall.ca\/fr\/events\/jubile-une-journee-avec-jesus-2025\/","name":"Programme Jubil\u00e9 Une Journ\u00e9e avec J\u00e9sus du Doyenn\u00e9 Larose - Archdiocese of Ottawa-Cornwall","isPartOf":{"@id":"https:\/\/ottawacornwall.ca\/#website"},"primaryImageOfPage":{"@id":"https:\/\/ottawacornwall.ca\/fr\/events\/jubile-une-journee-avec-jesus-2025\/#primaryimage"},"image":{"@id":"https:\/\/ottawacornwall.ca\/fr\/events\/jubile-une-journee-avec-jesus-2025\/#primaryimage"},"thumbnailUrl":"http:\/\/ottawacornwall.ca\/wp-content\/uploads\/2025\/04\/Programme-Jubile-une-journee-avec-Jesus-225x300.png","datePublished":"2025-04-08T17:33:36+00:00","dateModified":"2025-06-19T15:39:15+00:00","description":"Venez c\u00e9l\u00e9brer le Jubil\u00e9 \"Une Journ\u00e9e avec J\u00e9sus\" au Doyenn\u00e9 Larose le 20 juin 2025. Participez \u00e0 une exp\u00e9rience spirituelle unique avec pri\u00e8re, adoration, et activit\u00e9s communautaires \u00e0 la For\u00eat Larose, Bourget. Joignez-vous \u00e0 nous pour une journ\u00e9e de foi, de joie et de fraternit\u00e9!","breadcrumb":{"@id":"https:\/\/ottawacornwall.ca\/fr\/events\/jubile-une-journee-avec-jesus-2025\/#breadcrumb"},"inLanguage":"fr-FR","potentialAction":[{"@type":"ReadAction","target":["https:\/\/ottawacornwall.ca\/fr\/events\/jubile-une-journee-avec-jesus-2025\/"]}]},{"@type":"ImageObject","inLanguage":"fr-FR","@id":"https:\/\/ottawacornwall.ca\/fr\/events\/jubile-une-journee-avec-jesus-2025\/#primaryimage","url":"http:\/\/ottawacornwall.ca\/wp-content\/uploads\/2025\/04\/Programme-Jubile-une-journee-avec-Jesus-225x300.png","contentUrl":"http:\/\/ottawacornwall.ca\/wp-content\/uploads\/2025\/04\/Programme-Jubile-une-journee-avec-Jesus-225x300.png"},{"@type":"BreadcrumbList","@id":"https:\/\/ottawacornwall.ca\/fr\/events\/jubile-une-journee-avec-jesus-2025\/#breadcrumb","itemListElement":[{"@type":"ListItem","position":1,"name":"Home","item":"https:\/\/ottawacornwall.ca\/fr\/"},{"@type":"ListItem","position":2,"name":"Events","item":"https:\/\/ottawacornwall.ca\/events\/"},{"@type":"ListItem","position":3,"name":"Programme Jubil\u00e9 Une Journ\u00e9e avec J\u00e9sus du Doyenn\u00e9 Larose"}]},{"@type":"WebSite","@id":"https:\/\/ottawacornwall.ca\/#website","url":"https:\/\/ottawacornwall.ca\/","name":"Archdiocese of Ottawa-Cornwall","description":"Welcome to the  Ottawa-Cornwall Archdiocese!","publisher":{"@id":"https:\/\/ottawacornwall.ca\/#organization"},"potentialAction":[{"@type":"SearchAction","target":{"@type":"EntryPoint","urlTemplate":"https:\/\/ottawacornwall.ca\/?s={search_term_string}"},"query-input":{"@type":"PropertyValueSpecification","valueRequired":true,"valueName":"search_term_string"}}],"inLanguage":"fr-FR"},{"@type":"Organization","@id":"https:\/\/ottawacornwall.ca\/#organization","name":"Archdiocese of Ottawa-Cornwall","url":"https:\/\/ottawacornwall.ca\/","logo":{"@type":"ImageObject","inLanguage":"fr-FR","@id":"https:\/\/ottawacornwall.ca\/#\/schema\/logo\/image\/","url":"https:\/\/ottawacornwall.ca\/wp-content\/uploads\/2022\/11\/Archdiocese-Logo-Horizontal-Reverse-1.svg","contentUrl":"https:\/\/ottawacornwall.ca\/wp-content\/uploads\/2022\/11\/Archdiocese-Logo-Horizontal-Reverse-1.svg","caption":"Archdiocese of Ottawa-Cornwall"},"image":{"@id":"https:\/\/ottawacornwall.ca\/#\/schema\/logo\/image\/"}}]}},"_links":{"self":[{"href":"https:\/\/ottawacornwall.ca\/fr\/wp-json\/wp\/v2\/mec-events\/29808","targetHints":{"allow":["GET"]}}],"collection":[{"href":"https:\/\/ottawacornwall.ca\/fr\/wp-json\/wp\/v2\/mec-events"}],"about":[{"href":"https:\/\/ottawacornwall.ca\/fr\/wp-json\/wp\/v2\/types\/mec-events"}],"author":[{"embeddable":true,"href":"https:\/\/ottawacornwall.ca\/fr\/wp-json\/wp\/v2\/users\/24"}],"replies":[{"embeddable":true,"href":"https:\/\/ottawacornwall.ca\/fr\/wp-json\/wp\/v2\/comments?post=29808"}],"wp:attachment":[{"href":"https:\/\/ottawacornwall.ca\/fr\/wp-json\/wp\/v2\/media?parent=29808"}],"wp:term":[{"taxonomy":"mec_category","embeddable":true,"href":"https:\/\/ottawacornwall.ca\/fr\/wp-json\/wp\/v2\/mec_category?post=29808"},{"taxonomy":"mec_tag","embeddable":true,"href":"https:\/\/ottawacornwall.ca\/fr\/wp-json\/wp\/v2\/mec_tag?post=29808"}],"curies":[{"name":"wp","href":"https:\/\/api.w.org\/{rel}","templated":true}]}}