{"id":29901,"date":"2025-04-08T13:35:18","date_gmt":"2025-04-08T17:35:18","guid":{"rendered":"https:\/\/wp268132.wpdns.ca\/?post_type=mec-events&#038;p=29901"},"modified":"2025-04-14T12:05:10","modified_gmt":"2025-04-14T16:05:10","slug":"programme-du-jubile-des-familles-du-doyenne-sainte-marie","status":"publish","type":"mec-events","link":"https:\/\/ottawacornwall.ca\/fr\/events\/programme-du-jubile-des-familles-du-doyenne-sainte-marie\/","title":{"rendered":"Programme du Jubil\u00e9 des Familles, Grands Parents et Personnes \u00c2g\u00e9es du Doyenn\u00e9 Sainte-Marie"},"content":{"rendered":"<h6><strong>Jubil\u00e9 des Familles, Grands-Parents et Personnes \u00c2g\u00e9es \u2013 Doyenn\u00e9 Sainte-Marie<\/strong><\/h6>\n<p>Rejoignez-nous pour c\u00e9l\u00e9brer le Jubil\u00e9 des Familles, Grands-Parents et Personnes \u00c2g\u00e9es au Doyenn\u00e9 Sainte-Marie, un \u00e9v\u00e9nement unique rassemblant toutes les g\u00e9n\u00e9rations !<\/p>\n<p>Au programme : des mini-conf\u00e9rences, des t\u00e9moignages inspirants des groupes et associations catholiques francophones, des kiosques d\u2019information et une vari\u00e9t\u00e9 d\u2019activit\u00e9s destin\u00e9es \u00e0 unir et \u00e0 divertir les diff\u00e9rentes g\u00e9n\u00e9rations. Une occasion de renforcer les liens familiaux et communautaires tout en partageant la foi chr\u00e9tienne et en cr\u00e9ant des souvenirs m\u00e9morables.<\/p>\n<p>Rendez-vous le samedi 31 mai 2025 \u00e0 l&rsquo;Agora pr\u00e8s de l\u2019\u00c9glise Nativit\u00e9 \u00e0 Cornwall pour cette journ\u00e9e exceptionnelle d\u00e9di\u00e9e \u00e0 la solidarit\u00e9 interg\u00e9n\u00e9rationnelle et \u00e0 la communion chr\u00e9tienne.<\/p>\n<p>\ud83d\udcc5<strong> Date: Samedi 31 mai 2025<\/strong><\/p>\n<p>\ud83d\udccd<strong> Lieu: Agora pr\u00e8s de l\u2019\u00c9glise Nativit\u00e9, Cornwall<\/strong><\/p>\n<p><strong>Pour plus d\u2019informations sur l\u2019\u00e9v\u00e9nement, veuillez contacter P. Hasina Rakotoarisoa au 613-931-1424 ou envoyer un courriel \u00e0 <a href=\"mailto:preciousblood@bell.net\">preciousblood@bell.net<\/a><\/strong><\/p>\n<h6><strong>D\u00e9couvrez le programme du Jubil\u00e9 des Familles, Grands-parents et Personnes \u00c2g\u00e9es<\/strong><\/h6>\n<p><iframe title=\"Programme du Jubil\u00e9 des Familles, Grands Parents et Personnes \u00c2g\u00e9es du Doyenn\u00e9 Sainte Marie\" width=\"800\" height=\"450\" src=\"https:\/\/www.youtube.com\/embed\/zyEuQjMtXEc?feature=oembed\" frameborder=\"0\" allow=\"accelerometer; autoplay; clipboard-write; encrypted-media; gyroscope; picture-in-picture; web-share\" referrerpolicy=\"strict-origin-when-cross-origin\" allowfullscreen><\/iframe><\/p>\n<h6><strong>\u00c0 la rencontre du Doyenn\u00e9 Sainte-Marie : Une Communaut\u00e9 Unie et Accueillante<\/strong><\/h6>\n<p>Dans cette vid\u00e9o, plongez au c\u0153ur du Doyenn\u00e9 Sainte-Marie, une communaut\u00e9 dynamique form\u00e9e de 9 paroisses, dont certaines sont bilingues. Vous d\u00e9couvrirez la philosophie qui guide le doyenn\u00e9, l&rsquo;importance de l&rsquo;unit\u00e9 chr\u00e9tienne et des valeurs humaines qui nous unissent.<\/p>\n<div style=\"width: 800px;\" class=\"wp-video\"><video class=\"wp-video-shortcode\" id=\"video-29901-1\" width=\"800\" height=\"450\" preload=\"metadata\" controls=\"controls\"><source type=\"video\/mp4\" src=\"http:\/\/ottawacornwall.ca\/wp-content\/uploads\/2025\/04\/Copy-of-Presentation-du-doyenne-Sainte-Marie-Jubile-des-Familles-Grands-Parents-et-personnes-agees-5-1.mp4?_=1\" \/><a href=\"http:\/\/ottawacornwall.ca\/wp-content\/uploads\/2025\/04\/Copy-of-Presentation-du-doyenne-Sainte-Marie-Jubile-des-Familles-Grands-Parents-et-personnes-agees-5-1.mp4\">http:\/\/ottawacornwall.ca\/wp-content\/uploads\/2025\/04\/Copy-of-Presentation-du-doyenne-Sainte-Marie-Jubile-des-Familles-Grands-Parents-et-personnes-agees-5-1.mp4<\/a><\/video><\/div>\n<h6><strong>C\u00e9l\u00e9bration du Jubil\u00e9 des Familles, Grands-Parents et Personnes \u00c2g\u00e9es\u00a0<\/strong><\/h6>\n<p>Le Jubil\u00e9 des Familles, Grands-Parents et Personnes \u00c2g\u00e9es du Doyenn\u00e9 Sainte Marie est un \u00e9v\u00e9nement significatif, c\u00e9l\u00e9brant la richesse des g\u00e9n\u00e9rations et leur contribution \u00e0 la communaut\u00e9 chr\u00e9tienne.<\/p>\n<div style=\"width: 800px;\" class=\"wp-video\"><video class=\"wp-video-shortcode\" id=\"video-29901-2\" width=\"800\" height=\"450\" preload=\"metadata\" controls=\"controls\"><source type=\"video\/mp4\" src=\"http:\/\/ottawacornwall.ca\/wp-content\/uploads\/2025\/04\/Copy-of-Invitation-au-Jubile-des-Familles-Grands-Parents-et-personnes-agees.mp4?_=2\" \/><a href=\"http:\/\/ottawacornwall.ca\/wp-content\/uploads\/2025\/04\/Copy-of-Invitation-au-Jubile-des-Familles-Grands-Parents-et-personnes-agees.mp4\">http:\/\/ottawacornwall.ca\/wp-content\/uploads\/2025\/04\/Copy-of-Invitation-au-Jubile-des-Familles-Grands-Parents-et-personnes-agees.mp4<\/a><\/video><\/div>\n<h6 style=\"text-align: center;\"><strong>Ci-dessous le programme d\u00e9taill\u00e9 du <\/strong><strong>Jubil\u00e9 des Familles, Grands-Parents et Personnes \u00c2g\u00e9es<\/strong><\/h6>\n<p>&nbsp;<\/p>\n<p><img fetchpriority=\"high\" decoding=\"async\" class=\" wp-image-30091 aligncenter\" src=\"http:\/\/ottawacornwall.ca\/wp-content\/uploads\/2025\/04\/9h30-Prieres-et-mot-de-bienvenue-plus-presentation-de-tous-les-groupesorganisations-presents-9h45-Presentation-sur-le-Jubile-10h10-Pause-et-animation-Premiere-partie-du-partage-et-temoignage.-10h-1-225x300.png\" alt=\"\" width=\"504\" height=\"672\" srcset=\"https:\/\/ottawacornwall.ca\/wp-content\/uploads\/2025\/04\/9h30-Prieres-et-mot-de-bienvenue-plus-presentation-de-tous-les-groupesorganisations-presents-9h45-Presentation-sur-le-Jubile-10h10-Pause-et-animation-Premiere-partie-du-partage-et-temoignage.-10h-1-225x300.png 225w, https:\/\/ottawacornwall.ca\/wp-content\/uploads\/2025\/04\/9h30-Prieres-et-mot-de-bienvenue-plus-presentation-de-tous-les-groupesorganisations-presents-9h45-Presentation-sur-le-Jubile-10h10-Pause-et-animation-Premiere-partie-du-partage-et-temoignage.-10h-1-768x1024.png 768w, https:\/\/ottawacornwall.ca\/wp-content\/uploads\/2025\/04\/9h30-Prieres-et-mot-de-bienvenue-plus-presentation-de-tous-les-groupesorganisations-presents-9h45-Presentation-sur-le-Jubile-10h10-Pause-et-animation-Premiere-partie-du-partage-et-temoignage.-10h-1-300x400.png 300w, https:\/\/ottawacornwall.ca\/wp-content\/uploads\/2025\/04\/9h30-Prieres-et-mot-de-bienvenue-plus-presentation-de-tous-les-groupesorganisations-presents-9h45-Presentation-sur-le-Jubile-10h10-Pause-et-animation-Premiere-partie-du-partage-et-temoignage.-10h-1-1152x1536.png 1152w, https:\/\/ottawacornwall.ca\/wp-content\/uploads\/2025\/04\/9h30-Prieres-et-mot-de-bienvenue-plus-presentation-de-tous-les-groupesorganisations-presents-9h45-Presentation-sur-le-Jubile-10h10-Pause-et-animation-Premiere-partie-du-partage-et-temoignage.-10h-1-1536x2048.png 1536w, https:\/\/ottawacornwall.ca\/wp-content\/uploads\/2025\/04\/9h30-Prieres-et-mot-de-bienvenue-plus-presentation-de-tous-les-groupesorganisations-presents-9h45-Presentation-sur-le-Jubile-10h10-Pause-et-animation-Premiere-partie-du-partage-et-temoignage.-10h-1-20x27.png 20w, https:\/\/ottawacornwall.ca\/wp-content\/uploads\/2025\/04\/9h30-Prieres-et-mot-de-bienvenue-plus-presentation-de-tous-les-groupesorganisations-presents-9h45-Presentation-sur-le-Jubile-10h10-Pause-et-animation-Premiere-partie-du-partage-et-temoignage.-10h-1.png 1728w\" sizes=\"(max-width: 504px) 100vw, 504px\" \/><\/p>\n<p><img decoding=\"async\" class=\" wp-image-30082 aligncenter\" src=\"http:\/\/ottawacornwall.ca\/wp-content\/uploads\/2025\/04\/20025_03_06_AFFICHE_jub_2_FIN-1-200x300.jpg\" alt=\"\" width=\"423\" height=\"635\" srcset=\"https:\/\/ottawacornwall.ca\/wp-content\/uploads\/2025\/04\/20025_03_06_AFFICHE_jub_2_FIN-1-200x300.jpg 200w, https:\/\/ottawacornwall.ca\/wp-content\/uploads\/2025\/04\/20025_03_06_AFFICHE_jub_2_FIN-1-683x1024.jpg 683w, https:\/\/ottawacornwall.ca\/wp-content\/uploads\/2025\/04\/20025_03_06_AFFICHE_jub_2_FIN-1-768x1152.jpg 768w, https:\/\/ottawacornwall.ca\/wp-content\/uploads\/2025\/04\/20025_03_06_AFFICHE_jub_2_FIN-1-1024x1536.jpg 1024w, https:\/\/ottawacornwall.ca\/wp-content\/uploads\/2025\/04\/20025_03_06_AFFICHE_jub_2_FIN-1-1365x2048.jpg 1365w, https:\/\/ottawacornwall.ca\/wp-content\/uploads\/2025\/04\/20025_03_06_AFFICHE_jub_2_FIN-1-18x27.jpg 18w, https:\/\/ottawacornwall.ca\/wp-content\/uploads\/2025\/04\/20025_03_06_AFFICHE_jub_2_FIN-1-scaled.jpg 1707w\" sizes=\"(max-width: 423px) 100vw, 423px\" \/><\/p>\n","protected":false},"excerpt":{"rendered":"<p>Jubil\u00e9 des Familles, Grands-Parents et Personnes \u00c2g\u00e9es \u2013 Doyenn\u00e9 Sainte-Marie Rejoignez-nous pour c\u00e9l\u00e9brer le Jubil\u00e9 des Familles, Grands-Parents et Personnes \u00c2g\u00e9es au Doyenn\u00e9 Sainte-Marie, un \u00e9v\u00e9nement unique rassemblant toutes les g\u00e9n\u00e9rations ! Au programme : des mini-conf\u00e9rences, des t\u00e9moignages inspirants des groupes et associations catholiques francophones, des kiosques d\u2019information et une vari\u00e9t\u00e9 d\u2019activit\u00e9s destin\u00e9es \u00e0 [&hellip;]<\/p>\n","protected":false},"author":24,"featured_media":0,"comment_status":"closed","ping_status":"closed","template":"","mec_category":[],"mec_tag":[543],"class_list":["post-29901","mec-events","type-mec-events","status-publish","hentry","mec_tag-jubilee-2025"],"acf":[],"yoast_head":"<!-- This site is optimized with the Yoast SEO plugin v27.4 - https:\/\/yoast.com\/product\/yoast-seo-wordpress\/ -->\n<title>Programme du Jubil\u00e9 des Familles, Grands Parents et Personnes \u00c2g\u00e9es du Doyenn\u00e9 Sainte-Marie - Archdiocese of Ottawa-Cornwall<\/title>\n<meta name=\"description\" content=\"Participez au Jubil\u00e9 francophone 2025 des Familles, Grands-Parents et Personnes \u00c2g\u00e9es du Doyenn\u00e9 Sainte-Marie le 31 mai \u00e0 l&#039;Agora \u00e0 Cornwall.\" \/>\n<meta name=\"robots\" content=\"index, follow, max-snippet:-1, max-image-preview:large, max-video-preview:-1\" \/>\n<link rel=\"canonical\" href=\"https:\/\/ottawacornwall.ca\/fr\/events\/programme-du-jubile-des-familles-du-doyenne-sainte-marie\/\" \/>\n<meta property=\"og:locale\" content=\"fr_FR\" \/>\n<meta property=\"og:type\" content=\"article\" \/>\n<meta property=\"og:title\" content=\"Programme du Jubil\u00e9 des Familles, Grands Parents et Personnes \u00c2g\u00e9es du Doyenn\u00e9 Sainte-Marie - Archdiocese of Ottawa-Cornwall\" \/>\n<meta property=\"og:description\" content=\"Participez au Jubil\u00e9 francophone 2025 des Familles, Grands-Parents et Personnes \u00c2g\u00e9es du Doyenn\u00e9 Sainte-Marie le 31 mai \u00e0 l&#039;Agora \u00e0 Cornwall.\" \/>\n<meta property=\"og:url\" content=\"https:\/\/ottawacornwall.ca\/fr\/events\/programme-du-jubile-des-familles-du-doyenne-sainte-marie\/\" \/>\n<meta property=\"og:site_name\" content=\"Archdiocese of Ottawa-Cornwall\" \/>\n<meta property=\"article:modified_time\" content=\"2025-04-14T16:05:10+00:00\" \/>\n<meta property=\"og:image\" content=\"http:\/\/ottawacornwall.ca\/wp-content\/uploads\/2025\/04\/9h30-Prieres-et-mot-de-bienvenue-plus-presentation-de-tous-les-groupesorganisations-presents-9h45-Presentation-sur-le-Jubile-10h10-Pause-et-animation-Premiere-partie-du-partage-et-temoignage.-10h-1-225x300.png\" \/>\n<meta name=\"twitter:card\" content=\"summary_large_image\" \/>\n<meta name=\"twitter:label1\" content=\"Dur\u00e9e de lecture estim\u00e9e\" \/>\n\t<meta name=\"twitter:data1\" content=\"2 minutes\" \/>\n<script type=\"application\/ld+json\" class=\"yoast-schema-graph\">{\"@context\":\"https:\\\/\\\/schema.org\",\"@graph\":[{\"@type\":\"WebPage\",\"@id\":\"https:\\\/\\\/ottawacornwall.ca\\\/fr\\\/events\\\/programme-du-jubile-des-familles-du-doyenne-sainte-marie\\\/\",\"url\":\"https:\\\/\\\/ottawacornwall.ca\\\/fr\\\/events\\\/programme-du-jubile-des-familles-du-doyenne-sainte-marie\\\/\",\"name\":\"Programme du Jubil\u00e9 des Familles, Grands Parents et Personnes \u00c2g\u00e9es du Doyenn\u00e9 Sainte-Marie - Archdiocese of Ottawa-Cornwall\",\"isPartOf\":{\"@id\":\"https:\\\/\\\/ottawacornwall.ca\\\/#website\"},\"primaryImageOfPage\":{\"@id\":\"https:\\\/\\\/ottawacornwall.ca\\\/fr\\\/events\\\/programme-du-jubile-des-familles-du-doyenne-sainte-marie\\\/#primaryimage\"},\"image\":{\"@id\":\"https:\\\/\\\/ottawacornwall.ca\\\/fr\\\/events\\\/programme-du-jubile-des-familles-du-doyenne-sainte-marie\\\/#primaryimage\"},\"thumbnailUrl\":\"http:\\\/\\\/ottawacornwall.ca\\\/wp-content\\\/uploads\\\/2025\\\/04\\\/9h30-Prieres-et-mot-de-bienvenue-plus-presentation-de-tous-les-groupesorganisations-presents-9h45-Presentation-sur-le-Jubile-10h10-Pause-et-animation-Premiere-partie-du-partage-et-temoignage.-10h-1-225x300.png\",\"datePublished\":\"2025-04-08T17:35:18+00:00\",\"dateModified\":\"2025-04-14T16:05:10+00:00\",\"description\":\"Participez au Jubil\u00e9 francophone 2025 des Familles, Grands-Parents et Personnes \u00c2g\u00e9es du Doyenn\u00e9 Sainte-Marie le 31 mai \u00e0 l'Agora \u00e0 Cornwall.\",\"breadcrumb\":{\"@id\":\"https:\\\/\\\/ottawacornwall.ca\\\/fr\\\/events\\\/programme-du-jubile-des-familles-du-doyenne-sainte-marie\\\/#breadcrumb\"},\"inLanguage\":\"fr-FR\",\"potentialAction\":[{\"@type\":\"ReadAction\",\"target\":[\"https:\\\/\\\/ottawacornwall.ca\\\/fr\\\/events\\\/programme-du-jubile-des-familles-du-doyenne-sainte-marie\\\/\"]}]},{\"@type\":\"ImageObject\",\"inLanguage\":\"fr-FR\",\"@id\":\"https:\\\/\\\/ottawacornwall.ca\\\/fr\\\/events\\\/programme-du-jubile-des-familles-du-doyenne-sainte-marie\\\/#primaryimage\",\"url\":\"http:\\\/\\\/ottawacornwall.ca\\\/wp-content\\\/uploads\\\/2025\\\/04\\\/9h30-Prieres-et-mot-de-bienvenue-plus-presentation-de-tous-les-groupesorganisations-presents-9h45-Presentation-sur-le-Jubile-10h10-Pause-et-animation-Premiere-partie-du-partage-et-temoignage.-10h-1-225x300.png\",\"contentUrl\":\"http:\\\/\\\/ottawacornwall.ca\\\/wp-content\\\/uploads\\\/2025\\\/04\\\/9h30-Prieres-et-mot-de-bienvenue-plus-presentation-de-tous-les-groupesorganisations-presents-9h45-Presentation-sur-le-Jubile-10h10-Pause-et-animation-Premiere-partie-du-partage-et-temoignage.-10h-1-225x300.png\"},{\"@type\":\"BreadcrumbList\",\"@id\":\"https:\\\/\\\/ottawacornwall.ca\\\/fr\\\/events\\\/programme-du-jubile-des-familles-du-doyenne-sainte-marie\\\/#breadcrumb\",\"itemListElement\":[{\"@type\":\"ListItem\",\"position\":1,\"name\":\"Home\",\"item\":\"https:\\\/\\\/ottawacornwall.ca\\\/fr\\\/\"},{\"@type\":\"ListItem\",\"position\":2,\"name\":\"Events\",\"item\":\"https:\\\/\\\/ottawacornwall.ca\\\/events\\\/\"},{\"@type\":\"ListItem\",\"position\":3,\"name\":\"Programme du Jubil\u00e9 des Familles, Grands Parents et Personnes \u00c2g\u00e9es du Doyenn\u00e9 Sainte-Marie\"}]},{\"@type\":\"WebSite\",\"@id\":\"https:\\\/\\\/ottawacornwall.ca\\\/#website\",\"url\":\"https:\\\/\\\/ottawacornwall.ca\\\/\",\"name\":\"Archdiocese of Ottawa-Cornwall\",\"description\":\"Welcome to the  Ottawa-Cornwall Archdiocese!\",\"publisher\":{\"@id\":\"https:\\\/\\\/ottawacornwall.ca\\\/#organization\"},\"potentialAction\":[{\"@type\":\"SearchAction\",\"target\":{\"@type\":\"EntryPoint\",\"urlTemplate\":\"https:\\\/\\\/ottawacornwall.ca\\\/?s={search_term_string}\"},\"query-input\":{\"@type\":\"PropertyValueSpecification\",\"valueRequired\":true,\"valueName\":\"search_term_string\"}}],\"inLanguage\":\"fr-FR\"},{\"@type\":\"Organization\",\"@id\":\"https:\\\/\\\/ottawacornwall.ca\\\/#organization\",\"name\":\"Archdiocese of Ottawa-Cornwall\",\"url\":\"https:\\\/\\\/ottawacornwall.ca\\\/\",\"logo\":{\"@type\":\"ImageObject\",\"inLanguage\":\"fr-FR\",\"@id\":\"https:\\\/\\\/ottawacornwall.ca\\\/#\\\/schema\\\/logo\\\/image\\\/\",\"url\":\"https:\\\/\\\/ottawacornwall.ca\\\/wp-content\\\/uploads\\\/2022\\\/11\\\/Archdiocese-Logo-Horizontal-Reverse-1.svg\",\"contentUrl\":\"https:\\\/\\\/ottawacornwall.ca\\\/wp-content\\\/uploads\\\/2022\\\/11\\\/Archdiocese-Logo-Horizontal-Reverse-1.svg\",\"caption\":\"Archdiocese of Ottawa-Cornwall\"},\"image\":{\"@id\":\"https:\\\/\\\/ottawacornwall.ca\\\/#\\\/schema\\\/logo\\\/image\\\/\"}}]}<\/script>\n<!-- \/ Yoast SEO plugin. -->","yoast_head_json":{"title":"Programme du Jubil\u00e9 des Familles, Grands Parents et Personnes \u00c2g\u00e9es du Doyenn\u00e9 Sainte-Marie - Archdiocese of Ottawa-Cornwall","description":"Participez au Jubil\u00e9 francophone 2025 des Familles, Grands-Parents et Personnes \u00c2g\u00e9es du Doyenn\u00e9 Sainte-Marie le 31 mai \u00e0 l'Agora \u00e0 Cornwall.","robots":{"index":"index","follow":"follow","max-snippet":"max-snippet:-1","max-image-preview":"max-image-preview:large","max-video-preview":"max-video-preview:-1"},"canonical":"https:\/\/ottawacornwall.ca\/fr\/events\/programme-du-jubile-des-familles-du-doyenne-sainte-marie\/","og_locale":"fr_FR","og_type":"article","og_title":"Programme du Jubil\u00e9 des Familles, Grands Parents et Personnes \u00c2g\u00e9es du Doyenn\u00e9 Sainte-Marie - Archdiocese of Ottawa-Cornwall","og_description":"Participez au Jubil\u00e9 francophone 2025 des Familles, Grands-Parents et Personnes \u00c2g\u00e9es du Doyenn\u00e9 Sainte-Marie le 31 mai \u00e0 l'Agora \u00e0 Cornwall.","og_url":"https:\/\/ottawacornwall.ca\/fr\/events\/programme-du-jubile-des-familles-du-doyenne-sainte-marie\/","og_site_name":"Archdiocese of Ottawa-Cornwall","article_modified_time":"2025-04-14T16:05:10+00:00","og_image":[{"url":"http:\/\/ottawacornwall.ca\/wp-content\/uploads\/2025\/04\/9h30-Prieres-et-mot-de-bienvenue-plus-presentation-de-tous-les-groupesorganisations-presents-9h45-Presentation-sur-le-Jubile-10h10-Pause-et-animation-Premiere-partie-du-partage-et-temoignage.-10h-1-225x300.png","type":"","width":"","height":""}],"twitter_card":"summary_large_image","twitter_misc":{"Dur\u00e9e de lecture estim\u00e9e":"2 minutes"},"schema":{"@context":"https:\/\/schema.org","@graph":[{"@type":"WebPage","@id":"https:\/\/ottawacornwall.ca\/fr\/events\/programme-du-jubile-des-familles-du-doyenne-sainte-marie\/","url":"https:\/\/ottawacornwall.ca\/fr\/events\/programme-du-jubile-des-familles-du-doyenne-sainte-marie\/","name":"Programme du Jubil\u00e9 des Familles, Grands Parents et Personnes \u00c2g\u00e9es du Doyenn\u00e9 Sainte-Marie - Archdiocese of Ottawa-Cornwall","isPartOf":{"@id":"https:\/\/ottawacornwall.ca\/#website"},"primaryImageOfPage":{"@id":"https:\/\/ottawacornwall.ca\/fr\/events\/programme-du-jubile-des-familles-du-doyenne-sainte-marie\/#primaryimage"},"image":{"@id":"https:\/\/ottawacornwall.ca\/fr\/events\/programme-du-jubile-des-familles-du-doyenne-sainte-marie\/#primaryimage"},"thumbnailUrl":"http:\/\/ottawacornwall.ca\/wp-content\/uploads\/2025\/04\/9h30-Prieres-et-mot-de-bienvenue-plus-presentation-de-tous-les-groupesorganisations-presents-9h45-Presentation-sur-le-Jubile-10h10-Pause-et-animation-Premiere-partie-du-partage-et-temoignage.-10h-1-225x300.png","datePublished":"2025-04-08T17:35:18+00:00","dateModified":"2025-04-14T16:05:10+00:00","description":"Participez au Jubil\u00e9 francophone 2025 des Familles, Grands-Parents et Personnes \u00c2g\u00e9es du Doyenn\u00e9 Sainte-Marie le 31 mai \u00e0 l'Agora \u00e0 Cornwall.","breadcrumb":{"@id":"https:\/\/ottawacornwall.ca\/fr\/events\/programme-du-jubile-des-familles-du-doyenne-sainte-marie\/#breadcrumb"},"inLanguage":"fr-FR","potentialAction":[{"@type":"ReadAction","target":["https:\/\/ottawacornwall.ca\/fr\/events\/programme-du-jubile-des-familles-du-doyenne-sainte-marie\/"]}]},{"@type":"ImageObject","inLanguage":"fr-FR","@id":"https:\/\/ottawacornwall.ca\/fr\/events\/programme-du-jubile-des-familles-du-doyenne-sainte-marie\/#primaryimage","url":"http:\/\/ottawacornwall.ca\/wp-content\/uploads\/2025\/04\/9h30-Prieres-et-mot-de-bienvenue-plus-presentation-de-tous-les-groupesorganisations-presents-9h45-Presentation-sur-le-Jubile-10h10-Pause-et-animation-Premiere-partie-du-partage-et-temoignage.-10h-1-225x300.png","contentUrl":"http:\/\/ottawacornwall.ca\/wp-content\/uploads\/2025\/04\/9h30-Prieres-et-mot-de-bienvenue-plus-presentation-de-tous-les-groupesorganisations-presents-9h45-Presentation-sur-le-Jubile-10h10-Pause-et-animation-Premiere-partie-du-partage-et-temoignage.-10h-1-225x300.png"},{"@type":"BreadcrumbList","@id":"https:\/\/ottawacornwall.ca\/fr\/events\/programme-du-jubile-des-familles-du-doyenne-sainte-marie\/#breadcrumb","itemListElement":[{"@type":"ListItem","position":1,"name":"Home","item":"https:\/\/ottawacornwall.ca\/fr\/"},{"@type":"ListItem","position":2,"name":"Events","item":"https:\/\/ottawacornwall.ca\/events\/"},{"@type":"ListItem","position":3,"name":"Programme du Jubil\u00e9 des Familles, Grands Parents et Personnes \u00c2g\u00e9es du Doyenn\u00e9 Sainte-Marie"}]},{"@type":"WebSite","@id":"https:\/\/ottawacornwall.ca\/#website","url":"https:\/\/ottawacornwall.ca\/","name":"Archdiocese of Ottawa-Cornwall","description":"Welcome to the  Ottawa-Cornwall Archdiocese!","publisher":{"@id":"https:\/\/ottawacornwall.ca\/#organization"},"potentialAction":[{"@type":"SearchAction","target":{"@type":"EntryPoint","urlTemplate":"https:\/\/ottawacornwall.ca\/?s={search_term_string}"},"query-input":{"@type":"PropertyValueSpecification","valueRequired":true,"valueName":"search_term_string"}}],"inLanguage":"fr-FR"},{"@type":"Organization","@id":"https:\/\/ottawacornwall.ca\/#organization","name":"Archdiocese of Ottawa-Cornwall","url":"https:\/\/ottawacornwall.ca\/","logo":{"@type":"ImageObject","inLanguage":"fr-FR","@id":"https:\/\/ottawacornwall.ca\/#\/schema\/logo\/image\/","url":"https:\/\/ottawacornwall.ca\/wp-content\/uploads\/2022\/11\/Archdiocese-Logo-Horizontal-Reverse-1.svg","contentUrl":"https:\/\/ottawacornwall.ca\/wp-content\/uploads\/2022\/11\/Archdiocese-Logo-Horizontal-Reverse-1.svg","caption":"Archdiocese of Ottawa-Cornwall"},"image":{"@id":"https:\/\/ottawacornwall.ca\/#\/schema\/logo\/image\/"}}]}},"_links":{"self":[{"href":"https:\/\/ottawacornwall.ca\/fr\/wp-json\/wp\/v2\/mec-events\/29901","targetHints":{"allow":["GET"]}}],"collection":[{"href":"https:\/\/ottawacornwall.ca\/fr\/wp-json\/wp\/v2\/mec-events"}],"about":[{"href":"https:\/\/ottawacornwall.ca\/fr\/wp-json\/wp\/v2\/types\/mec-events"}],"author":[{"embeddable":true,"href":"https:\/\/ottawacornwall.ca\/fr\/wp-json\/wp\/v2\/users\/24"}],"replies":[{"embeddable":true,"href":"https:\/\/ottawacornwall.ca\/fr\/wp-json\/wp\/v2\/comments?post=29901"}],"wp:attachment":[{"href":"https:\/\/ottawacornwall.ca\/fr\/wp-json\/wp\/v2\/media?parent=29901"}],"wp:term":[{"taxonomy":"mec_category","embeddable":true,"href":"https:\/\/ottawacornwall.ca\/fr\/wp-json\/wp\/v2\/mec_category?post=29901"},{"taxonomy":"mec_tag","embeddable":true,"href":"https:\/\/ottawacornwall.ca\/fr\/wp-json\/wp\/v2\/mec_tag?post=29901"}],"curies":[{"name":"wp","href":"https:\/\/api.w.org\/{rel}","templated":true}]}}