{"id":30419,"date":"2025-04-29T15:57:04","date_gmt":"2025-04-29T19:57:04","guid":{"rendered":"https:\/\/wp268132.wpdns.ca\/?post_type=mec-events&#038;p=30419"},"modified":"2025-04-29T16:12:19","modified_gmt":"2025-04-29T20:12:19","slug":"espoir-en-choeur","status":"publish","type":"mec-events","link":"https:\/\/ottawacornwall.ca\/fr\/events\/espoir-en-choeur\/","title":{"rendered":"Espoir en Ch\u0153ur"},"content":{"rendered":"<h6><strong>Espoir en Ch\u0153ur \u2013 Une c\u00e9l\u00e9bration vibrante de l\u2019Esp\u00e9rance et de la foi<\/strong><\/h6>\n<p>Nous vous invitons \u00e0 un \u00e9v\u00e9nement exceptionnel plac\u00e9 sous le signe de l\u2019Esp\u00e9rance, le jeudi 8 mai \u00e0 19 h, \u00e0 l\u2019amphith\u00e9\u00e2tre du Coll\u00e8ge catholique Samuel-Genest. Organis\u00e9 dans le cadre du Jubil\u00e9 2025 lanc\u00e9 par le pape Fran\u00e7ois et de la Semaine de l\u2019\u00e9ducation catholique, <em>Espoir en Ch\u0153ur<\/em> rassemblera les chorales du CECCE pour une soir\u00e9e musicale inspir\u00e9e du th\u00e8me <strong>P\u00e8lerins d\u2019esp\u00e9rance<\/strong>.<\/p>\n<p>Bien plus qu\u2019un concert, il s\u2019agit d\u2019un moment fort de communion, de r\u00e9flexion et de foi, o\u00f9 jeunes et adultes s\u2019interrogeront sur le sens de l\u2019esp\u00e9rance chr\u00e9tienne, la r\u00e9silience et l\u2019amour qui nous \u00e9l\u00e8vent. Le spectacle mettra aussi en lumi\u00e8re des t\u00e9moignages inspirants, dont ceux du P\u00e8re Kevin Burgess et de membres de la communaut\u00e9 scolaire.<\/p>\n<p>L\u2019entr\u00e9e est de 10 $, et tous les profits seront vers\u00e9s \u00e0 la Fondation du CECCE, au b\u00e9n\u00e9fice des \u00e9l\u00e8ves vivant dans la pr\u00e9carit\u00e9.<\/p>\n<p>Nous vous attendons nombreux pour c\u00e9l\u00e9brer ensemble l\u2019esp\u00e9rance port\u00e9e par notre jeunesse francophone !<\/p>\n<p><strong>D\u00e9tails de l&rsquo;\u00e9v\u00e9nement :<\/strong><\/p>\n<ul>\n<li><strong>\ud83d\udcc5 Date : 8 Mai 2025<\/strong><\/li>\n<li><strong>\ud83d\udccd Lieu : Amphith\u00e9\u00e2tre du Coll\u00e8ge catholique Samuel-Genest, 704 Carsons Road, Ottawa ON K1K 2H3<\/strong><\/li>\n<li>\ud83c\udf9f\ufe0f <strong data-start=\"955\" data-end=\"980\">Prix du billet : 10 $<\/strong> <strong>(tous les profits seront vers\u00e9s \u00e0 la Fondation du CECCE pour soutenir les \u00e9l\u00e8ves en situation de pr\u00e9carit\u00e9)<\/strong><\/li>\n<\/ul>\n<p><strong>Pour acheter vos billets merci de cliquer sur le lien ci-dessous: <\/strong><\/p>\n<p><strong><a href=\"https:\/\/www.eventbrite.ca\/e\/billets-espoir-en-chur-1323640166369?aff=oddtdtcreator\">Espoir en ch\u0153ur Billets, jeu, 8 mai 2025 \u00e0 19:00 | Eventbrite<\/a><\/strong><\/p>\n<p><img fetchpriority=\"high\" decoding=\"async\" class=\" wp-image-30420 aligncenter\" src=\"http:\/\/ottawacornwall.ca\/wp-content\/uploads\/2025\/04\/Affiche-_-Espoir-en-choeur-1-225x300.png\" alt=\"\" width=\"416\" height=\"555\" srcset=\"https:\/\/ottawacornwall.ca\/wp-content\/uploads\/2025\/04\/Affiche-_-Espoir-en-choeur-1-225x300.png 225w, https:\/\/ottawacornwall.ca\/wp-content\/uploads\/2025\/04\/Affiche-_-Espoir-en-choeur-1-768x1024.png 768w, https:\/\/ottawacornwall.ca\/wp-content\/uploads\/2025\/04\/Affiche-_-Espoir-en-choeur-1-300x400.png 300w, https:\/\/ottawacornwall.ca\/wp-content\/uploads\/2025\/04\/Affiche-_-Espoir-en-choeur-1-1152x1536.png 1152w, https:\/\/ottawacornwall.ca\/wp-content\/uploads\/2025\/04\/Affiche-_-Espoir-en-choeur-1-1536x2048.png 1536w, https:\/\/ottawacornwall.ca\/wp-content\/uploads\/2025\/04\/Affiche-_-Espoir-en-choeur-1-20x27.png 20w, https:\/\/ottawacornwall.ca\/wp-content\/uploads\/2025\/04\/Affiche-_-Espoir-en-choeur-1.png 1728w\" sizes=\"(max-width: 416px) 100vw, 416px\" \/><\/p>\n","protected":false},"excerpt":{"rendered":"<p>Espoir en Ch\u0153ur \u2013 Une c\u00e9l\u00e9bration vibrante de l\u2019Esp\u00e9rance et de la foi Nous vous invitons \u00e0 un \u00e9v\u00e9nement exceptionnel plac\u00e9 sous le signe de l\u2019Esp\u00e9rance, le jeudi 8 mai \u00e0 19 h, \u00e0 l\u2019amphith\u00e9\u00e2tre du Coll\u00e8ge catholique Samuel-Genest. Organis\u00e9 dans le cadre du Jubil\u00e9 2025 lanc\u00e9 par le pape Fran\u00e7ois et de la Semaine [&hellip;]<\/p>\n","protected":false},"author":24,"featured_media":0,"comment_status":"closed","ping_status":"closed","template":"","mec_category":[],"mec_tag":[543],"class_list":["post-30419","mec-events","type-mec-events","status-publish","hentry","mec_tag-jubilee-2025"],"acf":[],"yoast_head":"<!-- This site is optimized with the Yoast SEO plugin v27.4 - https:\/\/yoast.com\/product\/yoast-seo-wordpress\/ -->\n<title>Espoir en Ch\u0153ur - Archdiocese of Ottawa-Cornwall<\/title>\n<meta name=\"description\" content=\"Participez au Jubil\u00e9 des Migrants (volet social) du Doyenn\u00e9 Montfort le 21 juin au terrain de la Paroisse St Gabriel.\" \/>\n<meta name=\"robots\" content=\"index, follow, max-snippet:-1, max-image-preview:large, max-video-preview:-1\" \/>\n<link rel=\"canonical\" href=\"https:\/\/ottawacornwall.ca\/fr\/events\/espoir-en-choeur\/\" \/>\n<meta property=\"og:locale\" content=\"fr_FR\" \/>\n<meta property=\"og:type\" content=\"article\" \/>\n<meta property=\"og:title\" content=\"Espoir en Ch\u0153ur - Archdiocese of Ottawa-Cornwall\" \/>\n<meta property=\"og:description\" content=\"Participez au Jubil\u00e9 des Migrants (volet social) du Doyenn\u00e9 Montfort le 21 juin au terrain de la Paroisse St Gabriel.\" \/>\n<meta property=\"og:url\" content=\"https:\/\/ottawacornwall.ca\/fr\/events\/espoir-en-choeur\/\" \/>\n<meta property=\"og:site_name\" content=\"Archdiocese of Ottawa-Cornwall\" \/>\n<meta property=\"article:modified_time\" content=\"2025-04-29T20:12:19+00:00\" \/>\n<meta property=\"og:image\" content=\"http:\/\/ottawacornwall.ca\/wp-content\/uploads\/2025\/04\/Affiche-_-Espoir-en-choeur-1-225x300.png\" \/>\n<meta name=\"twitter:card\" content=\"summary_large_image\" \/>\n<meta name=\"twitter:label1\" content=\"Dur\u00e9e de lecture estim\u00e9e\" \/>\n\t<meta name=\"twitter:data1\" content=\"2 minutes\" \/>\n<script type=\"application\/ld+json\" class=\"yoast-schema-graph\">{\"@context\":\"https:\\\/\\\/schema.org\",\"@graph\":[{\"@type\":\"WebPage\",\"@id\":\"https:\\\/\\\/ottawacornwall.ca\\\/fr\\\/events\\\/espoir-en-choeur\\\/\",\"url\":\"https:\\\/\\\/ottawacornwall.ca\\\/fr\\\/events\\\/espoir-en-choeur\\\/\",\"name\":\"Espoir en Ch\u0153ur - Archdiocese of Ottawa-Cornwall\",\"isPartOf\":{\"@id\":\"https:\\\/\\\/ottawacornwall.ca\\\/#website\"},\"primaryImageOfPage\":{\"@id\":\"https:\\\/\\\/ottawacornwall.ca\\\/fr\\\/events\\\/espoir-en-choeur\\\/#primaryimage\"},\"image\":{\"@id\":\"https:\\\/\\\/ottawacornwall.ca\\\/fr\\\/events\\\/espoir-en-choeur\\\/#primaryimage\"},\"thumbnailUrl\":\"http:\\\/\\\/ottawacornwall.ca\\\/wp-content\\\/uploads\\\/2025\\\/04\\\/Affiche-_-Espoir-en-choeur-1-225x300.png\",\"datePublished\":\"2025-04-29T19:57:04+00:00\",\"dateModified\":\"2025-04-29T20:12:19+00:00\",\"description\":\"Participez au Jubil\u00e9 des Migrants (volet social) du Doyenn\u00e9 Montfort le 21 juin au terrain de la Paroisse St Gabriel.\",\"breadcrumb\":{\"@id\":\"https:\\\/\\\/ottawacornwall.ca\\\/fr\\\/events\\\/espoir-en-choeur\\\/#breadcrumb\"},\"inLanguage\":\"fr-FR\",\"potentialAction\":[{\"@type\":\"ReadAction\",\"target\":[\"https:\\\/\\\/ottawacornwall.ca\\\/fr\\\/events\\\/espoir-en-choeur\\\/\"]}]},{\"@type\":\"ImageObject\",\"inLanguage\":\"fr-FR\",\"@id\":\"https:\\\/\\\/ottawacornwall.ca\\\/fr\\\/events\\\/espoir-en-choeur\\\/#primaryimage\",\"url\":\"http:\\\/\\\/ottawacornwall.ca\\\/wp-content\\\/uploads\\\/2025\\\/04\\\/Affiche-_-Espoir-en-choeur-1-225x300.png\",\"contentUrl\":\"http:\\\/\\\/ottawacornwall.ca\\\/wp-content\\\/uploads\\\/2025\\\/04\\\/Affiche-_-Espoir-en-choeur-1-225x300.png\"},{\"@type\":\"BreadcrumbList\",\"@id\":\"https:\\\/\\\/ottawacornwall.ca\\\/fr\\\/events\\\/espoir-en-choeur\\\/#breadcrumb\",\"itemListElement\":[{\"@type\":\"ListItem\",\"position\":1,\"name\":\"Home\",\"item\":\"https:\\\/\\\/ottawacornwall.ca\\\/fr\\\/\"},{\"@type\":\"ListItem\",\"position\":2,\"name\":\"Events\",\"item\":\"https:\\\/\\\/ottawacornwall.ca\\\/events\\\/\"},{\"@type\":\"ListItem\",\"position\":3,\"name\":\"Espoir en Ch\u0153ur\"}]},{\"@type\":\"WebSite\",\"@id\":\"https:\\\/\\\/ottawacornwall.ca\\\/#website\",\"url\":\"https:\\\/\\\/ottawacornwall.ca\\\/\",\"name\":\"Archdiocese of Ottawa-Cornwall\",\"description\":\"Welcome to the  Ottawa-Cornwall Archdiocese!\",\"publisher\":{\"@id\":\"https:\\\/\\\/ottawacornwall.ca\\\/#organization\"},\"potentialAction\":[{\"@type\":\"SearchAction\",\"target\":{\"@type\":\"EntryPoint\",\"urlTemplate\":\"https:\\\/\\\/ottawacornwall.ca\\\/?s={search_term_string}\"},\"query-input\":{\"@type\":\"PropertyValueSpecification\",\"valueRequired\":true,\"valueName\":\"search_term_string\"}}],\"inLanguage\":\"fr-FR\"},{\"@type\":\"Organization\",\"@id\":\"https:\\\/\\\/ottawacornwall.ca\\\/#organization\",\"name\":\"Archdiocese of Ottawa-Cornwall\",\"url\":\"https:\\\/\\\/ottawacornwall.ca\\\/\",\"logo\":{\"@type\":\"ImageObject\",\"inLanguage\":\"fr-FR\",\"@id\":\"https:\\\/\\\/ottawacornwall.ca\\\/#\\\/schema\\\/logo\\\/image\\\/\",\"url\":\"https:\\\/\\\/ottawacornwall.ca\\\/wp-content\\\/uploads\\\/2022\\\/11\\\/Archdiocese-Logo-Horizontal-Reverse-1.svg\",\"contentUrl\":\"https:\\\/\\\/ottawacornwall.ca\\\/wp-content\\\/uploads\\\/2022\\\/11\\\/Archdiocese-Logo-Horizontal-Reverse-1.svg\",\"caption\":\"Archdiocese of Ottawa-Cornwall\"},\"image\":{\"@id\":\"https:\\\/\\\/ottawacornwall.ca\\\/#\\\/schema\\\/logo\\\/image\\\/\"}}]}<\/script>\n<!-- \/ Yoast SEO plugin. -->","yoast_head_json":{"title":"Espoir en Ch\u0153ur - Archdiocese of Ottawa-Cornwall","description":"Participez au Jubil\u00e9 des Migrants (volet social) du Doyenn\u00e9 Montfort le 21 juin au terrain de la Paroisse St Gabriel.","robots":{"index":"index","follow":"follow","max-snippet":"max-snippet:-1","max-image-preview":"max-image-preview:large","max-video-preview":"max-video-preview:-1"},"canonical":"https:\/\/ottawacornwall.ca\/fr\/events\/espoir-en-choeur\/","og_locale":"fr_FR","og_type":"article","og_title":"Espoir en Ch\u0153ur - Archdiocese of Ottawa-Cornwall","og_description":"Participez au Jubil\u00e9 des Migrants (volet social) du Doyenn\u00e9 Montfort le 21 juin au terrain de la Paroisse St Gabriel.","og_url":"https:\/\/ottawacornwall.ca\/fr\/events\/espoir-en-choeur\/","og_site_name":"Archdiocese of Ottawa-Cornwall","article_modified_time":"2025-04-29T20:12:19+00:00","og_image":[{"url":"http:\/\/ottawacornwall.ca\/wp-content\/uploads\/2025\/04\/Affiche-_-Espoir-en-choeur-1-225x300.png","type":"","width":"","height":""}],"twitter_card":"summary_large_image","twitter_misc":{"Dur\u00e9e de lecture estim\u00e9e":"2 minutes"},"schema":{"@context":"https:\/\/schema.org","@graph":[{"@type":"WebPage","@id":"https:\/\/ottawacornwall.ca\/fr\/events\/espoir-en-choeur\/","url":"https:\/\/ottawacornwall.ca\/fr\/events\/espoir-en-choeur\/","name":"Espoir en Ch\u0153ur - Archdiocese of Ottawa-Cornwall","isPartOf":{"@id":"https:\/\/ottawacornwall.ca\/#website"},"primaryImageOfPage":{"@id":"https:\/\/ottawacornwall.ca\/fr\/events\/espoir-en-choeur\/#primaryimage"},"image":{"@id":"https:\/\/ottawacornwall.ca\/fr\/events\/espoir-en-choeur\/#primaryimage"},"thumbnailUrl":"http:\/\/ottawacornwall.ca\/wp-content\/uploads\/2025\/04\/Affiche-_-Espoir-en-choeur-1-225x300.png","datePublished":"2025-04-29T19:57:04+00:00","dateModified":"2025-04-29T20:12:19+00:00","description":"Participez au Jubil\u00e9 des Migrants (volet social) du Doyenn\u00e9 Montfort le 21 juin au terrain de la Paroisse St Gabriel.","breadcrumb":{"@id":"https:\/\/ottawacornwall.ca\/fr\/events\/espoir-en-choeur\/#breadcrumb"},"inLanguage":"fr-FR","potentialAction":[{"@type":"ReadAction","target":["https:\/\/ottawacornwall.ca\/fr\/events\/espoir-en-choeur\/"]}]},{"@type":"ImageObject","inLanguage":"fr-FR","@id":"https:\/\/ottawacornwall.ca\/fr\/events\/espoir-en-choeur\/#primaryimage","url":"http:\/\/ottawacornwall.ca\/wp-content\/uploads\/2025\/04\/Affiche-_-Espoir-en-choeur-1-225x300.png","contentUrl":"http:\/\/ottawacornwall.ca\/wp-content\/uploads\/2025\/04\/Affiche-_-Espoir-en-choeur-1-225x300.png"},{"@type":"BreadcrumbList","@id":"https:\/\/ottawacornwall.ca\/fr\/events\/espoir-en-choeur\/#breadcrumb","itemListElement":[{"@type":"ListItem","position":1,"name":"Home","item":"https:\/\/ottawacornwall.ca\/fr\/"},{"@type":"ListItem","position":2,"name":"Events","item":"https:\/\/ottawacornwall.ca\/events\/"},{"@type":"ListItem","position":3,"name":"Espoir en Ch\u0153ur"}]},{"@type":"WebSite","@id":"https:\/\/ottawacornwall.ca\/#website","url":"https:\/\/ottawacornwall.ca\/","name":"Archdiocese of Ottawa-Cornwall","description":"Welcome to the  Ottawa-Cornwall Archdiocese!","publisher":{"@id":"https:\/\/ottawacornwall.ca\/#organization"},"potentialAction":[{"@type":"SearchAction","target":{"@type":"EntryPoint","urlTemplate":"https:\/\/ottawacornwall.ca\/?s={search_term_string}"},"query-input":{"@type":"PropertyValueSpecification","valueRequired":true,"valueName":"search_term_string"}}],"inLanguage":"fr-FR"},{"@type":"Organization","@id":"https:\/\/ottawacornwall.ca\/#organization","name":"Archdiocese of Ottawa-Cornwall","url":"https:\/\/ottawacornwall.ca\/","logo":{"@type":"ImageObject","inLanguage":"fr-FR","@id":"https:\/\/ottawacornwall.ca\/#\/schema\/logo\/image\/","url":"https:\/\/ottawacornwall.ca\/wp-content\/uploads\/2022\/11\/Archdiocese-Logo-Horizontal-Reverse-1.svg","contentUrl":"https:\/\/ottawacornwall.ca\/wp-content\/uploads\/2022\/11\/Archdiocese-Logo-Horizontal-Reverse-1.svg","caption":"Archdiocese of Ottawa-Cornwall"},"image":{"@id":"https:\/\/ottawacornwall.ca\/#\/schema\/logo\/image\/"}}]}},"_links":{"self":[{"href":"https:\/\/ottawacornwall.ca\/fr\/wp-json\/wp\/v2\/mec-events\/30419","targetHints":{"allow":["GET"]}}],"collection":[{"href":"https:\/\/ottawacornwall.ca\/fr\/wp-json\/wp\/v2\/mec-events"}],"about":[{"href":"https:\/\/ottawacornwall.ca\/fr\/wp-json\/wp\/v2\/types\/mec-events"}],"author":[{"embeddable":true,"href":"https:\/\/ottawacornwall.ca\/fr\/wp-json\/wp\/v2\/users\/24"}],"replies":[{"embeddable":true,"href":"https:\/\/ottawacornwall.ca\/fr\/wp-json\/wp\/v2\/comments?post=30419"}],"wp:attachment":[{"href":"https:\/\/ottawacornwall.ca\/fr\/wp-json\/wp\/v2\/media?parent=30419"}],"wp:term":[{"taxonomy":"mec_category","embeddable":true,"href":"https:\/\/ottawacornwall.ca\/fr\/wp-json\/wp\/v2\/mec_category?post=30419"},{"taxonomy":"mec_tag","embeddable":true,"href":"https:\/\/ottawacornwall.ca\/fr\/wp-json\/wp\/v2\/mec_tag?post=30419"}],"curies":[{"name":"wp","href":"https:\/\/api.w.org\/{rel}","templated":true}]}}