{"id":31743,"date":"2025-05-28T10:10:06","date_gmt":"2025-05-28T14:10:06","guid":{"rendered":"https:\/\/wp268132.wpdns.ca\/?post_type=mec-events&#038;p=31743"},"modified":"2025-05-28T10:10:06","modified_gmt":"2025-05-28T14:10:06","slug":"merite-laic-reconnaissance-de-benevoles","status":"publish","type":"mec-events","link":"https:\/\/ottawacornwall.ca\/fr\/events\/merite-laic-reconnaissance-de-benevoles\/","title":{"rendered":"M\u00e9rite la\u00efc (reconnaissance de b\u00e9n\u00e9voles)"},"content":{"rendered":"<p>La c\u00e9r\u00e9monie de M\u00e9rite la\u00efc reconna\u00eet la contribution des b\u00e9n\u00e9voles \u00e0 l\u2019\u00e9glise et la vie communautaire.<\/p>\n<p>L\u2019Unit\u00e9 pastorale \u00ab Soleil levant \u00bb regroupe six paroisses, soit : St-Bernardin, St-Eug\u00e8ne, Ste-Anne-de-Prescott, St-Gr\u00e9goire de Vankleek Hill, St-Joachim de Chute-\u00e0-Blondeau et St-Jean-Baptiste de L\u2019Orignal.<\/p>\n<p>Lors d\u2019une c\u00e9r\u00e9monie annuelle, chaque paroisse d\u00e9voile son \u00ab m\u00e9rite la\u00efc \u00bb de l\u2019ann\u00e9e, d\u00e9cern\u00e9 \u00e0 un ou des b\u00e9n\u00e9voles qu\u2019on estime exemplaires par leur d\u00e9vouement. Ces personnes sont des mod\u00e8les de l\u2019implication volontaire devenue essentielle, parce que les la\u00efcs assument plus de responsabilit\u00e9 qu\u2019auparavant.<\/p>\n<p>La c\u00e9r\u00e9monie reconna\u00eet aussi des \u00e9l\u00e8ves et professeurs des \u00e9coles nourrici\u00e8res et secondaire sur le territoire. Chaque paroisse de l\u2019Unit\u00e9 pastorale Soleil levant nomme un repr\u00e9sentant qui se charge de faire le lien \u00e9cole-paroisse pour bien soutenir et entourer les familles.<\/p>\n<p>Cette ann\u00e9e, la c\u00e9r\u00e9monie M\u00e9rite la\u00efc a lieu \u00e0 l\u2019\u00e9glise Ste-Anne-de-Prescott, le 8 juin \u00e0 15h, suivi d\u2019un repas au centre communautaire le Centre d\u2019Action.<\/p>\n<p>Information: (613) 674-2042<\/p>\n","protected":false},"excerpt":{"rendered":"<p>La c\u00e9r\u00e9monie de M\u00e9rite la\u00efc reconna\u00eet la contribution des b\u00e9n\u00e9voles \u00e0 l\u2019\u00e9glise et la vie communautaire. L\u2019Unit\u00e9 pastorale \u00ab Soleil levant \u00bb regroupe six paroisses, soit : St-Bernardin, St-Eug\u00e8ne, Ste-Anne-de-Prescott, St-Gr\u00e9goire de Vankleek Hill, St-Joachim de Chute-\u00e0-Blondeau et St-Jean-Baptiste de L\u2019Orignal. Lors d\u2019une c\u00e9r\u00e9monie annuelle, chaque paroisse d\u00e9voile son \u00ab m\u00e9rite la\u00efc \u00bb de l\u2019ann\u00e9e, [&hellip;]<\/p>\n","protected":false},"author":24,"featured_media":0,"comment_status":"closed","ping_status":"closed","template":"","mec_category":[],"mec_tag":[],"class_list":["post-31743","mec-events","type-mec-events","status-publish","hentry"],"acf":[],"yoast_head":"<!-- This site is optimized with the Yoast SEO plugin v27.4 - https:\/\/yoast.com\/product\/yoast-seo-wordpress\/ -->\n<title>M\u00e9rite la\u00efc (reconnaissance de b\u00e9n\u00e9voles) - Archdiocese of Ottawa-Cornwall<\/title>\n<meta name=\"robots\" content=\"index, follow, max-snippet:-1, max-image-preview:large, max-video-preview:-1\" \/>\n<link rel=\"canonical\" href=\"https:\/\/ottawacornwall.ca\/fr\/events\/merite-laic-reconnaissance-de-benevoles\/\" \/>\n<meta property=\"og:locale\" content=\"fr_FR\" \/>\n<meta property=\"og:type\" content=\"article\" \/>\n<meta property=\"og:title\" content=\"M\u00e9rite la\u00efc (reconnaissance de b\u00e9n\u00e9voles) - Archdiocese of Ottawa-Cornwall\" \/>\n<meta property=\"og:description\" content=\"La c\u00e9r\u00e9monie de M\u00e9rite la\u00efc reconna\u00eet la contribution des b\u00e9n\u00e9voles \u00e0 l\u2019\u00e9glise et la vie communautaire. L\u2019Unit\u00e9 pastorale \u00ab Soleil levant \u00bb regroupe six paroisses, soit : St-Bernardin, St-Eug\u00e8ne, Ste-Anne-de-Prescott, St-Gr\u00e9goire de Vankleek Hill, St-Joachim de Chute-\u00e0-Blondeau et St-Jean-Baptiste de L\u2019Orignal. Lors d\u2019une c\u00e9r\u00e9monie annuelle, chaque paroisse d\u00e9voile son \u00ab m\u00e9rite la\u00efc \u00bb de l\u2019ann\u00e9e, [&hellip;]\" \/>\n<meta property=\"og:url\" content=\"https:\/\/ottawacornwall.ca\/fr\/events\/merite-laic-reconnaissance-de-benevoles\/\" \/>\n<meta property=\"og:site_name\" content=\"Archdiocese of Ottawa-Cornwall\" \/>\n<meta name=\"twitter:card\" content=\"summary_large_image\" \/>\n<meta name=\"twitter:label1\" content=\"Dur\u00e9e de lecture estim\u00e9e\" \/>\n\t<meta name=\"twitter:data1\" content=\"1 minute\" \/>\n<script type=\"application\/ld+json\" class=\"yoast-schema-graph\">{\"@context\":\"https:\\\/\\\/schema.org\",\"@graph\":[{\"@type\":\"WebPage\",\"@id\":\"https:\\\/\\\/ottawacornwall.ca\\\/fr\\\/events\\\/merite-laic-reconnaissance-de-benevoles\\\/\",\"url\":\"https:\\\/\\\/ottawacornwall.ca\\\/fr\\\/events\\\/merite-laic-reconnaissance-de-benevoles\\\/\",\"name\":\"M\u00e9rite la\u00efc (reconnaissance de b\u00e9n\u00e9voles) - Archdiocese of Ottawa-Cornwall\",\"isPartOf\":{\"@id\":\"https:\\\/\\\/ottawacornwall.ca\\\/#website\"},\"datePublished\":\"2025-05-28T14:10:06+00:00\",\"breadcrumb\":{\"@id\":\"https:\\\/\\\/ottawacornwall.ca\\\/fr\\\/events\\\/merite-laic-reconnaissance-de-benevoles\\\/#breadcrumb\"},\"inLanguage\":\"fr-FR\",\"potentialAction\":[{\"@type\":\"ReadAction\",\"target\":[\"https:\\\/\\\/ottawacornwall.ca\\\/fr\\\/events\\\/merite-laic-reconnaissance-de-benevoles\\\/\"]}]},{\"@type\":\"BreadcrumbList\",\"@id\":\"https:\\\/\\\/ottawacornwall.ca\\\/fr\\\/events\\\/merite-laic-reconnaissance-de-benevoles\\\/#breadcrumb\",\"itemListElement\":[{\"@type\":\"ListItem\",\"position\":1,\"name\":\"Home\",\"item\":\"https:\\\/\\\/ottawacornwall.ca\\\/fr\\\/\"},{\"@type\":\"ListItem\",\"position\":2,\"name\":\"Events\",\"item\":\"https:\\\/\\\/ottawacornwall.ca\\\/events\\\/\"},{\"@type\":\"ListItem\",\"position\":3,\"name\":\"M\u00e9rite la\u00efc (reconnaissance de b\u00e9n\u00e9voles)\"}]},{\"@type\":\"WebSite\",\"@id\":\"https:\\\/\\\/ottawacornwall.ca\\\/#website\",\"url\":\"https:\\\/\\\/ottawacornwall.ca\\\/\",\"name\":\"Archdiocese of Ottawa-Cornwall\",\"description\":\"Welcome to the  Ottawa-Cornwall Archdiocese!\",\"publisher\":{\"@id\":\"https:\\\/\\\/ottawacornwall.ca\\\/#organization\"},\"potentialAction\":[{\"@type\":\"SearchAction\",\"target\":{\"@type\":\"EntryPoint\",\"urlTemplate\":\"https:\\\/\\\/ottawacornwall.ca\\\/?s={search_term_string}\"},\"query-input\":{\"@type\":\"PropertyValueSpecification\",\"valueRequired\":true,\"valueName\":\"search_term_string\"}}],\"inLanguage\":\"fr-FR\"},{\"@type\":\"Organization\",\"@id\":\"https:\\\/\\\/ottawacornwall.ca\\\/#organization\",\"name\":\"Archdiocese of Ottawa-Cornwall\",\"url\":\"https:\\\/\\\/ottawacornwall.ca\\\/\",\"logo\":{\"@type\":\"ImageObject\",\"inLanguage\":\"fr-FR\",\"@id\":\"https:\\\/\\\/ottawacornwall.ca\\\/#\\\/schema\\\/logo\\\/image\\\/\",\"url\":\"https:\\\/\\\/ottawacornwall.ca\\\/wp-content\\\/uploads\\\/2022\\\/11\\\/Archdiocese-Logo-Horizontal-Reverse-1.svg\",\"contentUrl\":\"https:\\\/\\\/ottawacornwall.ca\\\/wp-content\\\/uploads\\\/2022\\\/11\\\/Archdiocese-Logo-Horizontal-Reverse-1.svg\",\"caption\":\"Archdiocese of Ottawa-Cornwall\"},\"image\":{\"@id\":\"https:\\\/\\\/ottawacornwall.ca\\\/#\\\/schema\\\/logo\\\/image\\\/\"}}]}<\/script>\n<!-- \/ Yoast SEO plugin. -->","yoast_head_json":{"title":"M\u00e9rite la\u00efc (reconnaissance de b\u00e9n\u00e9voles) - Archdiocese of Ottawa-Cornwall","robots":{"index":"index","follow":"follow","max-snippet":"max-snippet:-1","max-image-preview":"max-image-preview:large","max-video-preview":"max-video-preview:-1"},"canonical":"https:\/\/ottawacornwall.ca\/fr\/events\/merite-laic-reconnaissance-de-benevoles\/","og_locale":"fr_FR","og_type":"article","og_title":"M\u00e9rite la\u00efc (reconnaissance de b\u00e9n\u00e9voles) - Archdiocese of Ottawa-Cornwall","og_description":"La c\u00e9r\u00e9monie de M\u00e9rite la\u00efc reconna\u00eet la contribution des b\u00e9n\u00e9voles \u00e0 l\u2019\u00e9glise et la vie communautaire. L\u2019Unit\u00e9 pastorale \u00ab Soleil levant \u00bb regroupe six paroisses, soit : St-Bernardin, St-Eug\u00e8ne, Ste-Anne-de-Prescott, St-Gr\u00e9goire de Vankleek Hill, St-Joachim de Chute-\u00e0-Blondeau et St-Jean-Baptiste de L\u2019Orignal. Lors d\u2019une c\u00e9r\u00e9monie annuelle, chaque paroisse d\u00e9voile son \u00ab m\u00e9rite la\u00efc \u00bb de l\u2019ann\u00e9e, [&hellip;]","og_url":"https:\/\/ottawacornwall.ca\/fr\/events\/merite-laic-reconnaissance-de-benevoles\/","og_site_name":"Archdiocese of Ottawa-Cornwall","twitter_card":"summary_large_image","twitter_misc":{"Dur\u00e9e de lecture estim\u00e9e":"1 minute"},"schema":{"@context":"https:\/\/schema.org","@graph":[{"@type":"WebPage","@id":"https:\/\/ottawacornwall.ca\/fr\/events\/merite-laic-reconnaissance-de-benevoles\/","url":"https:\/\/ottawacornwall.ca\/fr\/events\/merite-laic-reconnaissance-de-benevoles\/","name":"M\u00e9rite la\u00efc (reconnaissance de b\u00e9n\u00e9voles) - Archdiocese of Ottawa-Cornwall","isPartOf":{"@id":"https:\/\/ottawacornwall.ca\/#website"},"datePublished":"2025-05-28T14:10:06+00:00","breadcrumb":{"@id":"https:\/\/ottawacornwall.ca\/fr\/events\/merite-laic-reconnaissance-de-benevoles\/#breadcrumb"},"inLanguage":"fr-FR","potentialAction":[{"@type":"ReadAction","target":["https:\/\/ottawacornwall.ca\/fr\/events\/merite-laic-reconnaissance-de-benevoles\/"]}]},{"@type":"BreadcrumbList","@id":"https:\/\/ottawacornwall.ca\/fr\/events\/merite-laic-reconnaissance-de-benevoles\/#breadcrumb","itemListElement":[{"@type":"ListItem","position":1,"name":"Home","item":"https:\/\/ottawacornwall.ca\/fr\/"},{"@type":"ListItem","position":2,"name":"Events","item":"https:\/\/ottawacornwall.ca\/events\/"},{"@type":"ListItem","position":3,"name":"M\u00e9rite la\u00efc (reconnaissance de b\u00e9n\u00e9voles)"}]},{"@type":"WebSite","@id":"https:\/\/ottawacornwall.ca\/#website","url":"https:\/\/ottawacornwall.ca\/","name":"Archdiocese of Ottawa-Cornwall","description":"Welcome to the  Ottawa-Cornwall Archdiocese!","publisher":{"@id":"https:\/\/ottawacornwall.ca\/#organization"},"potentialAction":[{"@type":"SearchAction","target":{"@type":"EntryPoint","urlTemplate":"https:\/\/ottawacornwall.ca\/?s={search_term_string}"},"query-input":{"@type":"PropertyValueSpecification","valueRequired":true,"valueName":"search_term_string"}}],"inLanguage":"fr-FR"},{"@type":"Organization","@id":"https:\/\/ottawacornwall.ca\/#organization","name":"Archdiocese of Ottawa-Cornwall","url":"https:\/\/ottawacornwall.ca\/","logo":{"@type":"ImageObject","inLanguage":"fr-FR","@id":"https:\/\/ottawacornwall.ca\/#\/schema\/logo\/image\/","url":"https:\/\/ottawacornwall.ca\/wp-content\/uploads\/2022\/11\/Archdiocese-Logo-Horizontal-Reverse-1.svg","contentUrl":"https:\/\/ottawacornwall.ca\/wp-content\/uploads\/2022\/11\/Archdiocese-Logo-Horizontal-Reverse-1.svg","caption":"Archdiocese of Ottawa-Cornwall"},"image":{"@id":"https:\/\/ottawacornwall.ca\/#\/schema\/logo\/image\/"}}]}},"_links":{"self":[{"href":"https:\/\/ottawacornwall.ca\/fr\/wp-json\/wp\/v2\/mec-events\/31743","targetHints":{"allow":["GET"]}}],"collection":[{"href":"https:\/\/ottawacornwall.ca\/fr\/wp-json\/wp\/v2\/mec-events"}],"about":[{"href":"https:\/\/ottawacornwall.ca\/fr\/wp-json\/wp\/v2\/types\/mec-events"}],"author":[{"embeddable":true,"href":"https:\/\/ottawacornwall.ca\/fr\/wp-json\/wp\/v2\/users\/24"}],"replies":[{"embeddable":true,"href":"https:\/\/ottawacornwall.ca\/fr\/wp-json\/wp\/v2\/comments?post=31743"}],"wp:attachment":[{"href":"https:\/\/ottawacornwall.ca\/fr\/wp-json\/wp\/v2\/media?parent=31743"}],"wp:term":[{"taxonomy":"mec_category","embeddable":true,"href":"https:\/\/ottawacornwall.ca\/fr\/wp-json\/wp\/v2\/mec_category?post=31743"},{"taxonomy":"mec_tag","embeddable":true,"href":"https:\/\/ottawacornwall.ca\/fr\/wp-json\/wp\/v2\/mec_tag?post=31743"}],"curies":[{"name":"wp","href":"https:\/\/api.w.org\/{rel}","templated":true}]}}