{"id":31767,"date":"2025-05-26T16:21:15","date_gmt":"2025-05-26T20:21:15","guid":{"rendered":"https:\/\/wp268132.wpdns.ca\/?post_type=mec-events&#038;p=31767"},"modified":"2025-05-27T08:53:25","modified_gmt":"2025-05-27T12:53:25","slug":"foi-et-television-chretienne-congres-annuel-3","status":"publish","type":"mec-events","link":"https:\/\/ottawacornwall.ca\/fr\/events\/foi-et-television-chretienne-congres-annuel-3\/","title":{"rendered":"Foi et T\u00e9l\u00e9vision chr\u00e9tienne \u2013 Congr\u00e8s annuel"},"content":{"rendered":"<p><span data-olk-copy-source=\"MessageBody\">Le congr\u00e8s de Foi et T\u00e9l\u00e9vision chr\u00e9tienne dont\u00a0<b>le th\u00e8me<\/b>\u00a0est\u00a0<b>\u00ab\u00a0REDRESSE-TOI! REL\u00c8VE-TOI!\u00a0<\/b>\u00bb se tiendra le\u00a0<b>6 juin 2025<\/b>\u00a0<strong>de 10 h \u00e0 17 h<\/strong> et le\u00a0<b>7 juin<\/b>\u00a0de <strong>9 h 15 \u00e0 16 h 30 \u00e0 l&rsquo;\u00e9glise\u00a0<\/strong><b>Saint-Gabriel,<\/b>\u00a055, rue Appleford, Ottawa, K1J 6T6.\u00a0<b>Les conf\u00e9renciers<\/b>\u00a0seront Philippe Thomas, d\u2019Esprit Jeunesse, l&rsquo;abb\u00e9 Damien Dewornu, l\u2019abb\u00e9 Joseph Lin \u00c9veillard, l\u2019abb\u00e9 Martin Kabanga, l\u2019abb\u00e9 Apollinaire Ntamabyaliro et Mgr Yvan Mathieu.\u00a0<\/span><\/p>\n<p><span data-olk-copy-source=\"MessageBody\"><b>Entr\u00e9e libre<\/b>, <\/span><strong>Ev\u00e8nement gratuit.<\/strong><\/p>\n<p><span data-olk-copy-source=\"MessageBody\"><strong>Pour plus de renseignements sur Foi et T\u00e9l\u00e9vision chr\u00e9tienne<\/strong>:\u00a0<\/span><u><a id=\"OWA24c36cc3-3f42-8cd2-dc2e-416ac49c6482\" class=\"x_OWAAutoLink\" title=\"Original URL: http:\/\/foi-et-televisionchretienne.org\/. Click or tap if you trust this link.\" href=\"https:\/\/can01.safelinks.protection.outlook.com\/?url=http%3A%2F%2Ffoi-et-televisionchretienne.org%2F&amp;data=05%7C02%7Cinfo%40ottawacornwall.ca%7C8609bb6caa7d4106153a08dd9c8c8188%7C1b7e2ac160024c61a2c856ccc6653a41%7C0%7C0%7C638838849513799717%7CUnknown%7CTWFpbGZsb3d8eyJFbXB0eU1hcGkiOnRydWUsIlYiOiIwLjAuMDAwMCIsIlAiOiJXaW4zMiIsIkFOIjoiTWFpbCIsIldUIjoyfQ%3D%3D%7C60000%7C%7C%7C&amp;sdata=ziCA2gJfl%2F7TcFOlXVL%2F1bXTW2hRn3xOSXtA853ks1k%3D&amp;reserved=0\" target=\"_blank\" rel=\"noopener noreferrer\" data-auth=\"NotApplicable\" data-linkindex=\"1\">http:\/\/foi-et-televisionchretienne.org\/<\/a><\/u><\/p>\n<p><strong>Pour les \u00e9v\u00e9nements \u00e0 venir consulter le lien suivant: <\/strong><a href=\"http:\/\/foi-et-televisionchretienne.org\/Activites.html\">FTC &#8211; Activit\u00e9s<\/a><\/p>\n<p>&nbsp;<\/p>\n","protected":false},"excerpt":{"rendered":"<p>Le congr\u00e8s de Foi et T\u00e9l\u00e9vision chr\u00e9tienne dont\u00a0le th\u00e8me\u00a0est\u00a0\u00ab\u00a0REDRESSE-TOI! REL\u00c8VE-TOI!\u00a0\u00bb se tiendra le\u00a06 juin 2025\u00a0de 10 h \u00e0 17 h et le\u00a07 juin\u00a0de 9 h 15 \u00e0 16 h 30 \u00e0 l&rsquo;\u00e9glise\u00a0Saint-Gabriel,\u00a055, rue Appleford, Ottawa, K1J 6T6.\u00a0Les conf\u00e9renciers\u00a0seront Philippe Thomas, d\u2019Esprit Jeunesse, l&rsquo;abb\u00e9 Damien Dewornu, l\u2019abb\u00e9 Joseph Lin \u00c9veillard, l\u2019abb\u00e9 Martin Kabanga, l\u2019abb\u00e9 Apollinaire Ntamabyaliro [&hellip;]<\/p>\n","protected":false},"author":24,"featured_media":31769,"comment_status":"closed","ping_status":"closed","template":"","mec_category":[426],"mec_tag":[],"class_list":["post-31767","mec-events","type-mec-events","status-publish","has-post-thumbnail","hentry","mec_category-all-areas-fr"],"acf":[],"yoast_head":"<!-- This site is optimized with the Yoast SEO plugin v27.4 - https:\/\/yoast.com\/product\/yoast-seo-wordpress\/ -->\n<title>Foi et T\u00e9l\u00e9vision chr\u00e9tienne \u2013 Congr\u00e8s annuel - Archdiocese of Ottawa-Cornwall<\/title>\n<meta name=\"robots\" content=\"index, follow, max-snippet:-1, max-image-preview:large, max-video-preview:-1\" \/>\n<link rel=\"canonical\" href=\"https:\/\/ottawacornwall.ca\/fr\/events\/foi-et-television-chretienne-congres-annuel-3\/\" \/>\n<meta property=\"og:locale\" content=\"fr_FR\" \/>\n<meta property=\"og:type\" content=\"article\" \/>\n<meta property=\"og:title\" content=\"Foi et T\u00e9l\u00e9vision chr\u00e9tienne \u2013 Congr\u00e8s annuel - Archdiocese of Ottawa-Cornwall\" \/>\n<meta property=\"og:description\" content=\"Le congr\u00e8s de Foi et T\u00e9l\u00e9vision chr\u00e9tienne dont\u00a0le th\u00e8me\u00a0est\u00a0\u00ab\u00a0REDRESSE-TOI! REL\u00c8VE-TOI!\u00a0\u00bb se tiendra le\u00a06 juin 2025\u00a0de 10 h \u00e0 17 h et le\u00a07 juin\u00a0de 9 h 15 \u00e0 16 h 30 \u00e0 l&rsquo;\u00e9glise\u00a0Saint-Gabriel,\u00a055, rue Appleford, Ottawa, K1J 6T6.\u00a0Les conf\u00e9renciers\u00a0seront Philippe Thomas, d\u2019Esprit Jeunesse, l&rsquo;abb\u00e9 Damien Dewornu, l\u2019abb\u00e9 Joseph Lin \u00c9veillard, l\u2019abb\u00e9 Martin Kabanga, l\u2019abb\u00e9 Apollinaire Ntamabyaliro [&hellip;]\" \/>\n<meta property=\"og:url\" content=\"https:\/\/ottawacornwall.ca\/fr\/events\/foi-et-television-chretienne-congres-annuel-3\/\" \/>\n<meta property=\"og:site_name\" content=\"Archdiocese of Ottawa-Cornwall\" \/>\n<meta property=\"article:modified_time\" content=\"2025-05-27T12:53:25+00:00\" \/>\n<meta property=\"og:image\" content=\"https:\/\/ottawacornwall.ca\/wp-content\/uploads\/2025\/05\/FTC-logo-5.jpg\" \/>\n\t<meta property=\"og:image:width\" content=\"640\" \/>\n\t<meta property=\"og:image:height\" content=\"587\" \/>\n\t<meta property=\"og:image:type\" content=\"image\/jpeg\" \/>\n<meta name=\"twitter:card\" content=\"summary_large_image\" \/>\n<meta name=\"twitter:label1\" content=\"Dur\u00e9e de lecture estim\u00e9e\" \/>\n\t<meta name=\"twitter:data1\" content=\"1 minute\" \/>\n<script type=\"application\/ld+json\" class=\"yoast-schema-graph\">{\"@context\":\"https:\\\/\\\/schema.org\",\"@graph\":[{\"@type\":\"WebPage\",\"@id\":\"https:\\\/\\\/ottawacornwall.ca\\\/fr\\\/events\\\/foi-et-television-chretienne-congres-annuel-3\\\/\",\"url\":\"https:\\\/\\\/ottawacornwall.ca\\\/fr\\\/events\\\/foi-et-television-chretienne-congres-annuel-3\\\/\",\"name\":\"Foi et T\u00e9l\u00e9vision chr\u00e9tienne \u2013 Congr\u00e8s annuel - Archdiocese of Ottawa-Cornwall\",\"isPartOf\":{\"@id\":\"https:\\\/\\\/ottawacornwall.ca\\\/#website\"},\"primaryImageOfPage\":{\"@id\":\"https:\\\/\\\/ottawacornwall.ca\\\/fr\\\/events\\\/foi-et-television-chretienne-congres-annuel-3\\\/#primaryimage\"},\"image\":{\"@id\":\"https:\\\/\\\/ottawacornwall.ca\\\/fr\\\/events\\\/foi-et-television-chretienne-congres-annuel-3\\\/#primaryimage\"},\"thumbnailUrl\":\"https:\\\/\\\/ottawacornwall.ca\\\/wp-content\\\/uploads\\\/2025\\\/05\\\/FTC-logo-5.jpg\",\"datePublished\":\"2025-05-26T20:21:15+00:00\",\"dateModified\":\"2025-05-27T12:53:25+00:00\",\"breadcrumb\":{\"@id\":\"https:\\\/\\\/ottawacornwall.ca\\\/fr\\\/events\\\/foi-et-television-chretienne-congres-annuel-3\\\/#breadcrumb\"},\"inLanguage\":\"fr-FR\",\"potentialAction\":[{\"@type\":\"ReadAction\",\"target\":[\"https:\\\/\\\/ottawacornwall.ca\\\/fr\\\/events\\\/foi-et-television-chretienne-congres-annuel-3\\\/\"]}]},{\"@type\":\"ImageObject\",\"inLanguage\":\"fr-FR\",\"@id\":\"https:\\\/\\\/ottawacornwall.ca\\\/fr\\\/events\\\/foi-et-television-chretienne-congres-annuel-3\\\/#primaryimage\",\"url\":\"https:\\\/\\\/ottawacornwall.ca\\\/wp-content\\\/uploads\\\/2025\\\/05\\\/FTC-logo-5.jpg\",\"contentUrl\":\"https:\\\/\\\/ottawacornwall.ca\\\/wp-content\\\/uploads\\\/2025\\\/05\\\/FTC-logo-5.jpg\",\"width\":640,\"height\":587},{\"@type\":\"BreadcrumbList\",\"@id\":\"https:\\\/\\\/ottawacornwall.ca\\\/fr\\\/events\\\/foi-et-television-chretienne-congres-annuel-3\\\/#breadcrumb\",\"itemListElement\":[{\"@type\":\"ListItem\",\"position\":1,\"name\":\"Home\",\"item\":\"https:\\\/\\\/ottawacornwall.ca\\\/fr\\\/\"},{\"@type\":\"ListItem\",\"position\":2,\"name\":\"Events\",\"item\":\"https:\\\/\\\/ottawacornwall.ca\\\/events\\\/\"},{\"@type\":\"ListItem\",\"position\":3,\"name\":\"Foi et T\u00e9l\u00e9vision chr\u00e9tienne \u2013 Congr\u00e8s annuel\"}]},{\"@type\":\"WebSite\",\"@id\":\"https:\\\/\\\/ottawacornwall.ca\\\/#website\",\"url\":\"https:\\\/\\\/ottawacornwall.ca\\\/\",\"name\":\"Archdiocese of Ottawa-Cornwall\",\"description\":\"Welcome to the  Ottawa-Cornwall Archdiocese!\",\"publisher\":{\"@id\":\"https:\\\/\\\/ottawacornwall.ca\\\/#organization\"},\"potentialAction\":[{\"@type\":\"SearchAction\",\"target\":{\"@type\":\"EntryPoint\",\"urlTemplate\":\"https:\\\/\\\/ottawacornwall.ca\\\/?s={search_term_string}\"},\"query-input\":{\"@type\":\"PropertyValueSpecification\",\"valueRequired\":true,\"valueName\":\"search_term_string\"}}],\"inLanguage\":\"fr-FR\"},{\"@type\":\"Organization\",\"@id\":\"https:\\\/\\\/ottawacornwall.ca\\\/#organization\",\"name\":\"Archdiocese of Ottawa-Cornwall\",\"url\":\"https:\\\/\\\/ottawacornwall.ca\\\/\",\"logo\":{\"@type\":\"ImageObject\",\"inLanguage\":\"fr-FR\",\"@id\":\"https:\\\/\\\/ottawacornwall.ca\\\/#\\\/schema\\\/logo\\\/image\\\/\",\"url\":\"https:\\\/\\\/ottawacornwall.ca\\\/wp-content\\\/uploads\\\/2022\\\/11\\\/Archdiocese-Logo-Horizontal-Reverse-1.svg\",\"contentUrl\":\"https:\\\/\\\/ottawacornwall.ca\\\/wp-content\\\/uploads\\\/2022\\\/11\\\/Archdiocese-Logo-Horizontal-Reverse-1.svg\",\"caption\":\"Archdiocese of Ottawa-Cornwall\"},\"image\":{\"@id\":\"https:\\\/\\\/ottawacornwall.ca\\\/#\\\/schema\\\/logo\\\/image\\\/\"}}]}<\/script>\n<!-- \/ Yoast SEO plugin. -->","yoast_head_json":{"title":"Foi et T\u00e9l\u00e9vision chr\u00e9tienne \u2013 Congr\u00e8s annuel - Archdiocese of Ottawa-Cornwall","robots":{"index":"index","follow":"follow","max-snippet":"max-snippet:-1","max-image-preview":"max-image-preview:large","max-video-preview":"max-video-preview:-1"},"canonical":"https:\/\/ottawacornwall.ca\/fr\/events\/foi-et-television-chretienne-congres-annuel-3\/","og_locale":"fr_FR","og_type":"article","og_title":"Foi et T\u00e9l\u00e9vision chr\u00e9tienne \u2013 Congr\u00e8s annuel - Archdiocese of Ottawa-Cornwall","og_description":"Le congr\u00e8s de Foi et T\u00e9l\u00e9vision chr\u00e9tienne dont\u00a0le th\u00e8me\u00a0est\u00a0\u00ab\u00a0REDRESSE-TOI! REL\u00c8VE-TOI!\u00a0\u00bb se tiendra le\u00a06 juin 2025\u00a0de 10 h \u00e0 17 h et le\u00a07 juin\u00a0de 9 h 15 \u00e0 16 h 30 \u00e0 l&rsquo;\u00e9glise\u00a0Saint-Gabriel,\u00a055, rue Appleford, Ottawa, K1J 6T6.\u00a0Les conf\u00e9renciers\u00a0seront Philippe Thomas, d\u2019Esprit Jeunesse, l&rsquo;abb\u00e9 Damien Dewornu, l\u2019abb\u00e9 Joseph Lin \u00c9veillard, l\u2019abb\u00e9 Martin Kabanga, l\u2019abb\u00e9 Apollinaire Ntamabyaliro [&hellip;]","og_url":"https:\/\/ottawacornwall.ca\/fr\/events\/foi-et-television-chretienne-congres-annuel-3\/","og_site_name":"Archdiocese of Ottawa-Cornwall","article_modified_time":"2025-05-27T12:53:25+00:00","og_image":[{"width":640,"height":587,"url":"https:\/\/ottawacornwall.ca\/wp-content\/uploads\/2025\/05\/FTC-logo-5.jpg","type":"image\/jpeg"}],"twitter_card":"summary_large_image","twitter_misc":{"Dur\u00e9e de lecture estim\u00e9e":"1 minute"},"schema":{"@context":"https:\/\/schema.org","@graph":[{"@type":"WebPage","@id":"https:\/\/ottawacornwall.ca\/fr\/events\/foi-et-television-chretienne-congres-annuel-3\/","url":"https:\/\/ottawacornwall.ca\/fr\/events\/foi-et-television-chretienne-congres-annuel-3\/","name":"Foi et T\u00e9l\u00e9vision chr\u00e9tienne \u2013 Congr\u00e8s annuel - Archdiocese of Ottawa-Cornwall","isPartOf":{"@id":"https:\/\/ottawacornwall.ca\/#website"},"primaryImageOfPage":{"@id":"https:\/\/ottawacornwall.ca\/fr\/events\/foi-et-television-chretienne-congres-annuel-3\/#primaryimage"},"image":{"@id":"https:\/\/ottawacornwall.ca\/fr\/events\/foi-et-television-chretienne-congres-annuel-3\/#primaryimage"},"thumbnailUrl":"https:\/\/ottawacornwall.ca\/wp-content\/uploads\/2025\/05\/FTC-logo-5.jpg","datePublished":"2025-05-26T20:21:15+00:00","dateModified":"2025-05-27T12:53:25+00:00","breadcrumb":{"@id":"https:\/\/ottawacornwall.ca\/fr\/events\/foi-et-television-chretienne-congres-annuel-3\/#breadcrumb"},"inLanguage":"fr-FR","potentialAction":[{"@type":"ReadAction","target":["https:\/\/ottawacornwall.ca\/fr\/events\/foi-et-television-chretienne-congres-annuel-3\/"]}]},{"@type":"ImageObject","inLanguage":"fr-FR","@id":"https:\/\/ottawacornwall.ca\/fr\/events\/foi-et-television-chretienne-congres-annuel-3\/#primaryimage","url":"https:\/\/ottawacornwall.ca\/wp-content\/uploads\/2025\/05\/FTC-logo-5.jpg","contentUrl":"https:\/\/ottawacornwall.ca\/wp-content\/uploads\/2025\/05\/FTC-logo-5.jpg","width":640,"height":587},{"@type":"BreadcrumbList","@id":"https:\/\/ottawacornwall.ca\/fr\/events\/foi-et-television-chretienne-congres-annuel-3\/#breadcrumb","itemListElement":[{"@type":"ListItem","position":1,"name":"Home","item":"https:\/\/ottawacornwall.ca\/fr\/"},{"@type":"ListItem","position":2,"name":"Events","item":"https:\/\/ottawacornwall.ca\/events\/"},{"@type":"ListItem","position":3,"name":"Foi et T\u00e9l\u00e9vision chr\u00e9tienne \u2013 Congr\u00e8s annuel"}]},{"@type":"WebSite","@id":"https:\/\/ottawacornwall.ca\/#website","url":"https:\/\/ottawacornwall.ca\/","name":"Archdiocese of Ottawa-Cornwall","description":"Welcome to the  Ottawa-Cornwall Archdiocese!","publisher":{"@id":"https:\/\/ottawacornwall.ca\/#organization"},"potentialAction":[{"@type":"SearchAction","target":{"@type":"EntryPoint","urlTemplate":"https:\/\/ottawacornwall.ca\/?s={search_term_string}"},"query-input":{"@type":"PropertyValueSpecification","valueRequired":true,"valueName":"search_term_string"}}],"inLanguage":"fr-FR"},{"@type":"Organization","@id":"https:\/\/ottawacornwall.ca\/#organization","name":"Archdiocese of Ottawa-Cornwall","url":"https:\/\/ottawacornwall.ca\/","logo":{"@type":"ImageObject","inLanguage":"fr-FR","@id":"https:\/\/ottawacornwall.ca\/#\/schema\/logo\/image\/","url":"https:\/\/ottawacornwall.ca\/wp-content\/uploads\/2022\/11\/Archdiocese-Logo-Horizontal-Reverse-1.svg","contentUrl":"https:\/\/ottawacornwall.ca\/wp-content\/uploads\/2022\/11\/Archdiocese-Logo-Horizontal-Reverse-1.svg","caption":"Archdiocese of Ottawa-Cornwall"},"image":{"@id":"https:\/\/ottawacornwall.ca\/#\/schema\/logo\/image\/"}}]}},"_links":{"self":[{"href":"https:\/\/ottawacornwall.ca\/fr\/wp-json\/wp\/v2\/mec-events\/31767","targetHints":{"allow":["GET"]}}],"collection":[{"href":"https:\/\/ottawacornwall.ca\/fr\/wp-json\/wp\/v2\/mec-events"}],"about":[{"href":"https:\/\/ottawacornwall.ca\/fr\/wp-json\/wp\/v2\/types\/mec-events"}],"author":[{"embeddable":true,"href":"https:\/\/ottawacornwall.ca\/fr\/wp-json\/wp\/v2\/users\/24"}],"replies":[{"embeddable":true,"href":"https:\/\/ottawacornwall.ca\/fr\/wp-json\/wp\/v2\/comments?post=31767"}],"wp:featuredmedia":[{"embeddable":true,"href":"https:\/\/ottawacornwall.ca\/fr\/wp-json\/wp\/v2\/media\/31769"}],"wp:attachment":[{"href":"https:\/\/ottawacornwall.ca\/fr\/wp-json\/wp\/v2\/media?parent=31767"}],"wp:term":[{"taxonomy":"mec_category","embeddable":true,"href":"https:\/\/ottawacornwall.ca\/fr\/wp-json\/wp\/v2\/mec_category?post=31767"},{"taxonomy":"mec_tag","embeddable":true,"href":"https:\/\/ottawacornwall.ca\/fr\/wp-json\/wp\/v2\/mec_tag?post=31767"}],"curies":[{"name":"wp","href":"https:\/\/api.w.org\/{rel}","templated":true}]}}