{"id":33025,"date":"2025-07-21T09:01:54","date_gmt":"2025-07-21T13:01:54","guid":{"rendered":"https:\/\/wp268132.wpdns.ca\/?post_type=mec-events&#038;p=33025"},"modified":"2025-07-21T09:01:54","modified_gmt":"2025-07-21T13:01:54","slug":"fete-de-la-bonne-sainte-anne-avec-procession","status":"publish","type":"mec-events","link":"https:\/\/ottawacornwall.ca\/fr\/events\/fete-de-la-bonne-sainte-anne-avec-procession\/","title":{"rendered":"F\u00eate de la bonne Sainte Anne avec procession"},"content":{"rendered":"<p>Le 27 juillet prochain \u00e0 la messe de 9h30 aura lieu la f\u00eate de Sainte Anne, notre sainte patronne, cette sainte v\u00e9n\u00e9r\u00e9e dans nos contr\u00e9es depuis l\u2019\u00e9poque de la Nouvelle France.<\/p>\n<p>Apr\u00e8s la messe, nous ferons la traditionnelle procession color\u00e9e dans les rues du village, avec banni\u00e8res et drapeaux. En cette ann\u00e9e jubilaire, avec la chanson-th\u00e8me P\u00e8lerins d\u2019esp\u00e9rance, on vous invite \u00e0 apporter un b\u00e2ton de p\u00e8lerin, pour \u00ab marcher ensemble \u00bb. Nous vous invitons \u00e0 cette c\u00e9l\u00e9bration sp\u00e9ciale, au cours de laquelle nous rendrons gr\u00e2ce \u00e0 la bonne Sainte Anne pour les bienfaits de la derni\u00e8re ann\u00e9e et lui demander de prier pour nous.<\/p>\n","protected":false},"excerpt":{"rendered":"<p>Le 27 juillet prochain \u00e0 la messe de 9h30 aura lieu la f\u00eate de Sainte Anne, notre sainte patronne, cette sainte v\u00e9n\u00e9r\u00e9e dans nos contr\u00e9es depuis l\u2019\u00e9poque de la Nouvelle France. Apr\u00e8s la messe, nous ferons la traditionnelle procession color\u00e9e dans les rues du village, avec banni\u00e8res et drapeaux. En cette ann\u00e9e jubilaire, avec la [&hellip;]<\/p>\n","protected":false},"author":21,"featured_media":33026,"comment_status":"closed","ping_status":"closed","template":"","mec_category":[426],"mec_tag":[],"class_list":["post-33025","mec-events","type-mec-events","status-publish","has-post-thumbnail","hentry","mec_category-all-areas-fr"],"acf":[],"yoast_head":"<!-- This site is optimized with the Yoast SEO plugin v27.4 - https:\/\/yoast.com\/product\/yoast-seo-wordpress\/ -->\n<title>F\u00eate de la bonne Sainte Anne avec procession - Archdiocese of Ottawa-Cornwall<\/title>\n<meta name=\"robots\" content=\"index, follow, max-snippet:-1, max-image-preview:large, max-video-preview:-1\" \/>\n<link rel=\"canonical\" href=\"https:\/\/ottawacornwall.ca\/fr\/events\/fete-de-la-bonne-sainte-anne-avec-procession\/\" \/>\n<meta property=\"og:locale\" content=\"fr_FR\" \/>\n<meta property=\"og:type\" content=\"article\" \/>\n<meta property=\"og:title\" content=\"F\u00eate de la bonne Sainte Anne avec procession - Archdiocese of Ottawa-Cornwall\" \/>\n<meta property=\"og:description\" content=\"Le 27 juillet prochain \u00e0 la messe de 9h30 aura lieu la f\u00eate de Sainte Anne, notre sainte patronne, cette sainte v\u00e9n\u00e9r\u00e9e dans nos contr\u00e9es depuis l\u2019\u00e9poque de la Nouvelle France. Apr\u00e8s la messe, nous ferons la traditionnelle procession color\u00e9e dans les rues du village, avec banni\u00e8res et drapeaux. En cette ann\u00e9e jubilaire, avec la [&hellip;]\" \/>\n<meta property=\"og:url\" content=\"https:\/\/ottawacornwall.ca\/fr\/events\/fete-de-la-bonne-sainte-anne-avec-procession\/\" \/>\n<meta property=\"og:site_name\" content=\"Archdiocese of Ottawa-Cornwall\" \/>\n<meta property=\"og:image\" content=\"https:\/\/ottawacornwall.ca\/wp-content\/uploads\/2025\/07\/photo-pelerinage-passe.jpg\" \/>\n\t<meta property=\"og:image:width\" content=\"1080\" \/>\n\t<meta property=\"og:image:height\" content=\"564\" \/>\n\t<meta property=\"og:image:type\" content=\"image\/jpeg\" \/>\n<meta name=\"twitter:card\" content=\"summary_large_image\" \/>\n<meta name=\"twitter:label1\" content=\"Dur\u00e9e de lecture estim\u00e9e\" \/>\n\t<meta name=\"twitter:data1\" content=\"1 minute\" \/>\n<script type=\"application\/ld+json\" class=\"yoast-schema-graph\">{\"@context\":\"https:\\\/\\\/schema.org\",\"@graph\":[{\"@type\":\"WebPage\",\"@id\":\"https:\\\/\\\/ottawacornwall.ca\\\/fr\\\/events\\\/fete-de-la-bonne-sainte-anne-avec-procession\\\/\",\"url\":\"https:\\\/\\\/ottawacornwall.ca\\\/fr\\\/events\\\/fete-de-la-bonne-sainte-anne-avec-procession\\\/\",\"name\":\"F\u00eate de la bonne Sainte Anne avec procession - Archdiocese of Ottawa-Cornwall\",\"isPartOf\":{\"@id\":\"https:\\\/\\\/ottawacornwall.ca\\\/#website\"},\"primaryImageOfPage\":{\"@id\":\"https:\\\/\\\/ottawacornwall.ca\\\/fr\\\/events\\\/fete-de-la-bonne-sainte-anne-avec-procession\\\/#primaryimage\"},\"image\":{\"@id\":\"https:\\\/\\\/ottawacornwall.ca\\\/fr\\\/events\\\/fete-de-la-bonne-sainte-anne-avec-procession\\\/#primaryimage\"},\"thumbnailUrl\":\"https:\\\/\\\/ottawacornwall.ca\\\/wp-content\\\/uploads\\\/2025\\\/07\\\/photo-pelerinage-passe.jpg\",\"datePublished\":\"2025-07-21T13:01:54+00:00\",\"breadcrumb\":{\"@id\":\"https:\\\/\\\/ottawacornwall.ca\\\/fr\\\/events\\\/fete-de-la-bonne-sainte-anne-avec-procession\\\/#breadcrumb\"},\"inLanguage\":\"fr-FR\",\"potentialAction\":[{\"@type\":\"ReadAction\",\"target\":[\"https:\\\/\\\/ottawacornwall.ca\\\/fr\\\/events\\\/fete-de-la-bonne-sainte-anne-avec-procession\\\/\"]}]},{\"@type\":\"ImageObject\",\"inLanguage\":\"fr-FR\",\"@id\":\"https:\\\/\\\/ottawacornwall.ca\\\/fr\\\/events\\\/fete-de-la-bonne-sainte-anne-avec-procession\\\/#primaryimage\",\"url\":\"https:\\\/\\\/ottawacornwall.ca\\\/wp-content\\\/uploads\\\/2025\\\/07\\\/photo-pelerinage-passe.jpg\",\"contentUrl\":\"https:\\\/\\\/ottawacornwall.ca\\\/wp-content\\\/uploads\\\/2025\\\/07\\\/photo-pelerinage-passe.jpg\",\"width\":1080,\"height\":564},{\"@type\":\"BreadcrumbList\",\"@id\":\"https:\\\/\\\/ottawacornwall.ca\\\/fr\\\/events\\\/fete-de-la-bonne-sainte-anne-avec-procession\\\/#breadcrumb\",\"itemListElement\":[{\"@type\":\"ListItem\",\"position\":1,\"name\":\"Home\",\"item\":\"https:\\\/\\\/ottawacornwall.ca\\\/fr\\\/\"},{\"@type\":\"ListItem\",\"position\":2,\"name\":\"Events\",\"item\":\"https:\\\/\\\/ottawacornwall.ca\\\/events\\\/\"},{\"@type\":\"ListItem\",\"position\":3,\"name\":\"F\u00eate de la bonne Sainte Anne avec procession\"}]},{\"@type\":\"WebSite\",\"@id\":\"https:\\\/\\\/ottawacornwall.ca\\\/#website\",\"url\":\"https:\\\/\\\/ottawacornwall.ca\\\/\",\"name\":\"Archdiocese of Ottawa-Cornwall\",\"description\":\"Welcome to the  Ottawa-Cornwall Archdiocese!\",\"publisher\":{\"@id\":\"https:\\\/\\\/ottawacornwall.ca\\\/#organization\"},\"potentialAction\":[{\"@type\":\"SearchAction\",\"target\":{\"@type\":\"EntryPoint\",\"urlTemplate\":\"https:\\\/\\\/ottawacornwall.ca\\\/?s={search_term_string}\"},\"query-input\":{\"@type\":\"PropertyValueSpecification\",\"valueRequired\":true,\"valueName\":\"search_term_string\"}}],\"inLanguage\":\"fr-FR\"},{\"@type\":\"Organization\",\"@id\":\"https:\\\/\\\/ottawacornwall.ca\\\/#organization\",\"name\":\"Archdiocese of Ottawa-Cornwall\",\"url\":\"https:\\\/\\\/ottawacornwall.ca\\\/\",\"logo\":{\"@type\":\"ImageObject\",\"inLanguage\":\"fr-FR\",\"@id\":\"https:\\\/\\\/ottawacornwall.ca\\\/#\\\/schema\\\/logo\\\/image\\\/\",\"url\":\"https:\\\/\\\/ottawacornwall.ca\\\/wp-content\\\/uploads\\\/2022\\\/11\\\/Archdiocese-Logo-Horizontal-Reverse-1.svg\",\"contentUrl\":\"https:\\\/\\\/ottawacornwall.ca\\\/wp-content\\\/uploads\\\/2022\\\/11\\\/Archdiocese-Logo-Horizontal-Reverse-1.svg\",\"caption\":\"Archdiocese of Ottawa-Cornwall\"},\"image\":{\"@id\":\"https:\\\/\\\/ottawacornwall.ca\\\/#\\\/schema\\\/logo\\\/image\\\/\"}}]}<\/script>\n<!-- \/ Yoast SEO plugin. -->","yoast_head_json":{"title":"F\u00eate de la bonne Sainte Anne avec procession - Archdiocese of Ottawa-Cornwall","robots":{"index":"index","follow":"follow","max-snippet":"max-snippet:-1","max-image-preview":"max-image-preview:large","max-video-preview":"max-video-preview:-1"},"canonical":"https:\/\/ottawacornwall.ca\/fr\/events\/fete-de-la-bonne-sainte-anne-avec-procession\/","og_locale":"fr_FR","og_type":"article","og_title":"F\u00eate de la bonne Sainte Anne avec procession - Archdiocese of Ottawa-Cornwall","og_description":"Le 27 juillet prochain \u00e0 la messe de 9h30 aura lieu la f\u00eate de Sainte Anne, notre sainte patronne, cette sainte v\u00e9n\u00e9r\u00e9e dans nos contr\u00e9es depuis l\u2019\u00e9poque de la Nouvelle France. Apr\u00e8s la messe, nous ferons la traditionnelle procession color\u00e9e dans les rues du village, avec banni\u00e8res et drapeaux. En cette ann\u00e9e jubilaire, avec la [&hellip;]","og_url":"https:\/\/ottawacornwall.ca\/fr\/events\/fete-de-la-bonne-sainte-anne-avec-procession\/","og_site_name":"Archdiocese of Ottawa-Cornwall","og_image":[{"width":1080,"height":564,"url":"https:\/\/ottawacornwall.ca\/wp-content\/uploads\/2025\/07\/photo-pelerinage-passe.jpg","type":"image\/jpeg"}],"twitter_card":"summary_large_image","twitter_misc":{"Dur\u00e9e de lecture estim\u00e9e":"1 minute"},"schema":{"@context":"https:\/\/schema.org","@graph":[{"@type":"WebPage","@id":"https:\/\/ottawacornwall.ca\/fr\/events\/fete-de-la-bonne-sainte-anne-avec-procession\/","url":"https:\/\/ottawacornwall.ca\/fr\/events\/fete-de-la-bonne-sainte-anne-avec-procession\/","name":"F\u00eate de la bonne Sainte Anne avec procession - Archdiocese of Ottawa-Cornwall","isPartOf":{"@id":"https:\/\/ottawacornwall.ca\/#website"},"primaryImageOfPage":{"@id":"https:\/\/ottawacornwall.ca\/fr\/events\/fete-de-la-bonne-sainte-anne-avec-procession\/#primaryimage"},"image":{"@id":"https:\/\/ottawacornwall.ca\/fr\/events\/fete-de-la-bonne-sainte-anne-avec-procession\/#primaryimage"},"thumbnailUrl":"https:\/\/ottawacornwall.ca\/wp-content\/uploads\/2025\/07\/photo-pelerinage-passe.jpg","datePublished":"2025-07-21T13:01:54+00:00","breadcrumb":{"@id":"https:\/\/ottawacornwall.ca\/fr\/events\/fete-de-la-bonne-sainte-anne-avec-procession\/#breadcrumb"},"inLanguage":"fr-FR","potentialAction":[{"@type":"ReadAction","target":["https:\/\/ottawacornwall.ca\/fr\/events\/fete-de-la-bonne-sainte-anne-avec-procession\/"]}]},{"@type":"ImageObject","inLanguage":"fr-FR","@id":"https:\/\/ottawacornwall.ca\/fr\/events\/fete-de-la-bonne-sainte-anne-avec-procession\/#primaryimage","url":"https:\/\/ottawacornwall.ca\/wp-content\/uploads\/2025\/07\/photo-pelerinage-passe.jpg","contentUrl":"https:\/\/ottawacornwall.ca\/wp-content\/uploads\/2025\/07\/photo-pelerinage-passe.jpg","width":1080,"height":564},{"@type":"BreadcrumbList","@id":"https:\/\/ottawacornwall.ca\/fr\/events\/fete-de-la-bonne-sainte-anne-avec-procession\/#breadcrumb","itemListElement":[{"@type":"ListItem","position":1,"name":"Home","item":"https:\/\/ottawacornwall.ca\/fr\/"},{"@type":"ListItem","position":2,"name":"Events","item":"https:\/\/ottawacornwall.ca\/events\/"},{"@type":"ListItem","position":3,"name":"F\u00eate de la bonne Sainte Anne avec procession"}]},{"@type":"WebSite","@id":"https:\/\/ottawacornwall.ca\/#website","url":"https:\/\/ottawacornwall.ca\/","name":"Archdiocese of Ottawa-Cornwall","description":"Welcome to the  Ottawa-Cornwall Archdiocese!","publisher":{"@id":"https:\/\/ottawacornwall.ca\/#organization"},"potentialAction":[{"@type":"SearchAction","target":{"@type":"EntryPoint","urlTemplate":"https:\/\/ottawacornwall.ca\/?s={search_term_string}"},"query-input":{"@type":"PropertyValueSpecification","valueRequired":true,"valueName":"search_term_string"}}],"inLanguage":"fr-FR"},{"@type":"Organization","@id":"https:\/\/ottawacornwall.ca\/#organization","name":"Archdiocese of Ottawa-Cornwall","url":"https:\/\/ottawacornwall.ca\/","logo":{"@type":"ImageObject","inLanguage":"fr-FR","@id":"https:\/\/ottawacornwall.ca\/#\/schema\/logo\/image\/","url":"https:\/\/ottawacornwall.ca\/wp-content\/uploads\/2022\/11\/Archdiocese-Logo-Horizontal-Reverse-1.svg","contentUrl":"https:\/\/ottawacornwall.ca\/wp-content\/uploads\/2022\/11\/Archdiocese-Logo-Horizontal-Reverse-1.svg","caption":"Archdiocese of Ottawa-Cornwall"},"image":{"@id":"https:\/\/ottawacornwall.ca\/#\/schema\/logo\/image\/"}}]}},"_links":{"self":[{"href":"https:\/\/ottawacornwall.ca\/fr\/wp-json\/wp\/v2\/mec-events\/33025","targetHints":{"allow":["GET"]}}],"collection":[{"href":"https:\/\/ottawacornwall.ca\/fr\/wp-json\/wp\/v2\/mec-events"}],"about":[{"href":"https:\/\/ottawacornwall.ca\/fr\/wp-json\/wp\/v2\/types\/mec-events"}],"author":[{"embeddable":true,"href":"https:\/\/ottawacornwall.ca\/fr\/wp-json\/wp\/v2\/users\/21"}],"replies":[{"embeddable":true,"href":"https:\/\/ottawacornwall.ca\/fr\/wp-json\/wp\/v2\/comments?post=33025"}],"wp:featuredmedia":[{"embeddable":true,"href":"https:\/\/ottawacornwall.ca\/fr\/wp-json\/wp\/v2\/media\/33026"}],"wp:attachment":[{"href":"https:\/\/ottawacornwall.ca\/fr\/wp-json\/wp\/v2\/media?parent=33025"}],"wp:term":[{"taxonomy":"mec_category","embeddable":true,"href":"https:\/\/ottawacornwall.ca\/fr\/wp-json\/wp\/v2\/mec_category?post=33025"},{"taxonomy":"mec_tag","embeddable":true,"href":"https:\/\/ottawacornwall.ca\/fr\/wp-json\/wp\/v2\/mec_tag?post=33025"}],"curies":[{"name":"wp","href":"https:\/\/api.w.org\/{rel}","templated":true}]}}