{"id":33388,"date":"2025-08-13T16:32:42","date_gmt":"2025-08-13T20:32:42","guid":{"rendered":"https:\/\/wp268132.wpdns.ca\/?post_type=mec-events&#038;p=33388"},"modified":"2025-08-14T15:10:34","modified_gmt":"2025-08-14T19:10:34","slug":"heure-sainte-pour-les-vocations","status":"publish","type":"mec-events","link":"https:\/\/ottawacornwall.ca\/fr\/events\/heure-sainte-pour-les-vocations\/","title":{"rendered":"Heure sainte pour les vocations"},"content":{"rendered":"<p>Pour faire na\u00eetre des vocations, venez \u00ab prier le ma\u00eetre de la moisson \u00bb (Matthieu 9, 38). Le grand public est invit\u00e9 \u00e0 la basilique-cath\u00e9drale Notre-Dame pour une soir\u00e9e d\u2019adoration eucharistique lors de laquelle nous prierons pour accro\u00eetre toutes les vocations au sein de l\u2019archidioc\u00e8se d\u2019Ottawa-Cornwall. Nous nous r\u00e9unirons ensuite au Caf\u00e9 des Tours, situ\u00e9 au sous-sol de Notre-Dame. Le pr\u00e9sentateur de ce mois-ci est l&rsquo;archev\u00eaque Mgr Marcel Damphousse.<\/p>\n<p>Cet \u00e9v\u00e9nement est organis\u00e9 en collaboration avec Young Catholics Ottawa (YCO).<\/p>\n<p>Stationnez gratuitement dans la section d\u00e9limit\u00e9e par une ligne bleue du stationnement public derri\u00e8re la cath\u00e9drale. Pour en savoir plus, communiquez avec le directeur des vocations, M. l\u2019abb\u00e9 Connor O\u2019Hara, \u00e0 vocations@ottawacornwall.ca.<\/p>\n<p><img fetchpriority=\"high\" decoding=\"async\" class=\"alignleft wp-image-33412 size-large\" src=\"http:\/\/ottawacornwall.ca\/wp-content\/uploads\/2025\/08\/Untitled-design-1024x576.png\" alt=\"\" width=\"800\" height=\"450\" srcset=\"https:\/\/ottawacornwall.ca\/wp-content\/uploads\/2025\/08\/Untitled-design-1024x576.png 1024w, https:\/\/ottawacornwall.ca\/wp-content\/uploads\/2025\/08\/Untitled-design-300x169.png 300w, https:\/\/ottawacornwall.ca\/wp-content\/uploads\/2025\/08\/Untitled-design-768x432.png 768w, https:\/\/ottawacornwall.ca\/wp-content\/uploads\/2025\/08\/Untitled-design-1536x864.png 1536w, https:\/\/ottawacornwall.ca\/wp-content\/uploads\/2025\/08\/Untitled-design.png 1920w\" sizes=\"(max-width: 800px) 100vw, 800px\" \/><\/p>\n","protected":false},"excerpt":{"rendered":"<p>Pour faire na\u00eetre des vocations, venez \u00ab prier le ma\u00eetre de la moisson \u00bb (Matthieu 9, 38). Le grand public est invit\u00e9 \u00e0 la basilique-cath\u00e9drale Notre-Dame pour une soir\u00e9e d\u2019adoration eucharistique lors de laquelle nous prierons pour accro\u00eetre toutes les vocations au sein de l\u2019archidioc\u00e8se d\u2019Ottawa-Cornwall. Nous nous r\u00e9unirons ensuite au Caf\u00e9 des Tours, situ\u00e9 [&hellip;]<\/p>\n","protected":false},"author":6,"featured_media":33389,"comment_status":"closed","ping_status":"closed","template":"","mec_category":[426],"mec_tag":[369],"class_list":["post-33388","mec-events","type-mec-events","status-publish","has-post-thumbnail","hentry","mec_category-all-areas-fr","mec_tag-vocations"],"acf":[],"yoast_head":"<!-- This site is optimized with the Yoast SEO plugin v27.4 - https:\/\/yoast.com\/product\/yoast-seo-wordpress\/ -->\n<title>Heure sainte pour les vocations - Archdiocese of Ottawa-Cornwall<\/title>\n<meta name=\"robots\" content=\"index, follow, max-snippet:-1, max-image-preview:large, max-video-preview:-1\" \/>\n<link rel=\"canonical\" href=\"https:\/\/ottawacornwall.ca\/fr\/events\/heure-sainte-pour-les-vocations\/\" \/>\n<meta property=\"og:locale\" content=\"fr_FR\" \/>\n<meta property=\"og:type\" content=\"article\" \/>\n<meta property=\"og:title\" content=\"Heure sainte pour les vocations - Archdiocese of Ottawa-Cornwall\" \/>\n<meta property=\"og:description\" content=\"Pour faire na\u00eetre des vocations, venez \u00ab prier le ma\u00eetre de la moisson \u00bb (Matthieu 9, 38). Le grand public est invit\u00e9 \u00e0 la basilique-cath\u00e9drale Notre-Dame pour une soir\u00e9e d\u2019adoration eucharistique lors de laquelle nous prierons pour accro\u00eetre toutes les vocations au sein de l\u2019archidioc\u00e8se d\u2019Ottawa-Cornwall. Nous nous r\u00e9unirons ensuite au Caf\u00e9 des Tours, situ\u00e9 [&hellip;]\" \/>\n<meta property=\"og:url\" content=\"https:\/\/ottawacornwall.ca\/fr\/events\/heure-sainte-pour-les-vocations\/\" \/>\n<meta property=\"og:site_name\" content=\"Archdiocese of Ottawa-Cornwall\" \/>\n<meta property=\"article:modified_time\" content=\"2025-08-14T19:10:34+00:00\" \/>\n<meta property=\"og:image\" content=\"https:\/\/ottawacornwall.ca\/wp-content\/uploads\/2025\/08\/Holy-Hour-for-Vocations-Facebook-Event-Header.png\" \/>\n\t<meta property=\"og:image:width\" content=\"1920\" \/>\n\t<meta property=\"og:image:height\" content=\"1080\" \/>\n\t<meta property=\"og:image:type\" content=\"image\/png\" \/>\n<meta name=\"twitter:card\" content=\"summary_large_image\" \/>\n<meta name=\"twitter:label1\" content=\"Dur\u00e9e de lecture estim\u00e9e\" \/>\n\t<meta name=\"twitter:data1\" content=\"1 minute\" \/>\n<script type=\"application\/ld+json\" class=\"yoast-schema-graph\">{\"@context\":\"https:\\\/\\\/schema.org\",\"@graph\":[{\"@type\":\"WebPage\",\"@id\":\"https:\\\/\\\/ottawacornwall.ca\\\/fr\\\/events\\\/heure-sainte-pour-les-vocations\\\/\",\"url\":\"https:\\\/\\\/ottawacornwall.ca\\\/fr\\\/events\\\/heure-sainte-pour-les-vocations\\\/\",\"name\":\"Heure sainte pour les vocations - Archdiocese of Ottawa-Cornwall\",\"isPartOf\":{\"@id\":\"https:\\\/\\\/ottawacornwall.ca\\\/#website\"},\"primaryImageOfPage\":{\"@id\":\"https:\\\/\\\/ottawacornwall.ca\\\/fr\\\/events\\\/heure-sainte-pour-les-vocations\\\/#primaryimage\"},\"image\":{\"@id\":\"https:\\\/\\\/ottawacornwall.ca\\\/fr\\\/events\\\/heure-sainte-pour-les-vocations\\\/#primaryimage\"},\"thumbnailUrl\":\"https:\\\/\\\/ottawacornwall.ca\\\/wp-content\\\/uploads\\\/2025\\\/08\\\/Holy-Hour-for-Vocations-Facebook-Event-Header.png\",\"datePublished\":\"2025-08-13T20:32:42+00:00\",\"dateModified\":\"2025-08-14T19:10:34+00:00\",\"breadcrumb\":{\"@id\":\"https:\\\/\\\/ottawacornwall.ca\\\/fr\\\/events\\\/heure-sainte-pour-les-vocations\\\/#breadcrumb\"},\"inLanguage\":\"fr-FR\",\"potentialAction\":[{\"@type\":\"ReadAction\",\"target\":[\"https:\\\/\\\/ottawacornwall.ca\\\/fr\\\/events\\\/heure-sainte-pour-les-vocations\\\/\"]}]},{\"@type\":\"ImageObject\",\"inLanguage\":\"fr-FR\",\"@id\":\"https:\\\/\\\/ottawacornwall.ca\\\/fr\\\/events\\\/heure-sainte-pour-les-vocations\\\/#primaryimage\",\"url\":\"https:\\\/\\\/ottawacornwall.ca\\\/wp-content\\\/uploads\\\/2025\\\/08\\\/Holy-Hour-for-Vocations-Facebook-Event-Header.png\",\"contentUrl\":\"https:\\\/\\\/ottawacornwall.ca\\\/wp-content\\\/uploads\\\/2025\\\/08\\\/Holy-Hour-for-Vocations-Facebook-Event-Header.png\",\"width\":1920,\"height\":1080},{\"@type\":\"BreadcrumbList\",\"@id\":\"https:\\\/\\\/ottawacornwall.ca\\\/fr\\\/events\\\/heure-sainte-pour-les-vocations\\\/#breadcrumb\",\"itemListElement\":[{\"@type\":\"ListItem\",\"position\":1,\"name\":\"Home\",\"item\":\"https:\\\/\\\/ottawacornwall.ca\\\/fr\\\/\"},{\"@type\":\"ListItem\",\"position\":2,\"name\":\"Events\",\"item\":\"https:\\\/\\\/ottawacornwall.ca\\\/events\\\/\"},{\"@type\":\"ListItem\",\"position\":3,\"name\":\"Heure sainte pour les vocations\"}]},{\"@type\":\"WebSite\",\"@id\":\"https:\\\/\\\/ottawacornwall.ca\\\/#website\",\"url\":\"https:\\\/\\\/ottawacornwall.ca\\\/\",\"name\":\"Archdiocese of Ottawa-Cornwall\",\"description\":\"Welcome to the  Ottawa-Cornwall Archdiocese!\",\"publisher\":{\"@id\":\"https:\\\/\\\/ottawacornwall.ca\\\/#organization\"},\"potentialAction\":[{\"@type\":\"SearchAction\",\"target\":{\"@type\":\"EntryPoint\",\"urlTemplate\":\"https:\\\/\\\/ottawacornwall.ca\\\/?s={search_term_string}\"},\"query-input\":{\"@type\":\"PropertyValueSpecification\",\"valueRequired\":true,\"valueName\":\"search_term_string\"}}],\"inLanguage\":\"fr-FR\"},{\"@type\":\"Organization\",\"@id\":\"https:\\\/\\\/ottawacornwall.ca\\\/#organization\",\"name\":\"Archdiocese of Ottawa-Cornwall\",\"url\":\"https:\\\/\\\/ottawacornwall.ca\\\/\",\"logo\":{\"@type\":\"ImageObject\",\"inLanguage\":\"fr-FR\",\"@id\":\"https:\\\/\\\/ottawacornwall.ca\\\/#\\\/schema\\\/logo\\\/image\\\/\",\"url\":\"https:\\\/\\\/ottawacornwall.ca\\\/wp-content\\\/uploads\\\/2022\\\/11\\\/Archdiocese-Logo-Horizontal-Reverse-1.svg\",\"contentUrl\":\"https:\\\/\\\/ottawacornwall.ca\\\/wp-content\\\/uploads\\\/2022\\\/11\\\/Archdiocese-Logo-Horizontal-Reverse-1.svg\",\"caption\":\"Archdiocese of Ottawa-Cornwall\"},\"image\":{\"@id\":\"https:\\\/\\\/ottawacornwall.ca\\\/#\\\/schema\\\/logo\\\/image\\\/\"}}]}<\/script>\n<!-- \/ Yoast SEO plugin. -->","yoast_head_json":{"title":"Heure sainte pour les vocations - Archdiocese of Ottawa-Cornwall","robots":{"index":"index","follow":"follow","max-snippet":"max-snippet:-1","max-image-preview":"max-image-preview:large","max-video-preview":"max-video-preview:-1"},"canonical":"https:\/\/ottawacornwall.ca\/fr\/events\/heure-sainte-pour-les-vocations\/","og_locale":"fr_FR","og_type":"article","og_title":"Heure sainte pour les vocations - Archdiocese of Ottawa-Cornwall","og_description":"Pour faire na\u00eetre des vocations, venez \u00ab prier le ma\u00eetre de la moisson \u00bb (Matthieu 9, 38). Le grand public est invit\u00e9 \u00e0 la basilique-cath\u00e9drale Notre-Dame pour une soir\u00e9e d\u2019adoration eucharistique lors de laquelle nous prierons pour accro\u00eetre toutes les vocations au sein de l\u2019archidioc\u00e8se d\u2019Ottawa-Cornwall. Nous nous r\u00e9unirons ensuite au Caf\u00e9 des Tours, situ\u00e9 [&hellip;]","og_url":"https:\/\/ottawacornwall.ca\/fr\/events\/heure-sainte-pour-les-vocations\/","og_site_name":"Archdiocese of Ottawa-Cornwall","article_modified_time":"2025-08-14T19:10:34+00:00","og_image":[{"width":1920,"height":1080,"url":"https:\/\/ottawacornwall.ca\/wp-content\/uploads\/2025\/08\/Holy-Hour-for-Vocations-Facebook-Event-Header.png","type":"image\/png"}],"twitter_card":"summary_large_image","twitter_misc":{"Dur\u00e9e de lecture estim\u00e9e":"1 minute"},"schema":{"@context":"https:\/\/schema.org","@graph":[{"@type":"WebPage","@id":"https:\/\/ottawacornwall.ca\/fr\/events\/heure-sainte-pour-les-vocations\/","url":"https:\/\/ottawacornwall.ca\/fr\/events\/heure-sainte-pour-les-vocations\/","name":"Heure sainte pour les vocations - Archdiocese of Ottawa-Cornwall","isPartOf":{"@id":"https:\/\/ottawacornwall.ca\/#website"},"primaryImageOfPage":{"@id":"https:\/\/ottawacornwall.ca\/fr\/events\/heure-sainte-pour-les-vocations\/#primaryimage"},"image":{"@id":"https:\/\/ottawacornwall.ca\/fr\/events\/heure-sainte-pour-les-vocations\/#primaryimage"},"thumbnailUrl":"https:\/\/ottawacornwall.ca\/wp-content\/uploads\/2025\/08\/Holy-Hour-for-Vocations-Facebook-Event-Header.png","datePublished":"2025-08-13T20:32:42+00:00","dateModified":"2025-08-14T19:10:34+00:00","breadcrumb":{"@id":"https:\/\/ottawacornwall.ca\/fr\/events\/heure-sainte-pour-les-vocations\/#breadcrumb"},"inLanguage":"fr-FR","potentialAction":[{"@type":"ReadAction","target":["https:\/\/ottawacornwall.ca\/fr\/events\/heure-sainte-pour-les-vocations\/"]}]},{"@type":"ImageObject","inLanguage":"fr-FR","@id":"https:\/\/ottawacornwall.ca\/fr\/events\/heure-sainte-pour-les-vocations\/#primaryimage","url":"https:\/\/ottawacornwall.ca\/wp-content\/uploads\/2025\/08\/Holy-Hour-for-Vocations-Facebook-Event-Header.png","contentUrl":"https:\/\/ottawacornwall.ca\/wp-content\/uploads\/2025\/08\/Holy-Hour-for-Vocations-Facebook-Event-Header.png","width":1920,"height":1080},{"@type":"BreadcrumbList","@id":"https:\/\/ottawacornwall.ca\/fr\/events\/heure-sainte-pour-les-vocations\/#breadcrumb","itemListElement":[{"@type":"ListItem","position":1,"name":"Home","item":"https:\/\/ottawacornwall.ca\/fr\/"},{"@type":"ListItem","position":2,"name":"Events","item":"https:\/\/ottawacornwall.ca\/events\/"},{"@type":"ListItem","position":3,"name":"Heure sainte pour les vocations"}]},{"@type":"WebSite","@id":"https:\/\/ottawacornwall.ca\/#website","url":"https:\/\/ottawacornwall.ca\/","name":"Archdiocese of Ottawa-Cornwall","description":"Welcome to the  Ottawa-Cornwall Archdiocese!","publisher":{"@id":"https:\/\/ottawacornwall.ca\/#organization"},"potentialAction":[{"@type":"SearchAction","target":{"@type":"EntryPoint","urlTemplate":"https:\/\/ottawacornwall.ca\/?s={search_term_string}"},"query-input":{"@type":"PropertyValueSpecification","valueRequired":true,"valueName":"search_term_string"}}],"inLanguage":"fr-FR"},{"@type":"Organization","@id":"https:\/\/ottawacornwall.ca\/#organization","name":"Archdiocese of Ottawa-Cornwall","url":"https:\/\/ottawacornwall.ca\/","logo":{"@type":"ImageObject","inLanguage":"fr-FR","@id":"https:\/\/ottawacornwall.ca\/#\/schema\/logo\/image\/","url":"https:\/\/ottawacornwall.ca\/wp-content\/uploads\/2022\/11\/Archdiocese-Logo-Horizontal-Reverse-1.svg","contentUrl":"https:\/\/ottawacornwall.ca\/wp-content\/uploads\/2022\/11\/Archdiocese-Logo-Horizontal-Reverse-1.svg","caption":"Archdiocese of Ottawa-Cornwall"},"image":{"@id":"https:\/\/ottawacornwall.ca\/#\/schema\/logo\/image\/"}}]}},"_links":{"self":[{"href":"https:\/\/ottawacornwall.ca\/fr\/wp-json\/wp\/v2\/mec-events\/33388","targetHints":{"allow":["GET"]}}],"collection":[{"href":"https:\/\/ottawacornwall.ca\/fr\/wp-json\/wp\/v2\/mec-events"}],"about":[{"href":"https:\/\/ottawacornwall.ca\/fr\/wp-json\/wp\/v2\/types\/mec-events"}],"author":[{"embeddable":true,"href":"https:\/\/ottawacornwall.ca\/fr\/wp-json\/wp\/v2\/users\/6"}],"replies":[{"embeddable":true,"href":"https:\/\/ottawacornwall.ca\/fr\/wp-json\/wp\/v2\/comments?post=33388"}],"wp:featuredmedia":[{"embeddable":true,"href":"https:\/\/ottawacornwall.ca\/fr\/wp-json\/wp\/v2\/media\/33389"}],"wp:attachment":[{"href":"https:\/\/ottawacornwall.ca\/fr\/wp-json\/wp\/v2\/media?parent=33388"}],"wp:term":[{"taxonomy":"mec_category","embeddable":true,"href":"https:\/\/ottawacornwall.ca\/fr\/wp-json\/wp\/v2\/mec_category?post=33388"},{"taxonomy":"mec_tag","embeddable":true,"href":"https:\/\/ottawacornwall.ca\/fr\/wp-json\/wp\/v2\/mec_tag?post=33388"}],"curies":[{"name":"wp","href":"https:\/\/api.w.org\/{rel}","templated":true}]}}