{"id":33723,"date":"2025-08-29T10:49:27","date_gmt":"2025-08-29T14:49:27","guid":{"rendered":"https:\/\/wp268132.wpdns.ca\/?post_type=mec-events&#038;p=33723"},"modified":"2025-08-29T10:49:24","modified_gmt":"2025-08-29T14:49:24","slug":"annee-jubilaire-5e-visite-des-paroisses-historiques","status":"publish","type":"mec-events","link":"https:\/\/ottawacornwall.ca\/fr\/events\/annee-jubilaire-5e-visite-des-paroisses-historiques\/","title":{"rendered":"Ann\u00e9e jubilaire \u2013 5e visite des paroisses historiques"},"content":{"rendered":"<p>Notez la date ! La 5e et derni\u00e8re visite des paroisses historiques dans le cadre de l\u2019ann\u00e9e jubilaire aura lieu le dimanche 14 septembre, \u00e0 partir de 13 h. Nous d\u00e9couvrirons premi\u00e8rement la chapelle Bruy\u00e8re (27, rue Bruy\u00e8re, Ottawa), puis la basilique-cath\u00e9drale Notre-Dame (385, promenade Sussex, Ottawa).<\/p>\n<p>La chapelle Bruy\u00e8re a \u00e9t\u00e9 construite en 1936 pour les S\u0153urs de la Charit\u00e9 d&rsquo;Ottawa, aussi connues sous le nom de S\u0153urs Grises de la Croix. S\u0153ur \u00c9lisabeth Bruy\u00e8re, fille spirituelle de Sainte Marguerite d&rsquo;Youville, a fond\u00e9 l&rsquo;ordre \u00e0 Ottawa en 1845. Cette magnifique chapelle peut accueillir 950 personnes, offre l&rsquo;une des meilleures acoustiques de la ville et est tr\u00e8s rarement ouverte au public.<\/p>\n<p>La basilique-cath\u00e9drale Notre-Dame, construite en 1846, est la plus ancienne \u00e9glise d&rsquo;Ottawa. Cette \u00e9glise n\u00e9ogothique regorge de sculptures, de couleurs vives, de statues et d&rsquo;un riche symbolisme. Il y aura une d\u00e9monstration de l&rsquo;orgue \u00e0 tuyaux par l&rsquo;organiste de la cath\u00e9drale Jennifer Loveless, ainsi qu&rsquo;une visite de la sacristie et de tous ses tr\u00e9sors historiques.<\/p>\n<p>Les visites se feront en anglais et fran\u00e7ais. Venez d\u00e9couvrir ces tr\u00e9sors cach\u00e9s de l\u2019Archidioc\u00e8se d\u2019Ottawa-Cornwall ! Aucune inscription n\u2019est requise et tout le monde est le bienvenu. Il faut compter 5 minutes de marche pour se rendre de la Chapelle Bruy\u00e8re \u00e0 Notre-Dame.<\/p>\n<p>Contactez <a href=\"mailto:tate.pumfrey@ottawacornwall.ca\">tate.pumfrey@ottawacornwall.ca<\/a> pour toute question concernant la visite.<\/p>\n","protected":false},"excerpt":{"rendered":"<p>Notez la date ! La 5e et derni\u00e8re visite des paroisses historiques dans le cadre de l\u2019ann\u00e9e jubilaire aura lieu le dimanche 14 septembre, \u00e0 partir de 13 h. Nous d\u00e9couvrirons premi\u00e8rement la chapelle Bruy\u00e8re (27, rue Bruy\u00e8re, Ottawa), puis la basilique-cath\u00e9drale Notre-Dame (385, promenade Sussex, Ottawa). La chapelle Bruy\u00e8re a \u00e9t\u00e9 construite en 1936 [&hellip;]<\/p>\n","protected":false},"author":6,"featured_media":33724,"comment_status":"closed","ping_status":"closed","template":"","mec_category":[],"mec_tag":[543],"class_list":["post-33723","mec-events","type-mec-events","status-publish","has-post-thumbnail","hentry","mec_tag-jubilee-2025"],"acf":[],"yoast_head":"<!-- This site is optimized with the Yoast SEO plugin v27.4 - https:\/\/yoast.com\/product\/yoast-seo-wordpress\/ -->\n<title>Ann\u00e9e jubilaire \u2013 5e visite des paroisses historiques - Archdiocese of Ottawa-Cornwall<\/title>\n<meta name=\"robots\" content=\"index, follow, max-snippet:-1, max-image-preview:large, max-video-preview:-1\" \/>\n<link rel=\"canonical\" href=\"https:\/\/ottawacornwall.ca\/fr\/events\/annee-jubilaire-5e-visite-des-paroisses-historiques\/\" \/>\n<meta property=\"og:locale\" content=\"fr_FR\" \/>\n<meta property=\"og:type\" content=\"article\" \/>\n<meta property=\"og:title\" content=\"Ann\u00e9e jubilaire \u2013 5e visite des paroisses historiques - Archdiocese of Ottawa-Cornwall\" \/>\n<meta property=\"og:description\" content=\"Notez la date ! La 5e et derni\u00e8re visite des paroisses historiques dans le cadre de l\u2019ann\u00e9e jubilaire aura lieu le dimanche 14 septembre, \u00e0 partir de 13 h. Nous d\u00e9couvrirons premi\u00e8rement la chapelle Bruy\u00e8re (27, rue Bruy\u00e8re, Ottawa), puis la basilique-cath\u00e9drale Notre-Dame (385, promenade Sussex, Ottawa). La chapelle Bruy\u00e8re a \u00e9t\u00e9 construite en 1936 [&hellip;]\" \/>\n<meta property=\"og:url\" content=\"https:\/\/ottawacornwall.ca\/fr\/events\/annee-jubilaire-5e-visite-des-paroisses-historiques\/\" \/>\n<meta property=\"og:site_name\" content=\"Archdiocese of Ottawa-Cornwall\" \/>\n<meta property=\"og:image\" content=\"https:\/\/ottawacornwall.ca\/wp-content\/uploads\/2025\/08\/2-1.png\" \/>\n\t<meta property=\"og:image:width\" content=\"1545\" \/>\n\t<meta property=\"og:image:height\" content=\"2000\" \/>\n\t<meta property=\"og:image:type\" content=\"image\/png\" \/>\n<meta name=\"twitter:card\" content=\"summary_large_image\" \/>\n<meta name=\"twitter:label1\" content=\"Dur\u00e9e de lecture estim\u00e9e\" \/>\n\t<meta name=\"twitter:data1\" content=\"2 minutes\" \/>\n<script type=\"application\/ld+json\" class=\"yoast-schema-graph\">{\"@context\":\"https:\\\/\\\/schema.org\",\"@graph\":[{\"@type\":\"WebPage\",\"@id\":\"https:\\\/\\\/ottawacornwall.ca\\\/fr\\\/events\\\/annee-jubilaire-5e-visite-des-paroisses-historiques\\\/\",\"url\":\"https:\\\/\\\/ottawacornwall.ca\\\/fr\\\/events\\\/annee-jubilaire-5e-visite-des-paroisses-historiques\\\/\",\"name\":\"Ann\u00e9e jubilaire \u2013 5e visite des paroisses historiques - Archdiocese of Ottawa-Cornwall\",\"isPartOf\":{\"@id\":\"https:\\\/\\\/ottawacornwall.ca\\\/#website\"},\"primaryImageOfPage\":{\"@id\":\"https:\\\/\\\/ottawacornwall.ca\\\/fr\\\/events\\\/annee-jubilaire-5e-visite-des-paroisses-historiques\\\/#primaryimage\"},\"image\":{\"@id\":\"https:\\\/\\\/ottawacornwall.ca\\\/fr\\\/events\\\/annee-jubilaire-5e-visite-des-paroisses-historiques\\\/#primaryimage\"},\"thumbnailUrl\":\"https:\\\/\\\/ottawacornwall.ca\\\/wp-content\\\/uploads\\\/2025\\\/08\\\/2-1.png\",\"datePublished\":\"2025-08-29T14:49:27+00:00\",\"breadcrumb\":{\"@id\":\"https:\\\/\\\/ottawacornwall.ca\\\/fr\\\/events\\\/annee-jubilaire-5e-visite-des-paroisses-historiques\\\/#breadcrumb\"},\"inLanguage\":\"fr-FR\",\"potentialAction\":[{\"@type\":\"ReadAction\",\"target\":[\"https:\\\/\\\/ottawacornwall.ca\\\/fr\\\/events\\\/annee-jubilaire-5e-visite-des-paroisses-historiques\\\/\"]}]},{\"@type\":\"ImageObject\",\"inLanguage\":\"fr-FR\",\"@id\":\"https:\\\/\\\/ottawacornwall.ca\\\/fr\\\/events\\\/annee-jubilaire-5e-visite-des-paroisses-historiques\\\/#primaryimage\",\"url\":\"https:\\\/\\\/ottawacornwall.ca\\\/wp-content\\\/uploads\\\/2025\\\/08\\\/2-1.png\",\"contentUrl\":\"https:\\\/\\\/ottawacornwall.ca\\\/wp-content\\\/uploads\\\/2025\\\/08\\\/2-1.png\",\"width\":1545,\"height\":2000},{\"@type\":\"BreadcrumbList\",\"@id\":\"https:\\\/\\\/ottawacornwall.ca\\\/fr\\\/events\\\/annee-jubilaire-5e-visite-des-paroisses-historiques\\\/#breadcrumb\",\"itemListElement\":[{\"@type\":\"ListItem\",\"position\":1,\"name\":\"Home\",\"item\":\"https:\\\/\\\/ottawacornwall.ca\\\/fr\\\/\"},{\"@type\":\"ListItem\",\"position\":2,\"name\":\"Events\",\"item\":\"https:\\\/\\\/ottawacornwall.ca\\\/events\\\/\"},{\"@type\":\"ListItem\",\"position\":3,\"name\":\"Ann\u00e9e jubilaire \u2013 5e visite des paroisses historiques\"}]},{\"@type\":\"WebSite\",\"@id\":\"https:\\\/\\\/ottawacornwall.ca\\\/#website\",\"url\":\"https:\\\/\\\/ottawacornwall.ca\\\/\",\"name\":\"Archdiocese of Ottawa-Cornwall\",\"description\":\"Welcome to the  Ottawa-Cornwall Archdiocese!\",\"publisher\":{\"@id\":\"https:\\\/\\\/ottawacornwall.ca\\\/#organization\"},\"potentialAction\":[{\"@type\":\"SearchAction\",\"target\":{\"@type\":\"EntryPoint\",\"urlTemplate\":\"https:\\\/\\\/ottawacornwall.ca\\\/?s={search_term_string}\"},\"query-input\":{\"@type\":\"PropertyValueSpecification\",\"valueRequired\":true,\"valueName\":\"search_term_string\"}}],\"inLanguage\":\"fr-FR\"},{\"@type\":\"Organization\",\"@id\":\"https:\\\/\\\/ottawacornwall.ca\\\/#organization\",\"name\":\"Archdiocese of Ottawa-Cornwall\",\"url\":\"https:\\\/\\\/ottawacornwall.ca\\\/\",\"logo\":{\"@type\":\"ImageObject\",\"inLanguage\":\"fr-FR\",\"@id\":\"https:\\\/\\\/ottawacornwall.ca\\\/#\\\/schema\\\/logo\\\/image\\\/\",\"url\":\"https:\\\/\\\/ottawacornwall.ca\\\/wp-content\\\/uploads\\\/2022\\\/11\\\/Archdiocese-Logo-Horizontal-Reverse-1.svg\",\"contentUrl\":\"https:\\\/\\\/ottawacornwall.ca\\\/wp-content\\\/uploads\\\/2022\\\/11\\\/Archdiocese-Logo-Horizontal-Reverse-1.svg\",\"caption\":\"Archdiocese of Ottawa-Cornwall\"},\"image\":{\"@id\":\"https:\\\/\\\/ottawacornwall.ca\\\/#\\\/schema\\\/logo\\\/image\\\/\"}}]}<\/script>\n<!-- \/ Yoast SEO plugin. -->","yoast_head_json":{"title":"Ann\u00e9e jubilaire \u2013 5e visite des paroisses historiques - Archdiocese of Ottawa-Cornwall","robots":{"index":"index","follow":"follow","max-snippet":"max-snippet:-1","max-image-preview":"max-image-preview:large","max-video-preview":"max-video-preview:-1"},"canonical":"https:\/\/ottawacornwall.ca\/fr\/events\/annee-jubilaire-5e-visite-des-paroisses-historiques\/","og_locale":"fr_FR","og_type":"article","og_title":"Ann\u00e9e jubilaire \u2013 5e visite des paroisses historiques - Archdiocese of Ottawa-Cornwall","og_description":"Notez la date ! La 5e et derni\u00e8re visite des paroisses historiques dans le cadre de l\u2019ann\u00e9e jubilaire aura lieu le dimanche 14 septembre, \u00e0 partir de 13 h. Nous d\u00e9couvrirons premi\u00e8rement la chapelle Bruy\u00e8re (27, rue Bruy\u00e8re, Ottawa), puis la basilique-cath\u00e9drale Notre-Dame (385, promenade Sussex, Ottawa). La chapelle Bruy\u00e8re a \u00e9t\u00e9 construite en 1936 [&hellip;]","og_url":"https:\/\/ottawacornwall.ca\/fr\/events\/annee-jubilaire-5e-visite-des-paroisses-historiques\/","og_site_name":"Archdiocese of Ottawa-Cornwall","og_image":[{"width":1545,"height":2000,"url":"https:\/\/ottawacornwall.ca\/wp-content\/uploads\/2025\/08\/2-1.png","type":"image\/png"}],"twitter_card":"summary_large_image","twitter_misc":{"Dur\u00e9e de lecture estim\u00e9e":"2 minutes"},"schema":{"@context":"https:\/\/schema.org","@graph":[{"@type":"WebPage","@id":"https:\/\/ottawacornwall.ca\/fr\/events\/annee-jubilaire-5e-visite-des-paroisses-historiques\/","url":"https:\/\/ottawacornwall.ca\/fr\/events\/annee-jubilaire-5e-visite-des-paroisses-historiques\/","name":"Ann\u00e9e jubilaire \u2013 5e visite des paroisses historiques - Archdiocese of Ottawa-Cornwall","isPartOf":{"@id":"https:\/\/ottawacornwall.ca\/#website"},"primaryImageOfPage":{"@id":"https:\/\/ottawacornwall.ca\/fr\/events\/annee-jubilaire-5e-visite-des-paroisses-historiques\/#primaryimage"},"image":{"@id":"https:\/\/ottawacornwall.ca\/fr\/events\/annee-jubilaire-5e-visite-des-paroisses-historiques\/#primaryimage"},"thumbnailUrl":"https:\/\/ottawacornwall.ca\/wp-content\/uploads\/2025\/08\/2-1.png","datePublished":"2025-08-29T14:49:27+00:00","breadcrumb":{"@id":"https:\/\/ottawacornwall.ca\/fr\/events\/annee-jubilaire-5e-visite-des-paroisses-historiques\/#breadcrumb"},"inLanguage":"fr-FR","potentialAction":[{"@type":"ReadAction","target":["https:\/\/ottawacornwall.ca\/fr\/events\/annee-jubilaire-5e-visite-des-paroisses-historiques\/"]}]},{"@type":"ImageObject","inLanguage":"fr-FR","@id":"https:\/\/ottawacornwall.ca\/fr\/events\/annee-jubilaire-5e-visite-des-paroisses-historiques\/#primaryimage","url":"https:\/\/ottawacornwall.ca\/wp-content\/uploads\/2025\/08\/2-1.png","contentUrl":"https:\/\/ottawacornwall.ca\/wp-content\/uploads\/2025\/08\/2-1.png","width":1545,"height":2000},{"@type":"BreadcrumbList","@id":"https:\/\/ottawacornwall.ca\/fr\/events\/annee-jubilaire-5e-visite-des-paroisses-historiques\/#breadcrumb","itemListElement":[{"@type":"ListItem","position":1,"name":"Home","item":"https:\/\/ottawacornwall.ca\/fr\/"},{"@type":"ListItem","position":2,"name":"Events","item":"https:\/\/ottawacornwall.ca\/events\/"},{"@type":"ListItem","position":3,"name":"Ann\u00e9e jubilaire \u2013 5e visite des paroisses historiques"}]},{"@type":"WebSite","@id":"https:\/\/ottawacornwall.ca\/#website","url":"https:\/\/ottawacornwall.ca\/","name":"Archdiocese of Ottawa-Cornwall","description":"Welcome to the  Ottawa-Cornwall Archdiocese!","publisher":{"@id":"https:\/\/ottawacornwall.ca\/#organization"},"potentialAction":[{"@type":"SearchAction","target":{"@type":"EntryPoint","urlTemplate":"https:\/\/ottawacornwall.ca\/?s={search_term_string}"},"query-input":{"@type":"PropertyValueSpecification","valueRequired":true,"valueName":"search_term_string"}}],"inLanguage":"fr-FR"},{"@type":"Organization","@id":"https:\/\/ottawacornwall.ca\/#organization","name":"Archdiocese of Ottawa-Cornwall","url":"https:\/\/ottawacornwall.ca\/","logo":{"@type":"ImageObject","inLanguage":"fr-FR","@id":"https:\/\/ottawacornwall.ca\/#\/schema\/logo\/image\/","url":"https:\/\/ottawacornwall.ca\/wp-content\/uploads\/2022\/11\/Archdiocese-Logo-Horizontal-Reverse-1.svg","contentUrl":"https:\/\/ottawacornwall.ca\/wp-content\/uploads\/2022\/11\/Archdiocese-Logo-Horizontal-Reverse-1.svg","caption":"Archdiocese of Ottawa-Cornwall"},"image":{"@id":"https:\/\/ottawacornwall.ca\/#\/schema\/logo\/image\/"}}]}},"_links":{"self":[{"href":"https:\/\/ottawacornwall.ca\/fr\/wp-json\/wp\/v2\/mec-events\/33723","targetHints":{"allow":["GET"]}}],"collection":[{"href":"https:\/\/ottawacornwall.ca\/fr\/wp-json\/wp\/v2\/mec-events"}],"about":[{"href":"https:\/\/ottawacornwall.ca\/fr\/wp-json\/wp\/v2\/types\/mec-events"}],"author":[{"embeddable":true,"href":"https:\/\/ottawacornwall.ca\/fr\/wp-json\/wp\/v2\/users\/6"}],"replies":[{"embeddable":true,"href":"https:\/\/ottawacornwall.ca\/fr\/wp-json\/wp\/v2\/comments?post=33723"}],"wp:featuredmedia":[{"embeddable":true,"href":"https:\/\/ottawacornwall.ca\/fr\/wp-json\/wp\/v2\/media\/33724"}],"wp:attachment":[{"href":"https:\/\/ottawacornwall.ca\/fr\/wp-json\/wp\/v2\/media?parent=33723"}],"wp:term":[{"taxonomy":"mec_category","embeddable":true,"href":"https:\/\/ottawacornwall.ca\/fr\/wp-json\/wp\/v2\/mec_category?post=33723"},{"taxonomy":"mec_tag","embeddable":true,"href":"https:\/\/ottawacornwall.ca\/fr\/wp-json\/wp\/v2\/mec_tag?post=33723"}],"curies":[{"name":"wp","href":"https:\/\/api.w.org\/{rel}","templated":true}]}}