{"id":33810,"date":"2025-09-08T13:35:35","date_gmt":"2025-09-08T17:35:35","guid":{"rendered":"https:\/\/wp268132.wpdns.ca\/?post_type=mec-events&#038;p=33810"},"modified":"2025-09-10T09:32:07","modified_gmt":"2025-09-10T13:32:07","slug":"lumiere-en-orient-un-gala-pour-la-paix-et-lespoir","status":"publish","type":"mec-events","link":"https:\/\/ottawacornwall.ca\/fr\/events\/lumiere-en-orient-un-gala-pour-la-paix-et-lespoir\/","title":{"rendered":"Lumi\u00e8re en Orient : un gala pour la paix et l\u2019espoir"},"content":{"rendered":"<p><strong>Vendredi 7 novembre 2025 &#8211; <\/strong>Souper \u00e0 19 h (accueil d\u00e8s 18 h)<\/p>\n<p><strong>Centre de r\u00e9ception St. Elias, <\/strong>750, avenue Ridgewood, Ottawa<\/p>\n<p>&nbsp;<\/p>\n<p>Un d\u00eener-b\u00e9n\u00e9fice organis\u00e9 par <a href=\"https:\/\/cnewa.org\/fr\/\">l\u2019Association catholique d\u2019aide \u00e0 l\u2019Orient CNEWA Canada<\/a> (Catholic Near-East Welfare Association) \u2013 une agence pontificale au service des \u00c9glises orientales et des communaut\u00e9s vuln\u00e9rables au Moyen-Orient, en Afrique du Nord, en Inde et en Europe de l\u2019Est \u2013 \u00e0 l\u2019occasion de son 20\u1d49 anniversaire.<\/p>\n<p>&nbsp;<\/p>\n<p><strong>Conf\u00e9renci\u00e8re invit\u00e9e<\/strong><\/p>\n<p><a href=\"https:\/\/www.youtube.com\/watch?v=Rge5KTLKLqo\"><strong>Soeur Marie Claude Naddaf<\/strong><\/a>, religieuse du Bon-Pasteur originaire de Syrie, reconnue pour son travail de sauvetage de femmes et d\u2019enfants victimes du trafic humain.<\/p>\n<p>&nbsp;<\/p>\n<p>Nous serions honor\u00e9s de votre pr\u00e9sence.<\/p>\n<p><a href=\"https:\/\/cnewa.org\/fr\/a-venir-le-gala-cnewa-canada-lumiere-en-orient\/\">\ud83d\udc49 <strong>Achetez vos billets ici<\/strong><\/a><\/p>\n<p>Ou \u00e9crire ou appeler :<a href=\"mailto:tdunn@cnewa.org\">tdunn@cnewa.org<\/a>, (613) 738-9666<\/p>\n<p>&nbsp;<\/p>\n<p>150 $ par personne (table de 8 : 1 200 $)<\/p>\n<p><em>Tous les profits de cet \u00e9v\u00e9nement serviront \u00e0 soutenir les projets de secours d\u2019urgence et de d\u00e9veloppement de CNEWA au Moyen-Orient, en \u00c9thiopie et en Ukraine.<\/em><\/p>\n","protected":false},"excerpt":{"rendered":"<p>Vendredi 7 novembre 2025 &#8211; Souper \u00e0 19 h (accueil d\u00e8s 18 h) Centre de r\u00e9ception St. Elias, 750, avenue Ridgewood, Ottawa &nbsp; Un d\u00eener-b\u00e9n\u00e9fice organis\u00e9 par l\u2019Association catholique d\u2019aide \u00e0 l\u2019Orient CNEWA Canada (Catholic Near-East Welfare Association) \u2013 une agence pontificale au service des \u00c9glises orientales et des communaut\u00e9s vuln\u00e9rables au Moyen-Orient, en Afrique [&hellip;]<\/p>\n","protected":false},"author":21,"featured_media":33853,"comment_status":"closed","ping_status":"closed","template":"","mec_category":[],"mec_tag":[],"class_list":["post-33810","mec-events","type-mec-events","status-publish","has-post-thumbnail","hentry"],"acf":[],"yoast_head":"<!-- This site is optimized with the Yoast SEO plugin v27.4 - https:\/\/yoast.com\/product\/yoast-seo-wordpress\/ -->\n<title>Lumi\u00e8re en Orient : un gala pour la paix et l\u2019espoir - Archdiocese of Ottawa-Cornwall<\/title>\n<meta name=\"robots\" content=\"index, follow, max-snippet:-1, max-image-preview:large, max-video-preview:-1\" \/>\n<link rel=\"canonical\" href=\"https:\/\/ottawacornwall.ca\/fr\/events\/lumiere-en-orient-un-gala-pour-la-paix-et-lespoir\/\" \/>\n<meta property=\"og:locale\" content=\"fr_FR\" \/>\n<meta property=\"og:type\" content=\"article\" \/>\n<meta property=\"og:title\" content=\"Lumi\u00e8re en Orient : un gala pour la paix et l\u2019espoir - Archdiocese of Ottawa-Cornwall\" \/>\n<meta property=\"og:description\" content=\"Vendredi 7 novembre 2025 &#8211; Souper \u00e0 19 h (accueil d\u00e8s 18 h) Centre de r\u00e9ception St. Elias, 750, avenue Ridgewood, Ottawa &nbsp; Un d\u00eener-b\u00e9n\u00e9fice organis\u00e9 par l\u2019Association catholique d\u2019aide \u00e0 l\u2019Orient CNEWA Canada (Catholic Near-East Welfare Association) \u2013 une agence pontificale au service des \u00c9glises orientales et des communaut\u00e9s vuln\u00e9rables au Moyen-Orient, en Afrique [&hellip;]\" \/>\n<meta property=\"og:url\" content=\"https:\/\/ottawacornwall.ca\/fr\/events\/lumiere-en-orient-un-gala-pour-la-paix-et-lespoir\/\" \/>\n<meta property=\"og:site_name\" content=\"Archdiocese of Ottawa-Cornwall\" \/>\n<meta property=\"article:modified_time\" content=\"2025-09-10T13:32:07+00:00\" \/>\n<meta property=\"og:image\" content=\"https:\/\/ottawacornwall.ca\/wp-content\/uploads\/2025\/09\/1.-CNEWA-Canada-Gala-FR-poster.jpg\" \/>\n\t<meta property=\"og:image:width\" content=\"557\" \/>\n\t<meta property=\"og:image:height\" content=\"861\" \/>\n\t<meta property=\"og:image:type\" content=\"image\/jpeg\" \/>\n<meta name=\"twitter:card\" content=\"summary_large_image\" \/>\n<meta name=\"twitter:label1\" content=\"Dur\u00e9e de lecture estim\u00e9e\" \/>\n\t<meta name=\"twitter:data1\" content=\"1 minute\" \/>\n<script type=\"application\/ld+json\" class=\"yoast-schema-graph\">{\"@context\":\"https:\\\/\\\/schema.org\",\"@graph\":[{\"@type\":\"WebPage\",\"@id\":\"https:\\\/\\\/ottawacornwall.ca\\\/fr\\\/events\\\/lumiere-en-orient-un-gala-pour-la-paix-et-lespoir\\\/\",\"url\":\"https:\\\/\\\/ottawacornwall.ca\\\/fr\\\/events\\\/lumiere-en-orient-un-gala-pour-la-paix-et-lespoir\\\/\",\"name\":\"Lumi\u00e8re en Orient : un gala pour la paix et l\u2019espoir - Archdiocese of Ottawa-Cornwall\",\"isPartOf\":{\"@id\":\"https:\\\/\\\/ottawacornwall.ca\\\/#website\"},\"primaryImageOfPage\":{\"@id\":\"https:\\\/\\\/ottawacornwall.ca\\\/fr\\\/events\\\/lumiere-en-orient-un-gala-pour-la-paix-et-lespoir\\\/#primaryimage\"},\"image\":{\"@id\":\"https:\\\/\\\/ottawacornwall.ca\\\/fr\\\/events\\\/lumiere-en-orient-un-gala-pour-la-paix-et-lespoir\\\/#primaryimage\"},\"thumbnailUrl\":\"https:\\\/\\\/ottawacornwall.ca\\\/wp-content\\\/uploads\\\/2025\\\/09\\\/1.-CNEWA-Canada-Gala-FR-poster.jpg\",\"datePublished\":\"2025-09-08T17:35:35+00:00\",\"dateModified\":\"2025-09-10T13:32:07+00:00\",\"breadcrumb\":{\"@id\":\"https:\\\/\\\/ottawacornwall.ca\\\/fr\\\/events\\\/lumiere-en-orient-un-gala-pour-la-paix-et-lespoir\\\/#breadcrumb\"},\"inLanguage\":\"fr-FR\",\"potentialAction\":[{\"@type\":\"ReadAction\",\"target\":[\"https:\\\/\\\/ottawacornwall.ca\\\/fr\\\/events\\\/lumiere-en-orient-un-gala-pour-la-paix-et-lespoir\\\/\"]}]},{\"@type\":\"ImageObject\",\"inLanguage\":\"fr-FR\",\"@id\":\"https:\\\/\\\/ottawacornwall.ca\\\/fr\\\/events\\\/lumiere-en-orient-un-gala-pour-la-paix-et-lespoir\\\/#primaryimage\",\"url\":\"https:\\\/\\\/ottawacornwall.ca\\\/wp-content\\\/uploads\\\/2025\\\/09\\\/1.-CNEWA-Canada-Gala-FR-poster.jpg\",\"contentUrl\":\"https:\\\/\\\/ottawacornwall.ca\\\/wp-content\\\/uploads\\\/2025\\\/09\\\/1.-CNEWA-Canada-Gala-FR-poster.jpg\",\"width\":557,\"height\":861},{\"@type\":\"BreadcrumbList\",\"@id\":\"https:\\\/\\\/ottawacornwall.ca\\\/fr\\\/events\\\/lumiere-en-orient-un-gala-pour-la-paix-et-lespoir\\\/#breadcrumb\",\"itemListElement\":[{\"@type\":\"ListItem\",\"position\":1,\"name\":\"Home\",\"item\":\"https:\\\/\\\/ottawacornwall.ca\\\/fr\\\/\"},{\"@type\":\"ListItem\",\"position\":2,\"name\":\"Events\",\"item\":\"https:\\\/\\\/ottawacornwall.ca\\\/events\\\/\"},{\"@type\":\"ListItem\",\"position\":3,\"name\":\"Lumi\u00e8re en Orient : un gala pour la paix et l\u2019espoir\"}]},{\"@type\":\"WebSite\",\"@id\":\"https:\\\/\\\/ottawacornwall.ca\\\/#website\",\"url\":\"https:\\\/\\\/ottawacornwall.ca\\\/\",\"name\":\"Archdiocese of Ottawa-Cornwall\",\"description\":\"Welcome to the  Ottawa-Cornwall Archdiocese!\",\"publisher\":{\"@id\":\"https:\\\/\\\/ottawacornwall.ca\\\/#organization\"},\"potentialAction\":[{\"@type\":\"SearchAction\",\"target\":{\"@type\":\"EntryPoint\",\"urlTemplate\":\"https:\\\/\\\/ottawacornwall.ca\\\/?s={search_term_string}\"},\"query-input\":{\"@type\":\"PropertyValueSpecification\",\"valueRequired\":true,\"valueName\":\"search_term_string\"}}],\"inLanguage\":\"fr-FR\"},{\"@type\":\"Organization\",\"@id\":\"https:\\\/\\\/ottawacornwall.ca\\\/#organization\",\"name\":\"Archdiocese of Ottawa-Cornwall\",\"url\":\"https:\\\/\\\/ottawacornwall.ca\\\/\",\"logo\":{\"@type\":\"ImageObject\",\"inLanguage\":\"fr-FR\",\"@id\":\"https:\\\/\\\/ottawacornwall.ca\\\/#\\\/schema\\\/logo\\\/image\\\/\",\"url\":\"https:\\\/\\\/ottawacornwall.ca\\\/wp-content\\\/uploads\\\/2022\\\/11\\\/Archdiocese-Logo-Horizontal-Reverse-1.svg\",\"contentUrl\":\"https:\\\/\\\/ottawacornwall.ca\\\/wp-content\\\/uploads\\\/2022\\\/11\\\/Archdiocese-Logo-Horizontal-Reverse-1.svg\",\"caption\":\"Archdiocese of Ottawa-Cornwall\"},\"image\":{\"@id\":\"https:\\\/\\\/ottawacornwall.ca\\\/#\\\/schema\\\/logo\\\/image\\\/\"}}]}<\/script>\n<!-- \/ Yoast SEO plugin. -->","yoast_head_json":{"title":"Lumi\u00e8re en Orient : un gala pour la paix et l\u2019espoir - Archdiocese of Ottawa-Cornwall","robots":{"index":"index","follow":"follow","max-snippet":"max-snippet:-1","max-image-preview":"max-image-preview:large","max-video-preview":"max-video-preview:-1"},"canonical":"https:\/\/ottawacornwall.ca\/fr\/events\/lumiere-en-orient-un-gala-pour-la-paix-et-lespoir\/","og_locale":"fr_FR","og_type":"article","og_title":"Lumi\u00e8re en Orient : un gala pour la paix et l\u2019espoir - Archdiocese of Ottawa-Cornwall","og_description":"Vendredi 7 novembre 2025 &#8211; Souper \u00e0 19 h (accueil d\u00e8s 18 h) Centre de r\u00e9ception St. Elias, 750, avenue Ridgewood, Ottawa &nbsp; Un d\u00eener-b\u00e9n\u00e9fice organis\u00e9 par l\u2019Association catholique d\u2019aide \u00e0 l\u2019Orient CNEWA Canada (Catholic Near-East Welfare Association) \u2013 une agence pontificale au service des \u00c9glises orientales et des communaut\u00e9s vuln\u00e9rables au Moyen-Orient, en Afrique [&hellip;]","og_url":"https:\/\/ottawacornwall.ca\/fr\/events\/lumiere-en-orient-un-gala-pour-la-paix-et-lespoir\/","og_site_name":"Archdiocese of Ottawa-Cornwall","article_modified_time":"2025-09-10T13:32:07+00:00","og_image":[{"width":557,"height":861,"url":"https:\/\/ottawacornwall.ca\/wp-content\/uploads\/2025\/09\/1.-CNEWA-Canada-Gala-FR-poster.jpg","type":"image\/jpeg"}],"twitter_card":"summary_large_image","twitter_misc":{"Dur\u00e9e de lecture estim\u00e9e":"1 minute"},"schema":{"@context":"https:\/\/schema.org","@graph":[{"@type":"WebPage","@id":"https:\/\/ottawacornwall.ca\/fr\/events\/lumiere-en-orient-un-gala-pour-la-paix-et-lespoir\/","url":"https:\/\/ottawacornwall.ca\/fr\/events\/lumiere-en-orient-un-gala-pour-la-paix-et-lespoir\/","name":"Lumi\u00e8re en Orient : un gala pour la paix et l\u2019espoir - Archdiocese of Ottawa-Cornwall","isPartOf":{"@id":"https:\/\/ottawacornwall.ca\/#website"},"primaryImageOfPage":{"@id":"https:\/\/ottawacornwall.ca\/fr\/events\/lumiere-en-orient-un-gala-pour-la-paix-et-lespoir\/#primaryimage"},"image":{"@id":"https:\/\/ottawacornwall.ca\/fr\/events\/lumiere-en-orient-un-gala-pour-la-paix-et-lespoir\/#primaryimage"},"thumbnailUrl":"https:\/\/ottawacornwall.ca\/wp-content\/uploads\/2025\/09\/1.-CNEWA-Canada-Gala-FR-poster.jpg","datePublished":"2025-09-08T17:35:35+00:00","dateModified":"2025-09-10T13:32:07+00:00","breadcrumb":{"@id":"https:\/\/ottawacornwall.ca\/fr\/events\/lumiere-en-orient-un-gala-pour-la-paix-et-lespoir\/#breadcrumb"},"inLanguage":"fr-FR","potentialAction":[{"@type":"ReadAction","target":["https:\/\/ottawacornwall.ca\/fr\/events\/lumiere-en-orient-un-gala-pour-la-paix-et-lespoir\/"]}]},{"@type":"ImageObject","inLanguage":"fr-FR","@id":"https:\/\/ottawacornwall.ca\/fr\/events\/lumiere-en-orient-un-gala-pour-la-paix-et-lespoir\/#primaryimage","url":"https:\/\/ottawacornwall.ca\/wp-content\/uploads\/2025\/09\/1.-CNEWA-Canada-Gala-FR-poster.jpg","contentUrl":"https:\/\/ottawacornwall.ca\/wp-content\/uploads\/2025\/09\/1.-CNEWA-Canada-Gala-FR-poster.jpg","width":557,"height":861},{"@type":"BreadcrumbList","@id":"https:\/\/ottawacornwall.ca\/fr\/events\/lumiere-en-orient-un-gala-pour-la-paix-et-lespoir\/#breadcrumb","itemListElement":[{"@type":"ListItem","position":1,"name":"Home","item":"https:\/\/ottawacornwall.ca\/fr\/"},{"@type":"ListItem","position":2,"name":"Events","item":"https:\/\/ottawacornwall.ca\/events\/"},{"@type":"ListItem","position":3,"name":"Lumi\u00e8re en Orient : un gala pour la paix et l\u2019espoir"}]},{"@type":"WebSite","@id":"https:\/\/ottawacornwall.ca\/#website","url":"https:\/\/ottawacornwall.ca\/","name":"Archdiocese of Ottawa-Cornwall","description":"Welcome to the  Ottawa-Cornwall Archdiocese!","publisher":{"@id":"https:\/\/ottawacornwall.ca\/#organization"},"potentialAction":[{"@type":"SearchAction","target":{"@type":"EntryPoint","urlTemplate":"https:\/\/ottawacornwall.ca\/?s={search_term_string}"},"query-input":{"@type":"PropertyValueSpecification","valueRequired":true,"valueName":"search_term_string"}}],"inLanguage":"fr-FR"},{"@type":"Organization","@id":"https:\/\/ottawacornwall.ca\/#organization","name":"Archdiocese of Ottawa-Cornwall","url":"https:\/\/ottawacornwall.ca\/","logo":{"@type":"ImageObject","inLanguage":"fr-FR","@id":"https:\/\/ottawacornwall.ca\/#\/schema\/logo\/image\/","url":"https:\/\/ottawacornwall.ca\/wp-content\/uploads\/2022\/11\/Archdiocese-Logo-Horizontal-Reverse-1.svg","contentUrl":"https:\/\/ottawacornwall.ca\/wp-content\/uploads\/2022\/11\/Archdiocese-Logo-Horizontal-Reverse-1.svg","caption":"Archdiocese of Ottawa-Cornwall"},"image":{"@id":"https:\/\/ottawacornwall.ca\/#\/schema\/logo\/image\/"}}]}},"_links":{"self":[{"href":"https:\/\/ottawacornwall.ca\/fr\/wp-json\/wp\/v2\/mec-events\/33810","targetHints":{"allow":["GET"]}}],"collection":[{"href":"https:\/\/ottawacornwall.ca\/fr\/wp-json\/wp\/v2\/mec-events"}],"about":[{"href":"https:\/\/ottawacornwall.ca\/fr\/wp-json\/wp\/v2\/types\/mec-events"}],"author":[{"embeddable":true,"href":"https:\/\/ottawacornwall.ca\/fr\/wp-json\/wp\/v2\/users\/21"}],"replies":[{"embeddable":true,"href":"https:\/\/ottawacornwall.ca\/fr\/wp-json\/wp\/v2\/comments?post=33810"}],"wp:featuredmedia":[{"embeddable":true,"href":"https:\/\/ottawacornwall.ca\/fr\/wp-json\/wp\/v2\/media\/33853"}],"wp:attachment":[{"href":"https:\/\/ottawacornwall.ca\/fr\/wp-json\/wp\/v2\/media?parent=33810"}],"wp:term":[{"taxonomy":"mec_category","embeddable":true,"href":"https:\/\/ottawacornwall.ca\/fr\/wp-json\/wp\/v2\/mec_category?post=33810"},{"taxonomy":"mec_tag","embeddable":true,"href":"https:\/\/ottawacornwall.ca\/fr\/wp-json\/wp\/v2\/mec_tag?post=33810"}],"curies":[{"name":"wp","href":"https:\/\/api.w.org\/{rel}","templated":true}]}}