{"id":33829,"date":"2025-09-08T11:11:38","date_gmt":"2025-09-08T15:11:38","guid":{"rendered":"https:\/\/wp268132.wpdns.ca\/?post_type=mec-events&#038;p=33829"},"modified":"2025-09-08T11:11:36","modified_gmt":"2025-09-08T15:11:36","slug":"messe-archidiocesaine-journee-nationale-de-la-verite-et-de-la-reconciliation","status":"publish","type":"mec-events","link":"https:\/\/ottawacornwall.ca\/fr\/events\/messe-archidiocesaine-journee-nationale-de-la-verite-et-de-la-reconciliation\/","title":{"rendered":"Messe archidioc\u00e9saine &#8211; Journ\u00e9e nationale de la v\u00e9rit\u00e9 et de la r\u00e9conciliation"},"content":{"rendered":"<p><span lang=\"fr\" data-olk-copy-source=\"MessageBody\">Tout le monde est invit\u00e9 \u00e0 se rassembler pour une messe sp\u00e9ciale le mardi 30 septembre, Journ\u00e9e nationale de la v\u00e9rit\u00e9 et de la r\u00e9conciliation. Mgr Marcel Damphousse pr\u00e9sidera la messe bilingue \u00e0 19 h \u00e0 la basilique-cath\u00e9drale Notre-Dame (385, promenade Sussex, Ottawa).<\/span><\/p>\n<p><u><\/u><u><\/u><span lang=\"fr\">Cette journ\u00e9e est un \u00e9l\u00e9ment essentiel du processus de r\u00e9conciliation et nous nous joignons \u00e0 la comm\u00e9moration publique de l&rsquo;histoire tragique et douloureuse des pensionnats autochtones et de leurs cons\u00e9quences actuelles. Nous vous invitons \u00e0 vous joindre \u00e0 nous pour la pri\u00e8re, la r\u00e9flexion et la solidarit\u00e9. Nous honorerons les survivants des pensionnats, les enfants qui ne sont jamais rentr\u00e9s chez eux et leurs familles, en nous engageant \u00e0 marcher avec les peuples autochtones sur le chemin de la gu\u00e9rison et de l\u2019espoir.<\/span><\/p>\n","protected":false},"excerpt":{"rendered":"<p>Tout le monde est invit\u00e9 \u00e0 se rassembler pour une messe sp\u00e9ciale le mardi 30 septembre, Journ\u00e9e nationale de la v\u00e9rit\u00e9 et de la r\u00e9conciliation. Mgr Marcel Damphousse pr\u00e9sidera la messe bilingue \u00e0 19 h \u00e0 la basilique-cath\u00e9drale Notre-Dame (385, promenade Sussex, Ottawa). Cette journ\u00e9e est un \u00e9l\u00e9ment essentiel du processus de r\u00e9conciliation et nous [&hellip;]<\/p>\n","protected":false},"author":6,"featured_media":33830,"comment_status":"closed","ping_status":"closed","template":"","mec_category":[],"mec_tag":[],"class_list":["post-33829","mec-events","type-mec-events","status-publish","has-post-thumbnail","hentry"],"acf":[],"yoast_head":"<!-- This site is optimized with the Yoast SEO plugin v27.4 - https:\/\/yoast.com\/product\/yoast-seo-wordpress\/ -->\n<title>Messe archidioc\u00e9saine - Journ\u00e9e nationale de la v\u00e9rit\u00e9 et de la r\u00e9conciliation - Archdiocese of Ottawa-Cornwall<\/title>\n<meta name=\"robots\" content=\"index, follow, max-snippet:-1, max-image-preview:large, max-video-preview:-1\" \/>\n<link rel=\"canonical\" href=\"https:\/\/ottawacornwall.ca\/fr\/events\/messe-archidiocesaine-journee-nationale-de-la-verite-et-de-la-reconciliation\/\" \/>\n<meta property=\"og:locale\" content=\"fr_FR\" \/>\n<meta property=\"og:type\" content=\"article\" \/>\n<meta property=\"og:title\" content=\"Messe archidioc\u00e9saine - Journ\u00e9e nationale de la v\u00e9rit\u00e9 et de la r\u00e9conciliation - Archdiocese of Ottawa-Cornwall\" \/>\n<meta property=\"og:description\" content=\"Tout le monde est invit\u00e9 \u00e0 se rassembler pour une messe sp\u00e9ciale le mardi 30 septembre, Journ\u00e9e nationale de la v\u00e9rit\u00e9 et de la r\u00e9conciliation. Mgr Marcel Damphousse pr\u00e9sidera la messe bilingue \u00e0 19 h \u00e0 la basilique-cath\u00e9drale Notre-Dame (385, promenade Sussex, Ottawa). Cette journ\u00e9e est un \u00e9l\u00e9ment essentiel du processus de r\u00e9conciliation et nous [&hellip;]\" \/>\n<meta property=\"og:url\" content=\"https:\/\/ottawacornwall.ca\/fr\/events\/messe-archidiocesaine-journee-nationale-de-la-verite-et-de-la-reconciliation\/\" \/>\n<meta property=\"og:site_name\" content=\"Archdiocese of Ottawa-Cornwall\" \/>\n<meta property=\"og:image\" content=\"https:\/\/ottawacornwall.ca\/wp-content\/uploads\/2025\/09\/Journee-nationale-pour-la-verite-et-la-reconciliation.jpg\" \/>\n\t<meta property=\"og:image:width\" content=\"1700\" \/>\n\t<meta property=\"og:image:height\" content=\"2200\" \/>\n\t<meta property=\"og:image:type\" content=\"image\/jpeg\" \/>\n<meta name=\"twitter:card\" content=\"summary_large_image\" \/>\n<meta name=\"twitter:label1\" content=\"Dur\u00e9e de lecture estim\u00e9e\" \/>\n\t<meta name=\"twitter:data1\" content=\"1 minute\" \/>\n<script type=\"application\/ld+json\" class=\"yoast-schema-graph\">{\"@context\":\"https:\\\/\\\/schema.org\",\"@graph\":[{\"@type\":\"WebPage\",\"@id\":\"https:\\\/\\\/ottawacornwall.ca\\\/fr\\\/events\\\/messe-archidiocesaine-journee-nationale-de-la-verite-et-de-la-reconciliation\\\/\",\"url\":\"https:\\\/\\\/ottawacornwall.ca\\\/fr\\\/events\\\/messe-archidiocesaine-journee-nationale-de-la-verite-et-de-la-reconciliation\\\/\",\"name\":\"Messe archidioc\u00e9saine - Journ\u00e9e nationale de la v\u00e9rit\u00e9 et de la r\u00e9conciliation - Archdiocese of Ottawa-Cornwall\",\"isPartOf\":{\"@id\":\"https:\\\/\\\/ottawacornwall.ca\\\/#website\"},\"primaryImageOfPage\":{\"@id\":\"https:\\\/\\\/ottawacornwall.ca\\\/fr\\\/events\\\/messe-archidiocesaine-journee-nationale-de-la-verite-et-de-la-reconciliation\\\/#primaryimage\"},\"image\":{\"@id\":\"https:\\\/\\\/ottawacornwall.ca\\\/fr\\\/events\\\/messe-archidiocesaine-journee-nationale-de-la-verite-et-de-la-reconciliation\\\/#primaryimage\"},\"thumbnailUrl\":\"https:\\\/\\\/ottawacornwall.ca\\\/wp-content\\\/uploads\\\/2025\\\/09\\\/Journee-nationale-pour-la-verite-et-la-reconciliation.jpg\",\"datePublished\":\"2025-09-08T15:11:38+00:00\",\"breadcrumb\":{\"@id\":\"https:\\\/\\\/ottawacornwall.ca\\\/fr\\\/events\\\/messe-archidiocesaine-journee-nationale-de-la-verite-et-de-la-reconciliation\\\/#breadcrumb\"},\"inLanguage\":\"fr-FR\",\"potentialAction\":[{\"@type\":\"ReadAction\",\"target\":[\"https:\\\/\\\/ottawacornwall.ca\\\/fr\\\/events\\\/messe-archidiocesaine-journee-nationale-de-la-verite-et-de-la-reconciliation\\\/\"]}]},{\"@type\":\"ImageObject\",\"inLanguage\":\"fr-FR\",\"@id\":\"https:\\\/\\\/ottawacornwall.ca\\\/fr\\\/events\\\/messe-archidiocesaine-journee-nationale-de-la-verite-et-de-la-reconciliation\\\/#primaryimage\",\"url\":\"https:\\\/\\\/ottawacornwall.ca\\\/wp-content\\\/uploads\\\/2025\\\/09\\\/Journee-nationale-pour-la-verite-et-la-reconciliation.jpg\",\"contentUrl\":\"https:\\\/\\\/ottawacornwall.ca\\\/wp-content\\\/uploads\\\/2025\\\/09\\\/Journee-nationale-pour-la-verite-et-la-reconciliation.jpg\",\"width\":1700,\"height\":2200},{\"@type\":\"BreadcrumbList\",\"@id\":\"https:\\\/\\\/ottawacornwall.ca\\\/fr\\\/events\\\/messe-archidiocesaine-journee-nationale-de-la-verite-et-de-la-reconciliation\\\/#breadcrumb\",\"itemListElement\":[{\"@type\":\"ListItem\",\"position\":1,\"name\":\"Home\",\"item\":\"https:\\\/\\\/ottawacornwall.ca\\\/fr\\\/\"},{\"@type\":\"ListItem\",\"position\":2,\"name\":\"Events\",\"item\":\"https:\\\/\\\/ottawacornwall.ca\\\/events\\\/\"},{\"@type\":\"ListItem\",\"position\":3,\"name\":\"Messe archidioc\u00e9saine &#8211; Journ\u00e9e nationale de la v\u00e9rit\u00e9 et de la r\u00e9conciliation\"}]},{\"@type\":\"WebSite\",\"@id\":\"https:\\\/\\\/ottawacornwall.ca\\\/#website\",\"url\":\"https:\\\/\\\/ottawacornwall.ca\\\/\",\"name\":\"Archdiocese of Ottawa-Cornwall\",\"description\":\"Welcome to the  Ottawa-Cornwall Archdiocese!\",\"publisher\":{\"@id\":\"https:\\\/\\\/ottawacornwall.ca\\\/#organization\"},\"potentialAction\":[{\"@type\":\"SearchAction\",\"target\":{\"@type\":\"EntryPoint\",\"urlTemplate\":\"https:\\\/\\\/ottawacornwall.ca\\\/?s={search_term_string}\"},\"query-input\":{\"@type\":\"PropertyValueSpecification\",\"valueRequired\":true,\"valueName\":\"search_term_string\"}}],\"inLanguage\":\"fr-FR\"},{\"@type\":\"Organization\",\"@id\":\"https:\\\/\\\/ottawacornwall.ca\\\/#organization\",\"name\":\"Archdiocese of Ottawa-Cornwall\",\"url\":\"https:\\\/\\\/ottawacornwall.ca\\\/\",\"logo\":{\"@type\":\"ImageObject\",\"inLanguage\":\"fr-FR\",\"@id\":\"https:\\\/\\\/ottawacornwall.ca\\\/#\\\/schema\\\/logo\\\/image\\\/\",\"url\":\"https:\\\/\\\/ottawacornwall.ca\\\/wp-content\\\/uploads\\\/2022\\\/11\\\/Archdiocese-Logo-Horizontal-Reverse-1.svg\",\"contentUrl\":\"https:\\\/\\\/ottawacornwall.ca\\\/wp-content\\\/uploads\\\/2022\\\/11\\\/Archdiocese-Logo-Horizontal-Reverse-1.svg\",\"caption\":\"Archdiocese of Ottawa-Cornwall\"},\"image\":{\"@id\":\"https:\\\/\\\/ottawacornwall.ca\\\/#\\\/schema\\\/logo\\\/image\\\/\"}}]}<\/script>\n<!-- \/ Yoast SEO plugin. -->","yoast_head_json":{"title":"Messe archidioc\u00e9saine - Journ\u00e9e nationale de la v\u00e9rit\u00e9 et de la r\u00e9conciliation - Archdiocese of Ottawa-Cornwall","robots":{"index":"index","follow":"follow","max-snippet":"max-snippet:-1","max-image-preview":"max-image-preview:large","max-video-preview":"max-video-preview:-1"},"canonical":"https:\/\/ottawacornwall.ca\/fr\/events\/messe-archidiocesaine-journee-nationale-de-la-verite-et-de-la-reconciliation\/","og_locale":"fr_FR","og_type":"article","og_title":"Messe archidioc\u00e9saine - Journ\u00e9e nationale de la v\u00e9rit\u00e9 et de la r\u00e9conciliation - Archdiocese of Ottawa-Cornwall","og_description":"Tout le monde est invit\u00e9 \u00e0 se rassembler pour une messe sp\u00e9ciale le mardi 30 septembre, Journ\u00e9e nationale de la v\u00e9rit\u00e9 et de la r\u00e9conciliation. Mgr Marcel Damphousse pr\u00e9sidera la messe bilingue \u00e0 19 h \u00e0 la basilique-cath\u00e9drale Notre-Dame (385, promenade Sussex, Ottawa). Cette journ\u00e9e est un \u00e9l\u00e9ment essentiel du processus de r\u00e9conciliation et nous [&hellip;]","og_url":"https:\/\/ottawacornwall.ca\/fr\/events\/messe-archidiocesaine-journee-nationale-de-la-verite-et-de-la-reconciliation\/","og_site_name":"Archdiocese of Ottawa-Cornwall","og_image":[{"width":1700,"height":2200,"url":"https:\/\/ottawacornwall.ca\/wp-content\/uploads\/2025\/09\/Journee-nationale-pour-la-verite-et-la-reconciliation.jpg","type":"image\/jpeg"}],"twitter_card":"summary_large_image","twitter_misc":{"Dur\u00e9e de lecture estim\u00e9e":"1 minute"},"schema":{"@context":"https:\/\/schema.org","@graph":[{"@type":"WebPage","@id":"https:\/\/ottawacornwall.ca\/fr\/events\/messe-archidiocesaine-journee-nationale-de-la-verite-et-de-la-reconciliation\/","url":"https:\/\/ottawacornwall.ca\/fr\/events\/messe-archidiocesaine-journee-nationale-de-la-verite-et-de-la-reconciliation\/","name":"Messe archidioc\u00e9saine - Journ\u00e9e nationale de la v\u00e9rit\u00e9 et de la r\u00e9conciliation - Archdiocese of Ottawa-Cornwall","isPartOf":{"@id":"https:\/\/ottawacornwall.ca\/#website"},"primaryImageOfPage":{"@id":"https:\/\/ottawacornwall.ca\/fr\/events\/messe-archidiocesaine-journee-nationale-de-la-verite-et-de-la-reconciliation\/#primaryimage"},"image":{"@id":"https:\/\/ottawacornwall.ca\/fr\/events\/messe-archidiocesaine-journee-nationale-de-la-verite-et-de-la-reconciliation\/#primaryimage"},"thumbnailUrl":"https:\/\/ottawacornwall.ca\/wp-content\/uploads\/2025\/09\/Journee-nationale-pour-la-verite-et-la-reconciliation.jpg","datePublished":"2025-09-08T15:11:38+00:00","breadcrumb":{"@id":"https:\/\/ottawacornwall.ca\/fr\/events\/messe-archidiocesaine-journee-nationale-de-la-verite-et-de-la-reconciliation\/#breadcrumb"},"inLanguage":"fr-FR","potentialAction":[{"@type":"ReadAction","target":["https:\/\/ottawacornwall.ca\/fr\/events\/messe-archidiocesaine-journee-nationale-de-la-verite-et-de-la-reconciliation\/"]}]},{"@type":"ImageObject","inLanguage":"fr-FR","@id":"https:\/\/ottawacornwall.ca\/fr\/events\/messe-archidiocesaine-journee-nationale-de-la-verite-et-de-la-reconciliation\/#primaryimage","url":"https:\/\/ottawacornwall.ca\/wp-content\/uploads\/2025\/09\/Journee-nationale-pour-la-verite-et-la-reconciliation.jpg","contentUrl":"https:\/\/ottawacornwall.ca\/wp-content\/uploads\/2025\/09\/Journee-nationale-pour-la-verite-et-la-reconciliation.jpg","width":1700,"height":2200},{"@type":"BreadcrumbList","@id":"https:\/\/ottawacornwall.ca\/fr\/events\/messe-archidiocesaine-journee-nationale-de-la-verite-et-de-la-reconciliation\/#breadcrumb","itemListElement":[{"@type":"ListItem","position":1,"name":"Home","item":"https:\/\/ottawacornwall.ca\/fr\/"},{"@type":"ListItem","position":2,"name":"Events","item":"https:\/\/ottawacornwall.ca\/events\/"},{"@type":"ListItem","position":3,"name":"Messe archidioc\u00e9saine &#8211; Journ\u00e9e nationale de la v\u00e9rit\u00e9 et de la r\u00e9conciliation"}]},{"@type":"WebSite","@id":"https:\/\/ottawacornwall.ca\/#website","url":"https:\/\/ottawacornwall.ca\/","name":"Archdiocese of Ottawa-Cornwall","description":"Welcome to the  Ottawa-Cornwall Archdiocese!","publisher":{"@id":"https:\/\/ottawacornwall.ca\/#organization"},"potentialAction":[{"@type":"SearchAction","target":{"@type":"EntryPoint","urlTemplate":"https:\/\/ottawacornwall.ca\/?s={search_term_string}"},"query-input":{"@type":"PropertyValueSpecification","valueRequired":true,"valueName":"search_term_string"}}],"inLanguage":"fr-FR"},{"@type":"Organization","@id":"https:\/\/ottawacornwall.ca\/#organization","name":"Archdiocese of Ottawa-Cornwall","url":"https:\/\/ottawacornwall.ca\/","logo":{"@type":"ImageObject","inLanguage":"fr-FR","@id":"https:\/\/ottawacornwall.ca\/#\/schema\/logo\/image\/","url":"https:\/\/ottawacornwall.ca\/wp-content\/uploads\/2022\/11\/Archdiocese-Logo-Horizontal-Reverse-1.svg","contentUrl":"https:\/\/ottawacornwall.ca\/wp-content\/uploads\/2022\/11\/Archdiocese-Logo-Horizontal-Reverse-1.svg","caption":"Archdiocese of Ottawa-Cornwall"},"image":{"@id":"https:\/\/ottawacornwall.ca\/#\/schema\/logo\/image\/"}}]}},"_links":{"self":[{"href":"https:\/\/ottawacornwall.ca\/fr\/wp-json\/wp\/v2\/mec-events\/33829","targetHints":{"allow":["GET"]}}],"collection":[{"href":"https:\/\/ottawacornwall.ca\/fr\/wp-json\/wp\/v2\/mec-events"}],"about":[{"href":"https:\/\/ottawacornwall.ca\/fr\/wp-json\/wp\/v2\/types\/mec-events"}],"author":[{"embeddable":true,"href":"https:\/\/ottawacornwall.ca\/fr\/wp-json\/wp\/v2\/users\/6"}],"replies":[{"embeddable":true,"href":"https:\/\/ottawacornwall.ca\/fr\/wp-json\/wp\/v2\/comments?post=33829"}],"wp:featuredmedia":[{"embeddable":true,"href":"https:\/\/ottawacornwall.ca\/fr\/wp-json\/wp\/v2\/media\/33830"}],"wp:attachment":[{"href":"https:\/\/ottawacornwall.ca\/fr\/wp-json\/wp\/v2\/media?parent=33829"}],"wp:term":[{"taxonomy":"mec_category","embeddable":true,"href":"https:\/\/ottawacornwall.ca\/fr\/wp-json\/wp\/v2\/mec_category?post=33829"},{"taxonomy":"mec_tag","embeddable":true,"href":"https:\/\/ottawacornwall.ca\/fr\/wp-json\/wp\/v2\/mec_tag?post=33829"}],"curies":[{"name":"wp","href":"https:\/\/api.w.org\/{rel}","templated":true}]}}