{"id":33849,"date":"2025-09-09T13:24:12","date_gmt":"2025-09-09T17:24:12","guid":{"rendered":"https:\/\/wp268132.wpdns.ca\/?post_type=mec-events&#038;p=33849"},"modified":"2025-09-25T13:43:32","modified_gmt":"2025-09-25T17:43:32","slug":"programme-jubile-du-monde-de-leducation-325","status":"publish","type":"mec-events","link":"https:\/\/ottawacornwall.ca\/fr\/events\/programme-jubile-du-monde-de-leducation-325\/","title":{"rendered":"Programme Jubil\u00e9 du monde de l\u2019\u00e9ducation du doyenn\u00e9 Sainte-Famille"},"content":{"rendered":"<h6><span style=\"color: #000000;\"><strong>Jubil\u00e9 du monde de l\u2019\u00e9ducation \u2013 Une journ\u00e9e pour honorer les \u00e9l\u00e8ves et le personnel scolaire<\/strong><\/span><\/h6>\n<p><span style=\"font-weight: 400; color: #000000;\">Dans le cadre du Jubil\u00e9 2025, vous \u00eates invit\u00e9s \u00e0 une journ\u00e9e sp\u00e9ciale d\u00e9di\u00e9e aux \u00e9l\u00e8ves, au personnel enseignant et \u00e0 tous ceux et celles qui \u0153uvrent dans le monde de l\u2019\u00e9ducation.<\/span><\/p>\n<p><span style=\"color: #000000;\"><span style=\"font-weight: 400;\"><span data-olk-copy-source=\"MessageBody\">Le jubil\u00e9 commencera par une <strong>veill\u00e9e de pri\u00e8re \u00e0 la Paroisse Saint-R\u00e9mi <\/strong>(2821 avenue Dumaurier, Ottawa)<strong> le samedi 4 octobre de 18h30 \u00e0 21h30,<\/strong> avec adoration et chants. <\/span>Le <\/span><b>dimanche 5 octobre, de 12h30 \u00e0 17h30, \u00e0 la paroisse Saint-Joseph d\u2019Orl\u00e9ans<\/b><span style=\"font-weight: 400;\"> (2757 boulevard Saint-Joseph), nous rendrons hommage au r\u00f4le de l\u2019\u00e9ducation dans notre d\u00e9veloppement personnel et dans l\u2019\u00e9panouissement de la mission de l\u2019\u00c9glise.\u00a0 Cette rencontre fraternelle comprendra :<\/span><\/span><\/p>\n<ul>\n<li style=\"font-weight: 400;\" aria-level=\"1\"><span style=\"font-weight: 400; color: #000000;\">Un BBQ payant (argent comptant seulement)<\/span><\/li>\n<li style=\"font-weight: 400;\" aria-level=\"1\"><span style=\"font-weight: 400; color: #000000;\">Des activit\u00e9s familiales (structures gonflables, maquillage, jeux de pelouse)<\/span><\/li>\n<li style=\"font-weight: 400;\" aria-level=\"1\"><span style=\"font-weight: 400; color: #000000;\"><span data-olk-copy-source=\"MessageBody\">Salle de m\u00e9ditation<\/span><\/span><\/li>\n<li style=\"font-weight: 400;\" aria-level=\"1\"><span style=\"font-weight: 400; color: #000000;\">Un p\u00e8lerinage<\/span><\/li>\n<li style=\"font-weight: 400;\" aria-level=\"1\"><span style=\"font-weight: 400; color: #000000;\">Des kiosques d\u2019organismes vari\u00e9s<\/span><\/li>\n<li style=\"font-weight: 400;\" aria-level=\"1\"><span style=\"font-weight: 400; color: #000000;\">Une chasse au tr\u00e9sor<\/span><\/li>\n<li style=\"font-weight: 400;\" aria-level=\"1\"><span style=\"font-weight: 400; color: #000000;\">Des t\u00e9moignages sous le <span data-olk-copy-source=\"MessageBody\">th\u00e8me : L\u2019\u00e9ducation catholique : \u00e9duquer le c\u0153ur<\/span><\/span><\/li>\n<\/ul>\n<p><span style=\"font-weight: 400; color: #000000;\">La journ\u00e9e sera cl\u00f4tur\u00e9e par une messe festive avec b\u00e9n\u00e9diction des \u00e9l\u00e8ves et des membres du personnel du monde de l\u2019\u00e9ducation.<\/span><\/p>\n<p><span style=\"font-weight: 400; color: #000000;\">En cette Journ\u00e9e mondiale des enseignants, nous esp\u00e9rons vous y retrouver en grand nombre pour c\u00e9l\u00e9brer tous les gens qui \u0153uvrent en \u00e9ducation et qui partagent leur savoir et leurs valeurs \u00e0 tous les jours.<\/span><\/p>\n<p><span style=\"font-weight: 400; color: #000000;\">Le Jubil\u00e9 du monde de l\u2019\u00e9ducation est organis\u00e9 par le Doyenn\u00e9 Sainte-Famille.<\/span><\/p>\n<p><span style=\"color: #000000;\"><strong>\ud83d\udcc5 Date : Samedi 4 Octobre (<span data-olk-copy-source=\"MessageBody\">veill\u00e9e de pri\u00e8re<\/span>)<\/strong><\/span><\/p>\n<p><span style=\"color: #000000;\">\u231a <strong data-start=\"84\" data-end=\"104\">de 18h30 \u00e0 21h30<\/strong><\/span><\/p>\n<p><span style=\"color: #000000;\"><strong>\ud83d\udccd Lieux : Paroisse Saint-R\u00e9mi: 2821 avenue Dumaurier, Ottawa<\/strong><\/span><\/p>\n<p><span style=\"color: #000000;\"><strong>\ud83d\udcc5 Date : Dimanche 5 Octobre (activit\u00e9s vari\u00e9es)<\/strong><\/span><\/p>\n<p><span style=\"color: #000000;\">\u231a <strong data-start=\"84\" data-end=\"104\">de 12h30 \u00e0 17h30<\/strong><\/span><\/p>\n<p><span style=\"color: #000000;\"><strong>\ud83d\udccd Lieux : Paroisse Sainte-Joseph d\u2019Orl\u00e9ans: 2757 boulevard Saint-Joseph, Orl\u00e9ans<\/strong><\/span><\/p>\n<p><span style=\"color: #000000;\"><strong>Pour plus d\u2019informations sur l\u2019\u00e9v\u00e9nement, veuillez contacter directement votre paroisse<\/strong>.<\/span><\/p>\n<h6 style=\"text-align: center;\"><strong>\u200bCi-dessous le programme d\u00e9taill\u00e9 du <\/strong><strong>Jubil\u00e9 du monde de l\u2019\u00e9ducation<\/strong><\/h6>\n<p><img fetchpriority=\"high\" decoding=\"async\" class=\" wp-image-34277 aligncenter\" src=\"http:\/\/ottawacornwall.ca\/wp-content\/uploads\/2025\/04\/Jubile-du-Monde-de-lEducation-Affiche-1-1-225x300.png\" alt=\"\" width=\"556\" height=\"742\" srcset=\"https:\/\/ottawacornwall.ca\/wp-content\/uploads\/2025\/04\/Jubile-du-Monde-de-lEducation-Affiche-1-1-225x300.png 225w, https:\/\/ottawacornwall.ca\/wp-content\/uploads\/2025\/04\/Jubile-du-Monde-de-lEducation-Affiche-1-1-768x1024.png 768w, https:\/\/ottawacornwall.ca\/wp-content\/uploads\/2025\/04\/Jubile-du-Monde-de-lEducation-Affiche-1-1-300x400.png 300w, https:\/\/ottawacornwall.ca\/wp-content\/uploads\/2025\/04\/Jubile-du-Monde-de-lEducation-Affiche-1-1-1152x1536.png 1152w, https:\/\/ottawacornwall.ca\/wp-content\/uploads\/2025\/04\/Jubile-du-Monde-de-lEducation-Affiche-1-1-1536x2048.png 1536w, https:\/\/ottawacornwall.ca\/wp-content\/uploads\/2025\/04\/Jubile-du-Monde-de-lEducation-Affiche-1-1.png 1728w\" sizes=\"(max-width: 556px) 100vw, 556px\" \/><\/p>\n","protected":false},"excerpt":{"rendered":"<p>Jubil\u00e9 du monde de l\u2019\u00e9ducation \u2013 Une journ\u00e9e pour honorer les \u00e9l\u00e8ves et le personnel scolaire Dans le cadre du Jubil\u00e9 2025, vous \u00eates invit\u00e9s \u00e0 une journ\u00e9e sp\u00e9ciale d\u00e9di\u00e9e aux \u00e9l\u00e8ves, au personnel enseignant et \u00e0 tous ceux et celles qui \u0153uvrent dans le monde de l\u2019\u00e9ducation. Le jubil\u00e9 commencera par une veill\u00e9e de [&hellip;]<\/p>\n","protected":false},"author":24,"featured_media":0,"comment_status":"closed","ping_status":"closed","template":"","mec_category":[],"mec_tag":[543],"class_list":["post-33849","mec-events","type-mec-events","status-publish","hentry","mec_tag-jubilee-2025"],"acf":[],"yoast_head":"<!-- This site is optimized with the Yoast SEO plugin v27.4 - https:\/\/yoast.com\/product\/yoast-seo-wordpress\/ -->\n<title>Programme Jubil\u00e9 du monde de l\u2019\u00e9ducation du doyenn\u00e9 Sainte-Famille - Archdiocese of Ottawa-Cornwall<\/title>\n<meta name=\"description\" content=\"Venez c\u00e9l\u00e9brer le Jubil\u00e9 &quot;Une Journ\u00e9e avec J\u00e9sus&quot; au Doyenn\u00e9 Larose le 20 juin 2025. Participez \u00e0 une exp\u00e9rience spirituelle unique avec pri\u00e8re, adoration, et activit\u00e9s communautaires \u00e0 la For\u00eat Larose, Bourget. Joignez-vous \u00e0 nous pour une journ\u00e9e de foi, de joie et de fraternit\u00e9!\" \/>\n<meta name=\"robots\" content=\"index, follow, max-snippet:-1, max-image-preview:large, max-video-preview:-1\" \/>\n<link rel=\"canonical\" href=\"https:\/\/ottawacornwall.ca\/fr\/events\/programme-jubile-du-monde-de-leducation-325\/\" \/>\n<meta property=\"og:locale\" content=\"fr_FR\" \/>\n<meta property=\"og:type\" content=\"article\" \/>\n<meta property=\"og:title\" content=\"Programme Jubil\u00e9 du monde de l\u2019\u00e9ducation du doyenn\u00e9 Sainte-Famille - Archdiocese of Ottawa-Cornwall\" \/>\n<meta property=\"og:description\" content=\"Venez c\u00e9l\u00e9brer le Jubil\u00e9 &quot;Une Journ\u00e9e avec J\u00e9sus&quot; au Doyenn\u00e9 Larose le 20 juin 2025. Participez \u00e0 une exp\u00e9rience spirituelle unique avec pri\u00e8re, adoration, et activit\u00e9s communautaires \u00e0 la For\u00eat Larose, Bourget. Joignez-vous \u00e0 nous pour une journ\u00e9e de foi, de joie et de fraternit\u00e9!\" \/>\n<meta property=\"og:url\" content=\"https:\/\/ottawacornwall.ca\/fr\/events\/programme-jubile-du-monde-de-leducation-325\/\" \/>\n<meta property=\"og:site_name\" content=\"Archdiocese of Ottawa-Cornwall\" \/>\n<meta property=\"article:modified_time\" content=\"2025-09-25T17:43:32+00:00\" \/>\n<meta property=\"og:image\" content=\"http:\/\/ottawacornwall.ca\/wp-content\/uploads\/2025\/04\/Jubile-du-Monde-de-lEducation-Affiche-1-1-225x300.png\" \/>\n<meta name=\"twitter:card\" content=\"summary_large_image\" \/>\n<meta name=\"twitter:label1\" content=\"Dur\u00e9e de lecture estim\u00e9e\" \/>\n\t<meta name=\"twitter:data1\" content=\"2 minutes\" \/>\n<script type=\"application\/ld+json\" class=\"yoast-schema-graph\">{\"@context\":\"https:\\\/\\\/schema.org\",\"@graph\":[{\"@type\":\"WebPage\",\"@id\":\"https:\\\/\\\/ottawacornwall.ca\\\/fr\\\/events\\\/programme-jubile-du-monde-de-leducation-325\\\/\",\"url\":\"https:\\\/\\\/ottawacornwall.ca\\\/fr\\\/events\\\/programme-jubile-du-monde-de-leducation-325\\\/\",\"name\":\"Programme Jubil\u00e9 du monde de l\u2019\u00e9ducation du doyenn\u00e9 Sainte-Famille - Archdiocese of Ottawa-Cornwall\",\"isPartOf\":{\"@id\":\"https:\\\/\\\/ottawacornwall.ca\\\/#website\"},\"primaryImageOfPage\":{\"@id\":\"https:\\\/\\\/ottawacornwall.ca\\\/fr\\\/events\\\/programme-jubile-du-monde-de-leducation-325\\\/#primaryimage\"},\"image\":{\"@id\":\"https:\\\/\\\/ottawacornwall.ca\\\/fr\\\/events\\\/programme-jubile-du-monde-de-leducation-325\\\/#primaryimage\"},\"thumbnailUrl\":\"http:\\\/\\\/ottawacornwall.ca\\\/wp-content\\\/uploads\\\/2025\\\/04\\\/Jubile-du-Monde-de-lEducation-Affiche-1-1-225x300.png\",\"datePublished\":\"2025-09-09T17:24:12+00:00\",\"dateModified\":\"2025-09-25T17:43:32+00:00\",\"description\":\"Venez c\u00e9l\u00e9brer le Jubil\u00e9 \\\"Une Journ\u00e9e avec J\u00e9sus\\\" au Doyenn\u00e9 Larose le 20 juin 2025. Participez \u00e0 une exp\u00e9rience spirituelle unique avec pri\u00e8re, adoration, et activit\u00e9s communautaires \u00e0 la For\u00eat Larose, Bourget. Joignez-vous \u00e0 nous pour une journ\u00e9e de foi, de joie et de fraternit\u00e9!\",\"breadcrumb\":{\"@id\":\"https:\\\/\\\/ottawacornwall.ca\\\/fr\\\/events\\\/programme-jubile-du-monde-de-leducation-325\\\/#breadcrumb\"},\"inLanguage\":\"fr-FR\",\"potentialAction\":[{\"@type\":\"ReadAction\",\"target\":[\"https:\\\/\\\/ottawacornwall.ca\\\/fr\\\/events\\\/programme-jubile-du-monde-de-leducation-325\\\/\"]}]},{\"@type\":\"ImageObject\",\"inLanguage\":\"fr-FR\",\"@id\":\"https:\\\/\\\/ottawacornwall.ca\\\/fr\\\/events\\\/programme-jubile-du-monde-de-leducation-325\\\/#primaryimage\",\"url\":\"http:\\\/\\\/ottawacornwall.ca\\\/wp-content\\\/uploads\\\/2025\\\/04\\\/Jubile-du-Monde-de-lEducation-Affiche-1-1-225x300.png\",\"contentUrl\":\"http:\\\/\\\/ottawacornwall.ca\\\/wp-content\\\/uploads\\\/2025\\\/04\\\/Jubile-du-Monde-de-lEducation-Affiche-1-1-225x300.png\"},{\"@type\":\"BreadcrumbList\",\"@id\":\"https:\\\/\\\/ottawacornwall.ca\\\/fr\\\/events\\\/programme-jubile-du-monde-de-leducation-325\\\/#breadcrumb\",\"itemListElement\":[{\"@type\":\"ListItem\",\"position\":1,\"name\":\"Home\",\"item\":\"https:\\\/\\\/ottawacornwall.ca\\\/fr\\\/\"},{\"@type\":\"ListItem\",\"position\":2,\"name\":\"Events\",\"item\":\"https:\\\/\\\/ottawacornwall.ca\\\/events\\\/\"},{\"@type\":\"ListItem\",\"position\":3,\"name\":\"Programme Jubil\u00e9 du monde de l\u2019\u00e9ducation du doyenn\u00e9 Sainte-Famille\"}]},{\"@type\":\"WebSite\",\"@id\":\"https:\\\/\\\/ottawacornwall.ca\\\/#website\",\"url\":\"https:\\\/\\\/ottawacornwall.ca\\\/\",\"name\":\"Archdiocese of Ottawa-Cornwall\",\"description\":\"Welcome to the  Ottawa-Cornwall Archdiocese!\",\"publisher\":{\"@id\":\"https:\\\/\\\/ottawacornwall.ca\\\/#organization\"},\"potentialAction\":[{\"@type\":\"SearchAction\",\"target\":{\"@type\":\"EntryPoint\",\"urlTemplate\":\"https:\\\/\\\/ottawacornwall.ca\\\/?s={search_term_string}\"},\"query-input\":{\"@type\":\"PropertyValueSpecification\",\"valueRequired\":true,\"valueName\":\"search_term_string\"}}],\"inLanguage\":\"fr-FR\"},{\"@type\":\"Organization\",\"@id\":\"https:\\\/\\\/ottawacornwall.ca\\\/#organization\",\"name\":\"Archdiocese of Ottawa-Cornwall\",\"url\":\"https:\\\/\\\/ottawacornwall.ca\\\/\",\"logo\":{\"@type\":\"ImageObject\",\"inLanguage\":\"fr-FR\",\"@id\":\"https:\\\/\\\/ottawacornwall.ca\\\/#\\\/schema\\\/logo\\\/image\\\/\",\"url\":\"https:\\\/\\\/ottawacornwall.ca\\\/wp-content\\\/uploads\\\/2022\\\/11\\\/Archdiocese-Logo-Horizontal-Reverse-1.svg\",\"contentUrl\":\"https:\\\/\\\/ottawacornwall.ca\\\/wp-content\\\/uploads\\\/2022\\\/11\\\/Archdiocese-Logo-Horizontal-Reverse-1.svg\",\"caption\":\"Archdiocese of Ottawa-Cornwall\"},\"image\":{\"@id\":\"https:\\\/\\\/ottawacornwall.ca\\\/#\\\/schema\\\/logo\\\/image\\\/\"}}]}<\/script>\n<!-- \/ Yoast SEO plugin. -->","yoast_head_json":{"title":"Programme Jubil\u00e9 du monde de l\u2019\u00e9ducation du doyenn\u00e9 Sainte-Famille - Archdiocese of Ottawa-Cornwall","description":"Venez c\u00e9l\u00e9brer le Jubil\u00e9 \"Une Journ\u00e9e avec J\u00e9sus\" au Doyenn\u00e9 Larose le 20 juin 2025. Participez \u00e0 une exp\u00e9rience spirituelle unique avec pri\u00e8re, adoration, et activit\u00e9s communautaires \u00e0 la For\u00eat Larose, Bourget. Joignez-vous \u00e0 nous pour une journ\u00e9e de foi, de joie et de fraternit\u00e9!","robots":{"index":"index","follow":"follow","max-snippet":"max-snippet:-1","max-image-preview":"max-image-preview:large","max-video-preview":"max-video-preview:-1"},"canonical":"https:\/\/ottawacornwall.ca\/fr\/events\/programme-jubile-du-monde-de-leducation-325\/","og_locale":"fr_FR","og_type":"article","og_title":"Programme Jubil\u00e9 du monde de l\u2019\u00e9ducation du doyenn\u00e9 Sainte-Famille - Archdiocese of Ottawa-Cornwall","og_description":"Venez c\u00e9l\u00e9brer le Jubil\u00e9 \"Une Journ\u00e9e avec J\u00e9sus\" au Doyenn\u00e9 Larose le 20 juin 2025. Participez \u00e0 une exp\u00e9rience spirituelle unique avec pri\u00e8re, adoration, et activit\u00e9s communautaires \u00e0 la For\u00eat Larose, Bourget. Joignez-vous \u00e0 nous pour une journ\u00e9e de foi, de joie et de fraternit\u00e9!","og_url":"https:\/\/ottawacornwall.ca\/fr\/events\/programme-jubile-du-monde-de-leducation-325\/","og_site_name":"Archdiocese of Ottawa-Cornwall","article_modified_time":"2025-09-25T17:43:32+00:00","og_image":[{"url":"http:\/\/ottawacornwall.ca\/wp-content\/uploads\/2025\/04\/Jubile-du-Monde-de-lEducation-Affiche-1-1-225x300.png","type":"","width":"","height":""}],"twitter_card":"summary_large_image","twitter_misc":{"Dur\u00e9e de lecture estim\u00e9e":"2 minutes"},"schema":{"@context":"https:\/\/schema.org","@graph":[{"@type":"WebPage","@id":"https:\/\/ottawacornwall.ca\/fr\/events\/programme-jubile-du-monde-de-leducation-325\/","url":"https:\/\/ottawacornwall.ca\/fr\/events\/programme-jubile-du-monde-de-leducation-325\/","name":"Programme Jubil\u00e9 du monde de l\u2019\u00e9ducation du doyenn\u00e9 Sainte-Famille - Archdiocese of Ottawa-Cornwall","isPartOf":{"@id":"https:\/\/ottawacornwall.ca\/#website"},"primaryImageOfPage":{"@id":"https:\/\/ottawacornwall.ca\/fr\/events\/programme-jubile-du-monde-de-leducation-325\/#primaryimage"},"image":{"@id":"https:\/\/ottawacornwall.ca\/fr\/events\/programme-jubile-du-monde-de-leducation-325\/#primaryimage"},"thumbnailUrl":"http:\/\/ottawacornwall.ca\/wp-content\/uploads\/2025\/04\/Jubile-du-Monde-de-lEducation-Affiche-1-1-225x300.png","datePublished":"2025-09-09T17:24:12+00:00","dateModified":"2025-09-25T17:43:32+00:00","description":"Venez c\u00e9l\u00e9brer le Jubil\u00e9 \"Une Journ\u00e9e avec J\u00e9sus\" au Doyenn\u00e9 Larose le 20 juin 2025. Participez \u00e0 une exp\u00e9rience spirituelle unique avec pri\u00e8re, adoration, et activit\u00e9s communautaires \u00e0 la For\u00eat Larose, Bourget. Joignez-vous \u00e0 nous pour une journ\u00e9e de foi, de joie et de fraternit\u00e9!","breadcrumb":{"@id":"https:\/\/ottawacornwall.ca\/fr\/events\/programme-jubile-du-monde-de-leducation-325\/#breadcrumb"},"inLanguage":"fr-FR","potentialAction":[{"@type":"ReadAction","target":["https:\/\/ottawacornwall.ca\/fr\/events\/programme-jubile-du-monde-de-leducation-325\/"]}]},{"@type":"ImageObject","inLanguage":"fr-FR","@id":"https:\/\/ottawacornwall.ca\/fr\/events\/programme-jubile-du-monde-de-leducation-325\/#primaryimage","url":"http:\/\/ottawacornwall.ca\/wp-content\/uploads\/2025\/04\/Jubile-du-Monde-de-lEducation-Affiche-1-1-225x300.png","contentUrl":"http:\/\/ottawacornwall.ca\/wp-content\/uploads\/2025\/04\/Jubile-du-Monde-de-lEducation-Affiche-1-1-225x300.png"},{"@type":"BreadcrumbList","@id":"https:\/\/ottawacornwall.ca\/fr\/events\/programme-jubile-du-monde-de-leducation-325\/#breadcrumb","itemListElement":[{"@type":"ListItem","position":1,"name":"Home","item":"https:\/\/ottawacornwall.ca\/fr\/"},{"@type":"ListItem","position":2,"name":"Events","item":"https:\/\/ottawacornwall.ca\/events\/"},{"@type":"ListItem","position":3,"name":"Programme Jubil\u00e9 du monde de l\u2019\u00e9ducation du doyenn\u00e9 Sainte-Famille"}]},{"@type":"WebSite","@id":"https:\/\/ottawacornwall.ca\/#website","url":"https:\/\/ottawacornwall.ca\/","name":"Archdiocese of Ottawa-Cornwall","description":"Welcome to the  Ottawa-Cornwall Archdiocese!","publisher":{"@id":"https:\/\/ottawacornwall.ca\/#organization"},"potentialAction":[{"@type":"SearchAction","target":{"@type":"EntryPoint","urlTemplate":"https:\/\/ottawacornwall.ca\/?s={search_term_string}"},"query-input":{"@type":"PropertyValueSpecification","valueRequired":true,"valueName":"search_term_string"}}],"inLanguage":"fr-FR"},{"@type":"Organization","@id":"https:\/\/ottawacornwall.ca\/#organization","name":"Archdiocese of Ottawa-Cornwall","url":"https:\/\/ottawacornwall.ca\/","logo":{"@type":"ImageObject","inLanguage":"fr-FR","@id":"https:\/\/ottawacornwall.ca\/#\/schema\/logo\/image\/","url":"https:\/\/ottawacornwall.ca\/wp-content\/uploads\/2022\/11\/Archdiocese-Logo-Horizontal-Reverse-1.svg","contentUrl":"https:\/\/ottawacornwall.ca\/wp-content\/uploads\/2022\/11\/Archdiocese-Logo-Horizontal-Reverse-1.svg","caption":"Archdiocese of Ottawa-Cornwall"},"image":{"@id":"https:\/\/ottawacornwall.ca\/#\/schema\/logo\/image\/"}}]}},"_links":{"self":[{"href":"https:\/\/ottawacornwall.ca\/fr\/wp-json\/wp\/v2\/mec-events\/33849","targetHints":{"allow":["GET"]}}],"collection":[{"href":"https:\/\/ottawacornwall.ca\/fr\/wp-json\/wp\/v2\/mec-events"}],"about":[{"href":"https:\/\/ottawacornwall.ca\/fr\/wp-json\/wp\/v2\/types\/mec-events"}],"author":[{"embeddable":true,"href":"https:\/\/ottawacornwall.ca\/fr\/wp-json\/wp\/v2\/users\/24"}],"replies":[{"embeddable":true,"href":"https:\/\/ottawacornwall.ca\/fr\/wp-json\/wp\/v2\/comments?post=33849"}],"wp:attachment":[{"href":"https:\/\/ottawacornwall.ca\/fr\/wp-json\/wp\/v2\/media?parent=33849"}],"wp:term":[{"taxonomy":"mec_category","embeddable":true,"href":"https:\/\/ottawacornwall.ca\/fr\/wp-json\/wp\/v2\/mec_category?post=33849"},{"taxonomy":"mec_tag","embeddable":true,"href":"https:\/\/ottawacornwall.ca\/fr\/wp-json\/wp\/v2\/mec_tag?post=33849"}],"curies":[{"name":"wp","href":"https:\/\/api.w.org\/{rel}","templated":true}]}}