{"id":34539,"date":"2025-10-09T14:58:17","date_gmt":"2025-10-09T18:58:17","guid":{"rendered":"https:\/\/wp268132.wpdns.ca\/?post_type=mec-events&#038;p=34539"},"modified":"2025-10-09T14:58:17","modified_gmt":"2025-10-09T18:58:17","slug":"recollection-de-lannee-jubilaire-des-enfants-de-marie-mere-de-la-charite-chretienne-canada","status":"publish","type":"mec-events","link":"https:\/\/ottawacornwall.ca\/fr\/events\/recollection-de-lannee-jubilaire-des-enfants-de-marie-mere-de-la-charite-chretienne-canada\/","title":{"rendered":"R\u00e9collection de l\u2019ann\u00e9e jubilaire des Enfants de Marie M\u00e8re de La Charit\u00e9 Chr\u00e9tienne Canada"},"content":{"rendered":"<p>Samedi 11 Octobre 2025 \u00e0 l\u2019\u00e9glise Queen of the Most Holy Rosary, 20 rue Grant, #ottawa #ottawaevents<\/p>\n<p>&#8211; 8H00-8h45 Accueil\/arriv\u00e9e, petit-d\u00e9jeuner offert<br \/>\n&#8211; 09H00 &#8211; 09H45 : Enseignement sur Marie M\u00e8re de la Charit\u00e9 Chr\u00e9tienne<br \/>\n&#8211; 10 H00 &#8211; 10H45 : Pr\u00e9paration \u00e0 la Confession<br \/>\n&#8211; 11H00- 11H45 : Confession<br \/>\n&#8211; 12H &#8211; 12H30 Messe c\u00e9l\u00e9br\u00e9e par p\u00e8re Gilbert<br \/>\n&#8211; 12H45 &#8211; 13H30 Lunch (chacun apporte un repas \u00e0 partager avec son prochain)<br \/>\n&#8211; 13H45 &#8211; 14H30 Chemin de croix<br \/>\n&#8211; 14h30-15h Marche pour la paix en r\u00e9citant le chapelet de la libert\u00e9 dans l\u2019\u00e9glise (demande de #Saint #padrepio)<br \/>\n&#8211; B\u00e9n\u00e9diction finale par le pr\u00eatre<\/p>\n<p>\ud83d\udc49\ud83c\udffeN\u2019oubliez pas d\u2019apporter votre bible et votre chapelet!\ud83d\ude4f\ud83c\udffe<\/p>\n<p>\ud83c\udf39Amour, Charit\u00e9 avec Marie!\ud83c\udf39<\/p>\n","protected":false},"excerpt":{"rendered":"<p>Samedi 11 Octobre 2025 \u00e0 l\u2019\u00e9glise Queen of the Most Holy Rosary, 20 rue Grant, #ottawa #ottawaevents &#8211; 8H00-8h45 Accueil\/arriv\u00e9e, petit-d\u00e9jeuner offert &#8211; 09H00 &#8211; 09H45 : Enseignement sur Marie M\u00e8re de la Charit\u00e9 Chr\u00e9tienne &#8211; 10 H00 &#8211; 10H45 : Pr\u00e9paration \u00e0 la Confession &#8211; 11H00- 11H45 : Confession &#8211; 12H &#8211; 12H30 Messe [&hellip;]<\/p>\n","protected":false},"author":21,"featured_media":34540,"comment_status":"closed","ping_status":"closed","template":"","mec_category":[426],"mec_tag":[],"class_list":["post-34539","mec-events","type-mec-events","status-publish","has-post-thumbnail","hentry","mec_category-all-areas-fr"],"acf":[],"yoast_head":"<!-- This site is optimized with the Yoast SEO plugin v27.4 - https:\/\/yoast.com\/product\/yoast-seo-wordpress\/ -->\n<title>R\u00e9collection de l\u2019ann\u00e9e jubilaire des Enfants de Marie M\u00e8re de La Charit\u00e9 Chr\u00e9tienne Canada - Archdiocese of Ottawa-Cornwall<\/title>\n<meta name=\"robots\" content=\"index, follow, max-snippet:-1, max-image-preview:large, max-video-preview:-1\" \/>\n<link rel=\"canonical\" href=\"https:\/\/ottawacornwall.ca\/fr\/events\/recollection-de-lannee-jubilaire-des-enfants-de-marie-mere-de-la-charite-chretienne-canada\/\" \/>\n<meta property=\"og:locale\" content=\"fr_FR\" \/>\n<meta property=\"og:type\" content=\"article\" \/>\n<meta property=\"og:title\" content=\"R\u00e9collection de l\u2019ann\u00e9e jubilaire des Enfants de Marie M\u00e8re de La Charit\u00e9 Chr\u00e9tienne Canada - Archdiocese of Ottawa-Cornwall\" \/>\n<meta property=\"og:description\" content=\"Samedi 11 Octobre 2025 \u00e0 l\u2019\u00e9glise Queen of the Most Holy Rosary, 20 rue Grant, #ottawa #ottawaevents &#8211; 8H00-8h45 Accueil\/arriv\u00e9e, petit-d\u00e9jeuner offert &#8211; 09H00 &#8211; 09H45 : Enseignement sur Marie M\u00e8re de la Charit\u00e9 Chr\u00e9tienne &#8211; 10 H00 &#8211; 10H45 : Pr\u00e9paration \u00e0 la Confession &#8211; 11H00- 11H45 : Confession &#8211; 12H &#8211; 12H30 Messe [&hellip;]\" \/>\n<meta property=\"og:url\" content=\"https:\/\/ottawacornwall.ca\/fr\/events\/recollection-de-lannee-jubilaire-des-enfants-de-marie-mere-de-la-charite-chretienne-canada\/\" \/>\n<meta property=\"og:site_name\" content=\"Archdiocese of Ottawa-Cornwall\" \/>\n<meta property=\"og:image\" content=\"https:\/\/ottawacornwall.ca\/wp-content\/uploads\/2025\/10\/Recollection-des-enfants-de-mmcc-Canada.png\" \/>\n\t<meta property=\"og:image:width\" content=\"1545\" \/>\n\t<meta property=\"og:image:height\" content=\"2000\" \/>\n\t<meta property=\"og:image:type\" content=\"image\/png\" \/>\n<meta name=\"twitter:card\" content=\"summary_large_image\" \/>\n<meta name=\"twitter:label1\" content=\"Dur\u00e9e de lecture estim\u00e9e\" \/>\n\t<meta name=\"twitter:data1\" content=\"1 minute\" \/>\n<script type=\"application\/ld+json\" class=\"yoast-schema-graph\">{\"@context\":\"https:\\\/\\\/schema.org\",\"@graph\":[{\"@type\":\"WebPage\",\"@id\":\"https:\\\/\\\/ottawacornwall.ca\\\/fr\\\/events\\\/recollection-de-lannee-jubilaire-des-enfants-de-marie-mere-de-la-charite-chretienne-canada\\\/\",\"url\":\"https:\\\/\\\/ottawacornwall.ca\\\/fr\\\/events\\\/recollection-de-lannee-jubilaire-des-enfants-de-marie-mere-de-la-charite-chretienne-canada\\\/\",\"name\":\"R\u00e9collection de l\u2019ann\u00e9e jubilaire des Enfants de Marie M\u00e8re de La Charit\u00e9 Chr\u00e9tienne Canada - Archdiocese of Ottawa-Cornwall\",\"isPartOf\":{\"@id\":\"https:\\\/\\\/ottawacornwall.ca\\\/#website\"},\"primaryImageOfPage\":{\"@id\":\"https:\\\/\\\/ottawacornwall.ca\\\/fr\\\/events\\\/recollection-de-lannee-jubilaire-des-enfants-de-marie-mere-de-la-charite-chretienne-canada\\\/#primaryimage\"},\"image\":{\"@id\":\"https:\\\/\\\/ottawacornwall.ca\\\/fr\\\/events\\\/recollection-de-lannee-jubilaire-des-enfants-de-marie-mere-de-la-charite-chretienne-canada\\\/#primaryimage\"},\"thumbnailUrl\":\"https:\\\/\\\/ottawacornwall.ca\\\/wp-content\\\/uploads\\\/2025\\\/10\\\/Recollection-des-enfants-de-mmcc-Canada.png\",\"datePublished\":\"2025-10-09T18:58:17+00:00\",\"breadcrumb\":{\"@id\":\"https:\\\/\\\/ottawacornwall.ca\\\/fr\\\/events\\\/recollection-de-lannee-jubilaire-des-enfants-de-marie-mere-de-la-charite-chretienne-canada\\\/#breadcrumb\"},\"inLanguage\":\"fr-FR\",\"potentialAction\":[{\"@type\":\"ReadAction\",\"target\":[\"https:\\\/\\\/ottawacornwall.ca\\\/fr\\\/events\\\/recollection-de-lannee-jubilaire-des-enfants-de-marie-mere-de-la-charite-chretienne-canada\\\/\"]}]},{\"@type\":\"ImageObject\",\"inLanguage\":\"fr-FR\",\"@id\":\"https:\\\/\\\/ottawacornwall.ca\\\/fr\\\/events\\\/recollection-de-lannee-jubilaire-des-enfants-de-marie-mere-de-la-charite-chretienne-canada\\\/#primaryimage\",\"url\":\"https:\\\/\\\/ottawacornwall.ca\\\/wp-content\\\/uploads\\\/2025\\\/10\\\/Recollection-des-enfants-de-mmcc-Canada.png\",\"contentUrl\":\"https:\\\/\\\/ottawacornwall.ca\\\/wp-content\\\/uploads\\\/2025\\\/10\\\/Recollection-des-enfants-de-mmcc-Canada.png\",\"width\":1545,\"height\":2000},{\"@type\":\"BreadcrumbList\",\"@id\":\"https:\\\/\\\/ottawacornwall.ca\\\/fr\\\/events\\\/recollection-de-lannee-jubilaire-des-enfants-de-marie-mere-de-la-charite-chretienne-canada\\\/#breadcrumb\",\"itemListElement\":[{\"@type\":\"ListItem\",\"position\":1,\"name\":\"Home\",\"item\":\"https:\\\/\\\/ottawacornwall.ca\\\/fr\\\/\"},{\"@type\":\"ListItem\",\"position\":2,\"name\":\"Events\",\"item\":\"https:\\\/\\\/ottawacornwall.ca\\\/events\\\/\"},{\"@type\":\"ListItem\",\"position\":3,\"name\":\"R\u00e9collection de l\u2019ann\u00e9e jubilaire des Enfants de Marie M\u00e8re de La Charit\u00e9 Chr\u00e9tienne Canada\"}]},{\"@type\":\"WebSite\",\"@id\":\"https:\\\/\\\/ottawacornwall.ca\\\/#website\",\"url\":\"https:\\\/\\\/ottawacornwall.ca\\\/\",\"name\":\"Archdiocese of Ottawa-Cornwall\",\"description\":\"Welcome to the  Ottawa-Cornwall Archdiocese!\",\"publisher\":{\"@id\":\"https:\\\/\\\/ottawacornwall.ca\\\/#organization\"},\"potentialAction\":[{\"@type\":\"SearchAction\",\"target\":{\"@type\":\"EntryPoint\",\"urlTemplate\":\"https:\\\/\\\/ottawacornwall.ca\\\/?s={search_term_string}\"},\"query-input\":{\"@type\":\"PropertyValueSpecification\",\"valueRequired\":true,\"valueName\":\"search_term_string\"}}],\"inLanguage\":\"fr-FR\"},{\"@type\":\"Organization\",\"@id\":\"https:\\\/\\\/ottawacornwall.ca\\\/#organization\",\"name\":\"Archdiocese of Ottawa-Cornwall\",\"url\":\"https:\\\/\\\/ottawacornwall.ca\\\/\",\"logo\":{\"@type\":\"ImageObject\",\"inLanguage\":\"fr-FR\",\"@id\":\"https:\\\/\\\/ottawacornwall.ca\\\/#\\\/schema\\\/logo\\\/image\\\/\",\"url\":\"https:\\\/\\\/ottawacornwall.ca\\\/wp-content\\\/uploads\\\/2022\\\/11\\\/Archdiocese-Logo-Horizontal-Reverse-1.svg\",\"contentUrl\":\"https:\\\/\\\/ottawacornwall.ca\\\/wp-content\\\/uploads\\\/2022\\\/11\\\/Archdiocese-Logo-Horizontal-Reverse-1.svg\",\"caption\":\"Archdiocese of Ottawa-Cornwall\"},\"image\":{\"@id\":\"https:\\\/\\\/ottawacornwall.ca\\\/#\\\/schema\\\/logo\\\/image\\\/\"}}]}<\/script>\n<!-- \/ Yoast SEO plugin. -->","yoast_head_json":{"title":"R\u00e9collection de l\u2019ann\u00e9e jubilaire des Enfants de Marie M\u00e8re de La Charit\u00e9 Chr\u00e9tienne Canada - Archdiocese of Ottawa-Cornwall","robots":{"index":"index","follow":"follow","max-snippet":"max-snippet:-1","max-image-preview":"max-image-preview:large","max-video-preview":"max-video-preview:-1"},"canonical":"https:\/\/ottawacornwall.ca\/fr\/events\/recollection-de-lannee-jubilaire-des-enfants-de-marie-mere-de-la-charite-chretienne-canada\/","og_locale":"fr_FR","og_type":"article","og_title":"R\u00e9collection de l\u2019ann\u00e9e jubilaire des Enfants de Marie M\u00e8re de La Charit\u00e9 Chr\u00e9tienne Canada - Archdiocese of Ottawa-Cornwall","og_description":"Samedi 11 Octobre 2025 \u00e0 l\u2019\u00e9glise Queen of the Most Holy Rosary, 20 rue Grant, #ottawa #ottawaevents &#8211; 8H00-8h45 Accueil\/arriv\u00e9e, petit-d\u00e9jeuner offert &#8211; 09H00 &#8211; 09H45 : Enseignement sur Marie M\u00e8re de la Charit\u00e9 Chr\u00e9tienne &#8211; 10 H00 &#8211; 10H45 : Pr\u00e9paration \u00e0 la Confession &#8211; 11H00- 11H45 : Confession &#8211; 12H &#8211; 12H30 Messe [&hellip;]","og_url":"https:\/\/ottawacornwall.ca\/fr\/events\/recollection-de-lannee-jubilaire-des-enfants-de-marie-mere-de-la-charite-chretienne-canada\/","og_site_name":"Archdiocese of Ottawa-Cornwall","og_image":[{"width":1545,"height":2000,"url":"https:\/\/ottawacornwall.ca\/wp-content\/uploads\/2025\/10\/Recollection-des-enfants-de-mmcc-Canada.png","type":"image\/png"}],"twitter_card":"summary_large_image","twitter_misc":{"Dur\u00e9e de lecture estim\u00e9e":"1 minute"},"schema":{"@context":"https:\/\/schema.org","@graph":[{"@type":"WebPage","@id":"https:\/\/ottawacornwall.ca\/fr\/events\/recollection-de-lannee-jubilaire-des-enfants-de-marie-mere-de-la-charite-chretienne-canada\/","url":"https:\/\/ottawacornwall.ca\/fr\/events\/recollection-de-lannee-jubilaire-des-enfants-de-marie-mere-de-la-charite-chretienne-canada\/","name":"R\u00e9collection de l\u2019ann\u00e9e jubilaire des Enfants de Marie M\u00e8re de La Charit\u00e9 Chr\u00e9tienne Canada - Archdiocese of Ottawa-Cornwall","isPartOf":{"@id":"https:\/\/ottawacornwall.ca\/#website"},"primaryImageOfPage":{"@id":"https:\/\/ottawacornwall.ca\/fr\/events\/recollection-de-lannee-jubilaire-des-enfants-de-marie-mere-de-la-charite-chretienne-canada\/#primaryimage"},"image":{"@id":"https:\/\/ottawacornwall.ca\/fr\/events\/recollection-de-lannee-jubilaire-des-enfants-de-marie-mere-de-la-charite-chretienne-canada\/#primaryimage"},"thumbnailUrl":"https:\/\/ottawacornwall.ca\/wp-content\/uploads\/2025\/10\/Recollection-des-enfants-de-mmcc-Canada.png","datePublished":"2025-10-09T18:58:17+00:00","breadcrumb":{"@id":"https:\/\/ottawacornwall.ca\/fr\/events\/recollection-de-lannee-jubilaire-des-enfants-de-marie-mere-de-la-charite-chretienne-canada\/#breadcrumb"},"inLanguage":"fr-FR","potentialAction":[{"@type":"ReadAction","target":["https:\/\/ottawacornwall.ca\/fr\/events\/recollection-de-lannee-jubilaire-des-enfants-de-marie-mere-de-la-charite-chretienne-canada\/"]}]},{"@type":"ImageObject","inLanguage":"fr-FR","@id":"https:\/\/ottawacornwall.ca\/fr\/events\/recollection-de-lannee-jubilaire-des-enfants-de-marie-mere-de-la-charite-chretienne-canada\/#primaryimage","url":"https:\/\/ottawacornwall.ca\/wp-content\/uploads\/2025\/10\/Recollection-des-enfants-de-mmcc-Canada.png","contentUrl":"https:\/\/ottawacornwall.ca\/wp-content\/uploads\/2025\/10\/Recollection-des-enfants-de-mmcc-Canada.png","width":1545,"height":2000},{"@type":"BreadcrumbList","@id":"https:\/\/ottawacornwall.ca\/fr\/events\/recollection-de-lannee-jubilaire-des-enfants-de-marie-mere-de-la-charite-chretienne-canada\/#breadcrumb","itemListElement":[{"@type":"ListItem","position":1,"name":"Home","item":"https:\/\/ottawacornwall.ca\/fr\/"},{"@type":"ListItem","position":2,"name":"Events","item":"https:\/\/ottawacornwall.ca\/events\/"},{"@type":"ListItem","position":3,"name":"R\u00e9collection de l\u2019ann\u00e9e jubilaire des Enfants de Marie M\u00e8re de La Charit\u00e9 Chr\u00e9tienne Canada"}]},{"@type":"WebSite","@id":"https:\/\/ottawacornwall.ca\/#website","url":"https:\/\/ottawacornwall.ca\/","name":"Archdiocese of Ottawa-Cornwall","description":"Welcome to the  Ottawa-Cornwall Archdiocese!","publisher":{"@id":"https:\/\/ottawacornwall.ca\/#organization"},"potentialAction":[{"@type":"SearchAction","target":{"@type":"EntryPoint","urlTemplate":"https:\/\/ottawacornwall.ca\/?s={search_term_string}"},"query-input":{"@type":"PropertyValueSpecification","valueRequired":true,"valueName":"search_term_string"}}],"inLanguage":"fr-FR"},{"@type":"Organization","@id":"https:\/\/ottawacornwall.ca\/#organization","name":"Archdiocese of Ottawa-Cornwall","url":"https:\/\/ottawacornwall.ca\/","logo":{"@type":"ImageObject","inLanguage":"fr-FR","@id":"https:\/\/ottawacornwall.ca\/#\/schema\/logo\/image\/","url":"https:\/\/ottawacornwall.ca\/wp-content\/uploads\/2022\/11\/Archdiocese-Logo-Horizontal-Reverse-1.svg","contentUrl":"https:\/\/ottawacornwall.ca\/wp-content\/uploads\/2022\/11\/Archdiocese-Logo-Horizontal-Reverse-1.svg","caption":"Archdiocese of Ottawa-Cornwall"},"image":{"@id":"https:\/\/ottawacornwall.ca\/#\/schema\/logo\/image\/"}}]}},"_links":{"self":[{"href":"https:\/\/ottawacornwall.ca\/fr\/wp-json\/wp\/v2\/mec-events\/34539","targetHints":{"allow":["GET"]}}],"collection":[{"href":"https:\/\/ottawacornwall.ca\/fr\/wp-json\/wp\/v2\/mec-events"}],"about":[{"href":"https:\/\/ottawacornwall.ca\/fr\/wp-json\/wp\/v2\/types\/mec-events"}],"author":[{"embeddable":true,"href":"https:\/\/ottawacornwall.ca\/fr\/wp-json\/wp\/v2\/users\/21"}],"replies":[{"embeddable":true,"href":"https:\/\/ottawacornwall.ca\/fr\/wp-json\/wp\/v2\/comments?post=34539"}],"wp:featuredmedia":[{"embeddable":true,"href":"https:\/\/ottawacornwall.ca\/fr\/wp-json\/wp\/v2\/media\/34540"}],"wp:attachment":[{"href":"https:\/\/ottawacornwall.ca\/fr\/wp-json\/wp\/v2\/media?parent=34539"}],"wp:term":[{"taxonomy":"mec_category","embeddable":true,"href":"https:\/\/ottawacornwall.ca\/fr\/wp-json\/wp\/v2\/mec_category?post=34539"},{"taxonomy":"mec_tag","embeddable":true,"href":"https:\/\/ottawacornwall.ca\/fr\/wp-json\/wp\/v2\/mec_tag?post=34539"}],"curies":[{"name":"wp","href":"https:\/\/api.w.org\/{rel}","templated":true}]}}