{"id":34760,"date":"2025-10-27T12:45:52","date_gmt":"2025-10-27T16:45:52","guid":{"rendered":"https:\/\/wp268132.wpdns.ca\/?post_type=mec-events&#038;p=34760"},"modified":"2025-10-27T12:45:52","modified_gmt":"2025-10-27T16:45:52","slug":"lumiere-en-orient-un-gala-pour-la-paix-et-lespoir-2","status":"publish","type":"mec-events","link":"https:\/\/ottawacornwall.ca\/fr\/events\/lumiere-en-orient-un-gala-pour-la-paix-et-lespoir-2\/","title":{"rendered":"Lumi\u00e8re en Orient : un gala pour la paix et l\u2019espoir"},"content":{"rendered":"<p>Un d\u00eener-b\u00e9n\u00e9fice organis\u00e9 par <a href=\"https:\/\/cnewa.org\/fr\/\">l\u2019Association catholique d\u2019aide \u00e0 l\u2019Orient CNEWA Canada<\/a> (Catholic Near-East Welfare Association) \u2013 une agence pontificale au service des \u00c9glises orientales et des communaut\u00e9s vuln\u00e9rables au Moyen-Orient, en Afrique du Nord, en Inde et en Europe de l\u2019Est \u2013 \u00e0 l\u2019occasion de son 20\u1d49 anniversaire.<\/p>\n<p>&nbsp;<\/p>\n<p><strong>Conf\u00e9renciers invit\u00e9s:<\/strong><\/p>\n<ul>\n<li>Joseph Hazboun, directeur r\u00e9gional de CNEWA \u00e0 J\u00e9rusalem<\/li>\n<li>Michel Constantin, directeur r\u00e9gional de CNEWA au Liban<\/li>\n<\/ul>\n<p>Nous serions honor\u00e9s de votre pr\u00e9sence.<\/p>\n","protected":false},"excerpt":{"rendered":"<p>Un d\u00eener-b\u00e9n\u00e9fice organis\u00e9 par l\u2019Association catholique d\u2019aide \u00e0 l\u2019Orient CNEWA Canada (Catholic Near-East Welfare Association) \u2013 une agence pontificale au service des \u00c9glises orientales et des communaut\u00e9s vuln\u00e9rables au Moyen-Orient, en Afrique du Nord, en Inde et en Europe de l\u2019Est \u2013 \u00e0 l\u2019occasion de son 20\u1d49 anniversaire. &nbsp; Conf\u00e9renciers invit\u00e9s: Joseph Hazboun, directeur r\u00e9gional [&hellip;]<\/p>\n","protected":false},"author":21,"featured_media":34761,"comment_status":"closed","ping_status":"closed","template":"","mec_category":[426],"mec_tag":[],"class_list":["post-34760","mec-events","type-mec-events","status-publish","has-post-thumbnail","hentry","mec_category-all-areas-fr"],"acf":[],"yoast_head":"<!-- This site is optimized with the Yoast SEO plugin v27.4 - https:\/\/yoast.com\/product\/yoast-seo-wordpress\/ -->\n<title>Lumi\u00e8re en Orient : un gala pour la paix et l\u2019espoir - Archdiocese of Ottawa-Cornwall<\/title>\n<meta name=\"robots\" content=\"index, follow, max-snippet:-1, max-image-preview:large, max-video-preview:-1\" \/>\n<link rel=\"canonical\" href=\"https:\/\/ottawacornwall.ca\/fr\/events\/lumiere-en-orient-un-gala-pour-la-paix-et-lespoir-2\/\" \/>\n<meta property=\"og:locale\" content=\"fr_FR\" \/>\n<meta property=\"og:type\" content=\"article\" \/>\n<meta property=\"og:title\" content=\"Lumi\u00e8re en Orient : un gala pour la paix et l\u2019espoir - Archdiocese of Ottawa-Cornwall\" \/>\n<meta property=\"og:description\" content=\"Un d\u00eener-b\u00e9n\u00e9fice organis\u00e9 par l\u2019Association catholique d\u2019aide \u00e0 l\u2019Orient CNEWA Canada (Catholic Near-East Welfare Association) \u2013 une agence pontificale au service des \u00c9glises orientales et des communaut\u00e9s vuln\u00e9rables au Moyen-Orient, en Afrique du Nord, en Inde et en Europe de l\u2019Est \u2013 \u00e0 l\u2019occasion de son 20\u1d49 anniversaire. &nbsp; Conf\u00e9renciers invit\u00e9s: Joseph Hazboun, directeur r\u00e9gional [&hellip;]\" \/>\n<meta property=\"og:url\" content=\"https:\/\/ottawacornwall.ca\/fr\/events\/lumiere-en-orient-un-gala-pour-la-paix-et-lespoir-2\/\" \/>\n<meta property=\"og:site_name\" content=\"Archdiocese of Ottawa-Cornwall\" \/>\n<meta property=\"og:image\" content=\"https:\/\/ottawacornwall.ca\/wp-content\/uploads\/2025\/10\/Gala-CNEWA-FR.jpg\" \/>\n\t<meta property=\"og:image:width\" content=\"606\" \/>\n\t<meta property=\"og:image:height\" content=\"905\" \/>\n\t<meta property=\"og:image:type\" content=\"image\/jpeg\" \/>\n<meta name=\"twitter:card\" content=\"summary_large_image\" \/>\n<meta name=\"twitter:label1\" content=\"Dur\u00e9e de lecture estim\u00e9e\" \/>\n\t<meta name=\"twitter:data1\" content=\"1 minute\" \/>\n<script type=\"application\/ld+json\" class=\"yoast-schema-graph\">{\"@context\":\"https:\\\/\\\/schema.org\",\"@graph\":[{\"@type\":\"WebPage\",\"@id\":\"https:\\\/\\\/ottawacornwall.ca\\\/fr\\\/events\\\/lumiere-en-orient-un-gala-pour-la-paix-et-lespoir-2\\\/\",\"url\":\"https:\\\/\\\/ottawacornwall.ca\\\/fr\\\/events\\\/lumiere-en-orient-un-gala-pour-la-paix-et-lespoir-2\\\/\",\"name\":\"Lumi\u00e8re en Orient : un gala pour la paix et l\u2019espoir - Archdiocese of Ottawa-Cornwall\",\"isPartOf\":{\"@id\":\"https:\\\/\\\/ottawacornwall.ca\\\/#website\"},\"primaryImageOfPage\":{\"@id\":\"https:\\\/\\\/ottawacornwall.ca\\\/fr\\\/events\\\/lumiere-en-orient-un-gala-pour-la-paix-et-lespoir-2\\\/#primaryimage\"},\"image\":{\"@id\":\"https:\\\/\\\/ottawacornwall.ca\\\/fr\\\/events\\\/lumiere-en-orient-un-gala-pour-la-paix-et-lespoir-2\\\/#primaryimage\"},\"thumbnailUrl\":\"https:\\\/\\\/ottawacornwall.ca\\\/wp-content\\\/uploads\\\/2025\\\/10\\\/Gala-CNEWA-FR.jpg\",\"datePublished\":\"2025-10-27T16:45:52+00:00\",\"breadcrumb\":{\"@id\":\"https:\\\/\\\/ottawacornwall.ca\\\/fr\\\/events\\\/lumiere-en-orient-un-gala-pour-la-paix-et-lespoir-2\\\/#breadcrumb\"},\"inLanguage\":\"fr-FR\",\"potentialAction\":[{\"@type\":\"ReadAction\",\"target\":[\"https:\\\/\\\/ottawacornwall.ca\\\/fr\\\/events\\\/lumiere-en-orient-un-gala-pour-la-paix-et-lespoir-2\\\/\"]}]},{\"@type\":\"ImageObject\",\"inLanguage\":\"fr-FR\",\"@id\":\"https:\\\/\\\/ottawacornwall.ca\\\/fr\\\/events\\\/lumiere-en-orient-un-gala-pour-la-paix-et-lespoir-2\\\/#primaryimage\",\"url\":\"https:\\\/\\\/ottawacornwall.ca\\\/wp-content\\\/uploads\\\/2025\\\/10\\\/Gala-CNEWA-FR.jpg\",\"contentUrl\":\"https:\\\/\\\/ottawacornwall.ca\\\/wp-content\\\/uploads\\\/2025\\\/10\\\/Gala-CNEWA-FR.jpg\",\"width\":606,\"height\":905},{\"@type\":\"BreadcrumbList\",\"@id\":\"https:\\\/\\\/ottawacornwall.ca\\\/fr\\\/events\\\/lumiere-en-orient-un-gala-pour-la-paix-et-lespoir-2\\\/#breadcrumb\",\"itemListElement\":[{\"@type\":\"ListItem\",\"position\":1,\"name\":\"Home\",\"item\":\"https:\\\/\\\/ottawacornwall.ca\\\/fr\\\/\"},{\"@type\":\"ListItem\",\"position\":2,\"name\":\"Events\",\"item\":\"https:\\\/\\\/ottawacornwall.ca\\\/events\\\/\"},{\"@type\":\"ListItem\",\"position\":3,\"name\":\"Lumi\u00e8re en Orient : un gala pour la paix et l\u2019espoir\"}]},{\"@type\":\"WebSite\",\"@id\":\"https:\\\/\\\/ottawacornwall.ca\\\/#website\",\"url\":\"https:\\\/\\\/ottawacornwall.ca\\\/\",\"name\":\"Archdiocese of Ottawa-Cornwall\",\"description\":\"Welcome to the  Ottawa-Cornwall Archdiocese!\",\"publisher\":{\"@id\":\"https:\\\/\\\/ottawacornwall.ca\\\/#organization\"},\"potentialAction\":[{\"@type\":\"SearchAction\",\"target\":{\"@type\":\"EntryPoint\",\"urlTemplate\":\"https:\\\/\\\/ottawacornwall.ca\\\/?s={search_term_string}\"},\"query-input\":{\"@type\":\"PropertyValueSpecification\",\"valueRequired\":true,\"valueName\":\"search_term_string\"}}],\"inLanguage\":\"fr-FR\"},{\"@type\":\"Organization\",\"@id\":\"https:\\\/\\\/ottawacornwall.ca\\\/#organization\",\"name\":\"Archdiocese of Ottawa-Cornwall\",\"url\":\"https:\\\/\\\/ottawacornwall.ca\\\/\",\"logo\":{\"@type\":\"ImageObject\",\"inLanguage\":\"fr-FR\",\"@id\":\"https:\\\/\\\/ottawacornwall.ca\\\/#\\\/schema\\\/logo\\\/image\\\/\",\"url\":\"https:\\\/\\\/ottawacornwall.ca\\\/wp-content\\\/uploads\\\/2022\\\/11\\\/Archdiocese-Logo-Horizontal-Reverse-1.svg\",\"contentUrl\":\"https:\\\/\\\/ottawacornwall.ca\\\/wp-content\\\/uploads\\\/2022\\\/11\\\/Archdiocese-Logo-Horizontal-Reverse-1.svg\",\"caption\":\"Archdiocese of Ottawa-Cornwall\"},\"image\":{\"@id\":\"https:\\\/\\\/ottawacornwall.ca\\\/#\\\/schema\\\/logo\\\/image\\\/\"}}]}<\/script>\n<!-- \/ Yoast SEO plugin. -->","yoast_head_json":{"title":"Lumi\u00e8re en Orient : un gala pour la paix et l\u2019espoir - Archdiocese of Ottawa-Cornwall","robots":{"index":"index","follow":"follow","max-snippet":"max-snippet:-1","max-image-preview":"max-image-preview:large","max-video-preview":"max-video-preview:-1"},"canonical":"https:\/\/ottawacornwall.ca\/fr\/events\/lumiere-en-orient-un-gala-pour-la-paix-et-lespoir-2\/","og_locale":"fr_FR","og_type":"article","og_title":"Lumi\u00e8re en Orient : un gala pour la paix et l\u2019espoir - Archdiocese of Ottawa-Cornwall","og_description":"Un d\u00eener-b\u00e9n\u00e9fice organis\u00e9 par l\u2019Association catholique d\u2019aide \u00e0 l\u2019Orient CNEWA Canada (Catholic Near-East Welfare Association) \u2013 une agence pontificale au service des \u00c9glises orientales et des communaut\u00e9s vuln\u00e9rables au Moyen-Orient, en Afrique du Nord, en Inde et en Europe de l\u2019Est \u2013 \u00e0 l\u2019occasion de son 20\u1d49 anniversaire. &nbsp; Conf\u00e9renciers invit\u00e9s: Joseph Hazboun, directeur r\u00e9gional [&hellip;]","og_url":"https:\/\/ottawacornwall.ca\/fr\/events\/lumiere-en-orient-un-gala-pour-la-paix-et-lespoir-2\/","og_site_name":"Archdiocese of Ottawa-Cornwall","og_image":[{"width":606,"height":905,"url":"https:\/\/ottawacornwall.ca\/wp-content\/uploads\/2025\/10\/Gala-CNEWA-FR.jpg","type":"image\/jpeg"}],"twitter_card":"summary_large_image","twitter_misc":{"Dur\u00e9e de lecture estim\u00e9e":"1 minute"},"schema":{"@context":"https:\/\/schema.org","@graph":[{"@type":"WebPage","@id":"https:\/\/ottawacornwall.ca\/fr\/events\/lumiere-en-orient-un-gala-pour-la-paix-et-lespoir-2\/","url":"https:\/\/ottawacornwall.ca\/fr\/events\/lumiere-en-orient-un-gala-pour-la-paix-et-lespoir-2\/","name":"Lumi\u00e8re en Orient : un gala pour la paix et l\u2019espoir - Archdiocese of Ottawa-Cornwall","isPartOf":{"@id":"https:\/\/ottawacornwall.ca\/#website"},"primaryImageOfPage":{"@id":"https:\/\/ottawacornwall.ca\/fr\/events\/lumiere-en-orient-un-gala-pour-la-paix-et-lespoir-2\/#primaryimage"},"image":{"@id":"https:\/\/ottawacornwall.ca\/fr\/events\/lumiere-en-orient-un-gala-pour-la-paix-et-lespoir-2\/#primaryimage"},"thumbnailUrl":"https:\/\/ottawacornwall.ca\/wp-content\/uploads\/2025\/10\/Gala-CNEWA-FR.jpg","datePublished":"2025-10-27T16:45:52+00:00","breadcrumb":{"@id":"https:\/\/ottawacornwall.ca\/fr\/events\/lumiere-en-orient-un-gala-pour-la-paix-et-lespoir-2\/#breadcrumb"},"inLanguage":"fr-FR","potentialAction":[{"@type":"ReadAction","target":["https:\/\/ottawacornwall.ca\/fr\/events\/lumiere-en-orient-un-gala-pour-la-paix-et-lespoir-2\/"]}]},{"@type":"ImageObject","inLanguage":"fr-FR","@id":"https:\/\/ottawacornwall.ca\/fr\/events\/lumiere-en-orient-un-gala-pour-la-paix-et-lespoir-2\/#primaryimage","url":"https:\/\/ottawacornwall.ca\/wp-content\/uploads\/2025\/10\/Gala-CNEWA-FR.jpg","contentUrl":"https:\/\/ottawacornwall.ca\/wp-content\/uploads\/2025\/10\/Gala-CNEWA-FR.jpg","width":606,"height":905},{"@type":"BreadcrumbList","@id":"https:\/\/ottawacornwall.ca\/fr\/events\/lumiere-en-orient-un-gala-pour-la-paix-et-lespoir-2\/#breadcrumb","itemListElement":[{"@type":"ListItem","position":1,"name":"Home","item":"https:\/\/ottawacornwall.ca\/fr\/"},{"@type":"ListItem","position":2,"name":"Events","item":"https:\/\/ottawacornwall.ca\/events\/"},{"@type":"ListItem","position":3,"name":"Lumi\u00e8re en Orient : un gala pour la paix et l\u2019espoir"}]},{"@type":"WebSite","@id":"https:\/\/ottawacornwall.ca\/#website","url":"https:\/\/ottawacornwall.ca\/","name":"Archdiocese of Ottawa-Cornwall","description":"Welcome to the  Ottawa-Cornwall Archdiocese!","publisher":{"@id":"https:\/\/ottawacornwall.ca\/#organization"},"potentialAction":[{"@type":"SearchAction","target":{"@type":"EntryPoint","urlTemplate":"https:\/\/ottawacornwall.ca\/?s={search_term_string}"},"query-input":{"@type":"PropertyValueSpecification","valueRequired":true,"valueName":"search_term_string"}}],"inLanguage":"fr-FR"},{"@type":"Organization","@id":"https:\/\/ottawacornwall.ca\/#organization","name":"Archdiocese of Ottawa-Cornwall","url":"https:\/\/ottawacornwall.ca\/","logo":{"@type":"ImageObject","inLanguage":"fr-FR","@id":"https:\/\/ottawacornwall.ca\/#\/schema\/logo\/image\/","url":"https:\/\/ottawacornwall.ca\/wp-content\/uploads\/2022\/11\/Archdiocese-Logo-Horizontal-Reverse-1.svg","contentUrl":"https:\/\/ottawacornwall.ca\/wp-content\/uploads\/2022\/11\/Archdiocese-Logo-Horizontal-Reverse-1.svg","caption":"Archdiocese of Ottawa-Cornwall"},"image":{"@id":"https:\/\/ottawacornwall.ca\/#\/schema\/logo\/image\/"}}]}},"_links":{"self":[{"href":"https:\/\/ottawacornwall.ca\/fr\/wp-json\/wp\/v2\/mec-events\/34760","targetHints":{"allow":["GET"]}}],"collection":[{"href":"https:\/\/ottawacornwall.ca\/fr\/wp-json\/wp\/v2\/mec-events"}],"about":[{"href":"https:\/\/ottawacornwall.ca\/fr\/wp-json\/wp\/v2\/types\/mec-events"}],"author":[{"embeddable":true,"href":"https:\/\/ottawacornwall.ca\/fr\/wp-json\/wp\/v2\/users\/21"}],"replies":[{"embeddable":true,"href":"https:\/\/ottawacornwall.ca\/fr\/wp-json\/wp\/v2\/comments?post=34760"}],"wp:featuredmedia":[{"embeddable":true,"href":"https:\/\/ottawacornwall.ca\/fr\/wp-json\/wp\/v2\/media\/34761"}],"wp:attachment":[{"href":"https:\/\/ottawacornwall.ca\/fr\/wp-json\/wp\/v2\/media?parent=34760"}],"wp:term":[{"taxonomy":"mec_category","embeddable":true,"href":"https:\/\/ottawacornwall.ca\/fr\/wp-json\/wp\/v2\/mec_category?post=34760"},{"taxonomy":"mec_tag","embeddable":true,"href":"https:\/\/ottawacornwall.ca\/fr\/wp-json\/wp\/v2\/mec_tag?post=34760"}],"curies":[{"name":"wp","href":"https:\/\/api.w.org\/{rel}","templated":true}]}}