{"id":35507,"date":"2026-01-05T11:49:18","date_gmt":"2026-01-05T16:49:18","guid":{"rendered":"https:\/\/ottawacornwall.ca\/?post_type=mec-events&#038;p=35507"},"modified":"2026-01-05T11:49:18","modified_gmt":"2026-01-05T16:49:18","slug":"foi-et-television-chretienne-journee-de-ressourcement-mensuelle-6","status":"publish","type":"mec-events","link":"https:\/\/ottawacornwall.ca\/fr\/events\/foi-et-television-chretienne-journee-de-ressourcement-mensuelle-6\/","title":{"rendered":"FOI ET T\u00c9L\u00c9VISION CHR\u00c9TIENNE &#8211; Journ\u00e9e de ressourcement mensuelle"},"content":{"rendered":"<p>Une journ\u00e9e de ressourcement dont le th\u00e8me est \u00ab Confiance, \u2026 Il t\u2019appelle \u00bb (Mc 10, 49) aura lieu le 17 janvier 2026 de 10 h \u00e0 16 h au sous-sol de l&rsquo;\u00e9glise Saint-Gabriel, 55, rue Appleford, Ottawa, K1J 6T6. Le conf\u00e9rencier sera Abb\u00e9 Apollinaire Ntamabyaliro, cur\u00e9 \u00e0 la Paroisse Saint-Joseph d\u2019Orl\u00e9ans.. Entr\u00e9e libre. La prochaine conf\u00e9rence : le 21 f\u00e9vrier 2026 par l\u2019abb\u00e9 Martin Kabanga, \u00ab La foi qui s\u2019ouvre \u00e0 l\u2019impossible \u00bb (Lc 5, 1-11). R\u00e9servez vos dates. Pour plus de renseignements sur Foi et T\u00e9l\u00e9vision chr\u00e9tienne : http:\/\/foi-et-televisionchretienne.org\/. Pour sa cha\u00eene sur YouTube : youtube.com\/@FTChretienne\/videos<\/p>\n<p data-start=\"118\" data-end=\"351\">Une <strong data-start=\"122\" data-end=\"150\">journ\u00e9e de ressourcement<\/strong>, dont le th\u00e8me est <strong data-start=\"170\" data-end=\"215\">\u00ab Confiance, \u2026 Il t\u2019appelle \u00bb (Mc 10, 49)<\/strong>, aura lieu le <strong data-start=\"230\" data-end=\"249\">17 janvier 2026<\/strong>, de <strong data-start=\"254\" data-end=\"269\">10 h \u00e0 16 h<\/strong>, au <strong data-start=\"274\" data-end=\"312\">sous-sol de l\u2019\u00e9glise Saint-Gabriel<\/strong>, 55, rue Appleford, Ottawa, K1J 6T6.<\/p>\n<p data-start=\"353\" data-end=\"475\">Le conf\u00e9rencier sera <strong data-start=\"374\" data-end=\"409\">l\u2019abb\u00e9 Apollinaire Ntamabyaliro<\/strong>, cur\u00e9 \u00e0 la Paroisse Saint-Joseph d\u2019Orl\u00e9ans.<br data-start=\"453\" data-end=\"456\" \/><strong data-start=\"456\" data-end=\"473\">Entr\u00e9e libre.<\/strong><\/p>\n<p data-start=\"477\" data-end=\"662\">La prochaine conf\u00e9rence aura lieu le <strong data-start=\"514\" data-end=\"533\">21 f\u00e9vrier 2026<\/strong>, avec <strong data-start=\"540\" data-end=\"565\">l\u2019abb\u00e9 Martin Kabanga<\/strong>, sur le th\u00e8me <strong data-start=\"580\" data-end=\"634\">\u00ab La foi qui s\u2019ouvre \u00e0 l\u2019impossible \u00bb (Lc 5, 1-11)<\/strong>. <strong data-start=\"636\" data-end=\"660\">R\u00e9servez vos dates !<\/strong><\/p>\n<p data-start=\"664\" data-end=\"919\">Pour plus de renseignements sur <strong data-start=\"696\" data-end=\"728\">Foi et T\u00e9l\u00e9vision chr\u00e9tienne<\/strong> : <a class=\"decorated-link\" href=\"http:\/\/foi-et-televisionchretienne.org\/\" target=\"_new\" rel=\"noopener\" data-start=\"731\" data-end=\"813\">http:\/\/foi-et-televisionchretienne.org\/<\/a><br data-start=\"813\" data-end=\"816\" \/>Pour la cha\u00eene YouTube : <a class=\"decorated-link cursor-pointer\" target=\"_new\" rel=\"noopener\" data-start=\"841\" data-end=\"917\">youtube.com\/@FTChretienne\/videos<\/a><\/p>\n","protected":false},"excerpt":{"rendered":"<p>Une journ\u00e9e de ressourcement dont le th\u00e8me est \u00ab Confiance, \u2026 Il t\u2019appelle \u00bb (Mc 10, 49) aura lieu le 17 janvier 2026 de 10 h \u00e0 16 h au sous-sol de l&rsquo;\u00e9glise Saint-Gabriel, 55, rue Appleford, Ottawa, K1J 6T6. Le conf\u00e9rencier sera Abb\u00e9 Apollinaire Ntamabyaliro, cur\u00e9 \u00e0 la Paroisse Saint-Joseph d\u2019Orl\u00e9ans.. Entr\u00e9e libre. La [&hellip;]<\/p>\n","protected":false},"author":1,"featured_media":35508,"comment_status":"closed","ping_status":"closed","template":"","mec_category":[],"mec_tag":[],"class_list":["post-35507","mec-events","type-mec-events","status-publish","has-post-thumbnail","hentry"],"acf":[],"yoast_head":"<!-- This site is optimized with the Yoast SEO plugin v27.4 - https:\/\/yoast.com\/product\/yoast-seo-wordpress\/ -->\n<title>FOI ET T\u00c9L\u00c9VISION CHR\u00c9TIENNE - Journ\u00e9e de ressourcement mensuelle - Archdiocese of Ottawa-Cornwall<\/title>\n<meta name=\"robots\" content=\"index, follow, max-snippet:-1, max-image-preview:large, max-video-preview:-1\" \/>\n<link rel=\"canonical\" href=\"https:\/\/ottawacornwall.ca\/fr\/events\/foi-et-television-chretienne-journee-de-ressourcement-mensuelle-6\/\" \/>\n<meta property=\"og:locale\" content=\"fr_FR\" \/>\n<meta property=\"og:type\" content=\"article\" \/>\n<meta property=\"og:title\" content=\"FOI ET T\u00c9L\u00c9VISION CHR\u00c9TIENNE - Journ\u00e9e de ressourcement mensuelle - Archdiocese of Ottawa-Cornwall\" \/>\n<meta property=\"og:description\" content=\"Une journ\u00e9e de ressourcement dont le th\u00e8me est \u00ab Confiance, \u2026 Il t\u2019appelle \u00bb (Mc 10, 49) aura lieu le 17 janvier 2026 de 10 h \u00e0 16 h au sous-sol de l&rsquo;\u00e9glise Saint-Gabriel, 55, rue Appleford, Ottawa, K1J 6T6. Le conf\u00e9rencier sera Abb\u00e9 Apollinaire Ntamabyaliro, cur\u00e9 \u00e0 la Paroisse Saint-Joseph d\u2019Orl\u00e9ans.. Entr\u00e9e libre. La [&hellip;]\" \/>\n<meta property=\"og:url\" content=\"https:\/\/ottawacornwall.ca\/fr\/events\/foi-et-television-chretienne-journee-de-ressourcement-mensuelle-6\/\" \/>\n<meta property=\"og:site_name\" content=\"Archdiocese of Ottawa-Cornwall\" \/>\n<meta property=\"og:image\" content=\"https:\/\/ottawacornwall.ca\/wp-content\/uploads\/2025\/12\/FTC-logo.jpg\" \/>\n\t<meta property=\"og:image:width\" content=\"640\" \/>\n\t<meta property=\"og:image:height\" content=\"587\" \/>\n\t<meta property=\"og:image:type\" content=\"image\/jpeg\" \/>\n<meta name=\"twitter:card\" content=\"summary_large_image\" \/>\n<meta name=\"twitter:label1\" content=\"Dur\u00e9e de lecture estim\u00e9e\" \/>\n\t<meta name=\"twitter:data1\" content=\"2 minutes\" \/>\n<script type=\"application\/ld+json\" class=\"yoast-schema-graph\">{\"@context\":\"https:\\\/\\\/schema.org\",\"@graph\":[{\"@type\":\"WebPage\",\"@id\":\"https:\\\/\\\/ottawacornwall.ca\\\/fr\\\/events\\\/foi-et-television-chretienne-journee-de-ressourcement-mensuelle-6\\\/\",\"url\":\"https:\\\/\\\/ottawacornwall.ca\\\/fr\\\/events\\\/foi-et-television-chretienne-journee-de-ressourcement-mensuelle-6\\\/\",\"name\":\"FOI ET T\u00c9L\u00c9VISION CHR\u00c9TIENNE - Journ\u00e9e de ressourcement mensuelle - Archdiocese of Ottawa-Cornwall\",\"isPartOf\":{\"@id\":\"https:\\\/\\\/ottawacornwall.ca\\\/#website\"},\"primaryImageOfPage\":{\"@id\":\"https:\\\/\\\/ottawacornwall.ca\\\/fr\\\/events\\\/foi-et-television-chretienne-journee-de-ressourcement-mensuelle-6\\\/#primaryimage\"},\"image\":{\"@id\":\"https:\\\/\\\/ottawacornwall.ca\\\/fr\\\/events\\\/foi-et-television-chretienne-journee-de-ressourcement-mensuelle-6\\\/#primaryimage\"},\"thumbnailUrl\":\"https:\\\/\\\/ottawacornwall.ca\\\/wp-content\\\/uploads\\\/2025\\\/12\\\/FTC-logo.jpg\",\"datePublished\":\"2026-01-05T16:49:18+00:00\",\"breadcrumb\":{\"@id\":\"https:\\\/\\\/ottawacornwall.ca\\\/fr\\\/events\\\/foi-et-television-chretienne-journee-de-ressourcement-mensuelle-6\\\/#breadcrumb\"},\"inLanguage\":\"fr-FR\",\"potentialAction\":[{\"@type\":\"ReadAction\",\"target\":[\"https:\\\/\\\/ottawacornwall.ca\\\/fr\\\/events\\\/foi-et-television-chretienne-journee-de-ressourcement-mensuelle-6\\\/\"]}]},{\"@type\":\"ImageObject\",\"inLanguage\":\"fr-FR\",\"@id\":\"https:\\\/\\\/ottawacornwall.ca\\\/fr\\\/events\\\/foi-et-television-chretienne-journee-de-ressourcement-mensuelle-6\\\/#primaryimage\",\"url\":\"https:\\\/\\\/ottawacornwall.ca\\\/wp-content\\\/uploads\\\/2025\\\/12\\\/FTC-logo.jpg\",\"contentUrl\":\"https:\\\/\\\/ottawacornwall.ca\\\/wp-content\\\/uploads\\\/2025\\\/12\\\/FTC-logo.jpg\",\"width\":640,\"height\":587},{\"@type\":\"BreadcrumbList\",\"@id\":\"https:\\\/\\\/ottawacornwall.ca\\\/fr\\\/events\\\/foi-et-television-chretienne-journee-de-ressourcement-mensuelle-6\\\/#breadcrumb\",\"itemListElement\":[{\"@type\":\"ListItem\",\"position\":1,\"name\":\"Home\",\"item\":\"https:\\\/\\\/ottawacornwall.ca\\\/fr\\\/\"},{\"@type\":\"ListItem\",\"position\":2,\"name\":\"Events\",\"item\":\"https:\\\/\\\/ottawacornwall.ca\\\/events\\\/\"},{\"@type\":\"ListItem\",\"position\":3,\"name\":\"FOI ET T\u00c9L\u00c9VISION CHR\u00c9TIENNE &#8211; Journ\u00e9e de ressourcement mensuelle\"}]},{\"@type\":\"WebSite\",\"@id\":\"https:\\\/\\\/ottawacornwall.ca\\\/#website\",\"url\":\"https:\\\/\\\/ottawacornwall.ca\\\/\",\"name\":\"Archdiocese of Ottawa-Cornwall\",\"description\":\"Welcome to the  Ottawa-Cornwall Archdiocese!\",\"publisher\":{\"@id\":\"https:\\\/\\\/ottawacornwall.ca\\\/#organization\"},\"potentialAction\":[{\"@type\":\"SearchAction\",\"target\":{\"@type\":\"EntryPoint\",\"urlTemplate\":\"https:\\\/\\\/ottawacornwall.ca\\\/?s={search_term_string}\"},\"query-input\":{\"@type\":\"PropertyValueSpecification\",\"valueRequired\":true,\"valueName\":\"search_term_string\"}}],\"inLanguage\":\"fr-FR\"},{\"@type\":\"Organization\",\"@id\":\"https:\\\/\\\/ottawacornwall.ca\\\/#organization\",\"name\":\"Archdiocese of Ottawa-Cornwall\",\"url\":\"https:\\\/\\\/ottawacornwall.ca\\\/\",\"logo\":{\"@type\":\"ImageObject\",\"inLanguage\":\"fr-FR\",\"@id\":\"https:\\\/\\\/ottawacornwall.ca\\\/#\\\/schema\\\/logo\\\/image\\\/\",\"url\":\"https:\\\/\\\/ottawacornwall.ca\\\/wp-content\\\/uploads\\\/2022\\\/11\\\/Archdiocese-Logo-Horizontal-Reverse-1.svg\",\"contentUrl\":\"https:\\\/\\\/ottawacornwall.ca\\\/wp-content\\\/uploads\\\/2022\\\/11\\\/Archdiocese-Logo-Horizontal-Reverse-1.svg\",\"caption\":\"Archdiocese of Ottawa-Cornwall\"},\"image\":{\"@id\":\"https:\\\/\\\/ottawacornwall.ca\\\/#\\\/schema\\\/logo\\\/image\\\/\"}}]}<\/script>\n<!-- \/ Yoast SEO plugin. -->","yoast_head_json":{"title":"FOI ET T\u00c9L\u00c9VISION CHR\u00c9TIENNE - Journ\u00e9e de ressourcement mensuelle - Archdiocese of Ottawa-Cornwall","robots":{"index":"index","follow":"follow","max-snippet":"max-snippet:-1","max-image-preview":"max-image-preview:large","max-video-preview":"max-video-preview:-1"},"canonical":"https:\/\/ottawacornwall.ca\/fr\/events\/foi-et-television-chretienne-journee-de-ressourcement-mensuelle-6\/","og_locale":"fr_FR","og_type":"article","og_title":"FOI ET T\u00c9L\u00c9VISION CHR\u00c9TIENNE - Journ\u00e9e de ressourcement mensuelle - Archdiocese of Ottawa-Cornwall","og_description":"Une journ\u00e9e de ressourcement dont le th\u00e8me est \u00ab Confiance, \u2026 Il t\u2019appelle \u00bb (Mc 10, 49) aura lieu le 17 janvier 2026 de 10 h \u00e0 16 h au sous-sol de l&rsquo;\u00e9glise Saint-Gabriel, 55, rue Appleford, Ottawa, K1J 6T6. Le conf\u00e9rencier sera Abb\u00e9 Apollinaire Ntamabyaliro, cur\u00e9 \u00e0 la Paroisse Saint-Joseph d\u2019Orl\u00e9ans.. Entr\u00e9e libre. La [&hellip;]","og_url":"https:\/\/ottawacornwall.ca\/fr\/events\/foi-et-television-chretienne-journee-de-ressourcement-mensuelle-6\/","og_site_name":"Archdiocese of Ottawa-Cornwall","og_image":[{"width":640,"height":587,"url":"https:\/\/ottawacornwall.ca\/wp-content\/uploads\/2025\/12\/FTC-logo.jpg","type":"image\/jpeg"}],"twitter_card":"summary_large_image","twitter_misc":{"Dur\u00e9e de lecture estim\u00e9e":"2 minutes"},"schema":{"@context":"https:\/\/schema.org","@graph":[{"@type":"WebPage","@id":"https:\/\/ottawacornwall.ca\/fr\/events\/foi-et-television-chretienne-journee-de-ressourcement-mensuelle-6\/","url":"https:\/\/ottawacornwall.ca\/fr\/events\/foi-et-television-chretienne-journee-de-ressourcement-mensuelle-6\/","name":"FOI ET T\u00c9L\u00c9VISION CHR\u00c9TIENNE - Journ\u00e9e de ressourcement mensuelle - Archdiocese of Ottawa-Cornwall","isPartOf":{"@id":"https:\/\/ottawacornwall.ca\/#website"},"primaryImageOfPage":{"@id":"https:\/\/ottawacornwall.ca\/fr\/events\/foi-et-television-chretienne-journee-de-ressourcement-mensuelle-6\/#primaryimage"},"image":{"@id":"https:\/\/ottawacornwall.ca\/fr\/events\/foi-et-television-chretienne-journee-de-ressourcement-mensuelle-6\/#primaryimage"},"thumbnailUrl":"https:\/\/ottawacornwall.ca\/wp-content\/uploads\/2025\/12\/FTC-logo.jpg","datePublished":"2026-01-05T16:49:18+00:00","breadcrumb":{"@id":"https:\/\/ottawacornwall.ca\/fr\/events\/foi-et-television-chretienne-journee-de-ressourcement-mensuelle-6\/#breadcrumb"},"inLanguage":"fr-FR","potentialAction":[{"@type":"ReadAction","target":["https:\/\/ottawacornwall.ca\/fr\/events\/foi-et-television-chretienne-journee-de-ressourcement-mensuelle-6\/"]}]},{"@type":"ImageObject","inLanguage":"fr-FR","@id":"https:\/\/ottawacornwall.ca\/fr\/events\/foi-et-television-chretienne-journee-de-ressourcement-mensuelle-6\/#primaryimage","url":"https:\/\/ottawacornwall.ca\/wp-content\/uploads\/2025\/12\/FTC-logo.jpg","contentUrl":"https:\/\/ottawacornwall.ca\/wp-content\/uploads\/2025\/12\/FTC-logo.jpg","width":640,"height":587},{"@type":"BreadcrumbList","@id":"https:\/\/ottawacornwall.ca\/fr\/events\/foi-et-television-chretienne-journee-de-ressourcement-mensuelle-6\/#breadcrumb","itemListElement":[{"@type":"ListItem","position":1,"name":"Home","item":"https:\/\/ottawacornwall.ca\/fr\/"},{"@type":"ListItem","position":2,"name":"Events","item":"https:\/\/ottawacornwall.ca\/events\/"},{"@type":"ListItem","position":3,"name":"FOI ET T\u00c9L\u00c9VISION CHR\u00c9TIENNE &#8211; Journ\u00e9e de ressourcement mensuelle"}]},{"@type":"WebSite","@id":"https:\/\/ottawacornwall.ca\/#website","url":"https:\/\/ottawacornwall.ca\/","name":"Archdiocese of Ottawa-Cornwall","description":"Welcome to the  Ottawa-Cornwall Archdiocese!","publisher":{"@id":"https:\/\/ottawacornwall.ca\/#organization"},"potentialAction":[{"@type":"SearchAction","target":{"@type":"EntryPoint","urlTemplate":"https:\/\/ottawacornwall.ca\/?s={search_term_string}"},"query-input":{"@type":"PropertyValueSpecification","valueRequired":true,"valueName":"search_term_string"}}],"inLanguage":"fr-FR"},{"@type":"Organization","@id":"https:\/\/ottawacornwall.ca\/#organization","name":"Archdiocese of Ottawa-Cornwall","url":"https:\/\/ottawacornwall.ca\/","logo":{"@type":"ImageObject","inLanguage":"fr-FR","@id":"https:\/\/ottawacornwall.ca\/#\/schema\/logo\/image\/","url":"https:\/\/ottawacornwall.ca\/wp-content\/uploads\/2022\/11\/Archdiocese-Logo-Horizontal-Reverse-1.svg","contentUrl":"https:\/\/ottawacornwall.ca\/wp-content\/uploads\/2022\/11\/Archdiocese-Logo-Horizontal-Reverse-1.svg","caption":"Archdiocese of Ottawa-Cornwall"},"image":{"@id":"https:\/\/ottawacornwall.ca\/#\/schema\/logo\/image\/"}}]}},"_links":{"self":[{"href":"https:\/\/ottawacornwall.ca\/fr\/wp-json\/wp\/v2\/mec-events\/35507","targetHints":{"allow":["GET"]}}],"collection":[{"href":"https:\/\/ottawacornwall.ca\/fr\/wp-json\/wp\/v2\/mec-events"}],"about":[{"href":"https:\/\/ottawacornwall.ca\/fr\/wp-json\/wp\/v2\/types\/mec-events"}],"author":[{"embeddable":true,"href":"https:\/\/ottawacornwall.ca\/fr\/wp-json\/wp\/v2\/users\/1"}],"replies":[{"embeddable":true,"href":"https:\/\/ottawacornwall.ca\/fr\/wp-json\/wp\/v2\/comments?post=35507"}],"wp:featuredmedia":[{"embeddable":true,"href":"https:\/\/ottawacornwall.ca\/fr\/wp-json\/wp\/v2\/media\/35508"}],"wp:attachment":[{"href":"https:\/\/ottawacornwall.ca\/fr\/wp-json\/wp\/v2\/media?parent=35507"}],"wp:term":[{"taxonomy":"mec_category","embeddable":true,"href":"https:\/\/ottawacornwall.ca\/fr\/wp-json\/wp\/v2\/mec_category?post=35507"},{"taxonomy":"mec_tag","embeddable":true,"href":"https:\/\/ottawacornwall.ca\/fr\/wp-json\/wp\/v2\/mec_tag?post=35507"}],"curies":[{"name":"wp","href":"https:\/\/api.w.org\/{rel}","templated":true}]}}