{"id":35565,"date":"2026-01-07T10:51:17","date_gmt":"2026-01-07T15:51:17","guid":{"rendered":"https:\/\/ottawacornwall.ca\/?post_type=mec-events&#038;p=35565"},"modified":"2026-01-07T10:51:17","modified_gmt":"2026-01-07T15:51:17","slug":"webinaire-du-carrefour-intervocationnel","status":"publish","type":"mec-events","link":"https:\/\/ottawacornwall.ca\/fr\/events\/webinaire-du-carrefour-intervocationnel\/","title":{"rendered":"Webinaire du Carrefour intervocationnel"},"content":{"rendered":"<h2 data-start=\"139\" data-end=\"183\">Webinaire du Carrefour intervocationnel<\/h2>\n<h3 data-start=\"184\" data-end=\"257\"><em data-start=\"188\" data-end=\"257\">Amoris Laetitia : une ressource vivante pour la pastorale familiale<\/em><\/h3>\n<p data-start=\"259\" data-end=\"492\">En ce d\u00e9but d\u2019ann\u00e9e, le <strong data-start=\"283\" data-end=\"313\">Carrefour intervocationnel<\/strong> vous invite \u00e0 prendre un temps de <strong data-start=\"348\" data-end=\"393\">ressourcement, de r\u00e9flexion et de partage<\/strong> autour de <em data-start=\"404\" data-end=\"421\">Amoris Laetitia<\/em>, exhortation apostolique du pape Fran\u00e7ois sur l\u2019amour dans la famille.<\/p>\n<p data-start=\"494\" data-end=\"713\">\u00c0 travers un <strong data-start=\"507\" data-end=\"537\">webinaire-atelier en ligne<\/strong>, nous souhaitons soutenir celles et ceux qui sont engag\u00e9s dans l\u2019accompagnement des couples et des familles, et offrir des outils concrets pour nourrir leur mission pastorale.<\/p>\n<h3 data-start=\"715\" data-end=\"741\">\ud83d\udcc5 Deux dates au choix<\/h3>\n<ul data-start=\"742\" data-end=\"854\">\n<li data-start=\"742\" data-end=\"797\">\n<p data-start=\"744\" data-end=\"797\"><strong data-start=\"744\" data-end=\"769\">Mardi 27 janvier 2026<\/strong>, de <strong data-start=\"774\" data-end=\"795\">13 h 30 \u00e0 15 h 00<\/strong><\/p>\n<\/li>\n<li data-start=\"798\" data-end=\"854\">\n<p data-start=\"800\" data-end=\"854\"><strong data-start=\"800\" data-end=\"828\">Mercredi 28 janvier 2026<\/strong>, de <strong data-start=\"833\" data-end=\"854\">19 h 00 \u00e0 20 h 30<\/strong><\/p>\n<\/li>\n<\/ul>\n<h3 data-start=\"856\" data-end=\"873\">\ud83d\udc65 Pour qui ?<\/h3>\n<p data-start=\"874\" data-end=\"1141\">Ce webinaire s\u2019adresse \u00e0 <strong data-start=\"899\" data-end=\"973\">toutes les personnes engag\u00e9es en pastorale du mariage et de la famille<\/strong> : accompagnateurs, animateurs, cat\u00e9ch\u00e8tes et intervenants pastoraux, d\u00e9sireux d\u2019approfondir leur compr\u00e9hension d\u2019<em data-start=\"1087\" data-end=\"1104\">Amoris Laetitia<\/em> et de l\u2019incarner dans leurs milieux.<\/p>\n<h3 data-start=\"1143\" data-end=\"1162\">\ud83c\udf31 Au programme<\/h3>\n<p data-start=\"1163\" data-end=\"1529\">Madame <strong data-start=\"1170\" data-end=\"1189\">Sylvie Bessette<\/strong> pr\u00e9sentera le <strong data-start=\"1204\" data-end=\"1254\">nouveau dossier pastoral sur <em data-start=\"1235\" data-end=\"1252\">Amoris Laetitia<\/em><\/strong>, bient\u00f4t disponible sur le site du Carrefour intervocationnel.<br data-start=\"1317\" data-end=\"1320\" \/>Les participants vivront \u00e9galement un <strong data-start=\"1358\" data-end=\"1385\">atelier d\u2019appropriation<\/strong>, con\u00e7u pour favoriser une lecture priante et pastorale du texte, et pouvant \u00eatre repris par la suite dans les paroisses, \u00e9quipes et mouvements.<\/p>\n<h3 data-start=\"1531\" data-end=\"1549\">\ud83d\udcdd Inscription<\/h3>\n<p data-start=\"1550\" data-end=\"1602\">Merci de vous <strong data-start=\"1564\" data-end=\"1601\">inscrire avant le 25 janvier 2026<\/strong>.<\/p>\n<h3 data-start=\"1604\" data-end=\"1625\">\u2139\ufe0f Renseignements<\/h3>\n<p data-start=\"1626\" data-end=\"1725\"><strong data-start=\"1626\" data-end=\"1645\">Sylvie Bessette<\/strong><br data-start=\"1645\" data-end=\"1648\" \/>\ud83d\udce7 <a class=\"decorated-link cursor-pointer\" rel=\"noopener\" data-start=\"1651\" data-end=\"1694\">sylviebessette@carrefourintervocationnel.ca<\/a><br data-start=\"1694\" data-end=\"1697\" \/>\ud83d\udcde 514 271-5659, poste 223<\/p>\n","protected":false},"excerpt":{"rendered":"<p>Webinaire du Carrefour intervocationnel Amoris Laetitia : une ressource vivante pour la pastorale familiale En ce d\u00e9but d\u2019ann\u00e9e, le Carrefour intervocationnel vous invite \u00e0 prendre un temps de ressourcement, de r\u00e9flexion et de partage autour de Amoris Laetitia, exhortation apostolique du pape Fran\u00e7ois sur l\u2019amour dans la famille. \u00c0 travers un webinaire-atelier en ligne, nous [&hellip;]<\/p>\n","protected":false},"author":11,"featured_media":35579,"comment_status":"closed","ping_status":"closed","template":"","mec_category":[],"mec_tag":[],"class_list":["post-35565","mec-events","type-mec-events","status-publish","has-post-thumbnail","hentry"],"acf":[],"yoast_head":"<!-- This site is optimized with the Yoast SEO plugin v27.4 - https:\/\/yoast.com\/product\/yoast-seo-wordpress\/ -->\n<title>Webinaire du Carrefour intervocationnel - Archdiocese of Ottawa-Cornwall<\/title>\n<meta name=\"robots\" content=\"index, follow, max-snippet:-1, max-image-preview:large, max-video-preview:-1\" \/>\n<link rel=\"canonical\" href=\"https:\/\/ottawacornwall.ca\/fr\/events\/webinaire-du-carrefour-intervocationnel\/\" \/>\n<meta property=\"og:locale\" content=\"fr_FR\" \/>\n<meta property=\"og:type\" content=\"article\" \/>\n<meta property=\"og:title\" content=\"Webinaire du Carrefour intervocationnel - Archdiocese of Ottawa-Cornwall\" \/>\n<meta property=\"og:description\" content=\"Webinaire du Carrefour intervocationnel Amoris Laetitia : une ressource vivante pour la pastorale familiale En ce d\u00e9but d\u2019ann\u00e9e, le Carrefour intervocationnel vous invite \u00e0 prendre un temps de ressourcement, de r\u00e9flexion et de partage autour de Amoris Laetitia, exhortation apostolique du pape Fran\u00e7ois sur l\u2019amour dans la famille. \u00c0 travers un webinaire-atelier en ligne, nous [&hellip;]\" \/>\n<meta property=\"og:url\" content=\"https:\/\/ottawacornwall.ca\/fr\/events\/webinaire-du-carrefour-intervocationnel\/\" \/>\n<meta property=\"og:site_name\" content=\"Archdiocese of Ottawa-Cornwall\" \/>\n<meta property=\"og:image\" content=\"https:\/\/ottawacornwall.ca\/wp-content\/uploads\/2026\/01\/Amoris-Laetitia-1.jpg\" \/>\n\t<meta property=\"og:image:width\" content=\"1243\" \/>\n\t<meta property=\"og:image:height\" content=\"585\" \/>\n\t<meta property=\"og:image:type\" content=\"image\/jpeg\" \/>\n<meta name=\"twitter:card\" content=\"summary_large_image\" \/>\n<meta name=\"twitter:label1\" content=\"Dur\u00e9e de lecture estim\u00e9e\" \/>\n\t<meta name=\"twitter:data1\" content=\"2 minutes\" \/>\n<script type=\"application\/ld+json\" class=\"yoast-schema-graph\">{\"@context\":\"https:\\\/\\\/schema.org\",\"@graph\":[{\"@type\":\"WebPage\",\"@id\":\"https:\\\/\\\/ottawacornwall.ca\\\/fr\\\/events\\\/webinaire-du-carrefour-intervocationnel\\\/\",\"url\":\"https:\\\/\\\/ottawacornwall.ca\\\/fr\\\/events\\\/webinaire-du-carrefour-intervocationnel\\\/\",\"name\":\"Webinaire du Carrefour intervocationnel - Archdiocese of Ottawa-Cornwall\",\"isPartOf\":{\"@id\":\"https:\\\/\\\/ottawacornwall.ca\\\/#website\"},\"primaryImageOfPage\":{\"@id\":\"https:\\\/\\\/ottawacornwall.ca\\\/fr\\\/events\\\/webinaire-du-carrefour-intervocationnel\\\/#primaryimage\"},\"image\":{\"@id\":\"https:\\\/\\\/ottawacornwall.ca\\\/fr\\\/events\\\/webinaire-du-carrefour-intervocationnel\\\/#primaryimage\"},\"thumbnailUrl\":\"https:\\\/\\\/ottawacornwall.ca\\\/wp-content\\\/uploads\\\/2026\\\/01\\\/Amoris-Laetitia-1.jpg\",\"datePublished\":\"2026-01-07T15:51:17+00:00\",\"breadcrumb\":{\"@id\":\"https:\\\/\\\/ottawacornwall.ca\\\/fr\\\/events\\\/webinaire-du-carrefour-intervocationnel\\\/#breadcrumb\"},\"inLanguage\":\"fr-FR\",\"potentialAction\":[{\"@type\":\"ReadAction\",\"target\":[\"https:\\\/\\\/ottawacornwall.ca\\\/fr\\\/events\\\/webinaire-du-carrefour-intervocationnel\\\/\"]}]},{\"@type\":\"ImageObject\",\"inLanguage\":\"fr-FR\",\"@id\":\"https:\\\/\\\/ottawacornwall.ca\\\/fr\\\/events\\\/webinaire-du-carrefour-intervocationnel\\\/#primaryimage\",\"url\":\"https:\\\/\\\/ottawacornwall.ca\\\/wp-content\\\/uploads\\\/2026\\\/01\\\/Amoris-Laetitia-1.jpg\",\"contentUrl\":\"https:\\\/\\\/ottawacornwall.ca\\\/wp-content\\\/uploads\\\/2026\\\/01\\\/Amoris-Laetitia-1.jpg\",\"width\":1243,\"height\":585},{\"@type\":\"BreadcrumbList\",\"@id\":\"https:\\\/\\\/ottawacornwall.ca\\\/fr\\\/events\\\/webinaire-du-carrefour-intervocationnel\\\/#breadcrumb\",\"itemListElement\":[{\"@type\":\"ListItem\",\"position\":1,\"name\":\"Home\",\"item\":\"https:\\\/\\\/ottawacornwall.ca\\\/fr\\\/\"},{\"@type\":\"ListItem\",\"position\":2,\"name\":\"Events\",\"item\":\"https:\\\/\\\/ottawacornwall.ca\\\/events\\\/\"},{\"@type\":\"ListItem\",\"position\":3,\"name\":\"Webinaire du Carrefour intervocationnel\"}]},{\"@type\":\"WebSite\",\"@id\":\"https:\\\/\\\/ottawacornwall.ca\\\/#website\",\"url\":\"https:\\\/\\\/ottawacornwall.ca\\\/\",\"name\":\"Archdiocese of Ottawa-Cornwall\",\"description\":\"Welcome to the  Ottawa-Cornwall Archdiocese!\",\"publisher\":{\"@id\":\"https:\\\/\\\/ottawacornwall.ca\\\/#organization\"},\"potentialAction\":[{\"@type\":\"SearchAction\",\"target\":{\"@type\":\"EntryPoint\",\"urlTemplate\":\"https:\\\/\\\/ottawacornwall.ca\\\/?s={search_term_string}\"},\"query-input\":{\"@type\":\"PropertyValueSpecification\",\"valueRequired\":true,\"valueName\":\"search_term_string\"}}],\"inLanguage\":\"fr-FR\"},{\"@type\":\"Organization\",\"@id\":\"https:\\\/\\\/ottawacornwall.ca\\\/#organization\",\"name\":\"Archdiocese of Ottawa-Cornwall\",\"url\":\"https:\\\/\\\/ottawacornwall.ca\\\/\",\"logo\":{\"@type\":\"ImageObject\",\"inLanguage\":\"fr-FR\",\"@id\":\"https:\\\/\\\/ottawacornwall.ca\\\/#\\\/schema\\\/logo\\\/image\\\/\",\"url\":\"https:\\\/\\\/ottawacornwall.ca\\\/wp-content\\\/uploads\\\/2022\\\/11\\\/Archdiocese-Logo-Horizontal-Reverse-1.svg\",\"contentUrl\":\"https:\\\/\\\/ottawacornwall.ca\\\/wp-content\\\/uploads\\\/2022\\\/11\\\/Archdiocese-Logo-Horizontal-Reverse-1.svg\",\"caption\":\"Archdiocese of Ottawa-Cornwall\"},\"image\":{\"@id\":\"https:\\\/\\\/ottawacornwall.ca\\\/#\\\/schema\\\/logo\\\/image\\\/\"}}]}<\/script>\n<!-- \/ Yoast SEO plugin. -->","yoast_head_json":{"title":"Webinaire du Carrefour intervocationnel - Archdiocese of Ottawa-Cornwall","robots":{"index":"index","follow":"follow","max-snippet":"max-snippet:-1","max-image-preview":"max-image-preview:large","max-video-preview":"max-video-preview:-1"},"canonical":"https:\/\/ottawacornwall.ca\/fr\/events\/webinaire-du-carrefour-intervocationnel\/","og_locale":"fr_FR","og_type":"article","og_title":"Webinaire du Carrefour intervocationnel - Archdiocese of Ottawa-Cornwall","og_description":"Webinaire du Carrefour intervocationnel Amoris Laetitia : une ressource vivante pour la pastorale familiale En ce d\u00e9but d\u2019ann\u00e9e, le Carrefour intervocationnel vous invite \u00e0 prendre un temps de ressourcement, de r\u00e9flexion et de partage autour de Amoris Laetitia, exhortation apostolique du pape Fran\u00e7ois sur l\u2019amour dans la famille. \u00c0 travers un webinaire-atelier en ligne, nous [&hellip;]","og_url":"https:\/\/ottawacornwall.ca\/fr\/events\/webinaire-du-carrefour-intervocationnel\/","og_site_name":"Archdiocese of Ottawa-Cornwall","og_image":[{"width":1243,"height":585,"url":"https:\/\/ottawacornwall.ca\/wp-content\/uploads\/2026\/01\/Amoris-Laetitia-1.jpg","type":"image\/jpeg"}],"twitter_card":"summary_large_image","twitter_misc":{"Dur\u00e9e de lecture estim\u00e9e":"2 minutes"},"schema":{"@context":"https:\/\/schema.org","@graph":[{"@type":"WebPage","@id":"https:\/\/ottawacornwall.ca\/fr\/events\/webinaire-du-carrefour-intervocationnel\/","url":"https:\/\/ottawacornwall.ca\/fr\/events\/webinaire-du-carrefour-intervocationnel\/","name":"Webinaire du Carrefour intervocationnel - Archdiocese of Ottawa-Cornwall","isPartOf":{"@id":"https:\/\/ottawacornwall.ca\/#website"},"primaryImageOfPage":{"@id":"https:\/\/ottawacornwall.ca\/fr\/events\/webinaire-du-carrefour-intervocationnel\/#primaryimage"},"image":{"@id":"https:\/\/ottawacornwall.ca\/fr\/events\/webinaire-du-carrefour-intervocationnel\/#primaryimage"},"thumbnailUrl":"https:\/\/ottawacornwall.ca\/wp-content\/uploads\/2026\/01\/Amoris-Laetitia-1.jpg","datePublished":"2026-01-07T15:51:17+00:00","breadcrumb":{"@id":"https:\/\/ottawacornwall.ca\/fr\/events\/webinaire-du-carrefour-intervocationnel\/#breadcrumb"},"inLanguage":"fr-FR","potentialAction":[{"@type":"ReadAction","target":["https:\/\/ottawacornwall.ca\/fr\/events\/webinaire-du-carrefour-intervocationnel\/"]}]},{"@type":"ImageObject","inLanguage":"fr-FR","@id":"https:\/\/ottawacornwall.ca\/fr\/events\/webinaire-du-carrefour-intervocationnel\/#primaryimage","url":"https:\/\/ottawacornwall.ca\/wp-content\/uploads\/2026\/01\/Amoris-Laetitia-1.jpg","contentUrl":"https:\/\/ottawacornwall.ca\/wp-content\/uploads\/2026\/01\/Amoris-Laetitia-1.jpg","width":1243,"height":585},{"@type":"BreadcrumbList","@id":"https:\/\/ottawacornwall.ca\/fr\/events\/webinaire-du-carrefour-intervocationnel\/#breadcrumb","itemListElement":[{"@type":"ListItem","position":1,"name":"Home","item":"https:\/\/ottawacornwall.ca\/fr\/"},{"@type":"ListItem","position":2,"name":"Events","item":"https:\/\/ottawacornwall.ca\/events\/"},{"@type":"ListItem","position":3,"name":"Webinaire du Carrefour intervocationnel"}]},{"@type":"WebSite","@id":"https:\/\/ottawacornwall.ca\/#website","url":"https:\/\/ottawacornwall.ca\/","name":"Archdiocese of Ottawa-Cornwall","description":"Welcome to the  Ottawa-Cornwall Archdiocese!","publisher":{"@id":"https:\/\/ottawacornwall.ca\/#organization"},"potentialAction":[{"@type":"SearchAction","target":{"@type":"EntryPoint","urlTemplate":"https:\/\/ottawacornwall.ca\/?s={search_term_string}"},"query-input":{"@type":"PropertyValueSpecification","valueRequired":true,"valueName":"search_term_string"}}],"inLanguage":"fr-FR"},{"@type":"Organization","@id":"https:\/\/ottawacornwall.ca\/#organization","name":"Archdiocese of Ottawa-Cornwall","url":"https:\/\/ottawacornwall.ca\/","logo":{"@type":"ImageObject","inLanguage":"fr-FR","@id":"https:\/\/ottawacornwall.ca\/#\/schema\/logo\/image\/","url":"https:\/\/ottawacornwall.ca\/wp-content\/uploads\/2022\/11\/Archdiocese-Logo-Horizontal-Reverse-1.svg","contentUrl":"https:\/\/ottawacornwall.ca\/wp-content\/uploads\/2022\/11\/Archdiocese-Logo-Horizontal-Reverse-1.svg","caption":"Archdiocese of Ottawa-Cornwall"},"image":{"@id":"https:\/\/ottawacornwall.ca\/#\/schema\/logo\/image\/"}}]}},"_links":{"self":[{"href":"https:\/\/ottawacornwall.ca\/fr\/wp-json\/wp\/v2\/mec-events\/35565","targetHints":{"allow":["GET"]}}],"collection":[{"href":"https:\/\/ottawacornwall.ca\/fr\/wp-json\/wp\/v2\/mec-events"}],"about":[{"href":"https:\/\/ottawacornwall.ca\/fr\/wp-json\/wp\/v2\/types\/mec-events"}],"author":[{"embeddable":true,"href":"https:\/\/ottawacornwall.ca\/fr\/wp-json\/wp\/v2\/users\/11"}],"replies":[{"embeddable":true,"href":"https:\/\/ottawacornwall.ca\/fr\/wp-json\/wp\/v2\/comments?post=35565"}],"wp:featuredmedia":[{"embeddable":true,"href":"https:\/\/ottawacornwall.ca\/fr\/wp-json\/wp\/v2\/media\/35579"}],"wp:attachment":[{"href":"https:\/\/ottawacornwall.ca\/fr\/wp-json\/wp\/v2\/media?parent=35565"}],"wp:term":[{"taxonomy":"mec_category","embeddable":true,"href":"https:\/\/ottawacornwall.ca\/fr\/wp-json\/wp\/v2\/mec_category?post=35565"},{"taxonomy":"mec_tag","embeddable":true,"href":"https:\/\/ottawacornwall.ca\/fr\/wp-json\/wp\/v2\/mec_tag?post=35565"}],"curies":[{"name":"wp","href":"https:\/\/api.w.org\/{rel}","templated":true}]}}