{"id":36126,"date":"2026-01-20T09:44:38","date_gmt":"2026-01-20T14:44:38","guid":{"rendered":"https:\/\/ottawacornwall.ca\/?post_type=mec-events&#038;p=36126"},"modified":"2026-01-20T09:44:38","modified_gmt":"2026-01-20T14:44:38","slug":"conference-dialogues-oecumeniques-au-xxi%e1%b5%89-siecle","status":"publish","type":"mec-events","link":"https:\/\/ottawacornwall.ca\/fr\/events\/conference-dialogues-oecumeniques-au-xxi%e1%b5%89-siecle\/","title":{"rendered":"Conf\u00e9rence : Dialogues \u0153cum\u00e9niques au XXI\u1d49 si\u00e8cle"},"content":{"rendered":"<p>Dans le cadre de la s\u00e9rie Dialogues et esp\u00e9rance, organis\u00e9e par la Fondation du Grand S\u00e9minaire de Montr\u00e9al, Dre Adriana Bara, professeure de th\u00e9ologie au Grand S\u00e9minaire de l&rsquo;Archidioc\u00e8se de Montr\u00e9al, nous convie \u00e0 une r\u00e9flexion sur les enjeux et les d\u00e9fis du dialogue \u0153cum\u00e9nique au XXI\u1d49 si\u00e8cle, ainsi que sur les perspectives d\u2019esp\u00e9rance pour l\u2019unit\u00e9 chr\u00e9tienne.<\/p>\n<p>Participation en personne et virtuelle : La conf\u00e9rence sera diffus\u00e9e en direct sur YouTube, le lien sera envoy\u00e9 suite \u00e0 l\u2019inscription.<\/p>\n<p>&nbsp;<\/p>\n<p>Details et inscriptions:\u00a0 https:\/\/www.zeffy.com\/fr-CA\/ticketing\/conference-dialogues-oecumeniques-au-xxi-siecle-enjeux-defis-et-esperance<\/p>\n","protected":false},"excerpt":{"rendered":"<p>Dans le cadre de la s\u00e9rie Dialogues et esp\u00e9rance, organis\u00e9e par la Fondation du Grand S\u00e9minaire de Montr\u00e9al, Dre Adriana Bara, professeure de th\u00e9ologie au Grand S\u00e9minaire de l&rsquo;Archidioc\u00e8se de Montr\u00e9al, nous convie \u00e0 une r\u00e9flexion sur les enjeux et les d\u00e9fis du dialogue \u0153cum\u00e9nique au XXI\u1d49 si\u00e8cle, ainsi que sur les perspectives d\u2019esp\u00e9rance pour [&hellip;]<\/p>\n","protected":false},"author":1,"featured_media":36127,"comment_status":"closed","ping_status":"closed","template":"","mec_category":[426],"mec_tag":[],"class_list":["post-36126","mec-events","type-mec-events","status-publish","has-post-thumbnail","hentry","mec_category-all-areas-fr"],"acf":[],"yoast_head":"<!-- This site is optimized with the Yoast SEO plugin v27.4 - https:\/\/yoast.com\/product\/yoast-seo-wordpress\/ -->\n<title>Conf\u00e9rence : Dialogues \u0153cum\u00e9niques au XXI\u1d49 si\u00e8cle - Archdiocese of Ottawa-Cornwall<\/title>\n<meta name=\"robots\" content=\"index, follow, max-snippet:-1, max-image-preview:large, max-video-preview:-1\" \/>\n<link rel=\"canonical\" href=\"https:\/\/ottawacornwall.ca\/fr\/events\/conference-dialogues-oecumeniques-au-xxi\u1d49-siecle\/\" \/>\n<meta property=\"og:locale\" content=\"fr_FR\" \/>\n<meta property=\"og:type\" content=\"article\" \/>\n<meta property=\"og:title\" content=\"Conf\u00e9rence : Dialogues \u0153cum\u00e9niques au XXI\u1d49 si\u00e8cle - Archdiocese of Ottawa-Cornwall\" \/>\n<meta property=\"og:description\" content=\"Dans le cadre de la s\u00e9rie Dialogues et esp\u00e9rance, organis\u00e9e par la Fondation du Grand S\u00e9minaire de Montr\u00e9al, Dre Adriana Bara, professeure de th\u00e9ologie au Grand S\u00e9minaire de l&rsquo;Archidioc\u00e8se de Montr\u00e9al, nous convie \u00e0 une r\u00e9flexion sur les enjeux et les d\u00e9fis du dialogue \u0153cum\u00e9nique au XXI\u1d49 si\u00e8cle, ainsi que sur les perspectives d\u2019esp\u00e9rance pour [&hellip;]\" \/>\n<meta property=\"og:url\" content=\"https:\/\/ottawacornwall.ca\/fr\/events\/conference-dialogues-oecumeniques-au-xxi\u1d49-siecle\/\" \/>\n<meta property=\"og:site_name\" content=\"Archdiocese of Ottawa-Cornwall\" \/>\n<meta property=\"og:image\" content=\"https:\/\/ottawacornwall.ca\/wp-content\/uploads\/2026\/01\/Visuel-Conference-31-janvier-2026-V3-1-scaled.jpg\" \/>\n\t<meta property=\"og:image:width\" content=\"2560\" \/>\n\t<meta property=\"og:image:height\" content=\"1280\" \/>\n\t<meta property=\"og:image:type\" content=\"image\/jpeg\" \/>\n<meta name=\"twitter:card\" content=\"summary_large_image\" \/>\n<meta name=\"twitter:label1\" content=\"Dur\u00e9e de lecture estim\u00e9e\" \/>\n\t<meta name=\"twitter:data1\" content=\"1 minute\" \/>\n<script type=\"application\/ld+json\" class=\"yoast-schema-graph\">{\"@context\":\"https:\\\/\\\/schema.org\",\"@graph\":[{\"@type\":\"WebPage\",\"@id\":\"https:\\\/\\\/ottawacornwall.ca\\\/fr\\\/events\\\/conference-dialogues-oecumeniques-au-xxi%e1%b5%89-siecle\\\/\",\"url\":\"https:\\\/\\\/ottawacornwall.ca\\\/fr\\\/events\\\/conference-dialogues-oecumeniques-au-xxi%e1%b5%89-siecle\\\/\",\"name\":\"Conf\u00e9rence : Dialogues \u0153cum\u00e9niques au XXI\u1d49 si\u00e8cle - Archdiocese of Ottawa-Cornwall\",\"isPartOf\":{\"@id\":\"https:\\\/\\\/ottawacornwall.ca\\\/#website\"},\"primaryImageOfPage\":{\"@id\":\"https:\\\/\\\/ottawacornwall.ca\\\/fr\\\/events\\\/conference-dialogues-oecumeniques-au-xxi%e1%b5%89-siecle\\\/#primaryimage\"},\"image\":{\"@id\":\"https:\\\/\\\/ottawacornwall.ca\\\/fr\\\/events\\\/conference-dialogues-oecumeniques-au-xxi%e1%b5%89-siecle\\\/#primaryimage\"},\"thumbnailUrl\":\"https:\\\/\\\/ottawacornwall.ca\\\/wp-content\\\/uploads\\\/2026\\\/01\\\/Visuel-Conference-31-janvier-2026-V3-1-scaled.jpg\",\"datePublished\":\"2026-01-20T14:44:38+00:00\",\"breadcrumb\":{\"@id\":\"https:\\\/\\\/ottawacornwall.ca\\\/fr\\\/events\\\/conference-dialogues-oecumeniques-au-xxi%e1%b5%89-siecle\\\/#breadcrumb\"},\"inLanguage\":\"fr-FR\",\"potentialAction\":[{\"@type\":\"ReadAction\",\"target\":[\"https:\\\/\\\/ottawacornwall.ca\\\/fr\\\/events\\\/conference-dialogues-oecumeniques-au-xxi%e1%b5%89-siecle\\\/\"]}]},{\"@type\":\"ImageObject\",\"inLanguage\":\"fr-FR\",\"@id\":\"https:\\\/\\\/ottawacornwall.ca\\\/fr\\\/events\\\/conference-dialogues-oecumeniques-au-xxi%e1%b5%89-siecle\\\/#primaryimage\",\"url\":\"https:\\\/\\\/ottawacornwall.ca\\\/wp-content\\\/uploads\\\/2026\\\/01\\\/Visuel-Conference-31-janvier-2026-V3-1-scaled.jpg\",\"contentUrl\":\"https:\\\/\\\/ottawacornwall.ca\\\/wp-content\\\/uploads\\\/2026\\\/01\\\/Visuel-Conference-31-janvier-2026-V3-1-scaled.jpg\",\"width\":2560,\"height\":1280},{\"@type\":\"BreadcrumbList\",\"@id\":\"https:\\\/\\\/ottawacornwall.ca\\\/fr\\\/events\\\/conference-dialogues-oecumeniques-au-xxi%e1%b5%89-siecle\\\/#breadcrumb\",\"itemListElement\":[{\"@type\":\"ListItem\",\"position\":1,\"name\":\"Home\",\"item\":\"https:\\\/\\\/ottawacornwall.ca\\\/fr\\\/\"},{\"@type\":\"ListItem\",\"position\":2,\"name\":\"Events\",\"item\":\"https:\\\/\\\/ottawacornwall.ca\\\/events\\\/\"},{\"@type\":\"ListItem\",\"position\":3,\"name\":\"Conf\u00e9rence : Dialogues \u0153cum\u00e9niques au XXI\u1d49 si\u00e8cle\"}]},{\"@type\":\"WebSite\",\"@id\":\"https:\\\/\\\/ottawacornwall.ca\\\/#website\",\"url\":\"https:\\\/\\\/ottawacornwall.ca\\\/\",\"name\":\"Archdiocese of Ottawa-Cornwall\",\"description\":\"Welcome to the  Ottawa-Cornwall Archdiocese!\",\"publisher\":{\"@id\":\"https:\\\/\\\/ottawacornwall.ca\\\/#organization\"},\"potentialAction\":[{\"@type\":\"SearchAction\",\"target\":{\"@type\":\"EntryPoint\",\"urlTemplate\":\"https:\\\/\\\/ottawacornwall.ca\\\/?s={search_term_string}\"},\"query-input\":{\"@type\":\"PropertyValueSpecification\",\"valueRequired\":true,\"valueName\":\"search_term_string\"}}],\"inLanguage\":\"fr-FR\"},{\"@type\":\"Organization\",\"@id\":\"https:\\\/\\\/ottawacornwall.ca\\\/#organization\",\"name\":\"Archdiocese of Ottawa-Cornwall\",\"url\":\"https:\\\/\\\/ottawacornwall.ca\\\/\",\"logo\":{\"@type\":\"ImageObject\",\"inLanguage\":\"fr-FR\",\"@id\":\"https:\\\/\\\/ottawacornwall.ca\\\/#\\\/schema\\\/logo\\\/image\\\/\",\"url\":\"https:\\\/\\\/ottawacornwall.ca\\\/wp-content\\\/uploads\\\/2022\\\/11\\\/Archdiocese-Logo-Horizontal-Reverse-1.svg\",\"contentUrl\":\"https:\\\/\\\/ottawacornwall.ca\\\/wp-content\\\/uploads\\\/2022\\\/11\\\/Archdiocese-Logo-Horizontal-Reverse-1.svg\",\"caption\":\"Archdiocese of Ottawa-Cornwall\"},\"image\":{\"@id\":\"https:\\\/\\\/ottawacornwall.ca\\\/#\\\/schema\\\/logo\\\/image\\\/\"}}]}<\/script>\n<!-- \/ Yoast SEO plugin. -->","yoast_head_json":{"title":"Conf\u00e9rence : Dialogues \u0153cum\u00e9niques au XXI\u1d49 si\u00e8cle - Archdiocese of Ottawa-Cornwall","robots":{"index":"index","follow":"follow","max-snippet":"max-snippet:-1","max-image-preview":"max-image-preview:large","max-video-preview":"max-video-preview:-1"},"canonical":"https:\/\/ottawacornwall.ca\/fr\/events\/conference-dialogues-oecumeniques-au-xxi\u1d49-siecle\/","og_locale":"fr_FR","og_type":"article","og_title":"Conf\u00e9rence : Dialogues \u0153cum\u00e9niques au XXI\u1d49 si\u00e8cle - Archdiocese of Ottawa-Cornwall","og_description":"Dans le cadre de la s\u00e9rie Dialogues et esp\u00e9rance, organis\u00e9e par la Fondation du Grand S\u00e9minaire de Montr\u00e9al, Dre Adriana Bara, professeure de th\u00e9ologie au Grand S\u00e9minaire de l&rsquo;Archidioc\u00e8se de Montr\u00e9al, nous convie \u00e0 une r\u00e9flexion sur les enjeux et les d\u00e9fis du dialogue \u0153cum\u00e9nique au XXI\u1d49 si\u00e8cle, ainsi que sur les perspectives d\u2019esp\u00e9rance pour [&hellip;]","og_url":"https:\/\/ottawacornwall.ca\/fr\/events\/conference-dialogues-oecumeniques-au-xxi\u1d49-siecle\/","og_site_name":"Archdiocese of Ottawa-Cornwall","og_image":[{"width":2560,"height":1280,"url":"https:\/\/ottawacornwall.ca\/wp-content\/uploads\/2026\/01\/Visuel-Conference-31-janvier-2026-V3-1-scaled.jpg","type":"image\/jpeg"}],"twitter_card":"summary_large_image","twitter_misc":{"Dur\u00e9e de lecture estim\u00e9e":"1 minute"},"schema":{"@context":"https:\/\/schema.org","@graph":[{"@type":"WebPage","@id":"https:\/\/ottawacornwall.ca\/fr\/events\/conference-dialogues-oecumeniques-au-xxi%e1%b5%89-siecle\/","url":"https:\/\/ottawacornwall.ca\/fr\/events\/conference-dialogues-oecumeniques-au-xxi%e1%b5%89-siecle\/","name":"Conf\u00e9rence : Dialogues \u0153cum\u00e9niques au XXI\u1d49 si\u00e8cle - Archdiocese of Ottawa-Cornwall","isPartOf":{"@id":"https:\/\/ottawacornwall.ca\/#website"},"primaryImageOfPage":{"@id":"https:\/\/ottawacornwall.ca\/fr\/events\/conference-dialogues-oecumeniques-au-xxi%e1%b5%89-siecle\/#primaryimage"},"image":{"@id":"https:\/\/ottawacornwall.ca\/fr\/events\/conference-dialogues-oecumeniques-au-xxi%e1%b5%89-siecle\/#primaryimage"},"thumbnailUrl":"https:\/\/ottawacornwall.ca\/wp-content\/uploads\/2026\/01\/Visuel-Conference-31-janvier-2026-V3-1-scaled.jpg","datePublished":"2026-01-20T14:44:38+00:00","breadcrumb":{"@id":"https:\/\/ottawacornwall.ca\/fr\/events\/conference-dialogues-oecumeniques-au-xxi%e1%b5%89-siecle\/#breadcrumb"},"inLanguage":"fr-FR","potentialAction":[{"@type":"ReadAction","target":["https:\/\/ottawacornwall.ca\/fr\/events\/conference-dialogues-oecumeniques-au-xxi%e1%b5%89-siecle\/"]}]},{"@type":"ImageObject","inLanguage":"fr-FR","@id":"https:\/\/ottawacornwall.ca\/fr\/events\/conference-dialogues-oecumeniques-au-xxi%e1%b5%89-siecle\/#primaryimage","url":"https:\/\/ottawacornwall.ca\/wp-content\/uploads\/2026\/01\/Visuel-Conference-31-janvier-2026-V3-1-scaled.jpg","contentUrl":"https:\/\/ottawacornwall.ca\/wp-content\/uploads\/2026\/01\/Visuel-Conference-31-janvier-2026-V3-1-scaled.jpg","width":2560,"height":1280},{"@type":"BreadcrumbList","@id":"https:\/\/ottawacornwall.ca\/fr\/events\/conference-dialogues-oecumeniques-au-xxi%e1%b5%89-siecle\/#breadcrumb","itemListElement":[{"@type":"ListItem","position":1,"name":"Home","item":"https:\/\/ottawacornwall.ca\/fr\/"},{"@type":"ListItem","position":2,"name":"Events","item":"https:\/\/ottawacornwall.ca\/events\/"},{"@type":"ListItem","position":3,"name":"Conf\u00e9rence : Dialogues \u0153cum\u00e9niques au XXI\u1d49 si\u00e8cle"}]},{"@type":"WebSite","@id":"https:\/\/ottawacornwall.ca\/#website","url":"https:\/\/ottawacornwall.ca\/","name":"Archdiocese of Ottawa-Cornwall","description":"Welcome to the  Ottawa-Cornwall Archdiocese!","publisher":{"@id":"https:\/\/ottawacornwall.ca\/#organization"},"potentialAction":[{"@type":"SearchAction","target":{"@type":"EntryPoint","urlTemplate":"https:\/\/ottawacornwall.ca\/?s={search_term_string}"},"query-input":{"@type":"PropertyValueSpecification","valueRequired":true,"valueName":"search_term_string"}}],"inLanguage":"fr-FR"},{"@type":"Organization","@id":"https:\/\/ottawacornwall.ca\/#organization","name":"Archdiocese of Ottawa-Cornwall","url":"https:\/\/ottawacornwall.ca\/","logo":{"@type":"ImageObject","inLanguage":"fr-FR","@id":"https:\/\/ottawacornwall.ca\/#\/schema\/logo\/image\/","url":"https:\/\/ottawacornwall.ca\/wp-content\/uploads\/2022\/11\/Archdiocese-Logo-Horizontal-Reverse-1.svg","contentUrl":"https:\/\/ottawacornwall.ca\/wp-content\/uploads\/2022\/11\/Archdiocese-Logo-Horizontal-Reverse-1.svg","caption":"Archdiocese of Ottawa-Cornwall"},"image":{"@id":"https:\/\/ottawacornwall.ca\/#\/schema\/logo\/image\/"}}]}},"_links":{"self":[{"href":"https:\/\/ottawacornwall.ca\/fr\/wp-json\/wp\/v2\/mec-events\/36126","targetHints":{"allow":["GET"]}}],"collection":[{"href":"https:\/\/ottawacornwall.ca\/fr\/wp-json\/wp\/v2\/mec-events"}],"about":[{"href":"https:\/\/ottawacornwall.ca\/fr\/wp-json\/wp\/v2\/types\/mec-events"}],"author":[{"embeddable":true,"href":"https:\/\/ottawacornwall.ca\/fr\/wp-json\/wp\/v2\/users\/1"}],"replies":[{"embeddable":true,"href":"https:\/\/ottawacornwall.ca\/fr\/wp-json\/wp\/v2\/comments?post=36126"}],"wp:featuredmedia":[{"embeddable":true,"href":"https:\/\/ottawacornwall.ca\/fr\/wp-json\/wp\/v2\/media\/36127"}],"wp:attachment":[{"href":"https:\/\/ottawacornwall.ca\/fr\/wp-json\/wp\/v2\/media?parent=36126"}],"wp:term":[{"taxonomy":"mec_category","embeddable":true,"href":"https:\/\/ottawacornwall.ca\/fr\/wp-json\/wp\/v2\/mec_category?post=36126"},{"taxonomy":"mec_tag","embeddable":true,"href":"https:\/\/ottawacornwall.ca\/fr\/wp-json\/wp\/v2\/mec_tag?post=36126"}],"curies":[{"name":"wp","href":"https:\/\/api.w.org\/{rel}","templated":true}]}}