{"id":36139,"date":"2026-01-28T09:24:21","date_gmt":"2026-01-28T14:24:21","guid":{"rendered":"https:\/\/ottawacornwall.ca\/?post_type=mec-events&#038;p=36139"},"modified":"2026-02-05T08:41:54","modified_gmt":"2026-02-05T13:41:54","slug":"foi-et-television-chretienne-journee-de-ressourcement-mensuelle-7","status":"publish","type":"mec-events","link":"https:\/\/ottawacornwall.ca\/fr\/events\/foi-et-television-chretienne-journee-de-ressourcement-mensuelle-7\/","title":{"rendered":"Journ\u00e9e de ressourcement mensuelle"},"content":{"rendered":"<p>Une journ\u00e9e de ressourcement dont le\u00a0<strong>th\u00e8me<\/strong>\u00a0est \u00ab\u00a0<strong>La foi qui s\u2019ouvre \u00e0 l\u2019impossible<\/strong>\u00a0\u00bb (Lc 5, 1-11) aura lieu\u00a0<strong>le\u00a021 f\u00e9vrier 2026<\/strong>\u00a0de 10 h \u00e0 16 h au sous-sol de l&rsquo;\u00e9glise\u00a0<strong>Saint-Gabriel,<\/strong> 55, rue Appleford, Ottawa, K1J 6T6. <strong>Le conf\u00e9rencier<\/strong> sera l\u2019abb\u00e9 Martin Kabanga, pr\u00eatre \u00e9tudiant \u00e0 l\u2019universit\u00e9 Saint-Paul. <strong>Entr\u00e9e libre<\/strong>. La prochaine conf\u00e9rence\u00a0: le 21 mars 2026 par l\u2019abb\u00e9 Fran\u00e7ois Kibwenge, vicaire \u00e9piscopal, \u00ab\u00a0<strong>L\u2019heure vient et elle est d\u00e9j\u00e0 venue o\u00f9 les vrais adorateurs adoreront Dieu en esprit et en v\u00e9rit\u00e9 <\/strong>\u00bb. R\u00e9servez vos dates. Pour plus de renseignements sur Foi et T\u00e9l\u00e9vision chr\u00e9tienne\u00a0:\u00a0<a href=\"https:\/\/na01.safelinks.protection.outlook.com\/?url=http%3A%2F%2Ffoi-et-televisionchretienne.org%2F&amp;data=05%7C02%7C%7C98ba7aa209d34215975708dd42e93641%7C84df9e7fe9f640afb435aaaaaaaaaaaa%7C1%7C0%7C638740291590279782%7CUnknown%7CTWFpbGZsb3d8eyJFbXB0eU1hcGkiOnRydWUsIlYiOiIwLjAuMDAwMCIsIlAiOiJXaW4zMiIsIkFOIjoiTWFpbCIsIldUIjoyfQ%3D%3D%7C0%7C%7C%7C&amp;sdata=z03%2FzF%2FV73rdQUM4q%2F%2Fg908PzXGPTVHG38CxN0%2Bl2CI%3D&amp;reserved=0\">http:\/\/foi-et-televisionchretienne.org\/<\/a>.\u00a0Pour sa cha\u00eene sur YouTube\u00a0: <a href=\"mailto:youtube.com\/@FTChretienne\/videos\">youtube.com\/@FTChretienne\/videos<\/a><\/p>\n","protected":false},"excerpt":{"rendered":"<p>Une journ\u00e9e de ressourcement dont le\u00a0th\u00e8me\u00a0est \u00ab\u00a0La foi qui s\u2019ouvre \u00e0 l\u2019impossible\u00a0\u00bb (Lc 5, 1-11) aura lieu\u00a0le\u00a021 f\u00e9vrier 2026\u00a0de 10 h \u00e0 16 h au sous-sol de l&rsquo;\u00e9glise\u00a0Saint-Gabriel, 55, rue Appleford, Ottawa, K1J 6T6. Le conf\u00e9rencier sera l\u2019abb\u00e9 Martin Kabanga, pr\u00eatre \u00e9tudiant \u00e0 l\u2019universit\u00e9 Saint-Paul. Entr\u00e9e libre. La prochaine conf\u00e9rence\u00a0: le 21 mars 2026 par [&hellip;]<\/p>\n","protected":false},"author":1,"featured_media":36140,"comment_status":"closed","ping_status":"closed","template":"","mec_category":[],"mec_tag":[],"class_list":["post-36139","mec-events","type-mec-events","status-publish","has-post-thumbnail","hentry"],"acf":[],"yoast_head":"<!-- This site is optimized with the Yoast SEO plugin v27.4 - https:\/\/yoast.com\/product\/yoast-seo-wordpress\/ -->\n<title>Journ\u00e9e de ressourcement mensuelle - Archdiocese of Ottawa-Cornwall<\/title>\n<meta name=\"robots\" content=\"index, follow, max-snippet:-1, max-image-preview:large, max-video-preview:-1\" \/>\n<link rel=\"canonical\" href=\"https:\/\/ottawacornwall.ca\/fr\/events\/foi-et-television-chretienne-journee-de-ressourcement-mensuelle-7\/\" \/>\n<meta property=\"og:locale\" content=\"fr_FR\" \/>\n<meta property=\"og:type\" content=\"article\" \/>\n<meta property=\"og:title\" content=\"Journ\u00e9e de ressourcement mensuelle - Archdiocese of Ottawa-Cornwall\" \/>\n<meta property=\"og:description\" content=\"Une journ\u00e9e de ressourcement dont le\u00a0th\u00e8me\u00a0est \u00ab\u00a0La foi qui s\u2019ouvre \u00e0 l\u2019impossible\u00a0\u00bb (Lc 5, 1-11) aura lieu\u00a0le\u00a021 f\u00e9vrier 2026\u00a0de 10 h \u00e0 16 h au sous-sol de l&rsquo;\u00e9glise\u00a0Saint-Gabriel, 55, rue Appleford, Ottawa, K1J 6T6. Le conf\u00e9rencier sera l\u2019abb\u00e9 Martin Kabanga, pr\u00eatre \u00e9tudiant \u00e0 l\u2019universit\u00e9 Saint-Paul. Entr\u00e9e libre. La prochaine conf\u00e9rence\u00a0: le 21 mars 2026 par [&hellip;]\" \/>\n<meta property=\"og:url\" content=\"https:\/\/ottawacornwall.ca\/fr\/events\/foi-et-television-chretienne-journee-de-ressourcement-mensuelle-7\/\" \/>\n<meta property=\"og:site_name\" content=\"Archdiocese of Ottawa-Cornwall\" \/>\n<meta property=\"article:modified_time\" content=\"2026-02-05T13:41:54+00:00\" \/>\n<meta property=\"og:image\" content=\"https:\/\/ottawacornwall.ca\/wp-content\/uploads\/2026\/01\/FTC-logo.jpg\" \/>\n\t<meta property=\"og:image:width\" content=\"640\" \/>\n\t<meta property=\"og:image:height\" content=\"587\" \/>\n\t<meta property=\"og:image:type\" content=\"image\/jpeg\" \/>\n<meta name=\"twitter:card\" content=\"summary_large_image\" \/>\n<meta name=\"twitter:label1\" content=\"Dur\u00e9e de lecture estim\u00e9e\" \/>\n\t<meta name=\"twitter:data1\" content=\"1 minute\" \/>\n<script type=\"application\/ld+json\" class=\"yoast-schema-graph\">{\"@context\":\"https:\\\/\\\/schema.org\",\"@graph\":[{\"@type\":\"WebPage\",\"@id\":\"https:\\\/\\\/ottawacornwall.ca\\\/fr\\\/events\\\/foi-et-television-chretienne-journee-de-ressourcement-mensuelle-7\\\/\",\"url\":\"https:\\\/\\\/ottawacornwall.ca\\\/fr\\\/events\\\/foi-et-television-chretienne-journee-de-ressourcement-mensuelle-7\\\/\",\"name\":\"Journ\u00e9e de ressourcement mensuelle - Archdiocese of Ottawa-Cornwall\",\"isPartOf\":{\"@id\":\"https:\\\/\\\/ottawacornwall.ca\\\/#website\"},\"primaryImageOfPage\":{\"@id\":\"https:\\\/\\\/ottawacornwall.ca\\\/fr\\\/events\\\/foi-et-television-chretienne-journee-de-ressourcement-mensuelle-7\\\/#primaryimage\"},\"image\":{\"@id\":\"https:\\\/\\\/ottawacornwall.ca\\\/fr\\\/events\\\/foi-et-television-chretienne-journee-de-ressourcement-mensuelle-7\\\/#primaryimage\"},\"thumbnailUrl\":\"https:\\\/\\\/ottawacornwall.ca\\\/wp-content\\\/uploads\\\/2026\\\/01\\\/FTC-logo.jpg\",\"datePublished\":\"2026-01-28T14:24:21+00:00\",\"dateModified\":\"2026-02-05T13:41:54+00:00\",\"breadcrumb\":{\"@id\":\"https:\\\/\\\/ottawacornwall.ca\\\/fr\\\/events\\\/foi-et-television-chretienne-journee-de-ressourcement-mensuelle-7\\\/#breadcrumb\"},\"inLanguage\":\"fr-FR\",\"potentialAction\":[{\"@type\":\"ReadAction\",\"target\":[\"https:\\\/\\\/ottawacornwall.ca\\\/fr\\\/events\\\/foi-et-television-chretienne-journee-de-ressourcement-mensuelle-7\\\/\"]}]},{\"@type\":\"ImageObject\",\"inLanguage\":\"fr-FR\",\"@id\":\"https:\\\/\\\/ottawacornwall.ca\\\/fr\\\/events\\\/foi-et-television-chretienne-journee-de-ressourcement-mensuelle-7\\\/#primaryimage\",\"url\":\"https:\\\/\\\/ottawacornwall.ca\\\/wp-content\\\/uploads\\\/2026\\\/01\\\/FTC-logo.jpg\",\"contentUrl\":\"https:\\\/\\\/ottawacornwall.ca\\\/wp-content\\\/uploads\\\/2026\\\/01\\\/FTC-logo.jpg\",\"width\":640,\"height\":587},{\"@type\":\"BreadcrumbList\",\"@id\":\"https:\\\/\\\/ottawacornwall.ca\\\/fr\\\/events\\\/foi-et-television-chretienne-journee-de-ressourcement-mensuelle-7\\\/#breadcrumb\",\"itemListElement\":[{\"@type\":\"ListItem\",\"position\":1,\"name\":\"Home\",\"item\":\"https:\\\/\\\/ottawacornwall.ca\\\/fr\\\/\"},{\"@type\":\"ListItem\",\"position\":2,\"name\":\"Events\",\"item\":\"https:\\\/\\\/ottawacornwall.ca\\\/events\\\/\"},{\"@type\":\"ListItem\",\"position\":3,\"name\":\"Journ\u00e9e de ressourcement mensuelle\"}]},{\"@type\":\"WebSite\",\"@id\":\"https:\\\/\\\/ottawacornwall.ca\\\/#website\",\"url\":\"https:\\\/\\\/ottawacornwall.ca\\\/\",\"name\":\"Archdiocese of Ottawa-Cornwall\",\"description\":\"Welcome to the  Ottawa-Cornwall Archdiocese!\",\"publisher\":{\"@id\":\"https:\\\/\\\/ottawacornwall.ca\\\/#organization\"},\"potentialAction\":[{\"@type\":\"SearchAction\",\"target\":{\"@type\":\"EntryPoint\",\"urlTemplate\":\"https:\\\/\\\/ottawacornwall.ca\\\/?s={search_term_string}\"},\"query-input\":{\"@type\":\"PropertyValueSpecification\",\"valueRequired\":true,\"valueName\":\"search_term_string\"}}],\"inLanguage\":\"fr-FR\"},{\"@type\":\"Organization\",\"@id\":\"https:\\\/\\\/ottawacornwall.ca\\\/#organization\",\"name\":\"Archdiocese of Ottawa-Cornwall\",\"url\":\"https:\\\/\\\/ottawacornwall.ca\\\/\",\"logo\":{\"@type\":\"ImageObject\",\"inLanguage\":\"fr-FR\",\"@id\":\"https:\\\/\\\/ottawacornwall.ca\\\/#\\\/schema\\\/logo\\\/image\\\/\",\"url\":\"https:\\\/\\\/ottawacornwall.ca\\\/wp-content\\\/uploads\\\/2022\\\/11\\\/Archdiocese-Logo-Horizontal-Reverse-1.svg\",\"contentUrl\":\"https:\\\/\\\/ottawacornwall.ca\\\/wp-content\\\/uploads\\\/2022\\\/11\\\/Archdiocese-Logo-Horizontal-Reverse-1.svg\",\"caption\":\"Archdiocese of Ottawa-Cornwall\"},\"image\":{\"@id\":\"https:\\\/\\\/ottawacornwall.ca\\\/#\\\/schema\\\/logo\\\/image\\\/\"}}]}<\/script>\n<!-- \/ Yoast SEO plugin. -->","yoast_head_json":{"title":"Journ\u00e9e de ressourcement mensuelle - Archdiocese of Ottawa-Cornwall","robots":{"index":"index","follow":"follow","max-snippet":"max-snippet:-1","max-image-preview":"max-image-preview:large","max-video-preview":"max-video-preview:-1"},"canonical":"https:\/\/ottawacornwall.ca\/fr\/events\/foi-et-television-chretienne-journee-de-ressourcement-mensuelle-7\/","og_locale":"fr_FR","og_type":"article","og_title":"Journ\u00e9e de ressourcement mensuelle - Archdiocese of Ottawa-Cornwall","og_description":"Une journ\u00e9e de ressourcement dont le\u00a0th\u00e8me\u00a0est \u00ab\u00a0La foi qui s\u2019ouvre \u00e0 l\u2019impossible\u00a0\u00bb (Lc 5, 1-11) aura lieu\u00a0le\u00a021 f\u00e9vrier 2026\u00a0de 10 h \u00e0 16 h au sous-sol de l&rsquo;\u00e9glise\u00a0Saint-Gabriel, 55, rue Appleford, Ottawa, K1J 6T6. Le conf\u00e9rencier sera l\u2019abb\u00e9 Martin Kabanga, pr\u00eatre \u00e9tudiant \u00e0 l\u2019universit\u00e9 Saint-Paul. Entr\u00e9e libre. La prochaine conf\u00e9rence\u00a0: le 21 mars 2026 par [&hellip;]","og_url":"https:\/\/ottawacornwall.ca\/fr\/events\/foi-et-television-chretienne-journee-de-ressourcement-mensuelle-7\/","og_site_name":"Archdiocese of Ottawa-Cornwall","article_modified_time":"2026-02-05T13:41:54+00:00","og_image":[{"width":640,"height":587,"url":"https:\/\/ottawacornwall.ca\/wp-content\/uploads\/2026\/01\/FTC-logo.jpg","type":"image\/jpeg"}],"twitter_card":"summary_large_image","twitter_misc":{"Dur\u00e9e de lecture estim\u00e9e":"1 minute"},"schema":{"@context":"https:\/\/schema.org","@graph":[{"@type":"WebPage","@id":"https:\/\/ottawacornwall.ca\/fr\/events\/foi-et-television-chretienne-journee-de-ressourcement-mensuelle-7\/","url":"https:\/\/ottawacornwall.ca\/fr\/events\/foi-et-television-chretienne-journee-de-ressourcement-mensuelle-7\/","name":"Journ\u00e9e de ressourcement mensuelle - Archdiocese of Ottawa-Cornwall","isPartOf":{"@id":"https:\/\/ottawacornwall.ca\/#website"},"primaryImageOfPage":{"@id":"https:\/\/ottawacornwall.ca\/fr\/events\/foi-et-television-chretienne-journee-de-ressourcement-mensuelle-7\/#primaryimage"},"image":{"@id":"https:\/\/ottawacornwall.ca\/fr\/events\/foi-et-television-chretienne-journee-de-ressourcement-mensuelle-7\/#primaryimage"},"thumbnailUrl":"https:\/\/ottawacornwall.ca\/wp-content\/uploads\/2026\/01\/FTC-logo.jpg","datePublished":"2026-01-28T14:24:21+00:00","dateModified":"2026-02-05T13:41:54+00:00","breadcrumb":{"@id":"https:\/\/ottawacornwall.ca\/fr\/events\/foi-et-television-chretienne-journee-de-ressourcement-mensuelle-7\/#breadcrumb"},"inLanguage":"fr-FR","potentialAction":[{"@type":"ReadAction","target":["https:\/\/ottawacornwall.ca\/fr\/events\/foi-et-television-chretienne-journee-de-ressourcement-mensuelle-7\/"]}]},{"@type":"ImageObject","inLanguage":"fr-FR","@id":"https:\/\/ottawacornwall.ca\/fr\/events\/foi-et-television-chretienne-journee-de-ressourcement-mensuelle-7\/#primaryimage","url":"https:\/\/ottawacornwall.ca\/wp-content\/uploads\/2026\/01\/FTC-logo.jpg","contentUrl":"https:\/\/ottawacornwall.ca\/wp-content\/uploads\/2026\/01\/FTC-logo.jpg","width":640,"height":587},{"@type":"BreadcrumbList","@id":"https:\/\/ottawacornwall.ca\/fr\/events\/foi-et-television-chretienne-journee-de-ressourcement-mensuelle-7\/#breadcrumb","itemListElement":[{"@type":"ListItem","position":1,"name":"Home","item":"https:\/\/ottawacornwall.ca\/fr\/"},{"@type":"ListItem","position":2,"name":"Events","item":"https:\/\/ottawacornwall.ca\/events\/"},{"@type":"ListItem","position":3,"name":"Journ\u00e9e de ressourcement mensuelle"}]},{"@type":"WebSite","@id":"https:\/\/ottawacornwall.ca\/#website","url":"https:\/\/ottawacornwall.ca\/","name":"Archdiocese of Ottawa-Cornwall","description":"Welcome to the  Ottawa-Cornwall Archdiocese!","publisher":{"@id":"https:\/\/ottawacornwall.ca\/#organization"},"potentialAction":[{"@type":"SearchAction","target":{"@type":"EntryPoint","urlTemplate":"https:\/\/ottawacornwall.ca\/?s={search_term_string}"},"query-input":{"@type":"PropertyValueSpecification","valueRequired":true,"valueName":"search_term_string"}}],"inLanguage":"fr-FR"},{"@type":"Organization","@id":"https:\/\/ottawacornwall.ca\/#organization","name":"Archdiocese of Ottawa-Cornwall","url":"https:\/\/ottawacornwall.ca\/","logo":{"@type":"ImageObject","inLanguage":"fr-FR","@id":"https:\/\/ottawacornwall.ca\/#\/schema\/logo\/image\/","url":"https:\/\/ottawacornwall.ca\/wp-content\/uploads\/2022\/11\/Archdiocese-Logo-Horizontal-Reverse-1.svg","contentUrl":"https:\/\/ottawacornwall.ca\/wp-content\/uploads\/2022\/11\/Archdiocese-Logo-Horizontal-Reverse-1.svg","caption":"Archdiocese of Ottawa-Cornwall"},"image":{"@id":"https:\/\/ottawacornwall.ca\/#\/schema\/logo\/image\/"}}]}},"_links":{"self":[{"href":"https:\/\/ottawacornwall.ca\/fr\/wp-json\/wp\/v2\/mec-events\/36139","targetHints":{"allow":["GET"]}}],"collection":[{"href":"https:\/\/ottawacornwall.ca\/fr\/wp-json\/wp\/v2\/mec-events"}],"about":[{"href":"https:\/\/ottawacornwall.ca\/fr\/wp-json\/wp\/v2\/types\/mec-events"}],"author":[{"embeddable":true,"href":"https:\/\/ottawacornwall.ca\/fr\/wp-json\/wp\/v2\/users\/1"}],"replies":[{"embeddable":true,"href":"https:\/\/ottawacornwall.ca\/fr\/wp-json\/wp\/v2\/comments?post=36139"}],"wp:featuredmedia":[{"embeddable":true,"href":"https:\/\/ottawacornwall.ca\/fr\/wp-json\/wp\/v2\/media\/36140"}],"wp:attachment":[{"href":"https:\/\/ottawacornwall.ca\/fr\/wp-json\/wp\/v2\/media?parent=36139"}],"wp:term":[{"taxonomy":"mec_category","embeddable":true,"href":"https:\/\/ottawacornwall.ca\/fr\/wp-json\/wp\/v2\/mec_category?post=36139"},{"taxonomy":"mec_tag","embeddable":true,"href":"https:\/\/ottawacornwall.ca\/fr\/wp-json\/wp\/v2\/mec_tag?post=36139"}],"curies":[{"name":"wp","href":"https:\/\/api.w.org\/{rel}","templated":true}]}}