{"id":37241,"date":"2026-02-10T12:22:45","date_gmt":"2026-02-10T17:22:45","guid":{"rendered":"https:\/\/ottawacornwall.ca\/?post_type=mec-events&#038;p=37241"},"modified":"2026-02-10T12:23:31","modified_gmt":"2026-02-10T17:23:31","slug":"developpement-et-paix-caritas-canada-session-dechange-et-de-strategie","status":"publish","type":"mec-events","link":"https:\/\/ottawacornwall.ca\/fr\/events\/developpement-et-paix-caritas-canada-session-dechange-et-de-strategie\/","title":{"rendered":"D\u00e9veloppement et Paix -Caritas Canada: Session d\u2019\u00e9change et de strat\u00e9gie"},"content":{"rendered":"<p data-start=\"214\" data-end=\"365\"><strong data-start=\"214\" data-end=\"331\">Rejoignez-nous pour une session d\u2019\u00e9change et de strat\u00e9gie autour de notre campagne Car\u00eame de partage, intitul\u00e9e :<\/strong><br data-start=\"331\" data-end=\"334\" \/><strong data-start=\"334\" data-end=\"365\"><em data-start=\"336\" data-end=\"363\">Sur la voie de la justice<\/em><\/strong><\/p>\n<p data-start=\"367\" data-end=\"465\">\ud83d\udcc5 <strong data-start=\"370\" data-end=\"380\">Date :<\/strong> 23 f\u00e9vrier 2026<br data-start=\"396\" data-end=\"399\" \/>\u23f0 <strong data-start=\"401\" data-end=\"412\">Heure :<\/strong> de 19 h \u00e0 20 h 45<br data-start=\"430\" data-end=\"433\" \/>\ud83d\udcbb <strong data-start=\"436\" data-end=\"446\">Lieu :<\/strong> rencontre par <strong>Zoom<\/strong><\/p>\n<p data-start=\"467\" data-end=\"582\">\ud83d\udc49 <strong data-start=\"470\" data-end=\"516\">Lien d\u2019inscription (inscription requise) :<\/strong><br data-start=\"516\" data-end=\"519\" \/><strong><a class=\"decorated-link\" href=\"https:\/\/us02web.zoom.us\/meeting\/register\/Gb3gC6dYTg2oRJIk_UbR6w\" target=\"_new\" rel=\"noopener\" data-start=\"519\" data-end=\"582\">https:\/\/us02web.zoom.us\/meeting\/register\/Gb3gC6dYTg2oRJIk_UbR6w<\/a><\/strong><\/p>\n<p data-start=\"584\" data-end=\"782\">Nous irons \u00e0 la rencontre d\u2019une communaut\u00e9 de nos fr\u00e8res et s\u0153urs du <strong data-start=\"653\" data-end=\"663\">Br\u00e9sil<\/strong>, dont la qualit\u00e9 de vie et les moyens de subsistance sont gravement affect\u00e9s par des industries mini\u00e8res et agricoles.<\/p>\n<p data-start=\"784\" data-end=\"1128\">Nous d\u00e9couvrirons le travail remarquable men\u00e9 par notre partenaire <strong data-start=\"851\" data-end=\"898\">Justi\u00e7a nos Trilhos (Justice sur les rails)<\/strong>, qui accompagne des communaut\u00e9s dans la recherche de solutions r\u00e9silientes et d\u2019alternatives durables \u00e0 leurs d\u00e9fis. Cette rencontre sera aussi l\u2019occasion de r\u00e9fl\u00e9chir \u00e0 la place et \u00e0 la port\u00e9e de notre solidarit\u00e9, ici au Canada.<\/p>\n<p data-start=\"1130\" data-end=\"1353\">\u00c0 travers ce t\u00e9moignage et en solidarit\u00e9 avec l\u2019ensemble de nos partenaires \u00e0 travers le monde, nous \u00e9changerons sur les meilleures strat\u00e9gies pour faire vivre, renforcer et rayonner encore davantage notre flamme solidaire.<\/p>\n<p data-start=\"1355\" data-end=\"1457\">\ud83d\udd14 <strong data-start=\"1358\" data-end=\"1391\">Rappel \u2013 lien d\u2019inscription :<\/strong><br data-start=\"1391\" data-end=\"1394\" \/><strong><a class=\"decorated-link\" href=\"https:\/\/us02web.zoom.us\/meeting\/register\/Gb3gC6dYTg2oRJIk_UbR6w\" target=\"_new\" rel=\"noopener\" data-start=\"1394\" data-end=\"1457\">https:\/\/us02web.zoom.us\/meeting\/register\/Gb3gC6dYTg2oRJIk_UbR6w<\/a><\/strong><\/p>\n<p>&nbsp;<\/p>\n","protected":false},"excerpt":{"rendered":"<p>Rejoignez-nous pour une session d\u2019\u00e9change et de strat\u00e9gie autour de notre campagne Car\u00eame de partage, intitul\u00e9e :Sur la voie de la justice \ud83d\udcc5 Date : 23 f\u00e9vrier 2026\u23f0 Heure : de 19 h \u00e0 20 h 45\ud83d\udcbb Lieu : rencontre par Zoom \ud83d\udc49 Lien d\u2019inscription (inscription requise) :https:\/\/us02web.zoom.us\/meeting\/register\/Gb3gC6dYTg2oRJIk_UbR6w Nous irons \u00e0 la rencontre d\u2019une communaut\u00e9 [&hellip;]<\/p>\n","protected":false},"author":1,"featured_media":37242,"comment_status":"closed","ping_status":"closed","template":"","mec_category":[],"mec_tag":[],"class_list":["post-37241","mec-events","type-mec-events","status-publish","has-post-thumbnail","hentry"],"acf":[],"yoast_head":"<!-- This site is optimized with the Yoast SEO plugin v27.4 - https:\/\/yoast.com\/product\/yoast-seo-wordpress\/ -->\n<title>D\u00e9veloppement et Paix -Caritas Canada: Session d\u2019\u00e9change et de strat\u00e9gie - Archdiocese of Ottawa-Cornwall<\/title>\n<meta name=\"robots\" content=\"index, follow, max-snippet:-1, max-image-preview:large, max-video-preview:-1\" \/>\n<link rel=\"canonical\" href=\"https:\/\/ottawacornwall.ca\/fr\/events\/developpement-et-paix-caritas-canada-session-dechange-et-de-strategie\/\" \/>\n<meta property=\"og:locale\" content=\"fr_FR\" \/>\n<meta property=\"og:type\" content=\"article\" \/>\n<meta property=\"og:title\" content=\"D\u00e9veloppement et Paix -Caritas Canada: Session d\u2019\u00e9change et de strat\u00e9gie - Archdiocese of Ottawa-Cornwall\" \/>\n<meta property=\"og:description\" content=\"Rejoignez-nous pour une session d\u2019\u00e9change et de strat\u00e9gie autour de notre campagne Car\u00eame de partage, intitul\u00e9e :Sur la voie de la justice \ud83d\udcc5 Date : 23 f\u00e9vrier 2026\u23f0 Heure : de 19 h \u00e0 20 h 45\ud83d\udcbb Lieu : rencontre par Zoom \ud83d\udc49 Lien d\u2019inscription (inscription requise) :https:\/\/us02web.zoom.us\/meeting\/register\/Gb3gC6dYTg2oRJIk_UbR6w Nous irons \u00e0 la rencontre d\u2019une communaut\u00e9 [&hellip;]\" \/>\n<meta property=\"og:url\" content=\"https:\/\/ottawacornwall.ca\/fr\/events\/developpement-et-paix-caritas-canada-session-dechange-et-de-strategie\/\" \/>\n<meta property=\"og:site_name\" content=\"Archdiocese of Ottawa-Cornwall\" \/>\n<meta property=\"article:modified_time\" content=\"2026-02-10T17:23:31+00:00\" \/>\n<meta property=\"og:image\" content=\"https:\/\/ottawacornwall.ca\/wp-content\/uploads\/2026\/02\/Image-campagne.jpg\" \/>\n\t<meta property=\"og:image:width\" content=\"936\" \/>\n\t<meta property=\"og:image:height\" content=\"278\" \/>\n\t<meta property=\"og:image:type\" content=\"image\/jpeg\" \/>\n<meta name=\"twitter:card\" content=\"summary_large_image\" \/>\n<meta name=\"twitter:label1\" content=\"Dur\u00e9e de lecture estim\u00e9e\" \/>\n\t<meta name=\"twitter:data1\" content=\"2 minutes\" \/>\n<script type=\"application\/ld+json\" class=\"yoast-schema-graph\">{\"@context\":\"https:\\\/\\\/schema.org\",\"@graph\":[{\"@type\":\"WebPage\",\"@id\":\"https:\\\/\\\/ottawacornwall.ca\\\/fr\\\/events\\\/developpement-et-paix-caritas-canada-session-dechange-et-de-strategie\\\/\",\"url\":\"https:\\\/\\\/ottawacornwall.ca\\\/fr\\\/events\\\/developpement-et-paix-caritas-canada-session-dechange-et-de-strategie\\\/\",\"name\":\"D\u00e9veloppement et Paix -Caritas Canada: Session d\u2019\u00e9change et de strat\u00e9gie - Archdiocese of Ottawa-Cornwall\",\"isPartOf\":{\"@id\":\"https:\\\/\\\/ottawacornwall.ca\\\/#website\"},\"primaryImageOfPage\":{\"@id\":\"https:\\\/\\\/ottawacornwall.ca\\\/fr\\\/events\\\/developpement-et-paix-caritas-canada-session-dechange-et-de-strategie\\\/#primaryimage\"},\"image\":{\"@id\":\"https:\\\/\\\/ottawacornwall.ca\\\/fr\\\/events\\\/developpement-et-paix-caritas-canada-session-dechange-et-de-strategie\\\/#primaryimage\"},\"thumbnailUrl\":\"https:\\\/\\\/ottawacornwall.ca\\\/wp-content\\\/uploads\\\/2026\\\/02\\\/Image-campagne.jpg\",\"datePublished\":\"2026-02-10T17:22:45+00:00\",\"dateModified\":\"2026-02-10T17:23:31+00:00\",\"breadcrumb\":{\"@id\":\"https:\\\/\\\/ottawacornwall.ca\\\/fr\\\/events\\\/developpement-et-paix-caritas-canada-session-dechange-et-de-strategie\\\/#breadcrumb\"},\"inLanguage\":\"fr-FR\",\"potentialAction\":[{\"@type\":\"ReadAction\",\"target\":[\"https:\\\/\\\/ottawacornwall.ca\\\/fr\\\/events\\\/developpement-et-paix-caritas-canada-session-dechange-et-de-strategie\\\/\"]}]},{\"@type\":\"ImageObject\",\"inLanguage\":\"fr-FR\",\"@id\":\"https:\\\/\\\/ottawacornwall.ca\\\/fr\\\/events\\\/developpement-et-paix-caritas-canada-session-dechange-et-de-strategie\\\/#primaryimage\",\"url\":\"https:\\\/\\\/ottawacornwall.ca\\\/wp-content\\\/uploads\\\/2026\\\/02\\\/Image-campagne.jpg\",\"contentUrl\":\"https:\\\/\\\/ottawacornwall.ca\\\/wp-content\\\/uploads\\\/2026\\\/02\\\/Image-campagne.jpg\",\"width\":936,\"height\":278},{\"@type\":\"BreadcrumbList\",\"@id\":\"https:\\\/\\\/ottawacornwall.ca\\\/fr\\\/events\\\/developpement-et-paix-caritas-canada-session-dechange-et-de-strategie\\\/#breadcrumb\",\"itemListElement\":[{\"@type\":\"ListItem\",\"position\":1,\"name\":\"Home\",\"item\":\"https:\\\/\\\/ottawacornwall.ca\\\/fr\\\/\"},{\"@type\":\"ListItem\",\"position\":2,\"name\":\"Events\",\"item\":\"https:\\\/\\\/ottawacornwall.ca\\\/events\\\/\"},{\"@type\":\"ListItem\",\"position\":3,\"name\":\"D\u00e9veloppement et Paix -Caritas Canada: Session d\u2019\u00e9change et de strat\u00e9gie\"}]},{\"@type\":\"WebSite\",\"@id\":\"https:\\\/\\\/ottawacornwall.ca\\\/#website\",\"url\":\"https:\\\/\\\/ottawacornwall.ca\\\/\",\"name\":\"Archdiocese of Ottawa-Cornwall\",\"description\":\"Welcome to the  Ottawa-Cornwall Archdiocese!\",\"publisher\":{\"@id\":\"https:\\\/\\\/ottawacornwall.ca\\\/#organization\"},\"potentialAction\":[{\"@type\":\"SearchAction\",\"target\":{\"@type\":\"EntryPoint\",\"urlTemplate\":\"https:\\\/\\\/ottawacornwall.ca\\\/?s={search_term_string}\"},\"query-input\":{\"@type\":\"PropertyValueSpecification\",\"valueRequired\":true,\"valueName\":\"search_term_string\"}}],\"inLanguage\":\"fr-FR\"},{\"@type\":\"Organization\",\"@id\":\"https:\\\/\\\/ottawacornwall.ca\\\/#organization\",\"name\":\"Archdiocese of Ottawa-Cornwall\",\"url\":\"https:\\\/\\\/ottawacornwall.ca\\\/\",\"logo\":{\"@type\":\"ImageObject\",\"inLanguage\":\"fr-FR\",\"@id\":\"https:\\\/\\\/ottawacornwall.ca\\\/#\\\/schema\\\/logo\\\/image\\\/\",\"url\":\"https:\\\/\\\/ottawacornwall.ca\\\/wp-content\\\/uploads\\\/2022\\\/11\\\/Archdiocese-Logo-Horizontal-Reverse-1.svg\",\"contentUrl\":\"https:\\\/\\\/ottawacornwall.ca\\\/wp-content\\\/uploads\\\/2022\\\/11\\\/Archdiocese-Logo-Horizontal-Reverse-1.svg\",\"caption\":\"Archdiocese of Ottawa-Cornwall\"},\"image\":{\"@id\":\"https:\\\/\\\/ottawacornwall.ca\\\/#\\\/schema\\\/logo\\\/image\\\/\"}}]}<\/script>\n<!-- \/ Yoast SEO plugin. -->","yoast_head_json":{"title":"D\u00e9veloppement et Paix -Caritas Canada: Session d\u2019\u00e9change et de strat\u00e9gie - Archdiocese of Ottawa-Cornwall","robots":{"index":"index","follow":"follow","max-snippet":"max-snippet:-1","max-image-preview":"max-image-preview:large","max-video-preview":"max-video-preview:-1"},"canonical":"https:\/\/ottawacornwall.ca\/fr\/events\/developpement-et-paix-caritas-canada-session-dechange-et-de-strategie\/","og_locale":"fr_FR","og_type":"article","og_title":"D\u00e9veloppement et Paix -Caritas Canada: Session d\u2019\u00e9change et de strat\u00e9gie - Archdiocese of Ottawa-Cornwall","og_description":"Rejoignez-nous pour une session d\u2019\u00e9change et de strat\u00e9gie autour de notre campagne Car\u00eame de partage, intitul\u00e9e :Sur la voie de la justice \ud83d\udcc5 Date : 23 f\u00e9vrier 2026\u23f0 Heure : de 19 h \u00e0 20 h 45\ud83d\udcbb Lieu : rencontre par Zoom \ud83d\udc49 Lien d\u2019inscription (inscription requise) :https:\/\/us02web.zoom.us\/meeting\/register\/Gb3gC6dYTg2oRJIk_UbR6w Nous irons \u00e0 la rencontre d\u2019une communaut\u00e9 [&hellip;]","og_url":"https:\/\/ottawacornwall.ca\/fr\/events\/developpement-et-paix-caritas-canada-session-dechange-et-de-strategie\/","og_site_name":"Archdiocese of Ottawa-Cornwall","article_modified_time":"2026-02-10T17:23:31+00:00","og_image":[{"width":936,"height":278,"url":"https:\/\/ottawacornwall.ca\/wp-content\/uploads\/2026\/02\/Image-campagne.jpg","type":"image\/jpeg"}],"twitter_card":"summary_large_image","twitter_misc":{"Dur\u00e9e de lecture estim\u00e9e":"2 minutes"},"schema":{"@context":"https:\/\/schema.org","@graph":[{"@type":"WebPage","@id":"https:\/\/ottawacornwall.ca\/fr\/events\/developpement-et-paix-caritas-canada-session-dechange-et-de-strategie\/","url":"https:\/\/ottawacornwall.ca\/fr\/events\/developpement-et-paix-caritas-canada-session-dechange-et-de-strategie\/","name":"D\u00e9veloppement et Paix -Caritas Canada: Session d\u2019\u00e9change et de strat\u00e9gie - Archdiocese of Ottawa-Cornwall","isPartOf":{"@id":"https:\/\/ottawacornwall.ca\/#website"},"primaryImageOfPage":{"@id":"https:\/\/ottawacornwall.ca\/fr\/events\/developpement-et-paix-caritas-canada-session-dechange-et-de-strategie\/#primaryimage"},"image":{"@id":"https:\/\/ottawacornwall.ca\/fr\/events\/developpement-et-paix-caritas-canada-session-dechange-et-de-strategie\/#primaryimage"},"thumbnailUrl":"https:\/\/ottawacornwall.ca\/wp-content\/uploads\/2026\/02\/Image-campagne.jpg","datePublished":"2026-02-10T17:22:45+00:00","dateModified":"2026-02-10T17:23:31+00:00","breadcrumb":{"@id":"https:\/\/ottawacornwall.ca\/fr\/events\/developpement-et-paix-caritas-canada-session-dechange-et-de-strategie\/#breadcrumb"},"inLanguage":"fr-FR","potentialAction":[{"@type":"ReadAction","target":["https:\/\/ottawacornwall.ca\/fr\/events\/developpement-et-paix-caritas-canada-session-dechange-et-de-strategie\/"]}]},{"@type":"ImageObject","inLanguage":"fr-FR","@id":"https:\/\/ottawacornwall.ca\/fr\/events\/developpement-et-paix-caritas-canada-session-dechange-et-de-strategie\/#primaryimage","url":"https:\/\/ottawacornwall.ca\/wp-content\/uploads\/2026\/02\/Image-campagne.jpg","contentUrl":"https:\/\/ottawacornwall.ca\/wp-content\/uploads\/2026\/02\/Image-campagne.jpg","width":936,"height":278},{"@type":"BreadcrumbList","@id":"https:\/\/ottawacornwall.ca\/fr\/events\/developpement-et-paix-caritas-canada-session-dechange-et-de-strategie\/#breadcrumb","itemListElement":[{"@type":"ListItem","position":1,"name":"Home","item":"https:\/\/ottawacornwall.ca\/fr\/"},{"@type":"ListItem","position":2,"name":"Events","item":"https:\/\/ottawacornwall.ca\/events\/"},{"@type":"ListItem","position":3,"name":"D\u00e9veloppement et Paix -Caritas Canada: Session d\u2019\u00e9change et de strat\u00e9gie"}]},{"@type":"WebSite","@id":"https:\/\/ottawacornwall.ca\/#website","url":"https:\/\/ottawacornwall.ca\/","name":"Archdiocese of Ottawa-Cornwall","description":"Welcome to the  Ottawa-Cornwall Archdiocese!","publisher":{"@id":"https:\/\/ottawacornwall.ca\/#organization"},"potentialAction":[{"@type":"SearchAction","target":{"@type":"EntryPoint","urlTemplate":"https:\/\/ottawacornwall.ca\/?s={search_term_string}"},"query-input":{"@type":"PropertyValueSpecification","valueRequired":true,"valueName":"search_term_string"}}],"inLanguage":"fr-FR"},{"@type":"Organization","@id":"https:\/\/ottawacornwall.ca\/#organization","name":"Archdiocese of Ottawa-Cornwall","url":"https:\/\/ottawacornwall.ca\/","logo":{"@type":"ImageObject","inLanguage":"fr-FR","@id":"https:\/\/ottawacornwall.ca\/#\/schema\/logo\/image\/","url":"https:\/\/ottawacornwall.ca\/wp-content\/uploads\/2022\/11\/Archdiocese-Logo-Horizontal-Reverse-1.svg","contentUrl":"https:\/\/ottawacornwall.ca\/wp-content\/uploads\/2022\/11\/Archdiocese-Logo-Horizontal-Reverse-1.svg","caption":"Archdiocese of Ottawa-Cornwall"},"image":{"@id":"https:\/\/ottawacornwall.ca\/#\/schema\/logo\/image\/"}}]}},"_links":{"self":[{"href":"https:\/\/ottawacornwall.ca\/fr\/wp-json\/wp\/v2\/mec-events\/37241","targetHints":{"allow":["GET"]}}],"collection":[{"href":"https:\/\/ottawacornwall.ca\/fr\/wp-json\/wp\/v2\/mec-events"}],"about":[{"href":"https:\/\/ottawacornwall.ca\/fr\/wp-json\/wp\/v2\/types\/mec-events"}],"author":[{"embeddable":true,"href":"https:\/\/ottawacornwall.ca\/fr\/wp-json\/wp\/v2\/users\/1"}],"replies":[{"embeddable":true,"href":"https:\/\/ottawacornwall.ca\/fr\/wp-json\/wp\/v2\/comments?post=37241"}],"wp:featuredmedia":[{"embeddable":true,"href":"https:\/\/ottawacornwall.ca\/fr\/wp-json\/wp\/v2\/media\/37242"}],"wp:attachment":[{"href":"https:\/\/ottawacornwall.ca\/fr\/wp-json\/wp\/v2\/media?parent=37241"}],"wp:term":[{"taxonomy":"mec_category","embeddable":true,"href":"https:\/\/ottawacornwall.ca\/fr\/wp-json\/wp\/v2\/mec_category?post=37241"},{"taxonomy":"mec_tag","embeddable":true,"href":"https:\/\/ottawacornwall.ca\/fr\/wp-json\/wp\/v2\/mec_tag?post=37241"}],"curies":[{"name":"wp","href":"https:\/\/api.w.org\/{rel}","templated":true}]}}