{"id":37265,"date":"2026-02-13T12:49:06","date_gmt":"2026-02-13T17:49:06","guid":{"rendered":"https:\/\/ottawacornwall.ca\/?post_type=mec-events&#038;p=37265"},"modified":"2026-02-13T12:49:06","modified_gmt":"2026-02-13T17:49:06","slug":"conference-et-si-la-science-revelait-dieu","status":"publish","type":"mec-events","link":"https:\/\/ottawacornwall.ca\/fr\/events\/conference-et-si-la-science-revelait-dieu\/","title":{"rendered":"Conf\u00e9rence: Et si la science r\u00e9v\u00e9lait Dieu ?"},"content":{"rendered":"<p>La conf\u00e9rence \u00ab Et si la science r\u00e9v\u00e9lait Dieu ? \u00bb sera offerte par le Dr Nicholas qui nous proposera une r\u00e9flexion sur les liens entre les d\u00e9couvertes scientifiques modernes, qu\u2019il s\u2019agisse de l\u2019origine de l\u2019univers, de la complexit\u00e9 de la vie cellulaire, des math\u00e9matiques ou de la conscience humaine, et l\u2019ouverture qu\u2019elles peuvent susciter sur le myst\u00e8re d\u2019un Cr\u00e9ateur.<\/p>\n<p>&nbsp;<\/p>\n<p>Cette conf\u00e9rence est organis\u00e9e par Fondation du Grand S\u00e9minaire de Montr\u00e9al, en collaboration avec la Fondation Lucien-Labelle.<\/p>\n<p>&nbsp;<\/p>\n<p><strong>INSCRIPTION<\/strong> <strong>OBLIGATOIRE <\/strong><\/p>\n","protected":false},"excerpt":{"rendered":"<p>La conf\u00e9rence \u00ab Et si la science r\u00e9v\u00e9lait Dieu ? \u00bb sera offerte par le Dr Nicholas qui nous proposera une r\u00e9flexion sur les liens entre les d\u00e9couvertes scientifiques modernes, qu\u2019il s\u2019agisse de l\u2019origine de l\u2019univers, de la complexit\u00e9 de la vie cellulaire, des math\u00e9matiques ou de la conscience humaine, et l\u2019ouverture qu\u2019elles peuvent susciter [&hellip;]<\/p>\n","protected":false},"author":1,"featured_media":37266,"comment_status":"closed","ping_status":"closed","template":"","mec_category":[426],"mec_tag":[],"class_list":["post-37265","mec-events","type-mec-events","status-publish","has-post-thumbnail","hentry","mec_category-all-areas-fr"],"acf":[],"yoast_head":"<!-- This site is optimized with the Yoast SEO plugin v27.4 - https:\/\/yoast.com\/product\/yoast-seo-wordpress\/ -->\n<title>Conf\u00e9rence: Et si la science r\u00e9v\u00e9lait Dieu ? - Archdiocese of Ottawa-Cornwall<\/title>\n<meta name=\"robots\" content=\"index, follow, max-snippet:-1, max-image-preview:large, max-video-preview:-1\" \/>\n<link rel=\"canonical\" href=\"https:\/\/ottawacornwall.ca\/fr\/events\/conference-et-si-la-science-revelait-dieu\/\" \/>\n<meta property=\"og:locale\" content=\"fr_FR\" \/>\n<meta property=\"og:type\" content=\"article\" \/>\n<meta property=\"og:title\" content=\"Conf\u00e9rence: Et si la science r\u00e9v\u00e9lait Dieu ? - Archdiocese of Ottawa-Cornwall\" \/>\n<meta property=\"og:description\" content=\"La conf\u00e9rence \u00ab Et si la science r\u00e9v\u00e9lait Dieu ? \u00bb sera offerte par le Dr Nicholas qui nous proposera une r\u00e9flexion sur les liens entre les d\u00e9couvertes scientifiques modernes, qu\u2019il s\u2019agisse de l\u2019origine de l\u2019univers, de la complexit\u00e9 de la vie cellulaire, des math\u00e9matiques ou de la conscience humaine, et l\u2019ouverture qu\u2019elles peuvent susciter [&hellip;]\" \/>\n<meta property=\"og:url\" content=\"https:\/\/ottawacornwall.ca\/fr\/events\/conference-et-si-la-science-revelait-dieu\/\" \/>\n<meta property=\"og:site_name\" content=\"Archdiocese of Ottawa-Cornwall\" \/>\n<meta property=\"og:image\" content=\"https:\/\/ottawacornwall.ca\/wp-content\/uploads\/2026\/02\/FGSM-Conference-28-fev.jpg\" \/>\n\t<meta property=\"og:image:width\" content=\"940\" \/>\n\t<meta property=\"og:image:height\" content=\"788\" \/>\n\t<meta property=\"og:image:type\" content=\"image\/jpeg\" \/>\n<meta name=\"twitter:card\" content=\"summary_large_image\" \/>\n<meta name=\"twitter:label1\" content=\"Dur\u00e9e de lecture estim\u00e9e\" \/>\n\t<meta name=\"twitter:data1\" content=\"1 minute\" \/>\n<script type=\"application\/ld+json\" class=\"yoast-schema-graph\">{\"@context\":\"https:\\\/\\\/schema.org\",\"@graph\":[{\"@type\":\"WebPage\",\"@id\":\"https:\\\/\\\/ottawacornwall.ca\\\/fr\\\/events\\\/conference-et-si-la-science-revelait-dieu\\\/\",\"url\":\"https:\\\/\\\/ottawacornwall.ca\\\/fr\\\/events\\\/conference-et-si-la-science-revelait-dieu\\\/\",\"name\":\"Conf\u00e9rence: Et si la science r\u00e9v\u00e9lait Dieu ? - Archdiocese of Ottawa-Cornwall\",\"isPartOf\":{\"@id\":\"https:\\\/\\\/ottawacornwall.ca\\\/#website\"},\"primaryImageOfPage\":{\"@id\":\"https:\\\/\\\/ottawacornwall.ca\\\/fr\\\/events\\\/conference-et-si-la-science-revelait-dieu\\\/#primaryimage\"},\"image\":{\"@id\":\"https:\\\/\\\/ottawacornwall.ca\\\/fr\\\/events\\\/conference-et-si-la-science-revelait-dieu\\\/#primaryimage\"},\"thumbnailUrl\":\"https:\\\/\\\/ottawacornwall.ca\\\/wp-content\\\/uploads\\\/2026\\\/02\\\/FGSM-Conference-28-fev.jpg\",\"datePublished\":\"2026-02-13T17:49:06+00:00\",\"breadcrumb\":{\"@id\":\"https:\\\/\\\/ottawacornwall.ca\\\/fr\\\/events\\\/conference-et-si-la-science-revelait-dieu\\\/#breadcrumb\"},\"inLanguage\":\"fr-FR\",\"potentialAction\":[{\"@type\":\"ReadAction\",\"target\":[\"https:\\\/\\\/ottawacornwall.ca\\\/fr\\\/events\\\/conference-et-si-la-science-revelait-dieu\\\/\"]}]},{\"@type\":\"ImageObject\",\"inLanguage\":\"fr-FR\",\"@id\":\"https:\\\/\\\/ottawacornwall.ca\\\/fr\\\/events\\\/conference-et-si-la-science-revelait-dieu\\\/#primaryimage\",\"url\":\"https:\\\/\\\/ottawacornwall.ca\\\/wp-content\\\/uploads\\\/2026\\\/02\\\/FGSM-Conference-28-fev.jpg\",\"contentUrl\":\"https:\\\/\\\/ottawacornwall.ca\\\/wp-content\\\/uploads\\\/2026\\\/02\\\/FGSM-Conference-28-fev.jpg\",\"width\":940,\"height\":788},{\"@type\":\"BreadcrumbList\",\"@id\":\"https:\\\/\\\/ottawacornwall.ca\\\/fr\\\/events\\\/conference-et-si-la-science-revelait-dieu\\\/#breadcrumb\",\"itemListElement\":[{\"@type\":\"ListItem\",\"position\":1,\"name\":\"Home\",\"item\":\"https:\\\/\\\/ottawacornwall.ca\\\/fr\\\/\"},{\"@type\":\"ListItem\",\"position\":2,\"name\":\"Events\",\"item\":\"https:\\\/\\\/ottawacornwall.ca\\\/events\\\/\"},{\"@type\":\"ListItem\",\"position\":3,\"name\":\"Conf\u00e9rence: Et si la science r\u00e9v\u00e9lait Dieu ?\"}]},{\"@type\":\"WebSite\",\"@id\":\"https:\\\/\\\/ottawacornwall.ca\\\/#website\",\"url\":\"https:\\\/\\\/ottawacornwall.ca\\\/\",\"name\":\"Archdiocese of Ottawa-Cornwall\",\"description\":\"Welcome to the  Ottawa-Cornwall Archdiocese!\",\"publisher\":{\"@id\":\"https:\\\/\\\/ottawacornwall.ca\\\/#organization\"},\"potentialAction\":[{\"@type\":\"SearchAction\",\"target\":{\"@type\":\"EntryPoint\",\"urlTemplate\":\"https:\\\/\\\/ottawacornwall.ca\\\/?s={search_term_string}\"},\"query-input\":{\"@type\":\"PropertyValueSpecification\",\"valueRequired\":true,\"valueName\":\"search_term_string\"}}],\"inLanguage\":\"fr-FR\"},{\"@type\":\"Organization\",\"@id\":\"https:\\\/\\\/ottawacornwall.ca\\\/#organization\",\"name\":\"Archdiocese of Ottawa-Cornwall\",\"url\":\"https:\\\/\\\/ottawacornwall.ca\\\/\",\"logo\":{\"@type\":\"ImageObject\",\"inLanguage\":\"fr-FR\",\"@id\":\"https:\\\/\\\/ottawacornwall.ca\\\/#\\\/schema\\\/logo\\\/image\\\/\",\"url\":\"https:\\\/\\\/ottawacornwall.ca\\\/wp-content\\\/uploads\\\/2022\\\/11\\\/Archdiocese-Logo-Horizontal-Reverse-1.svg\",\"contentUrl\":\"https:\\\/\\\/ottawacornwall.ca\\\/wp-content\\\/uploads\\\/2022\\\/11\\\/Archdiocese-Logo-Horizontal-Reverse-1.svg\",\"caption\":\"Archdiocese of Ottawa-Cornwall\"},\"image\":{\"@id\":\"https:\\\/\\\/ottawacornwall.ca\\\/#\\\/schema\\\/logo\\\/image\\\/\"}}]}<\/script>\n<!-- \/ Yoast SEO plugin. -->","yoast_head_json":{"title":"Conf\u00e9rence: Et si la science r\u00e9v\u00e9lait Dieu ? - Archdiocese of Ottawa-Cornwall","robots":{"index":"index","follow":"follow","max-snippet":"max-snippet:-1","max-image-preview":"max-image-preview:large","max-video-preview":"max-video-preview:-1"},"canonical":"https:\/\/ottawacornwall.ca\/fr\/events\/conference-et-si-la-science-revelait-dieu\/","og_locale":"fr_FR","og_type":"article","og_title":"Conf\u00e9rence: Et si la science r\u00e9v\u00e9lait Dieu ? - Archdiocese of Ottawa-Cornwall","og_description":"La conf\u00e9rence \u00ab Et si la science r\u00e9v\u00e9lait Dieu ? \u00bb sera offerte par le Dr Nicholas qui nous proposera une r\u00e9flexion sur les liens entre les d\u00e9couvertes scientifiques modernes, qu\u2019il s\u2019agisse de l\u2019origine de l\u2019univers, de la complexit\u00e9 de la vie cellulaire, des math\u00e9matiques ou de la conscience humaine, et l\u2019ouverture qu\u2019elles peuvent susciter [&hellip;]","og_url":"https:\/\/ottawacornwall.ca\/fr\/events\/conference-et-si-la-science-revelait-dieu\/","og_site_name":"Archdiocese of Ottawa-Cornwall","og_image":[{"width":940,"height":788,"url":"https:\/\/ottawacornwall.ca\/wp-content\/uploads\/2026\/02\/FGSM-Conference-28-fev.jpg","type":"image\/jpeg"}],"twitter_card":"summary_large_image","twitter_misc":{"Dur\u00e9e de lecture estim\u00e9e":"1 minute"},"schema":{"@context":"https:\/\/schema.org","@graph":[{"@type":"WebPage","@id":"https:\/\/ottawacornwall.ca\/fr\/events\/conference-et-si-la-science-revelait-dieu\/","url":"https:\/\/ottawacornwall.ca\/fr\/events\/conference-et-si-la-science-revelait-dieu\/","name":"Conf\u00e9rence: Et si la science r\u00e9v\u00e9lait Dieu ? - Archdiocese of Ottawa-Cornwall","isPartOf":{"@id":"https:\/\/ottawacornwall.ca\/#website"},"primaryImageOfPage":{"@id":"https:\/\/ottawacornwall.ca\/fr\/events\/conference-et-si-la-science-revelait-dieu\/#primaryimage"},"image":{"@id":"https:\/\/ottawacornwall.ca\/fr\/events\/conference-et-si-la-science-revelait-dieu\/#primaryimage"},"thumbnailUrl":"https:\/\/ottawacornwall.ca\/wp-content\/uploads\/2026\/02\/FGSM-Conference-28-fev.jpg","datePublished":"2026-02-13T17:49:06+00:00","breadcrumb":{"@id":"https:\/\/ottawacornwall.ca\/fr\/events\/conference-et-si-la-science-revelait-dieu\/#breadcrumb"},"inLanguage":"fr-FR","potentialAction":[{"@type":"ReadAction","target":["https:\/\/ottawacornwall.ca\/fr\/events\/conference-et-si-la-science-revelait-dieu\/"]}]},{"@type":"ImageObject","inLanguage":"fr-FR","@id":"https:\/\/ottawacornwall.ca\/fr\/events\/conference-et-si-la-science-revelait-dieu\/#primaryimage","url":"https:\/\/ottawacornwall.ca\/wp-content\/uploads\/2026\/02\/FGSM-Conference-28-fev.jpg","contentUrl":"https:\/\/ottawacornwall.ca\/wp-content\/uploads\/2026\/02\/FGSM-Conference-28-fev.jpg","width":940,"height":788},{"@type":"BreadcrumbList","@id":"https:\/\/ottawacornwall.ca\/fr\/events\/conference-et-si-la-science-revelait-dieu\/#breadcrumb","itemListElement":[{"@type":"ListItem","position":1,"name":"Home","item":"https:\/\/ottawacornwall.ca\/fr\/"},{"@type":"ListItem","position":2,"name":"Events","item":"https:\/\/ottawacornwall.ca\/events\/"},{"@type":"ListItem","position":3,"name":"Conf\u00e9rence: Et si la science r\u00e9v\u00e9lait Dieu ?"}]},{"@type":"WebSite","@id":"https:\/\/ottawacornwall.ca\/#website","url":"https:\/\/ottawacornwall.ca\/","name":"Archdiocese of Ottawa-Cornwall","description":"Welcome to the  Ottawa-Cornwall Archdiocese!","publisher":{"@id":"https:\/\/ottawacornwall.ca\/#organization"},"potentialAction":[{"@type":"SearchAction","target":{"@type":"EntryPoint","urlTemplate":"https:\/\/ottawacornwall.ca\/?s={search_term_string}"},"query-input":{"@type":"PropertyValueSpecification","valueRequired":true,"valueName":"search_term_string"}}],"inLanguage":"fr-FR"},{"@type":"Organization","@id":"https:\/\/ottawacornwall.ca\/#organization","name":"Archdiocese of Ottawa-Cornwall","url":"https:\/\/ottawacornwall.ca\/","logo":{"@type":"ImageObject","inLanguage":"fr-FR","@id":"https:\/\/ottawacornwall.ca\/#\/schema\/logo\/image\/","url":"https:\/\/ottawacornwall.ca\/wp-content\/uploads\/2022\/11\/Archdiocese-Logo-Horizontal-Reverse-1.svg","contentUrl":"https:\/\/ottawacornwall.ca\/wp-content\/uploads\/2022\/11\/Archdiocese-Logo-Horizontal-Reverse-1.svg","caption":"Archdiocese of Ottawa-Cornwall"},"image":{"@id":"https:\/\/ottawacornwall.ca\/#\/schema\/logo\/image\/"}}]}},"_links":{"self":[{"href":"https:\/\/ottawacornwall.ca\/fr\/wp-json\/wp\/v2\/mec-events\/37265","targetHints":{"allow":["GET"]}}],"collection":[{"href":"https:\/\/ottawacornwall.ca\/fr\/wp-json\/wp\/v2\/mec-events"}],"about":[{"href":"https:\/\/ottawacornwall.ca\/fr\/wp-json\/wp\/v2\/types\/mec-events"}],"author":[{"embeddable":true,"href":"https:\/\/ottawacornwall.ca\/fr\/wp-json\/wp\/v2\/users\/1"}],"replies":[{"embeddable":true,"href":"https:\/\/ottawacornwall.ca\/fr\/wp-json\/wp\/v2\/comments?post=37265"}],"wp:featuredmedia":[{"embeddable":true,"href":"https:\/\/ottawacornwall.ca\/fr\/wp-json\/wp\/v2\/media\/37266"}],"wp:attachment":[{"href":"https:\/\/ottawacornwall.ca\/fr\/wp-json\/wp\/v2\/media?parent=37265"}],"wp:term":[{"taxonomy":"mec_category","embeddable":true,"href":"https:\/\/ottawacornwall.ca\/fr\/wp-json\/wp\/v2\/mec_category?post=37265"},{"taxonomy":"mec_tag","embeddable":true,"href":"https:\/\/ottawacornwall.ca\/fr\/wp-json\/wp\/v2\/mec_tag?post=37265"}],"curies":[{"name":"wp","href":"https:\/\/api.w.org\/{rel}","templated":true}]}}