{"id":37440,"date":"2026-02-20T10:25:03","date_gmt":"2026-02-20T15:25:03","guid":{"rendered":"https:\/\/ottawacornwall.ca\/?post_type=mec-events&#038;p=37440"},"modified":"2026-03-02T10:54:44","modified_gmt":"2026-03-02T15:54:44","slug":"retraite-de-careme-a-la-paroisse-saint-sebastien-8-9-et-10-mars-2026","status":"publish","type":"mec-events","link":"https:\/\/ottawacornwall.ca\/fr\/events\/retraite-de-careme-a-la-paroisse-saint-sebastien-8-9-et-10-mars-2026\/","title":{"rendered":"Retraite de Car\u00eame: Paroisse Saint-S\u00e9bastien"},"content":{"rendered":"<p data-path-to-node=\"3\">La Paroisse Saint-S\u00e9bastien vous invite \u00e0 une retraite de trois jours durant le temps de Car\u00eame.<\/p>\n<p data-path-to-node=\"4\"><b data-path-to-node=\"4\" data-index-in-node=\"0\">Th\u00e8me :<\/b> <em><strong>La Croix, Myst\u00e8re d\u2019amour et chemin de transformation. <\/strong><\/em><\/p>\n<p data-path-to-node=\"4\">Au c\u0153ur des souffrances, des revers de nos vies, la croix a une logique qui lib\u00e8re et transforme. La croix est un myst\u00e8re \u00e0 creuser et \u00e0 vivre. Venez, laissons-nous enseigner par elle.<\/p>\n<p data-path-to-node=\"5\"><b data-path-to-node=\"5\" data-index-in-node=\"0\">D\u00e9tails de l&rsquo;\u00e9v\u00e9nement :<\/b><\/p>\n<ul data-path-to-node=\"6\">\n<li>\n<p data-path-to-node=\"6,0,0\"><b data-path-to-node=\"6,0,0\" data-index-in-node=\"0\">Dates :<\/b> Les 8, 9 et 10 mars<\/p>\n<\/li>\n<li>\n<p data-path-to-node=\"6,1,0\"><b data-path-to-node=\"6,1,0\" data-index-in-node=\"0\">Heure :<\/b> 19 h 00<\/p>\n<\/li>\n<li>\n<p data-path-to-node=\"6,2,0\"><b data-path-to-node=\"6,2,0\" data-index-in-node=\"0\">Lieu :<\/b> Paroisse Saint-S\u00e9bastien (1000, rue Frances, Ottawa)<\/p>\n<\/li>\n<li>\n<p data-path-to-node=\"6,3,0\"><b data-path-to-node=\"6,3,0\" data-index-in-node=\"0\">Conf\u00e9renci\u00e8re :<\/b> Sr Marie-Reine Gauthier, fdls<\/p>\n<\/li>\n<\/ul>\n<p data-path-to-node=\"7\"><b data-path-to-node=\"7\" data-index-in-node=\"0\">Coordonn\u00e9es :<\/b><\/p>\n<ul data-path-to-node=\"8\">\n<li>\n<p data-path-to-node=\"8,0,0\"><b data-path-to-node=\"8,0,0\" data-index-in-node=\"0\">T\u00e9l\u00e9phone :<\/b> 613-746-8627<\/p>\n<\/li>\n<li>\n<p data-path-to-node=\"8,1,0\"><b data-path-to-node=\"8,1,0\" data-index-in-node=\"0\">Courriel :<\/b> sebas27@rogers.com<\/p>\n<\/li>\n<li>\n<p data-path-to-node=\"8,2,0\"><b data-path-to-node=\"8,2,0\" data-index-in-node=\"0\">Site internet :<\/b> <a class=\"ng-star-inserted\" href=\"https:\/\/www.st-sebastien.ca\/\" target=\"_blank\" rel=\"noopener\" data-hveid=\"0\" data-ved=\"0CAAQ_4QMahcKEwi1h4KroOiSAxUAAAAAHQAAAAAQNg\">www.st-sebastien.ca<\/a><\/p>\n<\/li>\n<\/ul>\n","protected":false},"excerpt":{"rendered":"<p>La Paroisse Saint-S\u00e9bastien vous invite \u00e0 une retraite de trois jours durant le temps de Car\u00eame. Th\u00e8me : La Croix, Myst\u00e8re d\u2019amour et chemin de transformation. Au c\u0153ur des souffrances, des revers de nos vies, la croix a une logique qui lib\u00e8re et transforme. La croix est un myst\u00e8re \u00e0 creuser et \u00e0 vivre. Venez, [&hellip;]<\/p>\n","protected":false},"author":11,"featured_media":37438,"comment_status":"closed","ping_status":"closed","template":"","mec_category":[],"mec_tag":[772],"class_list":["post-37440","mec-events","type-mec-events","status-publish","has-post-thumbnail","hentry","mec_tag-lent"],"acf":[],"yoast_head":"<!-- This site is optimized with the Yoast SEO plugin v27.4 - https:\/\/yoast.com\/product\/yoast-seo-wordpress\/ -->\n<title>Retraite de Car\u00eame: Paroisse Saint-S\u00e9bastien - Archdiocese of Ottawa-Cornwall<\/title>\n<meta name=\"robots\" content=\"index, follow, max-snippet:-1, max-image-preview:large, max-video-preview:-1\" \/>\n<link rel=\"canonical\" href=\"https:\/\/ottawacornwall.ca\/fr\/events\/retraite-de-careme-a-la-paroisse-saint-sebastien-8-9-et-10-mars-2026\/\" \/>\n<meta property=\"og:locale\" content=\"fr_FR\" \/>\n<meta property=\"og:type\" content=\"article\" \/>\n<meta property=\"og:title\" content=\"Retraite de Car\u00eame: Paroisse Saint-S\u00e9bastien - Archdiocese of Ottawa-Cornwall\" \/>\n<meta property=\"og:description\" content=\"La Paroisse Saint-S\u00e9bastien vous invite \u00e0 une retraite de trois jours durant le temps de Car\u00eame. Th\u00e8me : La Croix, Myst\u00e8re d\u2019amour et chemin de transformation. Au c\u0153ur des souffrances, des revers de nos vies, la croix a une logique qui lib\u00e8re et transforme. La croix est un myst\u00e8re \u00e0 creuser et \u00e0 vivre. Venez, [&hellip;]\" \/>\n<meta property=\"og:url\" content=\"https:\/\/ottawacornwall.ca\/fr\/events\/retraite-de-careme-a-la-paroisse-saint-sebastien-8-9-et-10-mars-2026\/\" \/>\n<meta property=\"og:site_name\" content=\"Archdiocese of Ottawa-Cornwall\" \/>\n<meta property=\"article:modified_time\" content=\"2026-03-02T15:54:44+00:00\" \/>\n<meta property=\"og:image\" content=\"https:\/\/ottawacornwall.ca\/wp-content\/uploads\/2026\/02\/Au-coeur-des-souffrances-retraite-paroissiale-89-et-10-mars-scaled.jpg\" \/>\n\t<meta property=\"og:image:width\" content=\"1554\" \/>\n\t<meta property=\"og:image:height\" content=\"2560\" \/>\n\t<meta property=\"og:image:type\" content=\"image\/jpeg\" \/>\n<meta name=\"twitter:card\" content=\"summary_large_image\" \/>\n<meta name=\"twitter:label1\" content=\"Dur\u00e9e de lecture estim\u00e9e\" \/>\n\t<meta name=\"twitter:data1\" content=\"1 minute\" \/>\n<script type=\"application\/ld+json\" class=\"yoast-schema-graph\">{\"@context\":\"https:\\\/\\\/schema.org\",\"@graph\":[{\"@type\":\"WebPage\",\"@id\":\"https:\\\/\\\/ottawacornwall.ca\\\/fr\\\/events\\\/retraite-de-careme-a-la-paroisse-saint-sebastien-8-9-et-10-mars-2026\\\/\",\"url\":\"https:\\\/\\\/ottawacornwall.ca\\\/fr\\\/events\\\/retraite-de-careme-a-la-paroisse-saint-sebastien-8-9-et-10-mars-2026\\\/\",\"name\":\"Retraite de Car\u00eame: Paroisse Saint-S\u00e9bastien - Archdiocese of Ottawa-Cornwall\",\"isPartOf\":{\"@id\":\"https:\\\/\\\/ottawacornwall.ca\\\/#website\"},\"primaryImageOfPage\":{\"@id\":\"https:\\\/\\\/ottawacornwall.ca\\\/fr\\\/events\\\/retraite-de-careme-a-la-paroisse-saint-sebastien-8-9-et-10-mars-2026\\\/#primaryimage\"},\"image\":{\"@id\":\"https:\\\/\\\/ottawacornwall.ca\\\/fr\\\/events\\\/retraite-de-careme-a-la-paroisse-saint-sebastien-8-9-et-10-mars-2026\\\/#primaryimage\"},\"thumbnailUrl\":\"https:\\\/\\\/ottawacornwall.ca\\\/wp-content\\\/uploads\\\/2026\\\/02\\\/Au-coeur-des-souffrances-retraite-paroissiale-89-et-10-mars-scaled.jpg\",\"datePublished\":\"2026-02-20T15:25:03+00:00\",\"dateModified\":\"2026-03-02T15:54:44+00:00\",\"breadcrumb\":{\"@id\":\"https:\\\/\\\/ottawacornwall.ca\\\/fr\\\/events\\\/retraite-de-careme-a-la-paroisse-saint-sebastien-8-9-et-10-mars-2026\\\/#breadcrumb\"},\"inLanguage\":\"fr-FR\",\"potentialAction\":[{\"@type\":\"ReadAction\",\"target\":[\"https:\\\/\\\/ottawacornwall.ca\\\/fr\\\/events\\\/retraite-de-careme-a-la-paroisse-saint-sebastien-8-9-et-10-mars-2026\\\/\"]}]},{\"@type\":\"ImageObject\",\"inLanguage\":\"fr-FR\",\"@id\":\"https:\\\/\\\/ottawacornwall.ca\\\/fr\\\/events\\\/retraite-de-careme-a-la-paroisse-saint-sebastien-8-9-et-10-mars-2026\\\/#primaryimage\",\"url\":\"https:\\\/\\\/ottawacornwall.ca\\\/wp-content\\\/uploads\\\/2026\\\/02\\\/Au-coeur-des-souffrances-retraite-paroissiale-89-et-10-mars-scaled.jpg\",\"contentUrl\":\"https:\\\/\\\/ottawacornwall.ca\\\/wp-content\\\/uploads\\\/2026\\\/02\\\/Au-coeur-des-souffrances-retraite-paroissiale-89-et-10-mars-scaled.jpg\",\"width\":1554,\"height\":2560},{\"@type\":\"BreadcrumbList\",\"@id\":\"https:\\\/\\\/ottawacornwall.ca\\\/fr\\\/events\\\/retraite-de-careme-a-la-paroisse-saint-sebastien-8-9-et-10-mars-2026\\\/#breadcrumb\",\"itemListElement\":[{\"@type\":\"ListItem\",\"position\":1,\"name\":\"Home\",\"item\":\"https:\\\/\\\/ottawacornwall.ca\\\/fr\\\/\"},{\"@type\":\"ListItem\",\"position\":2,\"name\":\"Events\",\"item\":\"https:\\\/\\\/ottawacornwall.ca\\\/events\\\/\"},{\"@type\":\"ListItem\",\"position\":3,\"name\":\"Retraite de Car\u00eame: Paroisse Saint-S\u00e9bastien\"}]},{\"@type\":\"WebSite\",\"@id\":\"https:\\\/\\\/ottawacornwall.ca\\\/#website\",\"url\":\"https:\\\/\\\/ottawacornwall.ca\\\/\",\"name\":\"Archdiocese of Ottawa-Cornwall\",\"description\":\"Welcome to the  Ottawa-Cornwall Archdiocese!\",\"publisher\":{\"@id\":\"https:\\\/\\\/ottawacornwall.ca\\\/#organization\"},\"potentialAction\":[{\"@type\":\"SearchAction\",\"target\":{\"@type\":\"EntryPoint\",\"urlTemplate\":\"https:\\\/\\\/ottawacornwall.ca\\\/?s={search_term_string}\"},\"query-input\":{\"@type\":\"PropertyValueSpecification\",\"valueRequired\":true,\"valueName\":\"search_term_string\"}}],\"inLanguage\":\"fr-FR\"},{\"@type\":\"Organization\",\"@id\":\"https:\\\/\\\/ottawacornwall.ca\\\/#organization\",\"name\":\"Archdiocese of Ottawa-Cornwall\",\"url\":\"https:\\\/\\\/ottawacornwall.ca\\\/\",\"logo\":{\"@type\":\"ImageObject\",\"inLanguage\":\"fr-FR\",\"@id\":\"https:\\\/\\\/ottawacornwall.ca\\\/#\\\/schema\\\/logo\\\/image\\\/\",\"url\":\"https:\\\/\\\/ottawacornwall.ca\\\/wp-content\\\/uploads\\\/2022\\\/11\\\/Archdiocese-Logo-Horizontal-Reverse-1.svg\",\"contentUrl\":\"https:\\\/\\\/ottawacornwall.ca\\\/wp-content\\\/uploads\\\/2022\\\/11\\\/Archdiocese-Logo-Horizontal-Reverse-1.svg\",\"caption\":\"Archdiocese of Ottawa-Cornwall\"},\"image\":{\"@id\":\"https:\\\/\\\/ottawacornwall.ca\\\/#\\\/schema\\\/logo\\\/image\\\/\"}}]}<\/script>\n<!-- \/ Yoast SEO plugin. -->","yoast_head_json":{"title":"Retraite de Car\u00eame: Paroisse Saint-S\u00e9bastien - Archdiocese of Ottawa-Cornwall","robots":{"index":"index","follow":"follow","max-snippet":"max-snippet:-1","max-image-preview":"max-image-preview:large","max-video-preview":"max-video-preview:-1"},"canonical":"https:\/\/ottawacornwall.ca\/fr\/events\/retraite-de-careme-a-la-paroisse-saint-sebastien-8-9-et-10-mars-2026\/","og_locale":"fr_FR","og_type":"article","og_title":"Retraite de Car\u00eame: Paroisse Saint-S\u00e9bastien - Archdiocese of Ottawa-Cornwall","og_description":"La Paroisse Saint-S\u00e9bastien vous invite \u00e0 une retraite de trois jours durant le temps de Car\u00eame. Th\u00e8me : La Croix, Myst\u00e8re d\u2019amour et chemin de transformation. Au c\u0153ur des souffrances, des revers de nos vies, la croix a une logique qui lib\u00e8re et transforme. La croix est un myst\u00e8re \u00e0 creuser et \u00e0 vivre. Venez, [&hellip;]","og_url":"https:\/\/ottawacornwall.ca\/fr\/events\/retraite-de-careme-a-la-paroisse-saint-sebastien-8-9-et-10-mars-2026\/","og_site_name":"Archdiocese of Ottawa-Cornwall","article_modified_time":"2026-03-02T15:54:44+00:00","og_image":[{"width":1554,"height":2560,"url":"https:\/\/ottawacornwall.ca\/wp-content\/uploads\/2026\/02\/Au-coeur-des-souffrances-retraite-paroissiale-89-et-10-mars-scaled.jpg","type":"image\/jpeg"}],"twitter_card":"summary_large_image","twitter_misc":{"Dur\u00e9e de lecture estim\u00e9e":"1 minute"},"schema":{"@context":"https:\/\/schema.org","@graph":[{"@type":"WebPage","@id":"https:\/\/ottawacornwall.ca\/fr\/events\/retraite-de-careme-a-la-paroisse-saint-sebastien-8-9-et-10-mars-2026\/","url":"https:\/\/ottawacornwall.ca\/fr\/events\/retraite-de-careme-a-la-paroisse-saint-sebastien-8-9-et-10-mars-2026\/","name":"Retraite de Car\u00eame: Paroisse Saint-S\u00e9bastien - Archdiocese of Ottawa-Cornwall","isPartOf":{"@id":"https:\/\/ottawacornwall.ca\/#website"},"primaryImageOfPage":{"@id":"https:\/\/ottawacornwall.ca\/fr\/events\/retraite-de-careme-a-la-paroisse-saint-sebastien-8-9-et-10-mars-2026\/#primaryimage"},"image":{"@id":"https:\/\/ottawacornwall.ca\/fr\/events\/retraite-de-careme-a-la-paroisse-saint-sebastien-8-9-et-10-mars-2026\/#primaryimage"},"thumbnailUrl":"https:\/\/ottawacornwall.ca\/wp-content\/uploads\/2026\/02\/Au-coeur-des-souffrances-retraite-paroissiale-89-et-10-mars-scaled.jpg","datePublished":"2026-02-20T15:25:03+00:00","dateModified":"2026-03-02T15:54:44+00:00","breadcrumb":{"@id":"https:\/\/ottawacornwall.ca\/fr\/events\/retraite-de-careme-a-la-paroisse-saint-sebastien-8-9-et-10-mars-2026\/#breadcrumb"},"inLanguage":"fr-FR","potentialAction":[{"@type":"ReadAction","target":["https:\/\/ottawacornwall.ca\/fr\/events\/retraite-de-careme-a-la-paroisse-saint-sebastien-8-9-et-10-mars-2026\/"]}]},{"@type":"ImageObject","inLanguage":"fr-FR","@id":"https:\/\/ottawacornwall.ca\/fr\/events\/retraite-de-careme-a-la-paroisse-saint-sebastien-8-9-et-10-mars-2026\/#primaryimage","url":"https:\/\/ottawacornwall.ca\/wp-content\/uploads\/2026\/02\/Au-coeur-des-souffrances-retraite-paroissiale-89-et-10-mars-scaled.jpg","contentUrl":"https:\/\/ottawacornwall.ca\/wp-content\/uploads\/2026\/02\/Au-coeur-des-souffrances-retraite-paroissiale-89-et-10-mars-scaled.jpg","width":1554,"height":2560},{"@type":"BreadcrumbList","@id":"https:\/\/ottawacornwall.ca\/fr\/events\/retraite-de-careme-a-la-paroisse-saint-sebastien-8-9-et-10-mars-2026\/#breadcrumb","itemListElement":[{"@type":"ListItem","position":1,"name":"Home","item":"https:\/\/ottawacornwall.ca\/fr\/"},{"@type":"ListItem","position":2,"name":"Events","item":"https:\/\/ottawacornwall.ca\/events\/"},{"@type":"ListItem","position":3,"name":"Retraite de Car\u00eame: Paroisse Saint-S\u00e9bastien"}]},{"@type":"WebSite","@id":"https:\/\/ottawacornwall.ca\/#website","url":"https:\/\/ottawacornwall.ca\/","name":"Archdiocese of Ottawa-Cornwall","description":"Welcome to the  Ottawa-Cornwall Archdiocese!","publisher":{"@id":"https:\/\/ottawacornwall.ca\/#organization"},"potentialAction":[{"@type":"SearchAction","target":{"@type":"EntryPoint","urlTemplate":"https:\/\/ottawacornwall.ca\/?s={search_term_string}"},"query-input":{"@type":"PropertyValueSpecification","valueRequired":true,"valueName":"search_term_string"}}],"inLanguage":"fr-FR"},{"@type":"Organization","@id":"https:\/\/ottawacornwall.ca\/#organization","name":"Archdiocese of Ottawa-Cornwall","url":"https:\/\/ottawacornwall.ca\/","logo":{"@type":"ImageObject","inLanguage":"fr-FR","@id":"https:\/\/ottawacornwall.ca\/#\/schema\/logo\/image\/","url":"https:\/\/ottawacornwall.ca\/wp-content\/uploads\/2022\/11\/Archdiocese-Logo-Horizontal-Reverse-1.svg","contentUrl":"https:\/\/ottawacornwall.ca\/wp-content\/uploads\/2022\/11\/Archdiocese-Logo-Horizontal-Reverse-1.svg","caption":"Archdiocese of Ottawa-Cornwall"},"image":{"@id":"https:\/\/ottawacornwall.ca\/#\/schema\/logo\/image\/"}}]}},"_links":{"self":[{"href":"https:\/\/ottawacornwall.ca\/fr\/wp-json\/wp\/v2\/mec-events\/37440","targetHints":{"allow":["GET"]}}],"collection":[{"href":"https:\/\/ottawacornwall.ca\/fr\/wp-json\/wp\/v2\/mec-events"}],"about":[{"href":"https:\/\/ottawacornwall.ca\/fr\/wp-json\/wp\/v2\/types\/mec-events"}],"author":[{"embeddable":true,"href":"https:\/\/ottawacornwall.ca\/fr\/wp-json\/wp\/v2\/users\/11"}],"replies":[{"embeddable":true,"href":"https:\/\/ottawacornwall.ca\/fr\/wp-json\/wp\/v2\/comments?post=37440"}],"wp:featuredmedia":[{"embeddable":true,"href":"https:\/\/ottawacornwall.ca\/fr\/wp-json\/wp\/v2\/media\/37438"}],"wp:attachment":[{"href":"https:\/\/ottawacornwall.ca\/fr\/wp-json\/wp\/v2\/media?parent=37440"}],"wp:term":[{"taxonomy":"mec_category","embeddable":true,"href":"https:\/\/ottawacornwall.ca\/fr\/wp-json\/wp\/v2\/mec_category?post=37440"},{"taxonomy":"mec_tag","embeddable":true,"href":"https:\/\/ottawacornwall.ca\/fr\/wp-json\/wp\/v2\/mec_tag?post=37440"}],"curies":[{"name":"wp","href":"https:\/\/api.w.org\/{rel}","templated":true}]}}