{"id":37694,"date":"2026-02-26T12:41:42","date_gmt":"2026-02-26T17:41:42","guid":{"rendered":"https:\/\/ottawacornwall.ca\/?post_type=mec-events&#038;p=37694"},"modified":"2026-03-02T10:49:13","modified_gmt":"2026-03-02T15:49:13","slug":"paroisse-sainte-therese-de-lisieux-retraite-paroissiale-du-careme-2026","status":"publish","type":"mec-events","link":"https:\/\/ottawacornwall.ca\/fr\/events\/paroisse-sainte-therese-de-lisieux-retraite-paroissiale-du-careme-2026\/","title":{"rendered":"Retraite du Car\u00eame: Paroisse Sainte-Th\u00e9r\u00e8se-de-Lisieux"},"content":{"rendered":"<p><strong>La paroisse Sainte-Th\u00e9r\u00e8se-de-Lisieux<\/strong> vous invite \u00e0 une retraite paroissiale du Car\u00eame 2026, qui aura lieu les <strong>23, 24 et 25 mars,<\/strong> \u00e0 la paroisse Sainte-Th\u00e9r\u00e8se-de-Lisieux.<\/p>\n<p>Cette retraite sera anim\u00e9e par <strong>l\u2019abb\u00e9 Fran\u00e7ois Kigwenge<\/strong>, vicaire \u00e9piscopal.<\/p>\n<p>Le th\u00e8me de la retraite sera :<br \/>\n\u00ab <strong>Dieu t\u2019invite \u00e0 faire un pas de plus<\/strong> \u00bb (2 P 1, 5-10).<\/p>\n<p><strong>En soir\u00e9e \u00e0 19 h<\/strong> :<br \/>\nlundi, mardi et mercredi : messe suivie de la pr\u00e9dication.<\/p>\n<p>Renseignements :<br \/>\nP\u00e8re Marc Pich\u00e9<br \/>\nT\u00e9l\u00e9phone : 613-932-2777<\/p>\n","protected":false},"excerpt":{"rendered":"<p>La paroisse Sainte-Th\u00e9r\u00e8se-de-Lisieux vous invite \u00e0 une retraite paroissiale du Car\u00eame 2026, qui aura lieu les 23, 24 et 25 mars, \u00e0 la paroisse Sainte-Th\u00e9r\u00e8se-de-Lisieux. Cette retraite sera anim\u00e9e par l\u2019abb\u00e9 Fran\u00e7ois Kigwenge, vicaire \u00e9piscopal. Le th\u00e8me de la retraite sera : \u00ab Dieu t\u2019invite \u00e0 faire un pas de plus \u00bb (2 P 1, [&hellip;]<\/p>\n","protected":false},"author":11,"featured_media":37706,"comment_status":"closed","ping_status":"closed","template":"","mec_category":[767],"mec_tag":[772],"class_list":["post-37694","mec-events","type-mec-events","status-publish","has-post-thumbnail","hentry","mec_category-cornwall","mec_tag-lent"],"acf":[],"yoast_head":"<!-- This site is optimized with the Yoast SEO plugin v27.4 - https:\/\/yoast.com\/product\/yoast-seo-wordpress\/ -->\n<title>Retraite du Car\u00eame: Paroisse Sainte-Th\u00e9r\u00e8se-de-Lisieux - Archdiocese of Ottawa-Cornwall<\/title>\n<meta name=\"robots\" content=\"index, follow, max-snippet:-1, max-image-preview:large, max-video-preview:-1\" \/>\n<link rel=\"canonical\" href=\"https:\/\/ottawacornwall.ca\/fr\/events\/paroisse-sainte-therese-de-lisieux-retraite-paroissiale-du-careme-2026\/\" \/>\n<meta property=\"og:locale\" content=\"fr_FR\" \/>\n<meta property=\"og:type\" content=\"article\" \/>\n<meta property=\"og:title\" content=\"Retraite du Car\u00eame: Paroisse Sainte-Th\u00e9r\u00e8se-de-Lisieux - Archdiocese of Ottawa-Cornwall\" \/>\n<meta property=\"og:description\" content=\"La paroisse Sainte-Th\u00e9r\u00e8se-de-Lisieux vous invite \u00e0 une retraite paroissiale du Car\u00eame 2026, qui aura lieu les 23, 24 et 25 mars, \u00e0 la paroisse Sainte-Th\u00e9r\u00e8se-de-Lisieux. Cette retraite sera anim\u00e9e par l\u2019abb\u00e9 Fran\u00e7ois Kigwenge, vicaire \u00e9piscopal. Le th\u00e8me de la retraite sera : \u00ab Dieu t\u2019invite \u00e0 faire un pas de plus \u00bb (2 P 1, [&hellip;]\" \/>\n<meta property=\"og:url\" content=\"https:\/\/ottawacornwall.ca\/fr\/events\/paroisse-sainte-therese-de-lisieux-retraite-paroissiale-du-careme-2026\/\" \/>\n<meta property=\"og:site_name\" content=\"Archdiocese of Ottawa-Cornwall\" \/>\n<meta property=\"article:modified_time\" content=\"2026-03-02T15:49:13+00:00\" \/>\n<meta property=\"og:image\" content=\"https:\/\/ottawacornwall.ca\/wp-content\/uploads\/2026\/02\/1772127483782-132f5994-6fa2-4b9a-a9af-30255fa75be5_1.jpg\" \/>\n\t<meta property=\"og:image:width\" content=\"791\" \/>\n\t<meta property=\"og:image:height\" content=\"1024\" \/>\n\t<meta property=\"og:image:type\" content=\"image\/jpeg\" \/>\n<meta name=\"twitter:card\" content=\"summary_large_image\" \/>\n<meta name=\"twitter:label1\" content=\"Dur\u00e9e de lecture estim\u00e9e\" \/>\n\t<meta name=\"twitter:data1\" content=\"1 minute\" \/>\n<script type=\"application\/ld+json\" class=\"yoast-schema-graph\">{\"@context\":\"https:\\\/\\\/schema.org\",\"@graph\":[{\"@type\":\"WebPage\",\"@id\":\"https:\\\/\\\/ottawacornwall.ca\\\/fr\\\/events\\\/paroisse-sainte-therese-de-lisieux-retraite-paroissiale-du-careme-2026\\\/\",\"url\":\"https:\\\/\\\/ottawacornwall.ca\\\/fr\\\/events\\\/paroisse-sainte-therese-de-lisieux-retraite-paroissiale-du-careme-2026\\\/\",\"name\":\"Retraite du Car\u00eame: Paroisse Sainte-Th\u00e9r\u00e8se-de-Lisieux - Archdiocese of Ottawa-Cornwall\",\"isPartOf\":{\"@id\":\"https:\\\/\\\/ottawacornwall.ca\\\/#website\"},\"primaryImageOfPage\":{\"@id\":\"https:\\\/\\\/ottawacornwall.ca\\\/fr\\\/events\\\/paroisse-sainte-therese-de-lisieux-retraite-paroissiale-du-careme-2026\\\/#primaryimage\"},\"image\":{\"@id\":\"https:\\\/\\\/ottawacornwall.ca\\\/fr\\\/events\\\/paroisse-sainte-therese-de-lisieux-retraite-paroissiale-du-careme-2026\\\/#primaryimage\"},\"thumbnailUrl\":\"https:\\\/\\\/ottawacornwall.ca\\\/wp-content\\\/uploads\\\/2026\\\/02\\\/1772127483782-132f5994-6fa2-4b9a-a9af-30255fa75be5_1.jpg\",\"datePublished\":\"2026-02-26T17:41:42+00:00\",\"dateModified\":\"2026-03-02T15:49:13+00:00\",\"breadcrumb\":{\"@id\":\"https:\\\/\\\/ottawacornwall.ca\\\/fr\\\/events\\\/paroisse-sainte-therese-de-lisieux-retraite-paroissiale-du-careme-2026\\\/#breadcrumb\"},\"inLanguage\":\"fr-FR\",\"potentialAction\":[{\"@type\":\"ReadAction\",\"target\":[\"https:\\\/\\\/ottawacornwall.ca\\\/fr\\\/events\\\/paroisse-sainte-therese-de-lisieux-retraite-paroissiale-du-careme-2026\\\/\"]}]},{\"@type\":\"ImageObject\",\"inLanguage\":\"fr-FR\",\"@id\":\"https:\\\/\\\/ottawacornwall.ca\\\/fr\\\/events\\\/paroisse-sainte-therese-de-lisieux-retraite-paroissiale-du-careme-2026\\\/#primaryimage\",\"url\":\"https:\\\/\\\/ottawacornwall.ca\\\/wp-content\\\/uploads\\\/2026\\\/02\\\/1772127483782-132f5994-6fa2-4b9a-a9af-30255fa75be5_1.jpg\",\"contentUrl\":\"https:\\\/\\\/ottawacornwall.ca\\\/wp-content\\\/uploads\\\/2026\\\/02\\\/1772127483782-132f5994-6fa2-4b9a-a9af-30255fa75be5_1.jpg\",\"width\":791,\"height\":1024},{\"@type\":\"BreadcrumbList\",\"@id\":\"https:\\\/\\\/ottawacornwall.ca\\\/fr\\\/events\\\/paroisse-sainte-therese-de-lisieux-retraite-paroissiale-du-careme-2026\\\/#breadcrumb\",\"itemListElement\":[{\"@type\":\"ListItem\",\"position\":1,\"name\":\"Home\",\"item\":\"https:\\\/\\\/ottawacornwall.ca\\\/fr\\\/\"},{\"@type\":\"ListItem\",\"position\":2,\"name\":\"Events\",\"item\":\"https:\\\/\\\/ottawacornwall.ca\\\/events\\\/\"},{\"@type\":\"ListItem\",\"position\":3,\"name\":\"Retraite du Car\u00eame: Paroisse Sainte-Th\u00e9r\u00e8se-de-Lisieux\"}]},{\"@type\":\"WebSite\",\"@id\":\"https:\\\/\\\/ottawacornwall.ca\\\/#website\",\"url\":\"https:\\\/\\\/ottawacornwall.ca\\\/\",\"name\":\"Archdiocese of Ottawa-Cornwall\",\"description\":\"Welcome to the  Ottawa-Cornwall Archdiocese!\",\"publisher\":{\"@id\":\"https:\\\/\\\/ottawacornwall.ca\\\/#organization\"},\"potentialAction\":[{\"@type\":\"SearchAction\",\"target\":{\"@type\":\"EntryPoint\",\"urlTemplate\":\"https:\\\/\\\/ottawacornwall.ca\\\/?s={search_term_string}\"},\"query-input\":{\"@type\":\"PropertyValueSpecification\",\"valueRequired\":true,\"valueName\":\"search_term_string\"}}],\"inLanguage\":\"fr-FR\"},{\"@type\":\"Organization\",\"@id\":\"https:\\\/\\\/ottawacornwall.ca\\\/#organization\",\"name\":\"Archdiocese of Ottawa-Cornwall\",\"url\":\"https:\\\/\\\/ottawacornwall.ca\\\/\",\"logo\":{\"@type\":\"ImageObject\",\"inLanguage\":\"fr-FR\",\"@id\":\"https:\\\/\\\/ottawacornwall.ca\\\/#\\\/schema\\\/logo\\\/image\\\/\",\"url\":\"https:\\\/\\\/ottawacornwall.ca\\\/wp-content\\\/uploads\\\/2022\\\/11\\\/Archdiocese-Logo-Horizontal-Reverse-1.svg\",\"contentUrl\":\"https:\\\/\\\/ottawacornwall.ca\\\/wp-content\\\/uploads\\\/2022\\\/11\\\/Archdiocese-Logo-Horizontal-Reverse-1.svg\",\"caption\":\"Archdiocese of Ottawa-Cornwall\"},\"image\":{\"@id\":\"https:\\\/\\\/ottawacornwall.ca\\\/#\\\/schema\\\/logo\\\/image\\\/\"}}]}<\/script>\n<!-- \/ Yoast SEO plugin. -->","yoast_head_json":{"title":"Retraite du Car\u00eame: Paroisse Sainte-Th\u00e9r\u00e8se-de-Lisieux - Archdiocese of Ottawa-Cornwall","robots":{"index":"index","follow":"follow","max-snippet":"max-snippet:-1","max-image-preview":"max-image-preview:large","max-video-preview":"max-video-preview:-1"},"canonical":"https:\/\/ottawacornwall.ca\/fr\/events\/paroisse-sainte-therese-de-lisieux-retraite-paroissiale-du-careme-2026\/","og_locale":"fr_FR","og_type":"article","og_title":"Retraite du Car\u00eame: Paroisse Sainte-Th\u00e9r\u00e8se-de-Lisieux - Archdiocese of Ottawa-Cornwall","og_description":"La paroisse Sainte-Th\u00e9r\u00e8se-de-Lisieux vous invite \u00e0 une retraite paroissiale du Car\u00eame 2026, qui aura lieu les 23, 24 et 25 mars, \u00e0 la paroisse Sainte-Th\u00e9r\u00e8se-de-Lisieux. Cette retraite sera anim\u00e9e par l\u2019abb\u00e9 Fran\u00e7ois Kigwenge, vicaire \u00e9piscopal. Le th\u00e8me de la retraite sera : \u00ab Dieu t\u2019invite \u00e0 faire un pas de plus \u00bb (2 P 1, [&hellip;]","og_url":"https:\/\/ottawacornwall.ca\/fr\/events\/paroisse-sainte-therese-de-lisieux-retraite-paroissiale-du-careme-2026\/","og_site_name":"Archdiocese of Ottawa-Cornwall","article_modified_time":"2026-03-02T15:49:13+00:00","og_image":[{"width":791,"height":1024,"url":"https:\/\/ottawacornwall.ca\/wp-content\/uploads\/2026\/02\/1772127483782-132f5994-6fa2-4b9a-a9af-30255fa75be5_1.jpg","type":"image\/jpeg"}],"twitter_card":"summary_large_image","twitter_misc":{"Dur\u00e9e de lecture estim\u00e9e":"1 minute"},"schema":{"@context":"https:\/\/schema.org","@graph":[{"@type":"WebPage","@id":"https:\/\/ottawacornwall.ca\/fr\/events\/paroisse-sainte-therese-de-lisieux-retraite-paroissiale-du-careme-2026\/","url":"https:\/\/ottawacornwall.ca\/fr\/events\/paroisse-sainte-therese-de-lisieux-retraite-paroissiale-du-careme-2026\/","name":"Retraite du Car\u00eame: Paroisse Sainte-Th\u00e9r\u00e8se-de-Lisieux - Archdiocese of Ottawa-Cornwall","isPartOf":{"@id":"https:\/\/ottawacornwall.ca\/#website"},"primaryImageOfPage":{"@id":"https:\/\/ottawacornwall.ca\/fr\/events\/paroisse-sainte-therese-de-lisieux-retraite-paroissiale-du-careme-2026\/#primaryimage"},"image":{"@id":"https:\/\/ottawacornwall.ca\/fr\/events\/paroisse-sainte-therese-de-lisieux-retraite-paroissiale-du-careme-2026\/#primaryimage"},"thumbnailUrl":"https:\/\/ottawacornwall.ca\/wp-content\/uploads\/2026\/02\/1772127483782-132f5994-6fa2-4b9a-a9af-30255fa75be5_1.jpg","datePublished":"2026-02-26T17:41:42+00:00","dateModified":"2026-03-02T15:49:13+00:00","breadcrumb":{"@id":"https:\/\/ottawacornwall.ca\/fr\/events\/paroisse-sainte-therese-de-lisieux-retraite-paroissiale-du-careme-2026\/#breadcrumb"},"inLanguage":"fr-FR","potentialAction":[{"@type":"ReadAction","target":["https:\/\/ottawacornwall.ca\/fr\/events\/paroisse-sainte-therese-de-lisieux-retraite-paroissiale-du-careme-2026\/"]}]},{"@type":"ImageObject","inLanguage":"fr-FR","@id":"https:\/\/ottawacornwall.ca\/fr\/events\/paroisse-sainte-therese-de-lisieux-retraite-paroissiale-du-careme-2026\/#primaryimage","url":"https:\/\/ottawacornwall.ca\/wp-content\/uploads\/2026\/02\/1772127483782-132f5994-6fa2-4b9a-a9af-30255fa75be5_1.jpg","contentUrl":"https:\/\/ottawacornwall.ca\/wp-content\/uploads\/2026\/02\/1772127483782-132f5994-6fa2-4b9a-a9af-30255fa75be5_1.jpg","width":791,"height":1024},{"@type":"BreadcrumbList","@id":"https:\/\/ottawacornwall.ca\/fr\/events\/paroisse-sainte-therese-de-lisieux-retraite-paroissiale-du-careme-2026\/#breadcrumb","itemListElement":[{"@type":"ListItem","position":1,"name":"Home","item":"https:\/\/ottawacornwall.ca\/fr\/"},{"@type":"ListItem","position":2,"name":"Events","item":"https:\/\/ottawacornwall.ca\/events\/"},{"@type":"ListItem","position":3,"name":"Retraite du Car\u00eame: Paroisse Sainte-Th\u00e9r\u00e8se-de-Lisieux"}]},{"@type":"WebSite","@id":"https:\/\/ottawacornwall.ca\/#website","url":"https:\/\/ottawacornwall.ca\/","name":"Archdiocese of Ottawa-Cornwall","description":"Welcome to the  Ottawa-Cornwall Archdiocese!","publisher":{"@id":"https:\/\/ottawacornwall.ca\/#organization"},"potentialAction":[{"@type":"SearchAction","target":{"@type":"EntryPoint","urlTemplate":"https:\/\/ottawacornwall.ca\/?s={search_term_string}"},"query-input":{"@type":"PropertyValueSpecification","valueRequired":true,"valueName":"search_term_string"}}],"inLanguage":"fr-FR"},{"@type":"Organization","@id":"https:\/\/ottawacornwall.ca\/#organization","name":"Archdiocese of Ottawa-Cornwall","url":"https:\/\/ottawacornwall.ca\/","logo":{"@type":"ImageObject","inLanguage":"fr-FR","@id":"https:\/\/ottawacornwall.ca\/#\/schema\/logo\/image\/","url":"https:\/\/ottawacornwall.ca\/wp-content\/uploads\/2022\/11\/Archdiocese-Logo-Horizontal-Reverse-1.svg","contentUrl":"https:\/\/ottawacornwall.ca\/wp-content\/uploads\/2022\/11\/Archdiocese-Logo-Horizontal-Reverse-1.svg","caption":"Archdiocese of Ottawa-Cornwall"},"image":{"@id":"https:\/\/ottawacornwall.ca\/#\/schema\/logo\/image\/"}}]}},"_links":{"self":[{"href":"https:\/\/ottawacornwall.ca\/fr\/wp-json\/wp\/v2\/mec-events\/37694","targetHints":{"allow":["GET"]}}],"collection":[{"href":"https:\/\/ottawacornwall.ca\/fr\/wp-json\/wp\/v2\/mec-events"}],"about":[{"href":"https:\/\/ottawacornwall.ca\/fr\/wp-json\/wp\/v2\/types\/mec-events"}],"author":[{"embeddable":true,"href":"https:\/\/ottawacornwall.ca\/fr\/wp-json\/wp\/v2\/users\/11"}],"replies":[{"embeddable":true,"href":"https:\/\/ottawacornwall.ca\/fr\/wp-json\/wp\/v2\/comments?post=37694"}],"wp:featuredmedia":[{"embeddable":true,"href":"https:\/\/ottawacornwall.ca\/fr\/wp-json\/wp\/v2\/media\/37706"}],"wp:attachment":[{"href":"https:\/\/ottawacornwall.ca\/fr\/wp-json\/wp\/v2\/media?parent=37694"}],"wp:term":[{"taxonomy":"mec_category","embeddable":true,"href":"https:\/\/ottawacornwall.ca\/fr\/wp-json\/wp\/v2\/mec_category?post=37694"},{"taxonomy":"mec_tag","embeddable":true,"href":"https:\/\/ottawacornwall.ca\/fr\/wp-json\/wp\/v2\/mec_tag?post=37694"}],"curies":[{"name":"wp","href":"https:\/\/api.w.org\/{rel}","templated":true}]}}