{"id":38181,"date":"2026-03-10T09:08:09","date_gmt":"2026-03-10T13:08:09","guid":{"rendered":"https:\/\/ottawacornwall.ca\/?post_type=mec-events&#038;p=38181"},"modified":"2026-03-11T11:21:33","modified_gmt":"2026-03-11T15:21:33","slug":"38181","status":"publish","type":"mec-events","link":"https:\/\/ottawacornwall.ca\/fr\/events\/38181\/","title":{"rendered":"Retraite du Car\u00eame \u00e0 la Paroisse Sacr\u00e9-C\u0153ur\/Alexandria"},"content":{"rendered":"<p><strong>Retraite du Car\u00eame \u00e0 la Paroisse Sacr\u00e9-C\u0153ur\/Alexandria<\/strong><\/p>\n<p><strong>du\u00a0<\/strong><strong>22 au 24 mars 2026<\/strong><\/p>\n<p>Sous le\u00a0<strong>th\u00e8me \u00ab\u00a0L\u2019amour du Christ nous saisit\u2026\u00a0\u00bb<\/strong>,\u00a0Notre \u00e9v\u00eaque auxiliaire et V.G, Mgr <strong>Yvan Mathieu, s.m., <\/strong>animera la\u00a0<strong>retraite<\/strong>\u00a0du Car\u00eame, les\u00a0<strong>22, 23 et 24 mars \u00e0 19 h<\/strong>, <strong>\u00e0 l\u2019\u00e9glise\u00a0<em>Sacr\u00e9-C\u0153ur d\u2019Alexandria<\/em><\/strong>.<\/p>\n<p>Au plaisir de vous y accueillir \u00e0 ces 3 soir\u00e9es de ressourcement au c\u0153ur du Car\u00eame.<\/p>\n<p><strong>Renseignements:<\/strong><\/p>\n<p>Didier A. Kaba, Cur\u00e9<\/p>\n<p>didier_kaba@ymail.com<\/p>\n<p>&nbsp;<\/p>\n","protected":false},"excerpt":{"rendered":"<p>Retraite du Car\u00eame \u00e0 la Paroisse Sacr\u00e9-C\u0153ur\/Alexandria du\u00a022 au 24 mars 2026 Sous le\u00a0th\u00e8me \u00ab\u00a0L\u2019amour du Christ nous saisit\u2026\u00a0\u00bb,\u00a0Notre \u00e9v\u00eaque auxiliaire et V.G, Mgr Yvan Mathieu, s.m., animera la\u00a0retraite\u00a0du Car\u00eame, les\u00a022, 23 et 24 mars \u00e0 19 h, \u00e0 l\u2019\u00e9glise\u00a0Sacr\u00e9-C\u0153ur d\u2019Alexandria. Au plaisir de vous y accueillir \u00e0 ces 3 soir\u00e9es de ressourcement au c\u0153ur [&hellip;]<\/p>\n","protected":false},"author":11,"featured_media":38182,"comment_status":"closed","ping_status":"closed","template":"","mec_category":[],"mec_tag":[772],"class_list":["post-38181","mec-events","type-mec-events","status-publish","has-post-thumbnail","hentry","mec_tag-lent"],"acf":[],"yoast_head":"<!-- This site is optimized with the Yoast SEO plugin v27.4 - https:\/\/yoast.com\/product\/yoast-seo-wordpress\/ -->\n<title>Retraite du Car\u00eame \u00e0 la Paroisse Sacr\u00e9-C\u0153ur\/Alexandria - Archdiocese of Ottawa-Cornwall<\/title>\n<meta name=\"robots\" content=\"index, follow, max-snippet:-1, max-image-preview:large, max-video-preview:-1\" \/>\n<link rel=\"canonical\" href=\"https:\/\/ottawacornwall.ca\/fr\/events\/38181\/\" \/>\n<meta property=\"og:locale\" content=\"fr_FR\" \/>\n<meta property=\"og:type\" content=\"article\" \/>\n<meta property=\"og:title\" content=\"Retraite du Car\u00eame \u00e0 la Paroisse Sacr\u00e9-C\u0153ur\/Alexandria - Archdiocese of Ottawa-Cornwall\" \/>\n<meta property=\"og:description\" content=\"Retraite du Car\u00eame \u00e0 la Paroisse Sacr\u00e9-C\u0153ur\/Alexandria du\u00a022 au 24 mars 2026 Sous le\u00a0th\u00e8me \u00ab\u00a0L\u2019amour du Christ nous saisit\u2026\u00a0\u00bb,\u00a0Notre \u00e9v\u00eaque auxiliaire et V.G, Mgr Yvan Mathieu, s.m., animera la\u00a0retraite\u00a0du Car\u00eame, les\u00a022, 23 et 24 mars \u00e0 19 h, \u00e0 l\u2019\u00e9glise\u00a0Sacr\u00e9-C\u0153ur d\u2019Alexandria. Au plaisir de vous y accueillir \u00e0 ces 3 soir\u00e9es de ressourcement au c\u0153ur [&hellip;]\" \/>\n<meta property=\"og:url\" content=\"https:\/\/ottawacornwall.ca\/fr\/events\/38181\/\" \/>\n<meta property=\"og:site_name\" content=\"Archdiocese of Ottawa-Cornwall\" \/>\n<meta property=\"article:modified_time\" content=\"2026-03-11T15:21:33+00:00\" \/>\n<meta property=\"og:image\" content=\"https:\/\/ottawacornwall.ca\/wp-content\/uploads\/2026\/03\/1Careme-2025--scaled.jpg\" \/>\n\t<meta property=\"og:image:width\" content=\"1978\" \/>\n\t<meta property=\"og:image:height\" content=\"2560\" \/>\n\t<meta property=\"og:image:type\" content=\"image\/jpeg\" \/>\n<meta name=\"twitter:card\" content=\"summary_large_image\" \/>\n<meta name=\"twitter:label1\" content=\"Dur\u00e9e de lecture estim\u00e9e\" \/>\n\t<meta name=\"twitter:data1\" content=\"1 minute\" \/>\n<script type=\"application\/ld+json\" class=\"yoast-schema-graph\">{\"@context\":\"https:\\\/\\\/schema.org\",\"@graph\":[{\"@type\":\"WebPage\",\"@id\":\"https:\\\/\\\/ottawacornwall.ca\\\/fr\\\/events\\\/38181\\\/\",\"url\":\"https:\\\/\\\/ottawacornwall.ca\\\/fr\\\/events\\\/38181\\\/\",\"name\":\"Retraite du Car\u00eame \u00e0 la Paroisse Sacr\u00e9-C\u0153ur\\\/Alexandria - Archdiocese of Ottawa-Cornwall\",\"isPartOf\":{\"@id\":\"https:\\\/\\\/ottawacornwall.ca\\\/#website\"},\"primaryImageOfPage\":{\"@id\":\"https:\\\/\\\/ottawacornwall.ca\\\/fr\\\/events\\\/38181\\\/#primaryimage\"},\"image\":{\"@id\":\"https:\\\/\\\/ottawacornwall.ca\\\/fr\\\/events\\\/38181\\\/#primaryimage\"},\"thumbnailUrl\":\"https:\\\/\\\/ottawacornwall.ca\\\/wp-content\\\/uploads\\\/2026\\\/03\\\/1Careme-2025--scaled.jpg\",\"datePublished\":\"2026-03-10T13:08:09+00:00\",\"dateModified\":\"2026-03-11T15:21:33+00:00\",\"breadcrumb\":{\"@id\":\"https:\\\/\\\/ottawacornwall.ca\\\/fr\\\/events\\\/38181\\\/#breadcrumb\"},\"inLanguage\":\"fr-FR\",\"potentialAction\":[{\"@type\":\"ReadAction\",\"target\":[\"https:\\\/\\\/ottawacornwall.ca\\\/fr\\\/events\\\/38181\\\/\"]}]},{\"@type\":\"ImageObject\",\"inLanguage\":\"fr-FR\",\"@id\":\"https:\\\/\\\/ottawacornwall.ca\\\/fr\\\/events\\\/38181\\\/#primaryimage\",\"url\":\"https:\\\/\\\/ottawacornwall.ca\\\/wp-content\\\/uploads\\\/2026\\\/03\\\/1Careme-2025--scaled.jpg\",\"contentUrl\":\"https:\\\/\\\/ottawacornwall.ca\\\/wp-content\\\/uploads\\\/2026\\\/03\\\/1Careme-2025--scaled.jpg\",\"width\":1978,\"height\":2560},{\"@type\":\"BreadcrumbList\",\"@id\":\"https:\\\/\\\/ottawacornwall.ca\\\/fr\\\/events\\\/38181\\\/#breadcrumb\",\"itemListElement\":[{\"@type\":\"ListItem\",\"position\":1,\"name\":\"Home\",\"item\":\"https:\\\/\\\/ottawacornwall.ca\\\/fr\\\/\"},{\"@type\":\"ListItem\",\"position\":2,\"name\":\"Events\",\"item\":\"https:\\\/\\\/ottawacornwall.ca\\\/events\\\/\"},{\"@type\":\"ListItem\",\"position\":3,\"name\":\"Retraite du Car\u00eame \u00e0 la Paroisse Sacr\u00e9-C\u0153ur\\\/Alexandria\"}]},{\"@type\":\"WebSite\",\"@id\":\"https:\\\/\\\/ottawacornwall.ca\\\/#website\",\"url\":\"https:\\\/\\\/ottawacornwall.ca\\\/\",\"name\":\"Archdiocese of Ottawa-Cornwall\",\"description\":\"Welcome to the  Ottawa-Cornwall Archdiocese!\",\"publisher\":{\"@id\":\"https:\\\/\\\/ottawacornwall.ca\\\/#organization\"},\"potentialAction\":[{\"@type\":\"SearchAction\",\"target\":{\"@type\":\"EntryPoint\",\"urlTemplate\":\"https:\\\/\\\/ottawacornwall.ca\\\/?s={search_term_string}\"},\"query-input\":{\"@type\":\"PropertyValueSpecification\",\"valueRequired\":true,\"valueName\":\"search_term_string\"}}],\"inLanguage\":\"fr-FR\"},{\"@type\":\"Organization\",\"@id\":\"https:\\\/\\\/ottawacornwall.ca\\\/#organization\",\"name\":\"Archdiocese of Ottawa-Cornwall\",\"url\":\"https:\\\/\\\/ottawacornwall.ca\\\/\",\"logo\":{\"@type\":\"ImageObject\",\"inLanguage\":\"fr-FR\",\"@id\":\"https:\\\/\\\/ottawacornwall.ca\\\/#\\\/schema\\\/logo\\\/image\\\/\",\"url\":\"https:\\\/\\\/ottawacornwall.ca\\\/wp-content\\\/uploads\\\/2022\\\/11\\\/Archdiocese-Logo-Horizontal-Reverse-1.svg\",\"contentUrl\":\"https:\\\/\\\/ottawacornwall.ca\\\/wp-content\\\/uploads\\\/2022\\\/11\\\/Archdiocese-Logo-Horizontal-Reverse-1.svg\",\"caption\":\"Archdiocese of Ottawa-Cornwall\"},\"image\":{\"@id\":\"https:\\\/\\\/ottawacornwall.ca\\\/#\\\/schema\\\/logo\\\/image\\\/\"}}]}<\/script>\n<!-- \/ Yoast SEO plugin. -->","yoast_head_json":{"title":"Retraite du Car\u00eame \u00e0 la Paroisse Sacr\u00e9-C\u0153ur\/Alexandria - Archdiocese of Ottawa-Cornwall","robots":{"index":"index","follow":"follow","max-snippet":"max-snippet:-1","max-image-preview":"max-image-preview:large","max-video-preview":"max-video-preview:-1"},"canonical":"https:\/\/ottawacornwall.ca\/fr\/events\/38181\/","og_locale":"fr_FR","og_type":"article","og_title":"Retraite du Car\u00eame \u00e0 la Paroisse Sacr\u00e9-C\u0153ur\/Alexandria - Archdiocese of Ottawa-Cornwall","og_description":"Retraite du Car\u00eame \u00e0 la Paroisse Sacr\u00e9-C\u0153ur\/Alexandria du\u00a022 au 24 mars 2026 Sous le\u00a0th\u00e8me \u00ab\u00a0L\u2019amour du Christ nous saisit\u2026\u00a0\u00bb,\u00a0Notre \u00e9v\u00eaque auxiliaire et V.G, Mgr Yvan Mathieu, s.m., animera la\u00a0retraite\u00a0du Car\u00eame, les\u00a022, 23 et 24 mars \u00e0 19 h, \u00e0 l\u2019\u00e9glise\u00a0Sacr\u00e9-C\u0153ur d\u2019Alexandria. Au plaisir de vous y accueillir \u00e0 ces 3 soir\u00e9es de ressourcement au c\u0153ur [&hellip;]","og_url":"https:\/\/ottawacornwall.ca\/fr\/events\/38181\/","og_site_name":"Archdiocese of Ottawa-Cornwall","article_modified_time":"2026-03-11T15:21:33+00:00","og_image":[{"width":1978,"height":2560,"url":"https:\/\/ottawacornwall.ca\/wp-content\/uploads\/2026\/03\/1Careme-2025--scaled.jpg","type":"image\/jpeg"}],"twitter_card":"summary_large_image","twitter_misc":{"Dur\u00e9e de lecture estim\u00e9e":"1 minute"},"schema":{"@context":"https:\/\/schema.org","@graph":[{"@type":"WebPage","@id":"https:\/\/ottawacornwall.ca\/fr\/events\/38181\/","url":"https:\/\/ottawacornwall.ca\/fr\/events\/38181\/","name":"Retraite du Car\u00eame \u00e0 la Paroisse Sacr\u00e9-C\u0153ur\/Alexandria - Archdiocese of Ottawa-Cornwall","isPartOf":{"@id":"https:\/\/ottawacornwall.ca\/#website"},"primaryImageOfPage":{"@id":"https:\/\/ottawacornwall.ca\/fr\/events\/38181\/#primaryimage"},"image":{"@id":"https:\/\/ottawacornwall.ca\/fr\/events\/38181\/#primaryimage"},"thumbnailUrl":"https:\/\/ottawacornwall.ca\/wp-content\/uploads\/2026\/03\/1Careme-2025--scaled.jpg","datePublished":"2026-03-10T13:08:09+00:00","dateModified":"2026-03-11T15:21:33+00:00","breadcrumb":{"@id":"https:\/\/ottawacornwall.ca\/fr\/events\/38181\/#breadcrumb"},"inLanguage":"fr-FR","potentialAction":[{"@type":"ReadAction","target":["https:\/\/ottawacornwall.ca\/fr\/events\/38181\/"]}]},{"@type":"ImageObject","inLanguage":"fr-FR","@id":"https:\/\/ottawacornwall.ca\/fr\/events\/38181\/#primaryimage","url":"https:\/\/ottawacornwall.ca\/wp-content\/uploads\/2026\/03\/1Careme-2025--scaled.jpg","contentUrl":"https:\/\/ottawacornwall.ca\/wp-content\/uploads\/2026\/03\/1Careme-2025--scaled.jpg","width":1978,"height":2560},{"@type":"BreadcrumbList","@id":"https:\/\/ottawacornwall.ca\/fr\/events\/38181\/#breadcrumb","itemListElement":[{"@type":"ListItem","position":1,"name":"Home","item":"https:\/\/ottawacornwall.ca\/fr\/"},{"@type":"ListItem","position":2,"name":"Events","item":"https:\/\/ottawacornwall.ca\/events\/"},{"@type":"ListItem","position":3,"name":"Retraite du Car\u00eame \u00e0 la Paroisse Sacr\u00e9-C\u0153ur\/Alexandria"}]},{"@type":"WebSite","@id":"https:\/\/ottawacornwall.ca\/#website","url":"https:\/\/ottawacornwall.ca\/","name":"Archdiocese of Ottawa-Cornwall","description":"Welcome to the  Ottawa-Cornwall Archdiocese!","publisher":{"@id":"https:\/\/ottawacornwall.ca\/#organization"},"potentialAction":[{"@type":"SearchAction","target":{"@type":"EntryPoint","urlTemplate":"https:\/\/ottawacornwall.ca\/?s={search_term_string}"},"query-input":{"@type":"PropertyValueSpecification","valueRequired":true,"valueName":"search_term_string"}}],"inLanguage":"fr-FR"},{"@type":"Organization","@id":"https:\/\/ottawacornwall.ca\/#organization","name":"Archdiocese of Ottawa-Cornwall","url":"https:\/\/ottawacornwall.ca\/","logo":{"@type":"ImageObject","inLanguage":"fr-FR","@id":"https:\/\/ottawacornwall.ca\/#\/schema\/logo\/image\/","url":"https:\/\/ottawacornwall.ca\/wp-content\/uploads\/2022\/11\/Archdiocese-Logo-Horizontal-Reverse-1.svg","contentUrl":"https:\/\/ottawacornwall.ca\/wp-content\/uploads\/2022\/11\/Archdiocese-Logo-Horizontal-Reverse-1.svg","caption":"Archdiocese of Ottawa-Cornwall"},"image":{"@id":"https:\/\/ottawacornwall.ca\/#\/schema\/logo\/image\/"}}]}},"_links":{"self":[{"href":"https:\/\/ottawacornwall.ca\/fr\/wp-json\/wp\/v2\/mec-events\/38181","targetHints":{"allow":["GET"]}}],"collection":[{"href":"https:\/\/ottawacornwall.ca\/fr\/wp-json\/wp\/v2\/mec-events"}],"about":[{"href":"https:\/\/ottawacornwall.ca\/fr\/wp-json\/wp\/v2\/types\/mec-events"}],"author":[{"embeddable":true,"href":"https:\/\/ottawacornwall.ca\/fr\/wp-json\/wp\/v2\/users\/11"}],"replies":[{"embeddable":true,"href":"https:\/\/ottawacornwall.ca\/fr\/wp-json\/wp\/v2\/comments?post=38181"}],"wp:featuredmedia":[{"embeddable":true,"href":"https:\/\/ottawacornwall.ca\/fr\/wp-json\/wp\/v2\/media\/38182"}],"wp:attachment":[{"href":"https:\/\/ottawacornwall.ca\/fr\/wp-json\/wp\/v2\/media?parent=38181"}],"wp:term":[{"taxonomy":"mec_category","embeddable":true,"href":"https:\/\/ottawacornwall.ca\/fr\/wp-json\/wp\/v2\/mec_category?post=38181"},{"taxonomy":"mec_tag","embeddable":true,"href":"https:\/\/ottawacornwall.ca\/fr\/wp-json\/wp\/v2\/mec_tag?post=38181"}],"curies":[{"name":"wp","href":"https:\/\/api.w.org\/{rel}","templated":true}]}}