{"id":38190,"date":"2026-03-11T10:29:04","date_gmt":"2026-03-11T14:29:04","guid":{"rendered":"https:\/\/ottawacornwall.ca\/?post_type=mec-events&#038;p=38190"},"modified":"2026-03-11T10:29:04","modified_gmt":"2026-03-11T14:29:04","slug":"foi-et-television-chretienne-journee-de-ressourcement-2","status":"publish","type":"mec-events","link":"https:\/\/ottawacornwall.ca\/fr\/events\/foi-et-television-chretienne-journee-de-ressourcement-2\/","title":{"rendered":"Foi et T\u00e9l\u00e9vision chr\u00e9tienne &#8211; journ\u00e9e de ressourcement"},"content":{"rendered":"<p><span data-olk-copy-source=\"MailCompose\">Foi et T\u00e9l\u00e9vision chr\u00e9tienne offre une journ\u00e9e de ressourcement <b>le\u00a0samedi 21 mars 2026<\/b>\u00a0de 10 h \u00e0 16 h au sous-sol de l&rsquo;\u00e9glise <b>Saint-Gabriel,<\/b> 55, rue Appleford, Ottawa, K1J 6T6. Le <b>th\u00e8me<\/b>\u00a0est \u00ab <b>L\u2019heure vient et elle est d\u00e9j\u00e0 venue o\u00f9 les vrais adorateurs adoreront Dieu en esprit et en v\u00e9rit\u00e9 <\/b>\u00bb.\u00a0 <b>Le conf\u00e9rencier<\/b>\u00a0sera l\u2019abb\u00e9 Fran\u00e7ois Kibwenge, vicaire \u00e9piscopal. <b>Entr\u00e9e libre<\/b>. La prochaine conf\u00e9rence aura lieu le 16 mai 2026. R\u00e9servez vos dates. Pour plus de renseignements sur Foi et T\u00e9l\u00e9vision chr\u00e9tienne\u00a0: <\/span><u><a id=\"OWA8a2548ef-be92-7e30-2d2f-22ce092254ee\" class=\"OWAAutoLink\" title=\"Prot\u00e9g\u00e9 par Outlook\u00a0: http:\/\/foi-et-televisionchretienne.org\/. Cliquez ou appuyez pour suivre le lien.\" href=\"https:\/\/na01.safelinks.protection.outlook.com\/?url=http%3A%2F%2Ffoi-et-televisionchretienne.org%2F&amp;data=05%7C02%7C%7C98ba7aa209d34215975708dd42e93641%7C84df9e7fe9f640afb435aaaaaaaaaaaa%7C1%7C0%7C638740291590279782%7CUnknown%7CTWFpbGZsb3d8eyJFbXB0eU1hcGkiOnRydWUsIlYiOiIwLjAuMDAwMCIsIlAiOiJXaW4zMiIsIkFOIjoiTWFpbCIsIldUIjoyfQ%3D%3D%7C0%7C%7C%7C&amp;sdata=z03%2FzF%2FV73rdQUM4q%2F%2Fg908PzXGPTVHG38CxN0%2Bl2CI%3D&amp;reserved=0\" target=\"_blank\" rel=\"noopener\">http:\/\/foi-et-televisionchretienne.org\/<\/a><\/u>.\u00a0Pour sa cha\u00eene sur YouTube\u00a0: <u><a id=\"OWAe55de75d-474b-6428-1a09-1f7f0a972a57\" class=\"OWAAutoLink\" href=\"mailto:youtube.com\/@FTChretienne\/videos\">youtube.com\/@FTChretienne\/videos<\/a><\/u><\/p>\n","protected":false},"excerpt":{"rendered":"<p>Foi et T\u00e9l\u00e9vision chr\u00e9tienne offre une journ\u00e9e de ressourcement le\u00a0samedi 21 mars 2026\u00a0de 10 h \u00e0 16 h au sous-sol de l&rsquo;\u00e9glise Saint-Gabriel, 55, rue Appleford, Ottawa, K1J 6T6. Le th\u00e8me\u00a0est \u00ab L\u2019heure vient et elle est d\u00e9j\u00e0 venue o\u00f9 les vrais adorateurs adoreront Dieu en esprit et en v\u00e9rit\u00e9 \u00bb.\u00a0 Le conf\u00e9rencier\u00a0sera l\u2019abb\u00e9 Fran\u00e7ois [&hellip;]<\/p>\n","protected":false},"author":1,"featured_media":38191,"comment_status":"closed","ping_status":"closed","template":"","mec_category":[],"mec_tag":[],"class_list":["post-38190","mec-events","type-mec-events","status-publish","has-post-thumbnail","hentry"],"acf":[],"yoast_head":"<!-- This site is optimized with the Yoast SEO plugin v27.4 - https:\/\/yoast.com\/product\/yoast-seo-wordpress\/ -->\n<title>Foi et T\u00e9l\u00e9vision chr\u00e9tienne - journ\u00e9e de ressourcement - Archdiocese of Ottawa-Cornwall<\/title>\n<meta name=\"robots\" content=\"index, follow, max-snippet:-1, max-image-preview:large, max-video-preview:-1\" \/>\n<link rel=\"canonical\" href=\"https:\/\/ottawacornwall.ca\/fr\/events\/foi-et-television-chretienne-journee-de-ressourcement-2\/\" \/>\n<meta property=\"og:locale\" content=\"fr_FR\" \/>\n<meta property=\"og:type\" content=\"article\" \/>\n<meta property=\"og:title\" content=\"Foi et T\u00e9l\u00e9vision chr\u00e9tienne - journ\u00e9e de ressourcement - Archdiocese of Ottawa-Cornwall\" \/>\n<meta property=\"og:description\" content=\"Foi et T\u00e9l\u00e9vision chr\u00e9tienne offre une journ\u00e9e de ressourcement le\u00a0samedi 21 mars 2026\u00a0de 10 h \u00e0 16 h au sous-sol de l&rsquo;\u00e9glise Saint-Gabriel, 55, rue Appleford, Ottawa, K1J 6T6. Le th\u00e8me\u00a0est \u00ab L\u2019heure vient et elle est d\u00e9j\u00e0 venue o\u00f9 les vrais adorateurs adoreront Dieu en esprit et en v\u00e9rit\u00e9 \u00bb.\u00a0 Le conf\u00e9rencier\u00a0sera l\u2019abb\u00e9 Fran\u00e7ois [&hellip;]\" \/>\n<meta property=\"og:url\" content=\"https:\/\/ottawacornwall.ca\/fr\/events\/foi-et-television-chretienne-journee-de-ressourcement-2\/\" \/>\n<meta property=\"og:site_name\" content=\"Archdiocese of Ottawa-Cornwall\" \/>\n<meta property=\"og:image\" content=\"https:\/\/ottawacornwall.ca\/wp-content\/uploads\/2026\/03\/FTC-logo.jpg\" \/>\n\t<meta property=\"og:image:width\" content=\"640\" \/>\n\t<meta property=\"og:image:height\" content=\"587\" \/>\n\t<meta property=\"og:image:type\" content=\"image\/jpeg\" \/>\n<meta name=\"twitter:card\" content=\"summary_large_image\" \/>\n<meta name=\"twitter:label1\" content=\"Dur\u00e9e de lecture estim\u00e9e\" \/>\n\t<meta name=\"twitter:data1\" content=\"1 minute\" \/>\n<script type=\"application\/ld+json\" class=\"yoast-schema-graph\">{\"@context\":\"https:\\\/\\\/schema.org\",\"@graph\":[{\"@type\":\"WebPage\",\"@id\":\"https:\\\/\\\/ottawacornwall.ca\\\/fr\\\/events\\\/foi-et-television-chretienne-journee-de-ressourcement-2\\\/\",\"url\":\"https:\\\/\\\/ottawacornwall.ca\\\/fr\\\/events\\\/foi-et-television-chretienne-journee-de-ressourcement-2\\\/\",\"name\":\"Foi et T\u00e9l\u00e9vision chr\u00e9tienne - journ\u00e9e de ressourcement - Archdiocese of Ottawa-Cornwall\",\"isPartOf\":{\"@id\":\"https:\\\/\\\/ottawacornwall.ca\\\/#website\"},\"primaryImageOfPage\":{\"@id\":\"https:\\\/\\\/ottawacornwall.ca\\\/fr\\\/events\\\/foi-et-television-chretienne-journee-de-ressourcement-2\\\/#primaryimage\"},\"image\":{\"@id\":\"https:\\\/\\\/ottawacornwall.ca\\\/fr\\\/events\\\/foi-et-television-chretienne-journee-de-ressourcement-2\\\/#primaryimage\"},\"thumbnailUrl\":\"https:\\\/\\\/ottawacornwall.ca\\\/wp-content\\\/uploads\\\/2026\\\/03\\\/FTC-logo.jpg\",\"datePublished\":\"2026-03-11T14:29:04+00:00\",\"breadcrumb\":{\"@id\":\"https:\\\/\\\/ottawacornwall.ca\\\/fr\\\/events\\\/foi-et-television-chretienne-journee-de-ressourcement-2\\\/#breadcrumb\"},\"inLanguage\":\"fr-FR\",\"potentialAction\":[{\"@type\":\"ReadAction\",\"target\":[\"https:\\\/\\\/ottawacornwall.ca\\\/fr\\\/events\\\/foi-et-television-chretienne-journee-de-ressourcement-2\\\/\"]}]},{\"@type\":\"ImageObject\",\"inLanguage\":\"fr-FR\",\"@id\":\"https:\\\/\\\/ottawacornwall.ca\\\/fr\\\/events\\\/foi-et-television-chretienne-journee-de-ressourcement-2\\\/#primaryimage\",\"url\":\"https:\\\/\\\/ottawacornwall.ca\\\/wp-content\\\/uploads\\\/2026\\\/03\\\/FTC-logo.jpg\",\"contentUrl\":\"https:\\\/\\\/ottawacornwall.ca\\\/wp-content\\\/uploads\\\/2026\\\/03\\\/FTC-logo.jpg\",\"width\":640,\"height\":587},{\"@type\":\"BreadcrumbList\",\"@id\":\"https:\\\/\\\/ottawacornwall.ca\\\/fr\\\/events\\\/foi-et-television-chretienne-journee-de-ressourcement-2\\\/#breadcrumb\",\"itemListElement\":[{\"@type\":\"ListItem\",\"position\":1,\"name\":\"Home\",\"item\":\"https:\\\/\\\/ottawacornwall.ca\\\/fr\\\/\"},{\"@type\":\"ListItem\",\"position\":2,\"name\":\"Events\",\"item\":\"https:\\\/\\\/ottawacornwall.ca\\\/events\\\/\"},{\"@type\":\"ListItem\",\"position\":3,\"name\":\"Foi et T\u00e9l\u00e9vision chr\u00e9tienne &#8211; journ\u00e9e de ressourcement\"}]},{\"@type\":\"WebSite\",\"@id\":\"https:\\\/\\\/ottawacornwall.ca\\\/#website\",\"url\":\"https:\\\/\\\/ottawacornwall.ca\\\/\",\"name\":\"Archdiocese of Ottawa-Cornwall\",\"description\":\"Welcome to the  Ottawa-Cornwall Archdiocese!\",\"publisher\":{\"@id\":\"https:\\\/\\\/ottawacornwall.ca\\\/#organization\"},\"potentialAction\":[{\"@type\":\"SearchAction\",\"target\":{\"@type\":\"EntryPoint\",\"urlTemplate\":\"https:\\\/\\\/ottawacornwall.ca\\\/?s={search_term_string}\"},\"query-input\":{\"@type\":\"PropertyValueSpecification\",\"valueRequired\":true,\"valueName\":\"search_term_string\"}}],\"inLanguage\":\"fr-FR\"},{\"@type\":\"Organization\",\"@id\":\"https:\\\/\\\/ottawacornwall.ca\\\/#organization\",\"name\":\"Archdiocese of Ottawa-Cornwall\",\"url\":\"https:\\\/\\\/ottawacornwall.ca\\\/\",\"logo\":{\"@type\":\"ImageObject\",\"inLanguage\":\"fr-FR\",\"@id\":\"https:\\\/\\\/ottawacornwall.ca\\\/#\\\/schema\\\/logo\\\/image\\\/\",\"url\":\"https:\\\/\\\/ottawacornwall.ca\\\/wp-content\\\/uploads\\\/2022\\\/11\\\/Archdiocese-Logo-Horizontal-Reverse-1.svg\",\"contentUrl\":\"https:\\\/\\\/ottawacornwall.ca\\\/wp-content\\\/uploads\\\/2022\\\/11\\\/Archdiocese-Logo-Horizontal-Reverse-1.svg\",\"caption\":\"Archdiocese of Ottawa-Cornwall\"},\"image\":{\"@id\":\"https:\\\/\\\/ottawacornwall.ca\\\/#\\\/schema\\\/logo\\\/image\\\/\"}}]}<\/script>\n<!-- \/ Yoast SEO plugin. -->","yoast_head_json":{"title":"Foi et T\u00e9l\u00e9vision chr\u00e9tienne - journ\u00e9e de ressourcement - Archdiocese of Ottawa-Cornwall","robots":{"index":"index","follow":"follow","max-snippet":"max-snippet:-1","max-image-preview":"max-image-preview:large","max-video-preview":"max-video-preview:-1"},"canonical":"https:\/\/ottawacornwall.ca\/fr\/events\/foi-et-television-chretienne-journee-de-ressourcement-2\/","og_locale":"fr_FR","og_type":"article","og_title":"Foi et T\u00e9l\u00e9vision chr\u00e9tienne - journ\u00e9e de ressourcement - Archdiocese of Ottawa-Cornwall","og_description":"Foi et T\u00e9l\u00e9vision chr\u00e9tienne offre une journ\u00e9e de ressourcement le\u00a0samedi 21 mars 2026\u00a0de 10 h \u00e0 16 h au sous-sol de l&rsquo;\u00e9glise Saint-Gabriel, 55, rue Appleford, Ottawa, K1J 6T6. Le th\u00e8me\u00a0est \u00ab L\u2019heure vient et elle est d\u00e9j\u00e0 venue o\u00f9 les vrais adorateurs adoreront Dieu en esprit et en v\u00e9rit\u00e9 \u00bb.\u00a0 Le conf\u00e9rencier\u00a0sera l\u2019abb\u00e9 Fran\u00e7ois [&hellip;]","og_url":"https:\/\/ottawacornwall.ca\/fr\/events\/foi-et-television-chretienne-journee-de-ressourcement-2\/","og_site_name":"Archdiocese of Ottawa-Cornwall","og_image":[{"width":640,"height":587,"url":"https:\/\/ottawacornwall.ca\/wp-content\/uploads\/2026\/03\/FTC-logo.jpg","type":"image\/jpeg"}],"twitter_card":"summary_large_image","twitter_misc":{"Dur\u00e9e de lecture estim\u00e9e":"1 minute"},"schema":{"@context":"https:\/\/schema.org","@graph":[{"@type":"WebPage","@id":"https:\/\/ottawacornwall.ca\/fr\/events\/foi-et-television-chretienne-journee-de-ressourcement-2\/","url":"https:\/\/ottawacornwall.ca\/fr\/events\/foi-et-television-chretienne-journee-de-ressourcement-2\/","name":"Foi et T\u00e9l\u00e9vision chr\u00e9tienne - journ\u00e9e de ressourcement - Archdiocese of Ottawa-Cornwall","isPartOf":{"@id":"https:\/\/ottawacornwall.ca\/#website"},"primaryImageOfPage":{"@id":"https:\/\/ottawacornwall.ca\/fr\/events\/foi-et-television-chretienne-journee-de-ressourcement-2\/#primaryimage"},"image":{"@id":"https:\/\/ottawacornwall.ca\/fr\/events\/foi-et-television-chretienne-journee-de-ressourcement-2\/#primaryimage"},"thumbnailUrl":"https:\/\/ottawacornwall.ca\/wp-content\/uploads\/2026\/03\/FTC-logo.jpg","datePublished":"2026-03-11T14:29:04+00:00","breadcrumb":{"@id":"https:\/\/ottawacornwall.ca\/fr\/events\/foi-et-television-chretienne-journee-de-ressourcement-2\/#breadcrumb"},"inLanguage":"fr-FR","potentialAction":[{"@type":"ReadAction","target":["https:\/\/ottawacornwall.ca\/fr\/events\/foi-et-television-chretienne-journee-de-ressourcement-2\/"]}]},{"@type":"ImageObject","inLanguage":"fr-FR","@id":"https:\/\/ottawacornwall.ca\/fr\/events\/foi-et-television-chretienne-journee-de-ressourcement-2\/#primaryimage","url":"https:\/\/ottawacornwall.ca\/wp-content\/uploads\/2026\/03\/FTC-logo.jpg","contentUrl":"https:\/\/ottawacornwall.ca\/wp-content\/uploads\/2026\/03\/FTC-logo.jpg","width":640,"height":587},{"@type":"BreadcrumbList","@id":"https:\/\/ottawacornwall.ca\/fr\/events\/foi-et-television-chretienne-journee-de-ressourcement-2\/#breadcrumb","itemListElement":[{"@type":"ListItem","position":1,"name":"Home","item":"https:\/\/ottawacornwall.ca\/fr\/"},{"@type":"ListItem","position":2,"name":"Events","item":"https:\/\/ottawacornwall.ca\/events\/"},{"@type":"ListItem","position":3,"name":"Foi et T\u00e9l\u00e9vision chr\u00e9tienne &#8211; journ\u00e9e de ressourcement"}]},{"@type":"WebSite","@id":"https:\/\/ottawacornwall.ca\/#website","url":"https:\/\/ottawacornwall.ca\/","name":"Archdiocese of Ottawa-Cornwall","description":"Welcome to the  Ottawa-Cornwall Archdiocese!","publisher":{"@id":"https:\/\/ottawacornwall.ca\/#organization"},"potentialAction":[{"@type":"SearchAction","target":{"@type":"EntryPoint","urlTemplate":"https:\/\/ottawacornwall.ca\/?s={search_term_string}"},"query-input":{"@type":"PropertyValueSpecification","valueRequired":true,"valueName":"search_term_string"}}],"inLanguage":"fr-FR"},{"@type":"Organization","@id":"https:\/\/ottawacornwall.ca\/#organization","name":"Archdiocese of Ottawa-Cornwall","url":"https:\/\/ottawacornwall.ca\/","logo":{"@type":"ImageObject","inLanguage":"fr-FR","@id":"https:\/\/ottawacornwall.ca\/#\/schema\/logo\/image\/","url":"https:\/\/ottawacornwall.ca\/wp-content\/uploads\/2022\/11\/Archdiocese-Logo-Horizontal-Reverse-1.svg","contentUrl":"https:\/\/ottawacornwall.ca\/wp-content\/uploads\/2022\/11\/Archdiocese-Logo-Horizontal-Reverse-1.svg","caption":"Archdiocese of Ottawa-Cornwall"},"image":{"@id":"https:\/\/ottawacornwall.ca\/#\/schema\/logo\/image\/"}}]}},"_links":{"self":[{"href":"https:\/\/ottawacornwall.ca\/fr\/wp-json\/wp\/v2\/mec-events\/38190","targetHints":{"allow":["GET"]}}],"collection":[{"href":"https:\/\/ottawacornwall.ca\/fr\/wp-json\/wp\/v2\/mec-events"}],"about":[{"href":"https:\/\/ottawacornwall.ca\/fr\/wp-json\/wp\/v2\/types\/mec-events"}],"author":[{"embeddable":true,"href":"https:\/\/ottawacornwall.ca\/fr\/wp-json\/wp\/v2\/users\/1"}],"replies":[{"embeddable":true,"href":"https:\/\/ottawacornwall.ca\/fr\/wp-json\/wp\/v2\/comments?post=38190"}],"wp:featuredmedia":[{"embeddable":true,"href":"https:\/\/ottawacornwall.ca\/fr\/wp-json\/wp\/v2\/media\/38191"}],"wp:attachment":[{"href":"https:\/\/ottawacornwall.ca\/fr\/wp-json\/wp\/v2\/media?parent=38190"}],"wp:term":[{"taxonomy":"mec_category","embeddable":true,"href":"https:\/\/ottawacornwall.ca\/fr\/wp-json\/wp\/v2\/mec_category?post=38190"},{"taxonomy":"mec_tag","embeddable":true,"href":"https:\/\/ottawacornwall.ca\/fr\/wp-json\/wp\/v2\/mec_tag?post=38190"}],"curies":[{"name":"wp","href":"https:\/\/api.w.org\/{rel}","templated":true}]}}