{"id":38233,"date":"2026-03-13T12:13:04","date_gmt":"2026-03-13T16:13:04","guid":{"rendered":"https:\/\/ottawacornwall.ca\/?post_type=mec-events&#038;p=38233"},"modified":"2026-03-13T12:13:04","modified_gmt":"2026-03-13T16:13:04","slug":"conference-si-la-lumiere-est-tenebres-certitudes-et-incertitudes-dans-la-vie-post-moderne","status":"publish","type":"mec-events","link":"https:\/\/ottawacornwall.ca\/fr\/events\/conference-si-la-lumiere-est-tenebres-certitudes-et-incertitudes-dans-la-vie-post-moderne\/","title":{"rendered":"Conf\u00e9rence : \u00ab Si la lumi\u00e8re est t\u00e9n\u00e8bres\u2026 : certitudes et incertitudes dans la vie post-moderne \u00bb"},"content":{"rendered":"<p><strong>Conf\u00e9rence \u2013 \u00ab Si la lumi\u00e8re est t\u00e9n\u00e8bres\u2026 : certitudes et incertitudes dans la vie post-moderne \u00bb<\/strong><\/p>\n<p>La Fondation du Grand S\u00e9minaire de Montr\u00e9al, en collaboration avec la Fondation Lucien-Labelle, vous invite \u00e0 la conf\u00e9rence <strong>\u00ab Si la lumi\u00e8re est t\u00e9n\u00e8bres\u2026 : certitudes et incertitudes dans la vie post-moderne \u00bb<\/strong>, troisi\u00e8me rendez-vous de la s\u00e9rie <strong>Dialogues et esp\u00e9rance<\/strong>.<\/p>\n<p>Cette s\u00e9rie de conf\u00e9rences vise \u00e0 nourrir la r\u00e9flexion <strong>th\u00e9ologique, pastorale et spirituelle<\/strong> autour des grands enjeux contemporains de l\u2019\u00c9glise.<\/p>\n<p>\u00c0 cette occasion, <strong>Richard Bernier<\/strong>, professeur au <strong>Grand S\u00e9minaire de l\u2019Archidioc\u00e8se de Montr\u00e9al<\/strong>, proposera une r\u00e9flexion sur la mani\u00e8re dont nos <strong>certitudes et nos doutes fa\u00e7onnent nos convictions et orientent l\u2019histoire<\/strong>.<\/p>\n<p>Dans un monde marqu\u00e9 par la multiplication des conflits, par l\u2019\u00e9mergence de r\u00e9gimes autoritaires et par des d\u00e9cisions qui valorisent certaines vies humaines tout en en n\u00e9gligeant d\u2019autres, comment discerner <strong>une lumi\u00e8re authentique<\/strong> ? Comment \u00e9viter que ce que nous croyons \u00e9clairant ne devienne t\u00e9n\u00e8bres ?<\/p>\n<p>Cette conf\u00e9rence invite \u00e0 r\u00e9fl\u00e9chir \u00e0 ces questions profondes qui touchent \u00e0 la foi, au discernement et \u00e0 la responsabilit\u00e9 chr\u00e9tienne dans la soci\u00e9t\u00e9 contemporaine.<\/p>\n<p><strong>\u00c0 propos du conf\u00e9rencier<\/strong><\/p>\n<p>N\u00e9 \u00e0 Montr\u00e9al, <strong>Richard Bernier<\/strong> est th\u00e9ologien, philosophe et professeur au <strong>Grand S\u00e9minaire de l\u2019Archidioc\u00e8se de Montr\u00e9al<\/strong>.<br \/>\nIl a \u00e9galement servi comme aum\u00f4nier universitaire et aum\u00f4nier au sein des <strong>Forces arm\u00e9es canadiennes<\/strong>.<\/p>\n<p>Son parcours comprend aussi des exp\u00e9riences au Parlement canadien, dans la fonction publique et dans l\u2019administration universitaire. Son travail t\u00e9moigne d\u2019une profonde conviction : les traditions et les r\u00e8gles h\u00e9rit\u00e9es de l\u2019histoire, comme la liturgie et le dogme, peuvent nous soutenir dans les moments critiques o\u00f9 nous devons agir avec discernement, car <strong>\u00ab <em>salus animarum suprema lex<\/em> \u00bb \u2013 le salut des \u00e2mes est la loi supr\u00eame<\/strong>.<\/p>\n<p><strong>Informations pratiques<\/strong><\/p>\n<p>\ud83d\udcc5 <strong>Date :<\/strong> 28 mars 2026<br \/>\n\ud83d\udd5a <strong>Heure :<\/strong> 11 h &#8211; 12 h<\/p>\n<p>\ud83d\udccd <strong>Participation en personne :<\/strong><br \/>\nSalle de conf\u00e9rence du <strong>Grand S\u00e9minaire de l\u2019Archidioc\u00e8se de Montr\u00e9al<\/strong><br \/>\n6895, rue Boyer, Montr\u00e9al<\/p>\n<p>\ud83d\udcbb <strong>Participation en ligne :<\/strong><br \/>\nDiffusion en direct sur YouTube (le lien sera envoy\u00e9 apr\u00e8s l\u2019inscription).<\/p>\n<p>\u2615 Les personnes pr\u00e9sentes sur place auront \u00e9galement l\u2019occasion d\u2019\u00e9changer avec le conf\u00e9rencier dans une atmosph\u00e8re conviviale autour d\u2019un caf\u00e9.<\/p>\n<p>\ud83d\udcdd <strong>Inscription obligatoire: <\/strong><strong><a href=\"https:\/\/bit.ly\/4b29jZN\">bit.ly\/4b29jZN<\/a><\/strong><strong> \u00a0<\/strong><\/p>\n<p>Aline Bedros<\/p>\n<p>Torchia Communications<\/p>\n<p>514-250-2332 | <a href=\"mailto:aline@torchiacom.com\">aline@torchiacom.com<\/a><\/p>\n<p><a href=\"http:\/\/www.torchiacom.com\">www.torchiacom.com<\/a><\/p>\n","protected":false},"excerpt":{"rendered":"<p>Conf\u00e9rence \u2013 \u00ab Si la lumi\u00e8re est t\u00e9n\u00e8bres\u2026 : certitudes et incertitudes dans la vie post-moderne \u00bb La Fondation du Grand S\u00e9minaire de Montr\u00e9al, en collaboration avec la Fondation Lucien-Labelle, vous invite \u00e0 la conf\u00e9rence \u00ab Si la lumi\u00e8re est t\u00e9n\u00e8bres\u2026 : certitudes et incertitudes dans la vie post-moderne \u00bb, troisi\u00e8me rendez-vous de la s\u00e9rie [&hellip;]<\/p>\n","protected":false},"author":11,"featured_media":0,"comment_status":"closed","ping_status":"closed","template":"","mec_category":[],"mec_tag":[],"class_list":["post-38233","mec-events","type-mec-events","status-publish","hentry"],"acf":[],"yoast_head":"<!-- This site is optimized with the Yoast SEO plugin v27.4 - https:\/\/yoast.com\/product\/yoast-seo-wordpress\/ -->\n<title>Conf\u00e9rence : \u00ab Si la lumi\u00e8re est t\u00e9n\u00e8bres\u2026 : certitudes et incertitudes dans la vie post-moderne \u00bb - Archdiocese of Ottawa-Cornwall<\/title>\n<meta name=\"robots\" content=\"index, follow, max-snippet:-1, max-image-preview:large, max-video-preview:-1\" \/>\n<link rel=\"canonical\" href=\"https:\/\/ottawacornwall.ca\/fr\/events\/conference-si-la-lumiere-est-tenebres-certitudes-et-incertitudes-dans-la-vie-post-moderne\/\" \/>\n<meta property=\"og:locale\" content=\"fr_FR\" \/>\n<meta property=\"og:type\" content=\"article\" \/>\n<meta property=\"og:title\" content=\"Conf\u00e9rence : \u00ab Si la lumi\u00e8re est t\u00e9n\u00e8bres\u2026 : certitudes et incertitudes dans la vie post-moderne \u00bb - Archdiocese of Ottawa-Cornwall\" \/>\n<meta property=\"og:description\" content=\"Conf\u00e9rence \u2013 \u00ab Si la lumi\u00e8re est t\u00e9n\u00e8bres\u2026 : certitudes et incertitudes dans la vie post-moderne \u00bb La Fondation du Grand S\u00e9minaire de Montr\u00e9al, en collaboration avec la Fondation Lucien-Labelle, vous invite \u00e0 la conf\u00e9rence \u00ab Si la lumi\u00e8re est t\u00e9n\u00e8bres\u2026 : certitudes et incertitudes dans la vie post-moderne \u00bb, troisi\u00e8me rendez-vous de la s\u00e9rie [&hellip;]\" \/>\n<meta property=\"og:url\" content=\"https:\/\/ottawacornwall.ca\/fr\/events\/conference-si-la-lumiere-est-tenebres-certitudes-et-incertitudes-dans-la-vie-post-moderne\/\" \/>\n<meta property=\"og:site_name\" content=\"Archdiocese of Ottawa-Cornwall\" \/>\n<meta name=\"twitter:card\" content=\"summary_large_image\" \/>\n<meta name=\"twitter:label1\" content=\"Dur\u00e9e de lecture estim\u00e9e\" \/>\n\t<meta name=\"twitter:data1\" content=\"2 minutes\" \/>\n<script type=\"application\/ld+json\" class=\"yoast-schema-graph\">{\"@context\":\"https:\\\/\\\/schema.org\",\"@graph\":[{\"@type\":\"WebPage\",\"@id\":\"https:\\\/\\\/ottawacornwall.ca\\\/fr\\\/events\\\/conference-si-la-lumiere-est-tenebres-certitudes-et-incertitudes-dans-la-vie-post-moderne\\\/\",\"url\":\"https:\\\/\\\/ottawacornwall.ca\\\/fr\\\/events\\\/conference-si-la-lumiere-est-tenebres-certitudes-et-incertitudes-dans-la-vie-post-moderne\\\/\",\"name\":\"Conf\u00e9rence : \u00ab Si la lumi\u00e8re est t\u00e9n\u00e8bres\u2026 : certitudes et incertitudes dans la vie post-moderne \u00bb - Archdiocese of Ottawa-Cornwall\",\"isPartOf\":{\"@id\":\"https:\\\/\\\/ottawacornwall.ca\\\/#website\"},\"datePublished\":\"2026-03-13T16:13:04+00:00\",\"breadcrumb\":{\"@id\":\"https:\\\/\\\/ottawacornwall.ca\\\/fr\\\/events\\\/conference-si-la-lumiere-est-tenebres-certitudes-et-incertitudes-dans-la-vie-post-moderne\\\/#breadcrumb\"},\"inLanguage\":\"fr-FR\",\"potentialAction\":[{\"@type\":\"ReadAction\",\"target\":[\"https:\\\/\\\/ottawacornwall.ca\\\/fr\\\/events\\\/conference-si-la-lumiere-est-tenebres-certitudes-et-incertitudes-dans-la-vie-post-moderne\\\/\"]}]},{\"@type\":\"BreadcrumbList\",\"@id\":\"https:\\\/\\\/ottawacornwall.ca\\\/fr\\\/events\\\/conference-si-la-lumiere-est-tenebres-certitudes-et-incertitudes-dans-la-vie-post-moderne\\\/#breadcrumb\",\"itemListElement\":[{\"@type\":\"ListItem\",\"position\":1,\"name\":\"Home\",\"item\":\"https:\\\/\\\/ottawacornwall.ca\\\/fr\\\/\"},{\"@type\":\"ListItem\",\"position\":2,\"name\":\"Events\",\"item\":\"https:\\\/\\\/ottawacornwall.ca\\\/events\\\/\"},{\"@type\":\"ListItem\",\"position\":3,\"name\":\"Conf\u00e9rence : \u00ab Si la lumi\u00e8re est t\u00e9n\u00e8bres\u2026 : certitudes et incertitudes dans la vie post-moderne \u00bb\"}]},{\"@type\":\"WebSite\",\"@id\":\"https:\\\/\\\/ottawacornwall.ca\\\/#website\",\"url\":\"https:\\\/\\\/ottawacornwall.ca\\\/\",\"name\":\"Archdiocese of Ottawa-Cornwall\",\"description\":\"Welcome to the  Ottawa-Cornwall Archdiocese!\",\"publisher\":{\"@id\":\"https:\\\/\\\/ottawacornwall.ca\\\/#organization\"},\"potentialAction\":[{\"@type\":\"SearchAction\",\"target\":{\"@type\":\"EntryPoint\",\"urlTemplate\":\"https:\\\/\\\/ottawacornwall.ca\\\/?s={search_term_string}\"},\"query-input\":{\"@type\":\"PropertyValueSpecification\",\"valueRequired\":true,\"valueName\":\"search_term_string\"}}],\"inLanguage\":\"fr-FR\"},{\"@type\":\"Organization\",\"@id\":\"https:\\\/\\\/ottawacornwall.ca\\\/#organization\",\"name\":\"Archdiocese of Ottawa-Cornwall\",\"url\":\"https:\\\/\\\/ottawacornwall.ca\\\/\",\"logo\":{\"@type\":\"ImageObject\",\"inLanguage\":\"fr-FR\",\"@id\":\"https:\\\/\\\/ottawacornwall.ca\\\/#\\\/schema\\\/logo\\\/image\\\/\",\"url\":\"https:\\\/\\\/ottawacornwall.ca\\\/wp-content\\\/uploads\\\/2022\\\/11\\\/Archdiocese-Logo-Horizontal-Reverse-1.svg\",\"contentUrl\":\"https:\\\/\\\/ottawacornwall.ca\\\/wp-content\\\/uploads\\\/2022\\\/11\\\/Archdiocese-Logo-Horizontal-Reverse-1.svg\",\"caption\":\"Archdiocese of Ottawa-Cornwall\"},\"image\":{\"@id\":\"https:\\\/\\\/ottawacornwall.ca\\\/#\\\/schema\\\/logo\\\/image\\\/\"}}]}<\/script>\n<!-- \/ Yoast SEO plugin. -->","yoast_head_json":{"title":"Conf\u00e9rence : \u00ab Si la lumi\u00e8re est t\u00e9n\u00e8bres\u2026 : certitudes et incertitudes dans la vie post-moderne \u00bb - Archdiocese of Ottawa-Cornwall","robots":{"index":"index","follow":"follow","max-snippet":"max-snippet:-1","max-image-preview":"max-image-preview:large","max-video-preview":"max-video-preview:-1"},"canonical":"https:\/\/ottawacornwall.ca\/fr\/events\/conference-si-la-lumiere-est-tenebres-certitudes-et-incertitudes-dans-la-vie-post-moderne\/","og_locale":"fr_FR","og_type":"article","og_title":"Conf\u00e9rence : \u00ab Si la lumi\u00e8re est t\u00e9n\u00e8bres\u2026 : certitudes et incertitudes dans la vie post-moderne \u00bb - Archdiocese of Ottawa-Cornwall","og_description":"Conf\u00e9rence \u2013 \u00ab Si la lumi\u00e8re est t\u00e9n\u00e8bres\u2026 : certitudes et incertitudes dans la vie post-moderne \u00bb La Fondation du Grand S\u00e9minaire de Montr\u00e9al, en collaboration avec la Fondation Lucien-Labelle, vous invite \u00e0 la conf\u00e9rence \u00ab Si la lumi\u00e8re est t\u00e9n\u00e8bres\u2026 : certitudes et incertitudes dans la vie post-moderne \u00bb, troisi\u00e8me rendez-vous de la s\u00e9rie [&hellip;]","og_url":"https:\/\/ottawacornwall.ca\/fr\/events\/conference-si-la-lumiere-est-tenebres-certitudes-et-incertitudes-dans-la-vie-post-moderne\/","og_site_name":"Archdiocese of Ottawa-Cornwall","twitter_card":"summary_large_image","twitter_misc":{"Dur\u00e9e de lecture estim\u00e9e":"2 minutes"},"schema":{"@context":"https:\/\/schema.org","@graph":[{"@type":"WebPage","@id":"https:\/\/ottawacornwall.ca\/fr\/events\/conference-si-la-lumiere-est-tenebres-certitudes-et-incertitudes-dans-la-vie-post-moderne\/","url":"https:\/\/ottawacornwall.ca\/fr\/events\/conference-si-la-lumiere-est-tenebres-certitudes-et-incertitudes-dans-la-vie-post-moderne\/","name":"Conf\u00e9rence : \u00ab Si la lumi\u00e8re est t\u00e9n\u00e8bres\u2026 : certitudes et incertitudes dans la vie post-moderne \u00bb - Archdiocese of Ottawa-Cornwall","isPartOf":{"@id":"https:\/\/ottawacornwall.ca\/#website"},"datePublished":"2026-03-13T16:13:04+00:00","breadcrumb":{"@id":"https:\/\/ottawacornwall.ca\/fr\/events\/conference-si-la-lumiere-est-tenebres-certitudes-et-incertitudes-dans-la-vie-post-moderne\/#breadcrumb"},"inLanguage":"fr-FR","potentialAction":[{"@type":"ReadAction","target":["https:\/\/ottawacornwall.ca\/fr\/events\/conference-si-la-lumiere-est-tenebres-certitudes-et-incertitudes-dans-la-vie-post-moderne\/"]}]},{"@type":"BreadcrumbList","@id":"https:\/\/ottawacornwall.ca\/fr\/events\/conference-si-la-lumiere-est-tenebres-certitudes-et-incertitudes-dans-la-vie-post-moderne\/#breadcrumb","itemListElement":[{"@type":"ListItem","position":1,"name":"Home","item":"https:\/\/ottawacornwall.ca\/fr\/"},{"@type":"ListItem","position":2,"name":"Events","item":"https:\/\/ottawacornwall.ca\/events\/"},{"@type":"ListItem","position":3,"name":"Conf\u00e9rence : \u00ab Si la lumi\u00e8re est t\u00e9n\u00e8bres\u2026 : certitudes et incertitudes dans la vie post-moderne \u00bb"}]},{"@type":"WebSite","@id":"https:\/\/ottawacornwall.ca\/#website","url":"https:\/\/ottawacornwall.ca\/","name":"Archdiocese of Ottawa-Cornwall","description":"Welcome to the  Ottawa-Cornwall Archdiocese!","publisher":{"@id":"https:\/\/ottawacornwall.ca\/#organization"},"potentialAction":[{"@type":"SearchAction","target":{"@type":"EntryPoint","urlTemplate":"https:\/\/ottawacornwall.ca\/?s={search_term_string}"},"query-input":{"@type":"PropertyValueSpecification","valueRequired":true,"valueName":"search_term_string"}}],"inLanguage":"fr-FR"},{"@type":"Organization","@id":"https:\/\/ottawacornwall.ca\/#organization","name":"Archdiocese of Ottawa-Cornwall","url":"https:\/\/ottawacornwall.ca\/","logo":{"@type":"ImageObject","inLanguage":"fr-FR","@id":"https:\/\/ottawacornwall.ca\/#\/schema\/logo\/image\/","url":"https:\/\/ottawacornwall.ca\/wp-content\/uploads\/2022\/11\/Archdiocese-Logo-Horizontal-Reverse-1.svg","contentUrl":"https:\/\/ottawacornwall.ca\/wp-content\/uploads\/2022\/11\/Archdiocese-Logo-Horizontal-Reverse-1.svg","caption":"Archdiocese of Ottawa-Cornwall"},"image":{"@id":"https:\/\/ottawacornwall.ca\/#\/schema\/logo\/image\/"}}]}},"_links":{"self":[{"href":"https:\/\/ottawacornwall.ca\/fr\/wp-json\/wp\/v2\/mec-events\/38233","targetHints":{"allow":["GET"]}}],"collection":[{"href":"https:\/\/ottawacornwall.ca\/fr\/wp-json\/wp\/v2\/mec-events"}],"about":[{"href":"https:\/\/ottawacornwall.ca\/fr\/wp-json\/wp\/v2\/types\/mec-events"}],"author":[{"embeddable":true,"href":"https:\/\/ottawacornwall.ca\/fr\/wp-json\/wp\/v2\/users\/11"}],"replies":[{"embeddable":true,"href":"https:\/\/ottawacornwall.ca\/fr\/wp-json\/wp\/v2\/comments?post=38233"}],"wp:attachment":[{"href":"https:\/\/ottawacornwall.ca\/fr\/wp-json\/wp\/v2\/media?parent=38233"}],"wp:term":[{"taxonomy":"mec_category","embeddable":true,"href":"https:\/\/ottawacornwall.ca\/fr\/wp-json\/wp\/v2\/mec_category?post=38233"},{"taxonomy":"mec_tag","embeddable":true,"href":"https:\/\/ottawacornwall.ca\/fr\/wp-json\/wp\/v2\/mec_tag?post=38233"}],"curies":[{"name":"wp","href":"https:\/\/api.w.org\/{rel}","templated":true}]}}