{"id":38295,"date":"2026-03-17T12:37:58","date_gmt":"2026-03-17T16:37:58","guid":{"rendered":"https:\/\/ottawacornwall.ca\/?post_type=mec-events&#038;p=38295"},"modified":"2026-03-17T12:52:54","modified_gmt":"2026-03-17T16:52:54","slug":"exposition-internationale-les-miracles-eucharistiques-dans-le-monde-carlos-acutis","status":"publish","type":"mec-events","link":"https:\/\/ottawacornwall.ca\/fr\/events\/exposition-internationale-les-miracles-eucharistiques-dans-le-monde-carlos-acutis\/","title":{"rendered":"Exposition internationale : Les Miracles Eucharistiques dans le monde &#8211; Carlos Acutis"},"content":{"rendered":"<p data-start=\"59\" data-end=\"132\"><strong data-start=\"59\" data-end=\"132\"><span class=\"BZ_Pyq_fadeIn\">EXPOSITION <\/span><span class=\"BZ_Pyq_fadeIn\">INTERNATIONALE : <\/span><span class=\"BZ_Pyq_fadeIn\">Les <\/span><span class=\"BZ_Pyq_fadeIn\">Miracles <\/span><span class=\"BZ_Pyq_fadeIn\">Eucharistiques <\/span><span class=\"BZ_Pyq_fadeIn\">dans <\/span><span class=\"BZ_Pyq_fadeIn\">le <\/span><span class=\"BZ_Pyq_fadeIn\">monde<\/span><\/strong><\/p>\n<p data-start=\"134\" data-end=\"250\"><span class=\"BZ_Pyq_fadeIn\">Les <\/span><span class=\"BZ_Pyq_fadeIn\">tableaux <\/span><span class=\"BZ_Pyq_fadeIn\">r\u00e9alis\u00e9s <\/span><span class=\"BZ_Pyq_fadeIn\">par <\/span><span class=\"BZ_Pyq_fadeIn\">le <\/span><span class=\"BZ_Pyq_fadeIn\">bienheureux <\/span><strong><span class=\"hover:entity-accent entity-underline inline cursor-pointer align-baseline\"><span class=\"whitespace-normal\">Carlo Acutis<\/span><\/span><\/strong> <span class=\"BZ_Pyq_fadeIn\">sont <\/span><span class=\"BZ_Pyq_fadeIn\">pr\u00e9sent\u00e9s <\/span><span class=\"BZ_Pyq_fadeIn\">par <\/span><span class=\"BZ_Pyq_fadeIn\">Louise <\/span><span class=\"BZ_Pyq_fadeIn\">Normandeau.<\/span><\/p>\n<p data-start=\"252\" data-end=\"331\"><span class=\"BZ_Pyq_fadeIn\">Venez <\/span><span class=\"BZ_Pyq_fadeIn\">d\u00e9couvrir <\/span><span class=\"BZ_Pyq_fadeIn\">le <\/span><span class=\"BZ_Pyq_fadeIn\">parcours <\/span><span class=\"BZ_Pyq_fadeIn\">d\u2019un <\/span><span class=\"BZ_Pyq_fadeIn\">jeune <\/span><span class=\"BZ_Pyq_fadeIn\">de <\/span><span class=\"BZ_Pyq_fadeIn\">15 <\/span><span class=\"BZ_Pyq_fadeIn\">ans <\/span><span class=\"BZ_Pyq_fadeIn\">avant <\/span><span class=\"BZ_Pyq_fadeIn\">qu\u2019il <\/span><span class=\"BZ_Pyq_fadeIn\">ne <\/span><span class=\"BZ_Pyq_fadeIn\">devienne <\/span><span class=\"BZ_Pyq_fadeIn\">saint.<\/span><\/p>\n<p data-start=\"333\" data-end=\"452\"><span class=\"BZ_Pyq_fadeIn\">Venez <\/span><span class=\"BZ_Pyq_fadeIn\">\u00e0 <\/span><span class=\"BZ_Pyq_fadeIn\">la <\/span><span class=\"BZ_Pyq_fadeIn\">rencontre <\/span><span class=\"BZ_Pyq_fadeIn\">de <\/span><span class=\"BZ_Pyq_fadeIn\">Carlo <\/span><span class=\"BZ_Pyq_fadeIn\">Acutis, <\/span><span class=\"BZ_Pyq_fadeIn\">en <\/span><span class=\"BZ_Pyq_fadeIn\">pr\u00e9sence <\/span><span class=\"BZ_Pyq_fadeIn\">de <\/span><span class=\"BZ_Pyq_fadeIn\">sa <\/span><span class=\"BZ_Pyq_fadeIn\">relique, <\/span><span class=\"BZ_Pyq_fadeIn\">\u00e0<\/span><\/p>\n<p data-start=\"333\" data-end=\"452\"><span class=\"BZ_Pyq_fadeIn\"><strong>Lieu<\/strong> :<\/span> <span class=\"hover:entity-accent entity-underline inline cursor-pointer align-baseline\"><span class=\"whitespace-normal\">\u00c9glise St-Jacques d\u2019Embrun (<\/span><\/span><span class=\"hover:entity-accent entity-underline inline cursor-pointer align-baseline\"><span class=\"whitespace-normal\"><span class=\"BZ_Pyq_fadeIn\">1041, <\/span><span class=\"BZ_Pyq_fadeIn\">rue <\/span><span class=\"BZ_Pyq_fadeIn\">Notre-<\/span><span class=\"BZ_Pyq_fadeIn\">Dame, <\/span><span class=\"BZ_Pyq_fadeIn\">Embrun, <\/span><span class=\"BZ_Pyq_fadeIn\">ON)<\/span><\/span><\/span><\/p>\n<p data-start=\"454\" data-end=\"508\"><span class=\"BZ_Pyq_fadeIn\"><strong>Date<\/strong> :<\/span> <span class=\"BZ_Pyq_fadeIn\">Dimanche <\/span><span class=\"BZ_Pyq_fadeIn\">12 <\/span><span class=\"BZ_Pyq_fadeIn\">avril <\/span><span class=\"BZ_Pyq_fadeIn\">2026<\/span><\/p>\n<p data-start=\"454\" data-end=\"508\"><span class=\"BZ_Pyq_fadeIn\"><strong>Heure<\/strong> :<\/span> <span class=\"BZ_Pyq_fadeIn\">14 <\/span><span class=\"BZ_Pyq_fadeIn\">h<\/span><\/p>\n<p data-start=\"510\" data-end=\"529\"><strong><span class=\"BZ_Pyq_fadeIn\">Entr\u00e9e <\/span><span class=\"BZ_Pyq_fadeIn\">gratuite<\/span><\/strong><\/p>\n<p data-start=\"531\" data-end=\"565\"><span class=\"BZ_Pyq_fadeIn\">Bienvenue <\/span><span class=\"BZ_Pyq_fadeIn\">\u00e0 <\/span><span class=\"BZ_Pyq_fadeIn\">toutes <\/span><span class=\"BZ_Pyq_fadeIn\">et <\/span><span class=\"BZ_Pyq_fadeIn\">\u00e0 <\/span><span class=\"BZ_Pyq_fadeIn\">tous !<\/span><\/p>\n<p data-start=\"531\" data-end=\"565\"><strong>Renseignements:<\/strong><\/p>\n<p>Diane Bergeron<\/p>\n<p>mdbergeron@rogers.com<\/p>\n","protected":false},"excerpt":{"rendered":"<p>EXPOSITION INTERNATIONALE : Les Miracles Eucharistiques dans le monde Les tableaux r\u00e9alis\u00e9s par le bienheureux Carlo Acutis sont pr\u00e9sent\u00e9s par Louise Normandeau. Venez d\u00e9couvrir le parcours d\u2019un jeune de 15 ans avant qu\u2019il ne devienne saint. Venez \u00e0 la rencontre de Carlo Acutis, en pr\u00e9sence de sa relique, \u00e0 Lieu : \u00c9glise St-Jacques d\u2019Embrun (1041, [&hellip;]<\/p>\n","protected":false},"author":11,"featured_media":38302,"comment_status":"closed","ping_status":"closed","template":"","mec_category":[],"mec_tag":[],"class_list":["post-38295","mec-events","type-mec-events","status-publish","has-post-thumbnail","hentry"],"acf":[],"yoast_head":"<!-- This site is optimized with the Yoast SEO plugin v27.4 - https:\/\/yoast.com\/product\/yoast-seo-wordpress\/ -->\n<title>Exposition internationale : Les Miracles Eucharistiques dans le monde - Carlos Acutis - Archdiocese of Ottawa-Cornwall<\/title>\n<meta name=\"robots\" content=\"index, follow, max-snippet:-1, max-image-preview:large, max-video-preview:-1\" \/>\n<link rel=\"canonical\" href=\"https:\/\/ottawacornwall.ca\/fr\/events\/exposition-internationale-les-miracles-eucharistiques-dans-le-monde-carlos-acutis\/\" \/>\n<meta property=\"og:locale\" content=\"fr_FR\" \/>\n<meta property=\"og:type\" content=\"article\" \/>\n<meta property=\"og:title\" content=\"Exposition internationale : Les Miracles Eucharistiques dans le monde - Carlos Acutis - Archdiocese of Ottawa-Cornwall\" \/>\n<meta property=\"og:description\" content=\"EXPOSITION INTERNATIONALE : Les Miracles Eucharistiques dans le monde Les tableaux r\u00e9alis\u00e9s par le bienheureux Carlo Acutis sont pr\u00e9sent\u00e9s par Louise Normandeau. Venez d\u00e9couvrir le parcours d\u2019un jeune de 15 ans avant qu\u2019il ne devienne saint. Venez \u00e0 la rencontre de Carlo Acutis, en pr\u00e9sence de sa relique, \u00e0 Lieu : \u00c9glise St-Jacques d\u2019Embrun (1041, [&hellip;]\" \/>\n<meta property=\"og:url\" content=\"https:\/\/ottawacornwall.ca\/fr\/events\/exposition-internationale-les-miracles-eucharistiques-dans-le-monde-carlos-acutis\/\" \/>\n<meta property=\"og:site_name\" content=\"Archdiocese of Ottawa-Cornwall\" \/>\n<meta property=\"article:modified_time\" content=\"2026-03-17T16:52:54+00:00\" \/>\n<meta property=\"og:image\" content=\"https:\/\/ottawacornwall.ca\/wp-content\/uploads\/2026\/03\/Publicite-Carlo-Acutis-avril-2026-1-scaled.jpg\" \/>\n\t<meta property=\"og:image:width\" content=\"1978\" \/>\n\t<meta property=\"og:image:height\" content=\"2560\" \/>\n\t<meta property=\"og:image:type\" content=\"image\/jpeg\" \/>\n<meta name=\"twitter:card\" content=\"summary_large_image\" \/>\n<meta name=\"twitter:label1\" content=\"Dur\u00e9e de lecture estim\u00e9e\" \/>\n\t<meta name=\"twitter:data1\" content=\"1 minute\" \/>\n<script type=\"application\/ld+json\" class=\"yoast-schema-graph\">{\"@context\":\"https:\\\/\\\/schema.org\",\"@graph\":[{\"@type\":\"WebPage\",\"@id\":\"https:\\\/\\\/ottawacornwall.ca\\\/fr\\\/events\\\/exposition-internationale-les-miracles-eucharistiques-dans-le-monde-carlos-acutis\\\/\",\"url\":\"https:\\\/\\\/ottawacornwall.ca\\\/fr\\\/events\\\/exposition-internationale-les-miracles-eucharistiques-dans-le-monde-carlos-acutis\\\/\",\"name\":\"Exposition internationale : Les Miracles Eucharistiques dans le monde - Carlos Acutis - Archdiocese of Ottawa-Cornwall\",\"isPartOf\":{\"@id\":\"https:\\\/\\\/ottawacornwall.ca\\\/#website\"},\"primaryImageOfPage\":{\"@id\":\"https:\\\/\\\/ottawacornwall.ca\\\/fr\\\/events\\\/exposition-internationale-les-miracles-eucharistiques-dans-le-monde-carlos-acutis\\\/#primaryimage\"},\"image\":{\"@id\":\"https:\\\/\\\/ottawacornwall.ca\\\/fr\\\/events\\\/exposition-internationale-les-miracles-eucharistiques-dans-le-monde-carlos-acutis\\\/#primaryimage\"},\"thumbnailUrl\":\"https:\\\/\\\/ottawacornwall.ca\\\/wp-content\\\/uploads\\\/2026\\\/03\\\/Publicite-Carlo-Acutis-avril-2026-1-scaled.jpg\",\"datePublished\":\"2026-03-17T16:37:58+00:00\",\"dateModified\":\"2026-03-17T16:52:54+00:00\",\"breadcrumb\":{\"@id\":\"https:\\\/\\\/ottawacornwall.ca\\\/fr\\\/events\\\/exposition-internationale-les-miracles-eucharistiques-dans-le-monde-carlos-acutis\\\/#breadcrumb\"},\"inLanguage\":\"fr-FR\",\"potentialAction\":[{\"@type\":\"ReadAction\",\"target\":[\"https:\\\/\\\/ottawacornwall.ca\\\/fr\\\/events\\\/exposition-internationale-les-miracles-eucharistiques-dans-le-monde-carlos-acutis\\\/\"]}]},{\"@type\":\"ImageObject\",\"inLanguage\":\"fr-FR\",\"@id\":\"https:\\\/\\\/ottawacornwall.ca\\\/fr\\\/events\\\/exposition-internationale-les-miracles-eucharistiques-dans-le-monde-carlos-acutis\\\/#primaryimage\",\"url\":\"https:\\\/\\\/ottawacornwall.ca\\\/wp-content\\\/uploads\\\/2026\\\/03\\\/Publicite-Carlo-Acutis-avril-2026-1-scaled.jpg\",\"contentUrl\":\"https:\\\/\\\/ottawacornwall.ca\\\/wp-content\\\/uploads\\\/2026\\\/03\\\/Publicite-Carlo-Acutis-avril-2026-1-scaled.jpg\",\"width\":1978,\"height\":2560},{\"@type\":\"BreadcrumbList\",\"@id\":\"https:\\\/\\\/ottawacornwall.ca\\\/fr\\\/events\\\/exposition-internationale-les-miracles-eucharistiques-dans-le-monde-carlos-acutis\\\/#breadcrumb\",\"itemListElement\":[{\"@type\":\"ListItem\",\"position\":1,\"name\":\"Home\",\"item\":\"https:\\\/\\\/ottawacornwall.ca\\\/fr\\\/\"},{\"@type\":\"ListItem\",\"position\":2,\"name\":\"Events\",\"item\":\"https:\\\/\\\/ottawacornwall.ca\\\/events\\\/\"},{\"@type\":\"ListItem\",\"position\":3,\"name\":\"Exposition internationale : Les Miracles Eucharistiques dans le monde &#8211; Carlos Acutis\"}]},{\"@type\":\"WebSite\",\"@id\":\"https:\\\/\\\/ottawacornwall.ca\\\/#website\",\"url\":\"https:\\\/\\\/ottawacornwall.ca\\\/\",\"name\":\"Archdiocese of Ottawa-Cornwall\",\"description\":\"Welcome to the  Ottawa-Cornwall Archdiocese!\",\"publisher\":{\"@id\":\"https:\\\/\\\/ottawacornwall.ca\\\/#organization\"},\"potentialAction\":[{\"@type\":\"SearchAction\",\"target\":{\"@type\":\"EntryPoint\",\"urlTemplate\":\"https:\\\/\\\/ottawacornwall.ca\\\/?s={search_term_string}\"},\"query-input\":{\"@type\":\"PropertyValueSpecification\",\"valueRequired\":true,\"valueName\":\"search_term_string\"}}],\"inLanguage\":\"fr-FR\"},{\"@type\":\"Organization\",\"@id\":\"https:\\\/\\\/ottawacornwall.ca\\\/#organization\",\"name\":\"Archdiocese of Ottawa-Cornwall\",\"url\":\"https:\\\/\\\/ottawacornwall.ca\\\/\",\"logo\":{\"@type\":\"ImageObject\",\"inLanguage\":\"fr-FR\",\"@id\":\"https:\\\/\\\/ottawacornwall.ca\\\/#\\\/schema\\\/logo\\\/image\\\/\",\"url\":\"https:\\\/\\\/ottawacornwall.ca\\\/wp-content\\\/uploads\\\/2022\\\/11\\\/Archdiocese-Logo-Horizontal-Reverse-1.svg\",\"contentUrl\":\"https:\\\/\\\/ottawacornwall.ca\\\/wp-content\\\/uploads\\\/2022\\\/11\\\/Archdiocese-Logo-Horizontal-Reverse-1.svg\",\"caption\":\"Archdiocese of Ottawa-Cornwall\"},\"image\":{\"@id\":\"https:\\\/\\\/ottawacornwall.ca\\\/#\\\/schema\\\/logo\\\/image\\\/\"}}]}<\/script>\n<!-- \/ Yoast SEO plugin. -->","yoast_head_json":{"title":"Exposition internationale : Les Miracles Eucharistiques dans le monde - Carlos Acutis - Archdiocese of Ottawa-Cornwall","robots":{"index":"index","follow":"follow","max-snippet":"max-snippet:-1","max-image-preview":"max-image-preview:large","max-video-preview":"max-video-preview:-1"},"canonical":"https:\/\/ottawacornwall.ca\/fr\/events\/exposition-internationale-les-miracles-eucharistiques-dans-le-monde-carlos-acutis\/","og_locale":"fr_FR","og_type":"article","og_title":"Exposition internationale : Les Miracles Eucharistiques dans le monde - Carlos Acutis - Archdiocese of Ottawa-Cornwall","og_description":"EXPOSITION INTERNATIONALE : Les Miracles Eucharistiques dans le monde Les tableaux r\u00e9alis\u00e9s par le bienheureux Carlo Acutis sont pr\u00e9sent\u00e9s par Louise Normandeau. Venez d\u00e9couvrir le parcours d\u2019un jeune de 15 ans avant qu\u2019il ne devienne saint. Venez \u00e0 la rencontre de Carlo Acutis, en pr\u00e9sence de sa relique, \u00e0 Lieu : \u00c9glise St-Jacques d\u2019Embrun (1041, [&hellip;]","og_url":"https:\/\/ottawacornwall.ca\/fr\/events\/exposition-internationale-les-miracles-eucharistiques-dans-le-monde-carlos-acutis\/","og_site_name":"Archdiocese of Ottawa-Cornwall","article_modified_time":"2026-03-17T16:52:54+00:00","og_image":[{"width":1978,"height":2560,"url":"https:\/\/ottawacornwall.ca\/wp-content\/uploads\/2026\/03\/Publicite-Carlo-Acutis-avril-2026-1-scaled.jpg","type":"image\/jpeg"}],"twitter_card":"summary_large_image","twitter_misc":{"Dur\u00e9e de lecture estim\u00e9e":"1 minute"},"schema":{"@context":"https:\/\/schema.org","@graph":[{"@type":"WebPage","@id":"https:\/\/ottawacornwall.ca\/fr\/events\/exposition-internationale-les-miracles-eucharistiques-dans-le-monde-carlos-acutis\/","url":"https:\/\/ottawacornwall.ca\/fr\/events\/exposition-internationale-les-miracles-eucharistiques-dans-le-monde-carlos-acutis\/","name":"Exposition internationale : Les Miracles Eucharistiques dans le monde - Carlos Acutis - Archdiocese of Ottawa-Cornwall","isPartOf":{"@id":"https:\/\/ottawacornwall.ca\/#website"},"primaryImageOfPage":{"@id":"https:\/\/ottawacornwall.ca\/fr\/events\/exposition-internationale-les-miracles-eucharistiques-dans-le-monde-carlos-acutis\/#primaryimage"},"image":{"@id":"https:\/\/ottawacornwall.ca\/fr\/events\/exposition-internationale-les-miracles-eucharistiques-dans-le-monde-carlos-acutis\/#primaryimage"},"thumbnailUrl":"https:\/\/ottawacornwall.ca\/wp-content\/uploads\/2026\/03\/Publicite-Carlo-Acutis-avril-2026-1-scaled.jpg","datePublished":"2026-03-17T16:37:58+00:00","dateModified":"2026-03-17T16:52:54+00:00","breadcrumb":{"@id":"https:\/\/ottawacornwall.ca\/fr\/events\/exposition-internationale-les-miracles-eucharistiques-dans-le-monde-carlos-acutis\/#breadcrumb"},"inLanguage":"fr-FR","potentialAction":[{"@type":"ReadAction","target":["https:\/\/ottawacornwall.ca\/fr\/events\/exposition-internationale-les-miracles-eucharistiques-dans-le-monde-carlos-acutis\/"]}]},{"@type":"ImageObject","inLanguage":"fr-FR","@id":"https:\/\/ottawacornwall.ca\/fr\/events\/exposition-internationale-les-miracles-eucharistiques-dans-le-monde-carlos-acutis\/#primaryimage","url":"https:\/\/ottawacornwall.ca\/wp-content\/uploads\/2026\/03\/Publicite-Carlo-Acutis-avril-2026-1-scaled.jpg","contentUrl":"https:\/\/ottawacornwall.ca\/wp-content\/uploads\/2026\/03\/Publicite-Carlo-Acutis-avril-2026-1-scaled.jpg","width":1978,"height":2560},{"@type":"BreadcrumbList","@id":"https:\/\/ottawacornwall.ca\/fr\/events\/exposition-internationale-les-miracles-eucharistiques-dans-le-monde-carlos-acutis\/#breadcrumb","itemListElement":[{"@type":"ListItem","position":1,"name":"Home","item":"https:\/\/ottawacornwall.ca\/fr\/"},{"@type":"ListItem","position":2,"name":"Events","item":"https:\/\/ottawacornwall.ca\/events\/"},{"@type":"ListItem","position":3,"name":"Exposition internationale : Les Miracles Eucharistiques dans le monde &#8211; Carlos Acutis"}]},{"@type":"WebSite","@id":"https:\/\/ottawacornwall.ca\/#website","url":"https:\/\/ottawacornwall.ca\/","name":"Archdiocese of Ottawa-Cornwall","description":"Welcome to the  Ottawa-Cornwall Archdiocese!","publisher":{"@id":"https:\/\/ottawacornwall.ca\/#organization"},"potentialAction":[{"@type":"SearchAction","target":{"@type":"EntryPoint","urlTemplate":"https:\/\/ottawacornwall.ca\/?s={search_term_string}"},"query-input":{"@type":"PropertyValueSpecification","valueRequired":true,"valueName":"search_term_string"}}],"inLanguage":"fr-FR"},{"@type":"Organization","@id":"https:\/\/ottawacornwall.ca\/#organization","name":"Archdiocese of Ottawa-Cornwall","url":"https:\/\/ottawacornwall.ca\/","logo":{"@type":"ImageObject","inLanguage":"fr-FR","@id":"https:\/\/ottawacornwall.ca\/#\/schema\/logo\/image\/","url":"https:\/\/ottawacornwall.ca\/wp-content\/uploads\/2022\/11\/Archdiocese-Logo-Horizontal-Reverse-1.svg","contentUrl":"https:\/\/ottawacornwall.ca\/wp-content\/uploads\/2022\/11\/Archdiocese-Logo-Horizontal-Reverse-1.svg","caption":"Archdiocese of Ottawa-Cornwall"},"image":{"@id":"https:\/\/ottawacornwall.ca\/#\/schema\/logo\/image\/"}}]}},"_links":{"self":[{"href":"https:\/\/ottawacornwall.ca\/fr\/wp-json\/wp\/v2\/mec-events\/38295","targetHints":{"allow":["GET"]}}],"collection":[{"href":"https:\/\/ottawacornwall.ca\/fr\/wp-json\/wp\/v2\/mec-events"}],"about":[{"href":"https:\/\/ottawacornwall.ca\/fr\/wp-json\/wp\/v2\/types\/mec-events"}],"author":[{"embeddable":true,"href":"https:\/\/ottawacornwall.ca\/fr\/wp-json\/wp\/v2\/users\/11"}],"replies":[{"embeddable":true,"href":"https:\/\/ottawacornwall.ca\/fr\/wp-json\/wp\/v2\/comments?post=38295"}],"wp:featuredmedia":[{"embeddable":true,"href":"https:\/\/ottawacornwall.ca\/fr\/wp-json\/wp\/v2\/media\/38302"}],"wp:attachment":[{"href":"https:\/\/ottawacornwall.ca\/fr\/wp-json\/wp\/v2\/media?parent=38295"}],"wp:term":[{"taxonomy":"mec_category","embeddable":true,"href":"https:\/\/ottawacornwall.ca\/fr\/wp-json\/wp\/v2\/mec_category?post=38295"},{"taxonomy":"mec_tag","embeddable":true,"href":"https:\/\/ottawacornwall.ca\/fr\/wp-json\/wp\/v2\/mec_tag?post=38295"}],"curies":[{"name":"wp","href":"https:\/\/api.w.org\/{rel}","templated":true}]}}