{"id":38365,"date":"2026-03-24T12:00:18","date_gmt":"2026-03-24T16:00:18","guid":{"rendered":"https:\/\/ottawacornwall.ca\/?post_type=mec-events&#038;p=38365"},"modified":"2026-03-24T12:00:18","modified_gmt":"2026-03-24T16:00:18","slug":"en-avant-la-musique-concert-benefice-a-la-paroissse-st-francois-dassise","status":"publish","type":"mec-events","link":"https:\/\/ottawacornwall.ca\/fr\/events\/en-avant-la-musique-concert-benefice-a-la-paroissse-st-francois-dassise\/","title":{"rendered":"En avant la musique !Concert b\u00e9n\u00e9fice \u00e0 la paroissse St-Fran\u00e7ois d&rsquo;Assise"},"content":{"rendered":"<p>Concert b\u00e9n\u00e9fice pour la Fondation Jean-Claude Bergeron et la paroisse Saint-Fran\u00e7ois-d\u2019Assise pour appuyer les \u00e9l\u00e8ves talentueux du Centre d\u2019excellence artistique de l\u2019Ontario et la pr\u00e9servation de l\u2019\u00e9glise comme b\u00e2timent patrimonial. Mettant en vedette: le trompettiste Andr\u00e9 Massicotte, le pianiste Jean Desmarais, l\u2019organiste Gilles Leclerc et le saxophoniste Victor Herbiet avec l\u2019Ensemble vocal De La Salle.<\/p>\n","protected":false},"excerpt":{"rendered":"<p>Concert b\u00e9n\u00e9fice pour la Fondation Jean-Claude Bergeron et la paroisse Saint-Fran\u00e7ois-d\u2019Assise pour appuyer les \u00e9l\u00e8ves talentueux du Centre d\u2019excellence artistique de l\u2019Ontario et la pr\u00e9servation de l\u2019\u00e9glise comme b\u00e2timent patrimonial. Mettant en vedette: le trompettiste Andr\u00e9 Massicotte, le pianiste Jean Desmarais, l\u2019organiste Gilles Leclerc et le saxophoniste Victor Herbiet avec l\u2019Ensemble vocal De La Salle.<\/p>\n","protected":false},"author":1,"featured_media":38366,"comment_status":"closed","ping_status":"closed","template":"","mec_category":[426],"mec_tag":[],"class_list":["post-38365","mec-events","type-mec-events","status-publish","has-post-thumbnail","hentry","mec_category-all-areas-fr"],"acf":[],"yoast_head":"<!-- This site is optimized with the Yoast SEO plugin v27.4 - https:\/\/yoast.com\/product\/yoast-seo-wordpress\/ -->\n<title>En avant la musique !Concert b\u00e9n\u00e9fice \u00e0 la paroissse St-Fran\u00e7ois d&#039;Assise - Archdiocese of Ottawa-Cornwall<\/title>\n<meta name=\"robots\" content=\"index, follow, max-snippet:-1, max-image-preview:large, max-video-preview:-1\" \/>\n<link rel=\"canonical\" href=\"https:\/\/ottawacornwall.ca\/fr\/events\/en-avant-la-musique-concert-benefice-a-la-paroissse-st-francois-dassise\/\" \/>\n<meta property=\"og:locale\" content=\"fr_FR\" \/>\n<meta property=\"og:type\" content=\"article\" \/>\n<meta property=\"og:title\" content=\"En avant la musique !Concert b\u00e9n\u00e9fice \u00e0 la paroissse St-Fran\u00e7ois d&#039;Assise - Archdiocese of Ottawa-Cornwall\" \/>\n<meta property=\"og:description\" content=\"Concert b\u00e9n\u00e9fice pour la Fondation Jean-Claude Bergeron et la paroisse Saint-Fran\u00e7ois-d\u2019Assise pour appuyer les \u00e9l\u00e8ves talentueux du Centre d\u2019excellence artistique de l\u2019Ontario et la pr\u00e9servation de l\u2019\u00e9glise comme b\u00e2timent patrimonial. Mettant en vedette: le trompettiste Andr\u00e9 Massicotte, le pianiste Jean Desmarais, l\u2019organiste Gilles Leclerc et le saxophoniste Victor Herbiet avec l\u2019Ensemble vocal De La Salle.\" \/>\n<meta property=\"og:url\" content=\"https:\/\/ottawacornwall.ca\/fr\/events\/en-avant-la-musique-concert-benefice-a-la-paroissse-st-francois-dassise\/\" \/>\n<meta property=\"og:site_name\" content=\"Archdiocese of Ottawa-Cornwall\" \/>\n<meta property=\"og:image\" content=\"https:\/\/ottawacornwall.ca\/wp-content\/uploads\/2026\/03\/En-avant-la-musique.jpeg\" \/>\n\t<meta property=\"og:image:width\" content=\"1280\" \/>\n\t<meta property=\"og:image:height\" content=\"720\" \/>\n\t<meta property=\"og:image:type\" content=\"image\/jpeg\" \/>\n<meta name=\"twitter:card\" content=\"summary_large_image\" \/>\n<meta name=\"twitter:label1\" content=\"Dur\u00e9e de lecture estim\u00e9e\" \/>\n\t<meta name=\"twitter:data1\" content=\"1 minute\" \/>\n<script type=\"application\/ld+json\" class=\"yoast-schema-graph\">{\"@context\":\"https:\\\/\\\/schema.org\",\"@graph\":[{\"@type\":\"WebPage\",\"@id\":\"https:\\\/\\\/ottawacornwall.ca\\\/fr\\\/events\\\/en-avant-la-musique-concert-benefice-a-la-paroissse-st-francois-dassise\\\/\",\"url\":\"https:\\\/\\\/ottawacornwall.ca\\\/fr\\\/events\\\/en-avant-la-musique-concert-benefice-a-la-paroissse-st-francois-dassise\\\/\",\"name\":\"En avant la musique !Concert b\u00e9n\u00e9fice \u00e0 la paroissse St-Fran\u00e7ois d'Assise - Archdiocese of Ottawa-Cornwall\",\"isPartOf\":{\"@id\":\"https:\\\/\\\/ottawacornwall.ca\\\/#website\"},\"primaryImageOfPage\":{\"@id\":\"https:\\\/\\\/ottawacornwall.ca\\\/fr\\\/events\\\/en-avant-la-musique-concert-benefice-a-la-paroissse-st-francois-dassise\\\/#primaryimage\"},\"image\":{\"@id\":\"https:\\\/\\\/ottawacornwall.ca\\\/fr\\\/events\\\/en-avant-la-musique-concert-benefice-a-la-paroissse-st-francois-dassise\\\/#primaryimage\"},\"thumbnailUrl\":\"https:\\\/\\\/ottawacornwall.ca\\\/wp-content\\\/uploads\\\/2026\\\/03\\\/En-avant-la-musique.jpeg\",\"datePublished\":\"2026-03-24T16:00:18+00:00\",\"breadcrumb\":{\"@id\":\"https:\\\/\\\/ottawacornwall.ca\\\/fr\\\/events\\\/en-avant-la-musique-concert-benefice-a-la-paroissse-st-francois-dassise\\\/#breadcrumb\"},\"inLanguage\":\"fr-FR\",\"potentialAction\":[{\"@type\":\"ReadAction\",\"target\":[\"https:\\\/\\\/ottawacornwall.ca\\\/fr\\\/events\\\/en-avant-la-musique-concert-benefice-a-la-paroissse-st-francois-dassise\\\/\"]}]},{\"@type\":\"ImageObject\",\"inLanguage\":\"fr-FR\",\"@id\":\"https:\\\/\\\/ottawacornwall.ca\\\/fr\\\/events\\\/en-avant-la-musique-concert-benefice-a-la-paroissse-st-francois-dassise\\\/#primaryimage\",\"url\":\"https:\\\/\\\/ottawacornwall.ca\\\/wp-content\\\/uploads\\\/2026\\\/03\\\/En-avant-la-musique.jpeg\",\"contentUrl\":\"https:\\\/\\\/ottawacornwall.ca\\\/wp-content\\\/uploads\\\/2026\\\/03\\\/En-avant-la-musique.jpeg\",\"width\":1280,\"height\":720},{\"@type\":\"BreadcrumbList\",\"@id\":\"https:\\\/\\\/ottawacornwall.ca\\\/fr\\\/events\\\/en-avant-la-musique-concert-benefice-a-la-paroissse-st-francois-dassise\\\/#breadcrumb\",\"itemListElement\":[{\"@type\":\"ListItem\",\"position\":1,\"name\":\"Home\",\"item\":\"https:\\\/\\\/ottawacornwall.ca\\\/fr\\\/\"},{\"@type\":\"ListItem\",\"position\":2,\"name\":\"Events\",\"item\":\"https:\\\/\\\/ottawacornwall.ca\\\/events\\\/\"},{\"@type\":\"ListItem\",\"position\":3,\"name\":\"En avant la musique !Concert b\u00e9n\u00e9fice \u00e0 la paroissse St-Fran\u00e7ois d&rsquo;Assise\"}]},{\"@type\":\"WebSite\",\"@id\":\"https:\\\/\\\/ottawacornwall.ca\\\/#website\",\"url\":\"https:\\\/\\\/ottawacornwall.ca\\\/\",\"name\":\"Archdiocese of Ottawa-Cornwall\",\"description\":\"Welcome to the  Ottawa-Cornwall Archdiocese!\",\"publisher\":{\"@id\":\"https:\\\/\\\/ottawacornwall.ca\\\/#organization\"},\"potentialAction\":[{\"@type\":\"SearchAction\",\"target\":{\"@type\":\"EntryPoint\",\"urlTemplate\":\"https:\\\/\\\/ottawacornwall.ca\\\/?s={search_term_string}\"},\"query-input\":{\"@type\":\"PropertyValueSpecification\",\"valueRequired\":true,\"valueName\":\"search_term_string\"}}],\"inLanguage\":\"fr-FR\"},{\"@type\":\"Organization\",\"@id\":\"https:\\\/\\\/ottawacornwall.ca\\\/#organization\",\"name\":\"Archdiocese of Ottawa-Cornwall\",\"url\":\"https:\\\/\\\/ottawacornwall.ca\\\/\",\"logo\":{\"@type\":\"ImageObject\",\"inLanguage\":\"fr-FR\",\"@id\":\"https:\\\/\\\/ottawacornwall.ca\\\/#\\\/schema\\\/logo\\\/image\\\/\",\"url\":\"https:\\\/\\\/ottawacornwall.ca\\\/wp-content\\\/uploads\\\/2022\\\/11\\\/Archdiocese-Logo-Horizontal-Reverse-1.svg\",\"contentUrl\":\"https:\\\/\\\/ottawacornwall.ca\\\/wp-content\\\/uploads\\\/2022\\\/11\\\/Archdiocese-Logo-Horizontal-Reverse-1.svg\",\"caption\":\"Archdiocese of Ottawa-Cornwall\"},\"image\":{\"@id\":\"https:\\\/\\\/ottawacornwall.ca\\\/#\\\/schema\\\/logo\\\/image\\\/\"}}]}<\/script>\n<!-- \/ Yoast SEO plugin. -->","yoast_head_json":{"title":"En avant la musique !Concert b\u00e9n\u00e9fice \u00e0 la paroissse St-Fran\u00e7ois d'Assise - Archdiocese of Ottawa-Cornwall","robots":{"index":"index","follow":"follow","max-snippet":"max-snippet:-1","max-image-preview":"max-image-preview:large","max-video-preview":"max-video-preview:-1"},"canonical":"https:\/\/ottawacornwall.ca\/fr\/events\/en-avant-la-musique-concert-benefice-a-la-paroissse-st-francois-dassise\/","og_locale":"fr_FR","og_type":"article","og_title":"En avant la musique !Concert b\u00e9n\u00e9fice \u00e0 la paroissse St-Fran\u00e7ois d'Assise - Archdiocese of Ottawa-Cornwall","og_description":"Concert b\u00e9n\u00e9fice pour la Fondation Jean-Claude Bergeron et la paroisse Saint-Fran\u00e7ois-d\u2019Assise pour appuyer les \u00e9l\u00e8ves talentueux du Centre d\u2019excellence artistique de l\u2019Ontario et la pr\u00e9servation de l\u2019\u00e9glise comme b\u00e2timent patrimonial. Mettant en vedette: le trompettiste Andr\u00e9 Massicotte, le pianiste Jean Desmarais, l\u2019organiste Gilles Leclerc et le saxophoniste Victor Herbiet avec l\u2019Ensemble vocal De La Salle.","og_url":"https:\/\/ottawacornwall.ca\/fr\/events\/en-avant-la-musique-concert-benefice-a-la-paroissse-st-francois-dassise\/","og_site_name":"Archdiocese of Ottawa-Cornwall","og_image":[{"width":1280,"height":720,"url":"https:\/\/ottawacornwall.ca\/wp-content\/uploads\/2026\/03\/En-avant-la-musique.jpeg","type":"image\/jpeg"}],"twitter_card":"summary_large_image","twitter_misc":{"Dur\u00e9e de lecture estim\u00e9e":"1 minute"},"schema":{"@context":"https:\/\/schema.org","@graph":[{"@type":"WebPage","@id":"https:\/\/ottawacornwall.ca\/fr\/events\/en-avant-la-musique-concert-benefice-a-la-paroissse-st-francois-dassise\/","url":"https:\/\/ottawacornwall.ca\/fr\/events\/en-avant-la-musique-concert-benefice-a-la-paroissse-st-francois-dassise\/","name":"En avant la musique !Concert b\u00e9n\u00e9fice \u00e0 la paroissse St-Fran\u00e7ois d'Assise - Archdiocese of Ottawa-Cornwall","isPartOf":{"@id":"https:\/\/ottawacornwall.ca\/#website"},"primaryImageOfPage":{"@id":"https:\/\/ottawacornwall.ca\/fr\/events\/en-avant-la-musique-concert-benefice-a-la-paroissse-st-francois-dassise\/#primaryimage"},"image":{"@id":"https:\/\/ottawacornwall.ca\/fr\/events\/en-avant-la-musique-concert-benefice-a-la-paroissse-st-francois-dassise\/#primaryimage"},"thumbnailUrl":"https:\/\/ottawacornwall.ca\/wp-content\/uploads\/2026\/03\/En-avant-la-musique.jpeg","datePublished":"2026-03-24T16:00:18+00:00","breadcrumb":{"@id":"https:\/\/ottawacornwall.ca\/fr\/events\/en-avant-la-musique-concert-benefice-a-la-paroissse-st-francois-dassise\/#breadcrumb"},"inLanguage":"fr-FR","potentialAction":[{"@type":"ReadAction","target":["https:\/\/ottawacornwall.ca\/fr\/events\/en-avant-la-musique-concert-benefice-a-la-paroissse-st-francois-dassise\/"]}]},{"@type":"ImageObject","inLanguage":"fr-FR","@id":"https:\/\/ottawacornwall.ca\/fr\/events\/en-avant-la-musique-concert-benefice-a-la-paroissse-st-francois-dassise\/#primaryimage","url":"https:\/\/ottawacornwall.ca\/wp-content\/uploads\/2026\/03\/En-avant-la-musique.jpeg","contentUrl":"https:\/\/ottawacornwall.ca\/wp-content\/uploads\/2026\/03\/En-avant-la-musique.jpeg","width":1280,"height":720},{"@type":"BreadcrumbList","@id":"https:\/\/ottawacornwall.ca\/fr\/events\/en-avant-la-musique-concert-benefice-a-la-paroissse-st-francois-dassise\/#breadcrumb","itemListElement":[{"@type":"ListItem","position":1,"name":"Home","item":"https:\/\/ottawacornwall.ca\/fr\/"},{"@type":"ListItem","position":2,"name":"Events","item":"https:\/\/ottawacornwall.ca\/events\/"},{"@type":"ListItem","position":3,"name":"En avant la musique !Concert b\u00e9n\u00e9fice \u00e0 la paroissse St-Fran\u00e7ois d&rsquo;Assise"}]},{"@type":"WebSite","@id":"https:\/\/ottawacornwall.ca\/#website","url":"https:\/\/ottawacornwall.ca\/","name":"Archdiocese of Ottawa-Cornwall","description":"Welcome to the  Ottawa-Cornwall Archdiocese!","publisher":{"@id":"https:\/\/ottawacornwall.ca\/#organization"},"potentialAction":[{"@type":"SearchAction","target":{"@type":"EntryPoint","urlTemplate":"https:\/\/ottawacornwall.ca\/?s={search_term_string}"},"query-input":{"@type":"PropertyValueSpecification","valueRequired":true,"valueName":"search_term_string"}}],"inLanguage":"fr-FR"},{"@type":"Organization","@id":"https:\/\/ottawacornwall.ca\/#organization","name":"Archdiocese of Ottawa-Cornwall","url":"https:\/\/ottawacornwall.ca\/","logo":{"@type":"ImageObject","inLanguage":"fr-FR","@id":"https:\/\/ottawacornwall.ca\/#\/schema\/logo\/image\/","url":"https:\/\/ottawacornwall.ca\/wp-content\/uploads\/2022\/11\/Archdiocese-Logo-Horizontal-Reverse-1.svg","contentUrl":"https:\/\/ottawacornwall.ca\/wp-content\/uploads\/2022\/11\/Archdiocese-Logo-Horizontal-Reverse-1.svg","caption":"Archdiocese of Ottawa-Cornwall"},"image":{"@id":"https:\/\/ottawacornwall.ca\/#\/schema\/logo\/image\/"}}]}},"_links":{"self":[{"href":"https:\/\/ottawacornwall.ca\/fr\/wp-json\/wp\/v2\/mec-events\/38365","targetHints":{"allow":["GET"]}}],"collection":[{"href":"https:\/\/ottawacornwall.ca\/fr\/wp-json\/wp\/v2\/mec-events"}],"about":[{"href":"https:\/\/ottawacornwall.ca\/fr\/wp-json\/wp\/v2\/types\/mec-events"}],"author":[{"embeddable":true,"href":"https:\/\/ottawacornwall.ca\/fr\/wp-json\/wp\/v2\/users\/1"}],"replies":[{"embeddable":true,"href":"https:\/\/ottawacornwall.ca\/fr\/wp-json\/wp\/v2\/comments?post=38365"}],"wp:featuredmedia":[{"embeddable":true,"href":"https:\/\/ottawacornwall.ca\/fr\/wp-json\/wp\/v2\/media\/38366"}],"wp:attachment":[{"href":"https:\/\/ottawacornwall.ca\/fr\/wp-json\/wp\/v2\/media?parent=38365"}],"wp:term":[{"taxonomy":"mec_category","embeddable":true,"href":"https:\/\/ottawacornwall.ca\/fr\/wp-json\/wp\/v2\/mec_category?post=38365"},{"taxonomy":"mec_tag","embeddable":true,"href":"https:\/\/ottawacornwall.ca\/fr\/wp-json\/wp\/v2\/mec_tag?post=38365"}],"curies":[{"name":"wp","href":"https:\/\/api.w.org\/{rel}","templated":true}]}}