{"id":38984,"date":"2026-04-23T14:00:34","date_gmt":"2026-04-23T18:00:34","guid":{"rendered":"https:\/\/ottawacornwall.ca\/?post_type=mec-events&#038;p=38984"},"modified":"2026-04-23T14:00:34","modified_gmt":"2026-04-23T18:00:34","slug":"seminaire-de-croissance-vivre-dans-la-maturite-spirituelle-3","status":"publish","type":"mec-events","link":"https:\/\/ottawacornwall.ca\/fr\/events\/seminaire-de-croissance-vivre-dans-la-maturite-spirituelle-3\/","title":{"rendered":"S\u00e9minaire de Croissance : \u00ab\u00a0Vivre dans la maturit\u00e9 spirituelle\u00a0\u00bb"},"content":{"rendered":"<p>Le <strong>Comit\u00e9 Dioc\u00e9sain du Renouveau Charismatique Francophone d&rsquo;Ottawa-Cornwall<\/strong> vous convie \u00e0 un grand parcours de ressourcement. Venez vivre une exp\u00e9rience transformatrice pour approfondir votre foi et rayonner de la joie de l&rsquo;Esprit.<\/p>\n<p><strong>Calendrier des rencontres<\/strong><\/p>\n<ul>\n<li><strong>Sessions th\u00e9matiques (les vendredis \u00e0 18h00) :<\/strong><\/li>\n<li>17 et 24 avril<\/li>\n<li>1er, 8 et 15 mai<\/li>\n<li><strong>Grand Triduum de la Pentec\u00f4te :<\/strong><\/li>\n<li><strong>Jeudi 21 et vendredi 22 mai :<\/strong> \u00e0 partir de 18h00<\/li>\n<li><strong>Samedi 23 mai :<\/strong> \u00e0 partir de 19h00<\/li>\n<\/ul>\n<p><strong>Lieu\u00a0: <\/strong>Paroisse Notre-Dame de Lourdes 435, Ch. Montreal, Ottawa<\/p>\n<p><strong>Renseignements\u00a0:<\/strong><\/p>\n<p><strong>Idriss Tony Ntivyihabwa<\/strong><\/p>\n<p>\ud83d\udcde <strong>T\u00e9l\u00e9phone :<\/strong> 613 854 0785 \ud83d\udce7 <strong>Courriel :<\/strong> <a href=\"mailto:tonyidriss7@gmail.com\">tonyidriss7@gmail.com<\/a> | <a href=\"mailto:ntidriss@yahoo.fr\">ntidriss@yahoo.fr<\/a><\/p>\n","protected":false},"excerpt":{"rendered":"<p>Le Comit\u00e9 Dioc\u00e9sain du Renouveau Charismatique Francophone d&rsquo;Ottawa-Cornwall vous convie \u00e0 un grand parcours de ressourcement. Venez vivre une exp\u00e9rience transformatrice pour approfondir votre foi et rayonner de la joie de l&rsquo;Esprit. Calendrier des rencontres Sessions th\u00e9matiques (les vendredis \u00e0 18h00) : 17 et 24 avril 1er, 8 et 15 mai Grand Triduum de la [&hellip;]<\/p>\n","protected":false},"author":11,"featured_media":38981,"comment_status":"closed","ping_status":"closed","template":"","mec_category":[],"mec_tag":[],"class_list":["post-38984","mec-events","type-mec-events","status-publish","has-post-thumbnail","hentry"],"acf":[],"yoast_head":"<!-- This site is optimized with the Yoast SEO plugin v27.4 - https:\/\/yoast.com\/product\/yoast-seo-wordpress\/ -->\n<title>S\u00e9minaire de Croissance : &quot;Vivre dans la maturit\u00e9 spirituelle&quot; - Archdiocese of Ottawa-Cornwall<\/title>\n<meta name=\"robots\" content=\"index, follow, max-snippet:-1, max-image-preview:large, max-video-preview:-1\" \/>\n<link rel=\"canonical\" href=\"https:\/\/ottawacornwall.ca\/fr\/events\/seminaire-de-croissance-vivre-dans-la-maturite-spirituelle-3\/\" \/>\n<meta property=\"og:locale\" content=\"fr_FR\" \/>\n<meta property=\"og:type\" content=\"article\" \/>\n<meta property=\"og:title\" content=\"S\u00e9minaire de Croissance : &quot;Vivre dans la maturit\u00e9 spirituelle&quot; - Archdiocese of Ottawa-Cornwall\" \/>\n<meta property=\"og:description\" content=\"Le Comit\u00e9 Dioc\u00e9sain du Renouveau Charismatique Francophone d&rsquo;Ottawa-Cornwall vous convie \u00e0 un grand parcours de ressourcement. Venez vivre une exp\u00e9rience transformatrice pour approfondir votre foi et rayonner de la joie de l&rsquo;Esprit. Calendrier des rencontres Sessions th\u00e9matiques (les vendredis \u00e0 18h00) : 17 et 24 avril 1er, 8 et 15 mai Grand Triduum de la [&hellip;]\" \/>\n<meta property=\"og:url\" content=\"https:\/\/ottawacornwall.ca\/fr\/events\/seminaire-de-croissance-vivre-dans-la-maturite-spirituelle-3\/\" \/>\n<meta property=\"og:site_name\" content=\"Archdiocese of Ottawa-Cornwall\" \/>\n<meta property=\"og:image\" content=\"https:\/\/ottawacornwall.ca\/wp-content\/uploads\/2026\/04\/Annonce-renouveau-charismatique-scaled.jpg\" \/>\n\t<meta property=\"og:image:width\" content=\"1656\" \/>\n\t<meta property=\"og:image:height\" content=\"2560\" \/>\n\t<meta property=\"og:image:type\" content=\"image\/jpeg\" \/>\n<meta name=\"twitter:card\" content=\"summary_large_image\" \/>\n<meta name=\"twitter:label1\" content=\"Dur\u00e9e de lecture estim\u00e9e\" \/>\n\t<meta name=\"twitter:data1\" content=\"1 minute\" \/>\n<script type=\"application\/ld+json\" class=\"yoast-schema-graph\">{\"@context\":\"https:\\\/\\\/schema.org\",\"@graph\":[{\"@type\":\"WebPage\",\"@id\":\"https:\\\/\\\/ottawacornwall.ca\\\/fr\\\/events\\\/seminaire-de-croissance-vivre-dans-la-maturite-spirituelle-3\\\/\",\"url\":\"https:\\\/\\\/ottawacornwall.ca\\\/fr\\\/events\\\/seminaire-de-croissance-vivre-dans-la-maturite-spirituelle-3\\\/\",\"name\":\"S\u00e9minaire de Croissance : \\\"Vivre dans la maturit\u00e9 spirituelle\\\" - Archdiocese of Ottawa-Cornwall\",\"isPartOf\":{\"@id\":\"https:\\\/\\\/ottawacornwall.ca\\\/#website\"},\"primaryImageOfPage\":{\"@id\":\"https:\\\/\\\/ottawacornwall.ca\\\/fr\\\/events\\\/seminaire-de-croissance-vivre-dans-la-maturite-spirituelle-3\\\/#primaryimage\"},\"image\":{\"@id\":\"https:\\\/\\\/ottawacornwall.ca\\\/fr\\\/events\\\/seminaire-de-croissance-vivre-dans-la-maturite-spirituelle-3\\\/#primaryimage\"},\"thumbnailUrl\":\"https:\\\/\\\/ottawacornwall.ca\\\/wp-content\\\/uploads\\\/2026\\\/04\\\/Annonce-renouveau-charismatique-scaled.jpg\",\"datePublished\":\"2026-04-23T18:00:34+00:00\",\"breadcrumb\":{\"@id\":\"https:\\\/\\\/ottawacornwall.ca\\\/fr\\\/events\\\/seminaire-de-croissance-vivre-dans-la-maturite-spirituelle-3\\\/#breadcrumb\"},\"inLanguage\":\"fr-FR\",\"potentialAction\":[{\"@type\":\"ReadAction\",\"target\":[\"https:\\\/\\\/ottawacornwall.ca\\\/fr\\\/events\\\/seminaire-de-croissance-vivre-dans-la-maturite-spirituelle-3\\\/\"]}]},{\"@type\":\"ImageObject\",\"inLanguage\":\"fr-FR\",\"@id\":\"https:\\\/\\\/ottawacornwall.ca\\\/fr\\\/events\\\/seminaire-de-croissance-vivre-dans-la-maturite-spirituelle-3\\\/#primaryimage\",\"url\":\"https:\\\/\\\/ottawacornwall.ca\\\/wp-content\\\/uploads\\\/2026\\\/04\\\/Annonce-renouveau-charismatique-scaled.jpg\",\"contentUrl\":\"https:\\\/\\\/ottawacornwall.ca\\\/wp-content\\\/uploads\\\/2026\\\/04\\\/Annonce-renouveau-charismatique-scaled.jpg\",\"width\":1656,\"height\":2560},{\"@type\":\"BreadcrumbList\",\"@id\":\"https:\\\/\\\/ottawacornwall.ca\\\/fr\\\/events\\\/seminaire-de-croissance-vivre-dans-la-maturite-spirituelle-3\\\/#breadcrumb\",\"itemListElement\":[{\"@type\":\"ListItem\",\"position\":1,\"name\":\"Home\",\"item\":\"https:\\\/\\\/ottawacornwall.ca\\\/fr\\\/\"},{\"@type\":\"ListItem\",\"position\":2,\"name\":\"Events\",\"item\":\"https:\\\/\\\/ottawacornwall.ca\\\/events\\\/\"},{\"@type\":\"ListItem\",\"position\":3,\"name\":\"S\u00e9minaire de Croissance : \u00ab\u00a0Vivre dans la maturit\u00e9 spirituelle\u00a0\u00bb\"}]},{\"@type\":\"WebSite\",\"@id\":\"https:\\\/\\\/ottawacornwall.ca\\\/#website\",\"url\":\"https:\\\/\\\/ottawacornwall.ca\\\/\",\"name\":\"Archdiocese of Ottawa-Cornwall\",\"description\":\"Welcome to the  Ottawa-Cornwall Archdiocese!\",\"publisher\":{\"@id\":\"https:\\\/\\\/ottawacornwall.ca\\\/#organization\"},\"potentialAction\":[{\"@type\":\"SearchAction\",\"target\":{\"@type\":\"EntryPoint\",\"urlTemplate\":\"https:\\\/\\\/ottawacornwall.ca\\\/?s={search_term_string}\"},\"query-input\":{\"@type\":\"PropertyValueSpecification\",\"valueRequired\":true,\"valueName\":\"search_term_string\"}}],\"inLanguage\":\"fr-FR\"},{\"@type\":\"Organization\",\"@id\":\"https:\\\/\\\/ottawacornwall.ca\\\/#organization\",\"name\":\"Archdiocese of Ottawa-Cornwall\",\"url\":\"https:\\\/\\\/ottawacornwall.ca\\\/\",\"logo\":{\"@type\":\"ImageObject\",\"inLanguage\":\"fr-FR\",\"@id\":\"https:\\\/\\\/ottawacornwall.ca\\\/#\\\/schema\\\/logo\\\/image\\\/\",\"url\":\"https:\\\/\\\/ottawacornwall.ca\\\/wp-content\\\/uploads\\\/2022\\\/11\\\/Archdiocese-Logo-Horizontal-Reverse-1.svg\",\"contentUrl\":\"https:\\\/\\\/ottawacornwall.ca\\\/wp-content\\\/uploads\\\/2022\\\/11\\\/Archdiocese-Logo-Horizontal-Reverse-1.svg\",\"caption\":\"Archdiocese of Ottawa-Cornwall\"},\"image\":{\"@id\":\"https:\\\/\\\/ottawacornwall.ca\\\/#\\\/schema\\\/logo\\\/image\\\/\"}}]}<\/script>\n<!-- \/ Yoast SEO plugin. -->","yoast_head_json":{"title":"S\u00e9minaire de Croissance : \"Vivre dans la maturit\u00e9 spirituelle\" - Archdiocese of Ottawa-Cornwall","robots":{"index":"index","follow":"follow","max-snippet":"max-snippet:-1","max-image-preview":"max-image-preview:large","max-video-preview":"max-video-preview:-1"},"canonical":"https:\/\/ottawacornwall.ca\/fr\/events\/seminaire-de-croissance-vivre-dans-la-maturite-spirituelle-3\/","og_locale":"fr_FR","og_type":"article","og_title":"S\u00e9minaire de Croissance : \"Vivre dans la maturit\u00e9 spirituelle\" - Archdiocese of Ottawa-Cornwall","og_description":"Le Comit\u00e9 Dioc\u00e9sain du Renouveau Charismatique Francophone d&rsquo;Ottawa-Cornwall vous convie \u00e0 un grand parcours de ressourcement. Venez vivre une exp\u00e9rience transformatrice pour approfondir votre foi et rayonner de la joie de l&rsquo;Esprit. Calendrier des rencontres Sessions th\u00e9matiques (les vendredis \u00e0 18h00) : 17 et 24 avril 1er, 8 et 15 mai Grand Triduum de la [&hellip;]","og_url":"https:\/\/ottawacornwall.ca\/fr\/events\/seminaire-de-croissance-vivre-dans-la-maturite-spirituelle-3\/","og_site_name":"Archdiocese of Ottawa-Cornwall","og_image":[{"width":1656,"height":2560,"url":"https:\/\/ottawacornwall.ca\/wp-content\/uploads\/2026\/04\/Annonce-renouveau-charismatique-scaled.jpg","type":"image\/jpeg"}],"twitter_card":"summary_large_image","twitter_misc":{"Dur\u00e9e de lecture estim\u00e9e":"1 minute"},"schema":{"@context":"https:\/\/schema.org","@graph":[{"@type":"WebPage","@id":"https:\/\/ottawacornwall.ca\/fr\/events\/seminaire-de-croissance-vivre-dans-la-maturite-spirituelle-3\/","url":"https:\/\/ottawacornwall.ca\/fr\/events\/seminaire-de-croissance-vivre-dans-la-maturite-spirituelle-3\/","name":"S\u00e9minaire de Croissance : \"Vivre dans la maturit\u00e9 spirituelle\" - Archdiocese of Ottawa-Cornwall","isPartOf":{"@id":"https:\/\/ottawacornwall.ca\/#website"},"primaryImageOfPage":{"@id":"https:\/\/ottawacornwall.ca\/fr\/events\/seminaire-de-croissance-vivre-dans-la-maturite-spirituelle-3\/#primaryimage"},"image":{"@id":"https:\/\/ottawacornwall.ca\/fr\/events\/seminaire-de-croissance-vivre-dans-la-maturite-spirituelle-3\/#primaryimage"},"thumbnailUrl":"https:\/\/ottawacornwall.ca\/wp-content\/uploads\/2026\/04\/Annonce-renouveau-charismatique-scaled.jpg","datePublished":"2026-04-23T18:00:34+00:00","breadcrumb":{"@id":"https:\/\/ottawacornwall.ca\/fr\/events\/seminaire-de-croissance-vivre-dans-la-maturite-spirituelle-3\/#breadcrumb"},"inLanguage":"fr-FR","potentialAction":[{"@type":"ReadAction","target":["https:\/\/ottawacornwall.ca\/fr\/events\/seminaire-de-croissance-vivre-dans-la-maturite-spirituelle-3\/"]}]},{"@type":"ImageObject","inLanguage":"fr-FR","@id":"https:\/\/ottawacornwall.ca\/fr\/events\/seminaire-de-croissance-vivre-dans-la-maturite-spirituelle-3\/#primaryimage","url":"https:\/\/ottawacornwall.ca\/wp-content\/uploads\/2026\/04\/Annonce-renouveau-charismatique-scaled.jpg","contentUrl":"https:\/\/ottawacornwall.ca\/wp-content\/uploads\/2026\/04\/Annonce-renouveau-charismatique-scaled.jpg","width":1656,"height":2560},{"@type":"BreadcrumbList","@id":"https:\/\/ottawacornwall.ca\/fr\/events\/seminaire-de-croissance-vivre-dans-la-maturite-spirituelle-3\/#breadcrumb","itemListElement":[{"@type":"ListItem","position":1,"name":"Home","item":"https:\/\/ottawacornwall.ca\/fr\/"},{"@type":"ListItem","position":2,"name":"Events","item":"https:\/\/ottawacornwall.ca\/events\/"},{"@type":"ListItem","position":3,"name":"S\u00e9minaire de Croissance : \u00ab\u00a0Vivre dans la maturit\u00e9 spirituelle\u00a0\u00bb"}]},{"@type":"WebSite","@id":"https:\/\/ottawacornwall.ca\/#website","url":"https:\/\/ottawacornwall.ca\/","name":"Archdiocese of Ottawa-Cornwall","description":"Welcome to the  Ottawa-Cornwall Archdiocese!","publisher":{"@id":"https:\/\/ottawacornwall.ca\/#organization"},"potentialAction":[{"@type":"SearchAction","target":{"@type":"EntryPoint","urlTemplate":"https:\/\/ottawacornwall.ca\/?s={search_term_string}"},"query-input":{"@type":"PropertyValueSpecification","valueRequired":true,"valueName":"search_term_string"}}],"inLanguage":"fr-FR"},{"@type":"Organization","@id":"https:\/\/ottawacornwall.ca\/#organization","name":"Archdiocese of Ottawa-Cornwall","url":"https:\/\/ottawacornwall.ca\/","logo":{"@type":"ImageObject","inLanguage":"fr-FR","@id":"https:\/\/ottawacornwall.ca\/#\/schema\/logo\/image\/","url":"https:\/\/ottawacornwall.ca\/wp-content\/uploads\/2022\/11\/Archdiocese-Logo-Horizontal-Reverse-1.svg","contentUrl":"https:\/\/ottawacornwall.ca\/wp-content\/uploads\/2022\/11\/Archdiocese-Logo-Horizontal-Reverse-1.svg","caption":"Archdiocese of Ottawa-Cornwall"},"image":{"@id":"https:\/\/ottawacornwall.ca\/#\/schema\/logo\/image\/"}}]}},"_links":{"self":[{"href":"https:\/\/ottawacornwall.ca\/fr\/wp-json\/wp\/v2\/mec-events\/38984","targetHints":{"allow":["GET"]}}],"collection":[{"href":"https:\/\/ottawacornwall.ca\/fr\/wp-json\/wp\/v2\/mec-events"}],"about":[{"href":"https:\/\/ottawacornwall.ca\/fr\/wp-json\/wp\/v2\/types\/mec-events"}],"author":[{"embeddable":true,"href":"https:\/\/ottawacornwall.ca\/fr\/wp-json\/wp\/v2\/users\/11"}],"replies":[{"embeddable":true,"href":"https:\/\/ottawacornwall.ca\/fr\/wp-json\/wp\/v2\/comments?post=38984"}],"wp:featuredmedia":[{"embeddable":true,"href":"https:\/\/ottawacornwall.ca\/fr\/wp-json\/wp\/v2\/media\/38981"}],"wp:attachment":[{"href":"https:\/\/ottawacornwall.ca\/fr\/wp-json\/wp\/v2\/media?parent=38984"}],"wp:term":[{"taxonomy":"mec_category","embeddable":true,"href":"https:\/\/ottawacornwall.ca\/fr\/wp-json\/wp\/v2\/mec_category?post=38984"},{"taxonomy":"mec_tag","embeddable":true,"href":"https:\/\/ottawacornwall.ca\/fr\/wp-json\/wp\/v2\/mec_tag?post=38984"}],"curies":[{"name":"wp","href":"https:\/\/api.w.org\/{rel}","templated":true}]}}