{"id":35482,"date":"2025-12-17T15:18:14","date_gmt":"2025-12-17T20:18:14","guid":{"rendered":"https:\/\/ottawacornwall.ca\/fr\/?attachment_id=35482"},"modified":"2025-12-17T15:18:14","modified_gmt":"2025-12-17T20:18:14","slug":"whatsapp-image-2025-12-16-at-21-45-04-jpeg-2","status":"inherit","type":"attachment","link":"https:\/\/ottawacornwall.ca\/fr\/events\/veillee-de-priere-du-passage-de-lannee-2025-a-2026\/whatsapp-image-2025-12-16-at-21-45-04-jpeg-2\/","title":{"rendered":"WhatsApp-Image-2025-12-16-at-21.45.04.jpeg"},"author":0,"featured_media":0,"comment_status":"","ping_status":"closed","template":"","meta":{"_acf_changed":false},"class_list":["post-35482","attachment","type-attachment","status-inherit","hentry"],"acf":[],"yoast_head":"<!-- This site is optimized with the Yoast SEO plugin v27.4 - https:\/\/yoast.com\/product\/yoast-seo-wordpress\/ -->\n<title>WhatsApp-Image-2025-12-16-at-21.45.04.jpeg - Archdiocese of Ottawa-Cornwall<\/title>\n<meta name=\"robots\" content=\"index, follow, max-snippet:-1, max-image-preview:large, max-video-preview:-1\" \/>\n<link rel=\"canonical\" href=\"https:\/\/ottawacornwall.ca\/wp-content\/uploads\/2025\/12\/WhatsApp-Image-2025-12-16-at-21.45.04.jpeg\" \/>\n<meta property=\"og:locale\" content=\"fr_FR\" \/>\n<meta property=\"og:type\" content=\"article\" \/>\n<meta property=\"og:title\" content=\"WhatsApp-Image-2025-12-16-at-21.45.04.jpeg - Archdiocese of Ottawa-Cornwall\" \/>\n<meta property=\"og:url\" content=\"https:\/\/ottawacornwall.ca\/wp-content\/uploads\/2025\/12\/WhatsApp-Image-2025-12-16-at-21.45.04.jpeg\" \/>\n<meta property=\"og:site_name\" content=\"Archdiocese of Ottawa-Cornwall\" \/>\n<meta property=\"og:image\" content=\"https:\/\/ottawacornwall.ca\/wp-content\/uploads\/2025\/12\/WhatsApp-Image-2025-12-16-at-21.45.04.jpeg\" \/>\n\t<meta property=\"og:image:width\" content=\"1\" \/>\n\t<meta property=\"og:image:height\" content=\"1\" \/>\n\t<meta property=\"og:image:type\" content=\"image\/jpeg\" \/>\n<meta name=\"twitter:card\" content=\"summary_large_image\" \/>\n<script type=\"application\/ld+json\" class=\"yoast-schema-graph\">{\"@context\":\"https:\\\/\\\/schema.org\",\"@graph\":[{\"@type\":\"WebPage\",\"@id\":\"https:\\\/\\\/ottawacornwall.ca\\\/wp-content\\\/uploads\\\/2025\\\/12\\\/WhatsApp-Image-2025-12-16-at-21.45.04.jpeg\",\"url\":\"https:\\\/\\\/ottawacornwall.ca\\\/wp-content\\\/uploads\\\/2025\\\/12\\\/WhatsApp-Image-2025-12-16-at-21.45.04.jpeg\",\"name\":\"WhatsApp-Image-2025-12-16-at-21.45.04.jpeg - Archdiocese of Ottawa-Cornwall\",\"isPartOf\":{\"@id\":\"https:\\\/\\\/ottawacornwall.ca\\\/#website\"},\"datePublished\":\"2025-12-17T20:18:14+00:00\",\"breadcrumb\":{\"@id\":\"https:\\\/\\\/ottawacornwall.ca\\\/wp-content\\\/uploads\\\/2025\\\/12\\\/WhatsApp-Image-2025-12-16-at-21.45.04.jpeg#breadcrumb\"},\"inLanguage\":\"fr-FR\",\"potentialAction\":[{\"@type\":\"ReadAction\",\"target\":[\"https:\\\/\\\/ottawacornwall.ca\\\/wp-content\\\/uploads\\\/2025\\\/12\\\/WhatsApp-Image-2025-12-16-at-21.45.04.jpeg\"]}]},{\"@type\":\"BreadcrumbList\",\"@id\":\"https:\\\/\\\/ottawacornwall.ca\\\/wp-content\\\/uploads\\\/2025\\\/12\\\/WhatsApp-Image-2025-12-16-at-21.45.04.jpeg#breadcrumb\",\"itemListElement\":[{\"@type\":\"ListItem\",\"position\":1,\"name\":\"Home\",\"item\":\"https:\\\/\\\/ottawacornwall.ca\\\/fr\\\/\"},{\"@type\":\"ListItem\",\"position\":2,\"name\":\"Veill\u00e9e de Pri\u00e8re du Passage de l&rsquo;Ann\u00e9e 2025 \u00e0 2026\",\"item\":\"https:\\\/\\\/ottawacornwall.ca\\\/fr\\\/events\\\/veillee-de-priere-du-passage-de-lannee-2025-a-2026\\\/\"},{\"@type\":\"ListItem\",\"position\":3,\"name\":\"WhatsApp-Image-2025-12-16-at-21.45.04.jpeg\"}]},{\"@type\":\"WebSite\",\"@id\":\"https:\\\/\\\/ottawacornwall.ca\\\/#website\",\"url\":\"https:\\\/\\\/ottawacornwall.ca\\\/\",\"name\":\"Archdiocese of Ottawa-Cornwall\",\"description\":\"Welcome to the  Ottawa-Cornwall Archdiocese!\",\"publisher\":{\"@id\":\"https:\\\/\\\/ottawacornwall.ca\\\/#organization\"},\"potentialAction\":[{\"@type\":\"SearchAction\",\"target\":{\"@type\":\"EntryPoint\",\"urlTemplate\":\"https:\\\/\\\/ottawacornwall.ca\\\/?s={search_term_string}\"},\"query-input\":{\"@type\":\"PropertyValueSpecification\",\"valueRequired\":true,\"valueName\":\"search_term_string\"}}],\"inLanguage\":\"fr-FR\"},{\"@type\":\"Organization\",\"@id\":\"https:\\\/\\\/ottawacornwall.ca\\\/#organization\",\"name\":\"Archdiocese of Ottawa-Cornwall\",\"url\":\"https:\\\/\\\/ottawacornwall.ca\\\/\",\"logo\":{\"@type\":\"ImageObject\",\"inLanguage\":\"fr-FR\",\"@id\":\"https:\\\/\\\/ottawacornwall.ca\\\/#\\\/schema\\\/logo\\\/image\\\/\",\"url\":\"https:\\\/\\\/ottawacornwall.ca\\\/wp-content\\\/uploads\\\/2022\\\/11\\\/Archdiocese-Logo-Horizontal-Reverse-1.svg\",\"contentUrl\":\"https:\\\/\\\/ottawacornwall.ca\\\/wp-content\\\/uploads\\\/2022\\\/11\\\/Archdiocese-Logo-Horizontal-Reverse-1.svg\",\"caption\":\"Archdiocese of Ottawa-Cornwall\"},\"image\":{\"@id\":\"https:\\\/\\\/ottawacornwall.ca\\\/#\\\/schema\\\/logo\\\/image\\\/\"}}]}<\/script>\n<!-- \/ Yoast SEO plugin. -->","yoast_head_json":{"title":"WhatsApp-Image-2025-12-16-at-21.45.04.jpeg - Archdiocese of Ottawa-Cornwall","robots":{"index":"index","follow":"follow","max-snippet":"max-snippet:-1","max-image-preview":"max-image-preview:large","max-video-preview":"max-video-preview:-1"},"canonical":"https:\/\/ottawacornwall.ca\/wp-content\/uploads\/2025\/12\/WhatsApp-Image-2025-12-16-at-21.45.04.jpeg","og_locale":"fr_FR","og_type":"article","og_title":"WhatsApp-Image-2025-12-16-at-21.45.04.jpeg - Archdiocese of Ottawa-Cornwall","og_url":"https:\/\/ottawacornwall.ca\/wp-content\/uploads\/2025\/12\/WhatsApp-Image-2025-12-16-at-21.45.04.jpeg","og_site_name":"Archdiocese of Ottawa-Cornwall","og_image":[{"url":"https:\/\/ottawacornwall.ca\/wp-content\/uploads\/2025\/12\/WhatsApp-Image-2025-12-16-at-21.45.04.jpeg","width":1,"height":1,"type":"image\/jpeg"}],"twitter_card":"summary_large_image","schema":{"@context":"https:\/\/schema.org","@graph":[{"@type":"WebPage","@id":"https:\/\/ottawacornwall.ca\/wp-content\/uploads\/2025\/12\/WhatsApp-Image-2025-12-16-at-21.45.04.jpeg","url":"https:\/\/ottawacornwall.ca\/wp-content\/uploads\/2025\/12\/WhatsApp-Image-2025-12-16-at-21.45.04.jpeg","name":"WhatsApp-Image-2025-12-16-at-21.45.04.jpeg - Archdiocese of Ottawa-Cornwall","isPartOf":{"@id":"https:\/\/ottawacornwall.ca\/#website"},"datePublished":"2025-12-17T20:18:14+00:00","breadcrumb":{"@id":"https:\/\/ottawacornwall.ca\/wp-content\/uploads\/2025\/12\/WhatsApp-Image-2025-12-16-at-21.45.04.jpeg#breadcrumb"},"inLanguage":"fr-FR","potentialAction":[{"@type":"ReadAction","target":["https:\/\/ottawacornwall.ca\/wp-content\/uploads\/2025\/12\/WhatsApp-Image-2025-12-16-at-21.45.04.jpeg"]}]},{"@type":"BreadcrumbList","@id":"https:\/\/ottawacornwall.ca\/wp-content\/uploads\/2025\/12\/WhatsApp-Image-2025-12-16-at-21.45.04.jpeg#breadcrumb","itemListElement":[{"@type":"ListItem","position":1,"name":"Home","item":"https:\/\/ottawacornwall.ca\/fr\/"},{"@type":"ListItem","position":2,"name":"Veill\u00e9e de Pri\u00e8re du Passage de l&rsquo;Ann\u00e9e 2025 \u00e0 2026","item":"https:\/\/ottawacornwall.ca\/fr\/events\/veillee-de-priere-du-passage-de-lannee-2025-a-2026\/"},{"@type":"ListItem","position":3,"name":"WhatsApp-Image-2025-12-16-at-21.45.04.jpeg"}]},{"@type":"WebSite","@id":"https:\/\/ottawacornwall.ca\/#website","url":"https:\/\/ottawacornwall.ca\/","name":"Archdiocese of Ottawa-Cornwall","description":"Welcome to the  Ottawa-Cornwall Archdiocese!","publisher":{"@id":"https:\/\/ottawacornwall.ca\/#organization"},"potentialAction":[{"@type":"SearchAction","target":{"@type":"EntryPoint","urlTemplate":"https:\/\/ottawacornwall.ca\/?s={search_term_string}"},"query-input":{"@type":"PropertyValueSpecification","valueRequired":true,"valueName":"search_term_string"}}],"inLanguage":"fr-FR"},{"@type":"Organization","@id":"https:\/\/ottawacornwall.ca\/#organization","name":"Archdiocese of Ottawa-Cornwall","url":"https:\/\/ottawacornwall.ca\/","logo":{"@type":"ImageObject","inLanguage":"fr-FR","@id":"https:\/\/ottawacornwall.ca\/#\/schema\/logo\/image\/","url":"https:\/\/ottawacornwall.ca\/wp-content\/uploads\/2022\/11\/Archdiocese-Logo-Horizontal-Reverse-1.svg","contentUrl":"https:\/\/ottawacornwall.ca\/wp-content\/uploads\/2022\/11\/Archdiocese-Logo-Horizontal-Reverse-1.svg","caption":"Archdiocese of Ottawa-Cornwall"},"image":{"@id":"https:\/\/ottawacornwall.ca\/#\/schema\/logo\/image\/"}}]}},"description":{"rendered":"<p class=\"attachment\"><a href='https:\/\/ottawacornwall.ca\/wp-content\/uploads\/2025\/12\/WhatsApp-Image-2025-12-16-at-21.45.04.jpeg'><img fetchpriority=\"high\" decoding=\"async\" width=\"200\" height=\"300\" src=\"https:\/\/ottawacornwall.ca\/wp-content\/uploads\/2025\/12\/WhatsApp-Image-2025-12-16-at-21.45.04-200x300.jpeg\" class=\"attachment-medium size-medium\" alt=\"\" srcset=\"https:\/\/ottawacornwall.ca\/wp-content\/uploads\/2025\/12\/WhatsApp-Image-2025-12-16-at-21.45.04-200x300.jpeg 200w, https:\/\/ottawacornwall.ca\/wp-content\/uploads\/2025\/12\/WhatsApp-Image-2025-12-16-at-21.45.04-683x1024.jpeg 683w, https:\/\/ottawacornwall.ca\/wp-content\/uploads\/2025\/12\/WhatsApp-Image-2025-12-16-at-21.45.04-768x1152.jpeg 768w, https:\/\/ottawacornwall.ca\/wp-content\/uploads\/2025\/12\/WhatsApp-Image-2025-12-16-at-21.45.04.jpeg 1024w\" sizes=\"(max-width: 200px) 100vw, 200px\" \/><\/a><\/p>\n"},"caption":{"rendered":""},"alt_text":"","media_type":"image","mime_type":"image\/jpeg","media_details":{"width":1024,"height":1536,"file":"2025\/12\/WhatsApp-Image-2025-12-16-at-21.45.04.jpeg","filesize":358244,"sizes":{"medium":{"file":"WhatsApp-Image-2025-12-16-at-21.45.04-200x300.jpeg","width":200,"height":300,"filesize":17088,"mime_type":"image\/jpeg","source_url":"https:\/\/ottawacornwall.ca\/wp-content\/uploads\/2025\/12\/WhatsApp-Image-2025-12-16-at-21.45.04-200x300.jpeg"},"large":{"file":"WhatsApp-Image-2025-12-16-at-21.45.04-683x1024.jpeg","width":683,"height":1024,"filesize":170664,"mime_type":"image\/jpeg","source_url":"https:\/\/ottawacornwall.ca\/wp-content\/uploads\/2025\/12\/WhatsApp-Image-2025-12-16-at-21.45.04-683x1024.jpeg"},"thumbnail":{"file":"WhatsApp-Image-2025-12-16-at-21.45.04-150x150.jpeg","width":150,"height":150,"filesize":7310,"mime_type":"image\/jpeg","source_url":"https:\/\/ottawacornwall.ca\/wp-content\/uploads\/2025\/12\/WhatsApp-Image-2025-12-16-at-21.45.04-150x150.jpeg"},"medium_large":{"file":"WhatsApp-Image-2025-12-16-at-21.45.04-768x1152.jpeg","width":768,"height":1152,"filesize":212948,"mime_type":"image\/jpeg","source_url":"https:\/\/ottawacornwall.ca\/wp-content\/uploads\/2025\/12\/WhatsApp-Image-2025-12-16-at-21.45.04-768x1152.jpeg"},"thumblist":{"file":"WhatsApp-Image-2025-12-16-at-21.45.04-300x300.jpeg","width":300,"height":300,"filesize":27157,"mime_type":"image\/jpeg","source_url":"https:\/\/ottawacornwall.ca\/wp-content\/uploads\/2025\/12\/WhatsApp-Image-2025-12-16-at-21.45.04-300x300.jpeg"},"thumbrelated":{"file":"WhatsApp-Image-2025-12-16-at-21.45.04-500x500.jpeg","width":500,"height":500,"filesize":70470,"mime_type":"image\/jpeg","source_url":"https:\/\/ottawacornwall.ca\/wp-content\/uploads\/2025\/12\/WhatsApp-Image-2025-12-16-at-21.45.04-500x500.jpeg"},"meccarouselthumb":{"file":"WhatsApp-Image-2025-12-16-at-21.45.04-474x324.jpeg","width":474,"height":324,"filesize":46694,"mime_type":"image\/jpeg","source_url":"https:\/\/ottawacornwall.ca\/wp-content\/uploads\/2025\/12\/WhatsApp-Image-2025-12-16-at-21.45.04-474x324.jpeg"},"gridsquare":{"file":"WhatsApp-Image-2025-12-16-at-21.45.04-391x260.jpeg","width":391,"height":260,"filesize":32640,"mime_type":"image\/jpeg","source_url":"https:\/\/ottawacornwall.ca\/wp-content\/uploads\/2025\/12\/WhatsApp-Image-2025-12-16-at-21.45.04-391x260.jpeg"},"tileview":{"file":"WhatsApp-Image-2025-12-16-at-21.45.04-300x400.jpeg","width":300,"height":400,"filesize":34327,"mime_type":"image\/jpeg","source_url":"https:\/\/ottawacornwall.ca\/wp-content\/uploads\/2025\/12\/WhatsApp-Image-2025-12-16-at-21.45.04-300x400.jpeg"},"full":{"file":"WhatsApp-Image-2025-12-16-at-21.45.04.jpeg","width":1024,"height":1536,"mime_type":"image\/jpeg","source_url":"https:\/\/ottawacornwall.ca\/wp-content\/uploads\/2025\/12\/WhatsApp-Image-2025-12-16-at-21.45.04.jpeg"}},"image_meta":{"aperture":"0","credit":"","camera":"","caption":"","created_timestamp":"0","copyright":"","focal_length":"0","iso":"0","shutter_speed":"0","title":"","orientation":"0","keywords":[]}},"post":35479,"source_url":"https:\/\/ottawacornwall.ca\/wp-content\/uploads\/2025\/12\/WhatsApp-Image-2025-12-16-at-21.45.04.jpeg","_links":{"self":[{"href":"https:\/\/ottawacornwall.ca\/fr\/wp-json\/wp\/v2\/media\/35482","targetHints":{"allow":["GET"]}}],"collection":[{"href":"https:\/\/ottawacornwall.ca\/fr\/wp-json\/wp\/v2\/media"}],"about":[{"href":"https:\/\/ottawacornwall.ca\/fr\/wp-json\/wp\/v2\/types\/attachment"}],"replies":[{"embeddable":true,"href":"https:\/\/ottawacornwall.ca\/fr\/wp-json\/wp\/v2\/comments?post=35482"}],"wp:attached-to":[{"embeddable":true,"post_type":"mec-events","id":35479,"href":"https:\/\/ottawacornwall.ca\/fr\/wp-json\/wp\/v2\/mec-events\/35479"}],"curies":[{"name":"wp","href":"https:\/\/api.w.org\/{rel}","templated":true}]}}