{"id":17385,"date":"2024-02-15T16:49:51","date_gmt":"2024-02-15T21:49:51","guid":{"rendered":"https:\/\/wp268132.wpdns.ca\/media_releases\/fire-at-st-philips-parish\/"},"modified":"2024-02-15T16:51:37","modified_gmt":"2024-02-15T21:51:37","slug":"un-incendie-a-la-paroisse-st-philip","status":"publish","type":"media_releases","link":"https:\/\/ottawacornwall.ca\/fr\/media_releases\/un-incendie-a-la-paroisse-st-philip\/","title":{"rendered":"Un incendie \u00e0 la paroisse St. Philip"},"content":{"rendered":"<p>Mercredi soir dernier, un incendie a gravement endommag\u00e9 le clocher de la paroisse St. Philip\u2019s \u00e0 Richmond. Heureusement, personne n&rsquo;a \u00e9t\u00e9 bless\u00e9 et le feu a \u00e9t\u00e9 contenu avant de se propager. La communaut\u00e9 paroissiale pourra utiliser leur salle comme espace de culte temporaire et continuer \u00e0 se r\u00e9unir pour la messe.<\/p>\n<p>&nbsp;<\/p>\n<p>L&rsquo;archev\u00eaque Marcel a partag\u00e9 ses pr\u00e9occupations et ses pri\u00e8res pour St. Philip\u2019s dans une lettre :<\/p>\n<p>&nbsp;<\/p>\n<p><em>\u00ab Dans les moments de d\u00e9fis, nous croyons que Dieu est avec nous et nous fortifie. Je prie pour que ce Car\u00eame soit un tel moment de croissance, en faisant confiance au Christ alors qu&rsquo;il nous guide. Nous sommes rappel\u00e9s que les b\u00e9n\u00e9dictions du matin de P\u00e2ques sont venues seulement apr\u00e8s l&rsquo;\u00e9preuve et la passion de la croix. Que Dieu vous accorde \u00e0 tous sa gr\u00e2ce alors que vous cheminez ensemble dans la foi et la charit\u00e9. \u00bb<\/em><\/p>\n<p>&nbsp;<\/p>\n<p>Veuillez continuer \u00e0 prier pour la communaut\u00e9 de St. Philip\u2019s alors qu&rsquo;elle entame le processus de reconstruction.<\/p>\n<p>&nbsp;<\/p>\n<p><img fetchpriority=\"high\" decoding=\"async\" class=\"alignnone size-medium wp-image-17379\" src=\"http:\/\/ottawacornwall.ca\/wp-content\/uploads\/2024\/02\/1000022042-cropped-281x300.jpg\" alt=\"\" width=\"281\" height=\"300\" srcset=\"https:\/\/ottawacornwall.ca\/wp-content\/uploads\/2024\/02\/1000022042-cropped-281x300.jpg 281w, https:\/\/ottawacornwall.ca\/wp-content\/uploads\/2024\/02\/1000022042-cropped-959x1024.jpg 959w, https:\/\/ottawacornwall.ca\/wp-content\/uploads\/2024\/02\/1000022042-cropped-768x820.jpg 768w, https:\/\/ottawacornwall.ca\/wp-content\/uploads\/2024\/02\/1000022042-cropped-1438x1536.jpg 1438w, https:\/\/ottawacornwall.ca\/wp-content\/uploads\/2024\/02\/1000022042-cropped.jpg 1500w\" sizes=\"(max-width: 281px) 100vw, 281px\" \/> <img decoding=\"async\" class=\"alignnone size-medium wp-image-17381\" src=\"http:\/\/ottawacornwall.ca\/wp-content\/uploads\/2024\/02\/1000022045-300x225.jpg\" alt=\"\" width=\"300\" height=\"225\" srcset=\"https:\/\/ottawacornwall.ca\/wp-content\/uploads\/2024\/02\/1000022045-300x225.jpg 300w, https:\/\/ottawacornwall.ca\/wp-content\/uploads\/2024\/02\/1000022045-1024x768.jpg 1024w, https:\/\/ottawacornwall.ca\/wp-content\/uploads\/2024\/02\/1000022045-768x576.jpg 768w, https:\/\/ottawacornwall.ca\/wp-content\/uploads\/2024\/02\/1000022045-1536x1152.jpg 1536w, https:\/\/ottawacornwall.ca\/wp-content\/uploads\/2024\/02\/1000022045.jpg 2000w\" sizes=\"(max-width: 300px) 100vw, 300px\" \/><\/p>\n","protected":false},"author":6,"featured_media":0,"comment_status":"closed","ping_status":"closed","template":"","media_cate":[],"class_list":["post-17385","media_releases","type-media_releases","status-publish","hentry"],"acf":[],"yoast_head":"<!-- This site is optimized with the Yoast SEO plugin v27.4 - https:\/\/yoast.com\/product\/yoast-seo-wordpress\/ -->\n<title>Un incendie \u00e0 la paroisse St. Philip - Archdiocese of Ottawa-Cornwall<\/title>\n<meta name=\"robots\" content=\"index, follow, max-snippet:-1, max-image-preview:large, max-video-preview:-1\" \/>\n<link rel=\"canonical\" href=\"https:\/\/ottawacornwall.ca\/fr\/media_releases\/un-incendie-a-la-paroisse-st-philip\/\" \/>\n<meta property=\"og:locale\" content=\"fr_FR\" \/>\n<meta property=\"og:type\" content=\"article\" \/>\n<meta property=\"og:title\" content=\"Un incendie \u00e0 la paroisse St. Philip - Archdiocese of Ottawa-Cornwall\" \/>\n<meta property=\"og:description\" content=\"Mercredi soir dernier, un incendie a gravement endommag\u00e9 le clocher de la paroisse St. Philip\u2019s \u00e0 Richmond. Heureusement, personne n&rsquo;a \u00e9t\u00e9 bless\u00e9 et le feu a \u00e9t\u00e9 contenu avant de se propager. La communaut\u00e9 paroissiale pourra utiliser leur salle comme espace de culte temporaire et continuer \u00e0 se r\u00e9unir pour la messe. &nbsp; L&rsquo;archev\u00eaque Marcel [&hellip;]\" \/>\n<meta property=\"og:url\" content=\"https:\/\/ottawacornwall.ca\/fr\/media_releases\/un-incendie-a-la-paroisse-st-philip\/\" \/>\n<meta property=\"og:site_name\" content=\"Archdiocese of Ottawa-Cornwall\" \/>\n<meta property=\"article:modified_time\" content=\"2024-02-15T21:51:37+00:00\" \/>\n<meta property=\"og:image\" content=\"http:\/\/ottawacornwall.ca\/wp-content\/uploads\/2024\/02\/1000022042-cropped-281x300.jpg\" \/>\n<meta name=\"twitter:card\" content=\"summary_large_image\" \/>\n<meta name=\"twitter:label1\" content=\"Dur\u00e9e de lecture estim\u00e9e\" \/>\n\t<meta name=\"twitter:data1\" content=\"2 minutes\" \/>\n<script type=\"application\/ld+json\" class=\"yoast-schema-graph\">{\"@context\":\"https:\\\/\\\/schema.org\",\"@graph\":[{\"@type\":\"WebPage\",\"@id\":\"https:\\\/\\\/ottawacornwall.ca\\\/fr\\\/media_releases\\\/un-incendie-a-la-paroisse-st-philip\\\/\",\"url\":\"https:\\\/\\\/ottawacornwall.ca\\\/fr\\\/media_releases\\\/un-incendie-a-la-paroisse-st-philip\\\/\",\"name\":\"Un incendie \u00e0 la paroisse St. Philip - Archdiocese of Ottawa-Cornwall\",\"isPartOf\":{\"@id\":\"https:\\\/\\\/ottawacornwall.ca\\\/#website\"},\"primaryImageOfPage\":{\"@id\":\"https:\\\/\\\/ottawacornwall.ca\\\/fr\\\/media_releases\\\/un-incendie-a-la-paroisse-st-philip\\\/#primaryimage\"},\"image\":{\"@id\":\"https:\\\/\\\/ottawacornwall.ca\\\/fr\\\/media_releases\\\/un-incendie-a-la-paroisse-st-philip\\\/#primaryimage\"},\"thumbnailUrl\":\"http:\\\/\\\/ottawacornwall.ca\\\/wp-content\\\/uploads\\\/2024\\\/02\\\/1000022042-cropped-281x300.jpg\",\"datePublished\":\"2024-02-15T21:49:51+00:00\",\"dateModified\":\"2024-02-15T21:51:37+00:00\",\"breadcrumb\":{\"@id\":\"https:\\\/\\\/ottawacornwall.ca\\\/fr\\\/media_releases\\\/un-incendie-a-la-paroisse-st-philip\\\/#breadcrumb\"},\"inLanguage\":\"fr-FR\",\"potentialAction\":[{\"@type\":\"ReadAction\",\"target\":[\"https:\\\/\\\/ottawacornwall.ca\\\/fr\\\/media_releases\\\/un-incendie-a-la-paroisse-st-philip\\\/\"]}]},{\"@type\":\"ImageObject\",\"inLanguage\":\"fr-FR\",\"@id\":\"https:\\\/\\\/ottawacornwall.ca\\\/fr\\\/media_releases\\\/un-incendie-a-la-paroisse-st-philip\\\/#primaryimage\",\"url\":\"http:\\\/\\\/ottawacornwall.ca\\\/wp-content\\\/uploads\\\/2024\\\/02\\\/1000022042-cropped-281x300.jpg\",\"contentUrl\":\"http:\\\/\\\/ottawacornwall.ca\\\/wp-content\\\/uploads\\\/2024\\\/02\\\/1000022042-cropped-281x300.jpg\"},{\"@type\":\"BreadcrumbList\",\"@id\":\"https:\\\/\\\/ottawacornwall.ca\\\/fr\\\/media_releases\\\/un-incendie-a-la-paroisse-st-philip\\\/#breadcrumb\",\"itemListElement\":[{\"@type\":\"ListItem\",\"position\":1,\"name\":\"Home\",\"item\":\"https:\\\/\\\/ottawacornwall.ca\\\/fr\\\/\"},{\"@type\":\"ListItem\",\"position\":2,\"name\":\"Un incendie \u00e0 la paroisse St. Philip\"}]},{\"@type\":\"WebSite\",\"@id\":\"https:\\\/\\\/ottawacornwall.ca\\\/#website\",\"url\":\"https:\\\/\\\/ottawacornwall.ca\\\/\",\"name\":\"Archdiocese of Ottawa-Cornwall\",\"description\":\"Welcome to the  Ottawa-Cornwall Archdiocese!\",\"publisher\":{\"@id\":\"https:\\\/\\\/ottawacornwall.ca\\\/#organization\"},\"potentialAction\":[{\"@type\":\"SearchAction\",\"target\":{\"@type\":\"EntryPoint\",\"urlTemplate\":\"https:\\\/\\\/ottawacornwall.ca\\\/?s={search_term_string}\"},\"query-input\":{\"@type\":\"PropertyValueSpecification\",\"valueRequired\":true,\"valueName\":\"search_term_string\"}}],\"inLanguage\":\"fr-FR\"},{\"@type\":\"Organization\",\"@id\":\"https:\\\/\\\/ottawacornwall.ca\\\/#organization\",\"name\":\"Archdiocese of Ottawa-Cornwall\",\"url\":\"https:\\\/\\\/ottawacornwall.ca\\\/\",\"logo\":{\"@type\":\"ImageObject\",\"inLanguage\":\"fr-FR\",\"@id\":\"https:\\\/\\\/ottawacornwall.ca\\\/#\\\/schema\\\/logo\\\/image\\\/\",\"url\":\"https:\\\/\\\/ottawacornwall.ca\\\/wp-content\\\/uploads\\\/2022\\\/11\\\/Archdiocese-Logo-Horizontal-Reverse-1.svg\",\"contentUrl\":\"https:\\\/\\\/ottawacornwall.ca\\\/wp-content\\\/uploads\\\/2022\\\/11\\\/Archdiocese-Logo-Horizontal-Reverse-1.svg\",\"caption\":\"Archdiocese of Ottawa-Cornwall\"},\"image\":{\"@id\":\"https:\\\/\\\/ottawacornwall.ca\\\/#\\\/schema\\\/logo\\\/image\\\/\"}}]}<\/script>\n<!-- \/ Yoast SEO plugin. -->","yoast_head_json":{"title":"Un incendie \u00e0 la paroisse St. Philip - Archdiocese of Ottawa-Cornwall","robots":{"index":"index","follow":"follow","max-snippet":"max-snippet:-1","max-image-preview":"max-image-preview:large","max-video-preview":"max-video-preview:-1"},"canonical":"https:\/\/ottawacornwall.ca\/fr\/media_releases\/un-incendie-a-la-paroisse-st-philip\/","og_locale":"fr_FR","og_type":"article","og_title":"Un incendie \u00e0 la paroisse St. Philip - Archdiocese of Ottawa-Cornwall","og_description":"Mercredi soir dernier, un incendie a gravement endommag\u00e9 le clocher de la paroisse St. Philip\u2019s \u00e0 Richmond. Heureusement, personne n&rsquo;a \u00e9t\u00e9 bless\u00e9 et le feu a \u00e9t\u00e9 contenu avant de se propager. La communaut\u00e9 paroissiale pourra utiliser leur salle comme espace de culte temporaire et continuer \u00e0 se r\u00e9unir pour la messe. &nbsp; L&rsquo;archev\u00eaque Marcel [&hellip;]","og_url":"https:\/\/ottawacornwall.ca\/fr\/media_releases\/un-incendie-a-la-paroisse-st-philip\/","og_site_name":"Archdiocese of Ottawa-Cornwall","article_modified_time":"2024-02-15T21:51:37+00:00","og_image":[{"url":"http:\/\/ottawacornwall.ca\/wp-content\/uploads\/2024\/02\/1000022042-cropped-281x300.jpg","type":"","width":"","height":""}],"twitter_card":"summary_large_image","twitter_misc":{"Dur\u00e9e de lecture estim\u00e9e":"2 minutes"},"schema":{"@context":"https:\/\/schema.org","@graph":[{"@type":"WebPage","@id":"https:\/\/ottawacornwall.ca\/fr\/media_releases\/un-incendie-a-la-paroisse-st-philip\/","url":"https:\/\/ottawacornwall.ca\/fr\/media_releases\/un-incendie-a-la-paroisse-st-philip\/","name":"Un incendie \u00e0 la paroisse St. Philip - Archdiocese of Ottawa-Cornwall","isPartOf":{"@id":"https:\/\/ottawacornwall.ca\/#website"},"primaryImageOfPage":{"@id":"https:\/\/ottawacornwall.ca\/fr\/media_releases\/un-incendie-a-la-paroisse-st-philip\/#primaryimage"},"image":{"@id":"https:\/\/ottawacornwall.ca\/fr\/media_releases\/un-incendie-a-la-paroisse-st-philip\/#primaryimage"},"thumbnailUrl":"http:\/\/ottawacornwall.ca\/wp-content\/uploads\/2024\/02\/1000022042-cropped-281x300.jpg","datePublished":"2024-02-15T21:49:51+00:00","dateModified":"2024-02-15T21:51:37+00:00","breadcrumb":{"@id":"https:\/\/ottawacornwall.ca\/fr\/media_releases\/un-incendie-a-la-paroisse-st-philip\/#breadcrumb"},"inLanguage":"fr-FR","potentialAction":[{"@type":"ReadAction","target":["https:\/\/ottawacornwall.ca\/fr\/media_releases\/un-incendie-a-la-paroisse-st-philip\/"]}]},{"@type":"ImageObject","inLanguage":"fr-FR","@id":"https:\/\/ottawacornwall.ca\/fr\/media_releases\/un-incendie-a-la-paroisse-st-philip\/#primaryimage","url":"http:\/\/ottawacornwall.ca\/wp-content\/uploads\/2024\/02\/1000022042-cropped-281x300.jpg","contentUrl":"http:\/\/ottawacornwall.ca\/wp-content\/uploads\/2024\/02\/1000022042-cropped-281x300.jpg"},{"@type":"BreadcrumbList","@id":"https:\/\/ottawacornwall.ca\/fr\/media_releases\/un-incendie-a-la-paroisse-st-philip\/#breadcrumb","itemListElement":[{"@type":"ListItem","position":1,"name":"Home","item":"https:\/\/ottawacornwall.ca\/fr\/"},{"@type":"ListItem","position":2,"name":"Un incendie \u00e0 la paroisse St. Philip"}]},{"@type":"WebSite","@id":"https:\/\/ottawacornwall.ca\/#website","url":"https:\/\/ottawacornwall.ca\/","name":"Archdiocese of Ottawa-Cornwall","description":"Welcome to the  Ottawa-Cornwall Archdiocese!","publisher":{"@id":"https:\/\/ottawacornwall.ca\/#organization"},"potentialAction":[{"@type":"SearchAction","target":{"@type":"EntryPoint","urlTemplate":"https:\/\/ottawacornwall.ca\/?s={search_term_string}"},"query-input":{"@type":"PropertyValueSpecification","valueRequired":true,"valueName":"search_term_string"}}],"inLanguage":"fr-FR"},{"@type":"Organization","@id":"https:\/\/ottawacornwall.ca\/#organization","name":"Archdiocese of Ottawa-Cornwall","url":"https:\/\/ottawacornwall.ca\/","logo":{"@type":"ImageObject","inLanguage":"fr-FR","@id":"https:\/\/ottawacornwall.ca\/#\/schema\/logo\/image\/","url":"https:\/\/ottawacornwall.ca\/wp-content\/uploads\/2022\/11\/Archdiocese-Logo-Horizontal-Reverse-1.svg","contentUrl":"https:\/\/ottawacornwall.ca\/wp-content\/uploads\/2022\/11\/Archdiocese-Logo-Horizontal-Reverse-1.svg","caption":"Archdiocese of Ottawa-Cornwall"},"image":{"@id":"https:\/\/ottawacornwall.ca\/#\/schema\/logo\/image\/"}}]}},"_links":{"self":[{"href":"https:\/\/ottawacornwall.ca\/fr\/wp-json\/wp\/v2\/media_releases\/17385","targetHints":{"allow":["GET"]}}],"collection":[{"href":"https:\/\/ottawacornwall.ca\/fr\/wp-json\/wp\/v2\/media_releases"}],"about":[{"href":"https:\/\/ottawacornwall.ca\/fr\/wp-json\/wp\/v2\/types\/media_releases"}],"author":[{"embeddable":true,"href":"https:\/\/ottawacornwall.ca\/fr\/wp-json\/wp\/v2\/users\/6"}],"replies":[{"embeddable":true,"href":"https:\/\/ottawacornwall.ca\/fr\/wp-json\/wp\/v2\/comments?post=17385"}],"version-history":[{"count":2,"href":"https:\/\/ottawacornwall.ca\/fr\/wp-json\/wp\/v2\/media_releases\/17385\/revisions"}],"predecessor-version":[{"id":17387,"href":"https:\/\/ottawacornwall.ca\/fr\/wp-json\/wp\/v2\/media_releases\/17385\/revisions\/17387"}],"wp:attachment":[{"href":"https:\/\/ottawacornwall.ca\/fr\/wp-json\/wp\/v2\/media?parent=17385"}],"wp:term":[{"taxonomy":"media_cate","embeddable":true,"href":"https:\/\/ottawacornwall.ca\/fr\/wp-json\/wp\/v2\/media_cate?post=17385"}],"curies":[{"name":"wp","href":"https:\/\/api.w.org\/{rel}","templated":true}]}}