{"id":9936,"date":"2023-05-17T14:53:51","date_gmt":"2023-05-17T19:53:51","guid":{"rendered":"https:\/\/wp268132.wpdns.ca\/media_releases\/removal-of-priest-from-ministry-at-our-lady-of-mount-carmel-parish\/"},"modified":"2023-05-18T09:24:52","modified_gmt":"2023-05-18T14:24:52","slug":"removal-of-priest-from-ministry-at-our-lady-of-mount-carmel-parish","status":"publish","type":"media_releases","link":"https:\/\/ottawacornwall.ca\/fr\/media_releases\/removal-of-priest-from-ministry-at-our-lady-of-mount-carmel-parish\/","title":{"rendered":"Retrait d&rsquo;un pr\u00eatre du minist\u00e8re \u00e0 la paroisse Our Lady of Mount Carmel"},"content":{"rendered":"\t\t<div data-elementor-type=\"wp-post\" data-elementor-id=\"9936\" class=\"elementor elementor-9936 elementor-9910\" data-elementor-post-type=\"media_releases\">\n\t\t\t\t\t\t<section class=\"elementor-section elementor-top-section elementor-element elementor-element-4957ecdc elementor-section-boxed elementor-section-height-default elementor-section-height-default\" data-id=\"4957ecdc\" data-element_type=\"section\">\n\t\t\t\t\t\t<div class=\"elementor-container elementor-column-gap-default\">\n\t\t\t\t\t<div class=\"elementor-column elementor-col-100 elementor-top-column elementor-element elementor-element-67061876\" data-id=\"67061876\" data-element_type=\"column\">\n\t\t\t<div class=\"elementor-widget-wrap elementor-element-populated\">\n\t\t\t\t\t\t<div class=\"elementor-element elementor-element-55c0dd91 elementor-widget elementor-widget-text-editor\" data-id=\"55c0dd91\" data-element_type=\"widget\" data-widget_type=\"text-editor.default\">\n\t\t\t\t<div class=\"elementor-widget-container\">\n\t\t\t\t\t\t\t\t\t<p><strong>COMMUNIQU\u00c9 DE PRESSE POUR PUBLICATION IMM\u00c9DIATE <\/strong><\/p><p><em>2023-05-17 <\/em><\/p><p>\u00a0<\/p><p>Par mesure de pr\u00e9caution et conform\u00e9ment au processus du droit canonique, l&rsquo;archidioc\u00e8se d&rsquo;Ottawa-Cornwall a retir\u00e9 M. l\u2019abb\u00e9 Cavan-Tapia de son minist\u00e8re public jusqu&rsquo;\u00e0 nouvel ordre en raison de la r\u00e9ception d&rsquo;une plainte civile all\u00e9guant une agression sexuelle. Ces all\u00e9gations n&rsquo;ont pas \u00e9t\u00e9 prouv\u00e9es devant les tribunaux.<\/p><p>\u00a0<\/p><p>\u00c9tant donn\u00e9 que cette plainte concerne un membre du clerg\u00e9 de l&rsquo;archidioc\u00e8se et qu&rsquo;elle est devant les tribunaux, aucun autre commentaire ne sera \u00e9mis pour le moment.<\/p><p>\u00a0<\/p><p>Un cur\u00e9 int\u00e9rimaire sera nomm\u00e9 \u00e0 la paroisse Our Lady of Mount Carmel d\u00e8s que possible.<\/p><p>\u00a0<\/p><p>Cliquez sur le lien ci-dessous pour consulter le communiqu\u00e9 de presse sous forme de document.<\/p><p><strong><a href=\"https:\/\/ottawacornwall.ca\/\/wp-content\/uploads\/2023\/05\/Press_release_CT_final_FR_20230518.pdf\">communique_de_presse_CT_FR_20230518<\/a><\/strong><\/p>\t\t\t\t\t\t\t\t<\/div>\n\t\t\t\t<\/div>\n\t\t\t\t\t<\/div>\n\t\t<\/div>\n\t\t\t\t\t<\/div>\n\t\t<\/section>\n\t\t\t\t<\/div>\n\t\t","protected":false},"author":6,"featured_media":0,"comment_status":"closed","ping_status":"closed","template":"","media_cate":[],"class_list":["post-9936","media_releases","type-media_releases","status-publish","hentry"],"acf":[],"yoast_head":"<!-- This site is optimized with the Yoast SEO plugin v27.4 - https:\/\/yoast.com\/product\/yoast-seo-wordpress\/ -->\n<title>Retrait d&#039;un pr\u00eatre du minist\u00e8re \u00e0 la paroisse Our Lady of Mount Carmel - Archdiocese of Ottawa-Cornwall<\/title>\n<meta name=\"robots\" content=\"index, follow, max-snippet:-1, max-image-preview:large, max-video-preview:-1\" \/>\n<link rel=\"canonical\" href=\"https:\/\/ottawacornwall.ca\/fr\/media_releases\/removal-of-priest-from-ministry-at-our-lady-of-mount-carmel-parish\/\" \/>\n<meta property=\"og:locale\" content=\"fr_FR\" \/>\n<meta property=\"og:type\" content=\"article\" \/>\n<meta property=\"og:title\" content=\"Retrait d&#039;un pr\u00eatre du minist\u00e8re \u00e0 la paroisse Our Lady of Mount Carmel - Archdiocese of Ottawa-Cornwall\" \/>\n<meta property=\"og:description\" content=\"COMMUNIQU\u00c9 DE PRESSE POUR PUBLICATION IMM\u00c9DIATE 2023-05-17 \u00a0 Par mesure de pr\u00e9caution et conform\u00e9ment au processus du droit canonique, l&rsquo;archidioc\u00e8se d&rsquo;Ottawa-Cornwall a retir\u00e9 M. l\u2019abb\u00e9 Cavan-Tapia de son minist\u00e8re public jusqu&rsquo;\u00e0 nouvel ordre en raison de la r\u00e9ception d&rsquo;une plainte civile all\u00e9guant une agression sexuelle. Ces all\u00e9gations n&rsquo;ont pas \u00e9t\u00e9 prouv\u00e9es devant les tribunaux. \u00a0 [&hellip;]\" \/>\n<meta property=\"og:url\" content=\"https:\/\/ottawacornwall.ca\/fr\/media_releases\/removal-of-priest-from-ministry-at-our-lady-of-mount-carmel-parish\/\" \/>\n<meta property=\"og:site_name\" content=\"Archdiocese of Ottawa-Cornwall\" \/>\n<meta property=\"article:modified_time\" content=\"2023-05-18T14:24:52+00:00\" \/>\n<meta name=\"twitter:card\" content=\"summary_large_image\" \/>\n<meta name=\"twitter:label1\" content=\"Dur\u00e9e de lecture estim\u00e9e\" \/>\n\t<meta name=\"twitter:data1\" content=\"1 minute\" \/>\n<script type=\"application\/ld+json\" class=\"yoast-schema-graph\">{\"@context\":\"https:\\\/\\\/schema.org\",\"@graph\":[{\"@type\":\"WebPage\",\"@id\":\"https:\\\/\\\/ottawacornwall.ca\\\/fr\\\/media_releases\\\/removal-of-priest-from-ministry-at-our-lady-of-mount-carmel-parish\\\/\",\"url\":\"https:\\\/\\\/ottawacornwall.ca\\\/fr\\\/media_releases\\\/removal-of-priest-from-ministry-at-our-lady-of-mount-carmel-parish\\\/\",\"name\":\"Retrait d'un pr\u00eatre du minist\u00e8re \u00e0 la paroisse Our Lady of Mount Carmel - Archdiocese of Ottawa-Cornwall\",\"isPartOf\":{\"@id\":\"https:\\\/\\\/ottawacornwall.ca\\\/#website\"},\"datePublished\":\"2023-05-17T19:53:51+00:00\",\"dateModified\":\"2023-05-18T14:24:52+00:00\",\"breadcrumb\":{\"@id\":\"https:\\\/\\\/ottawacornwall.ca\\\/fr\\\/media_releases\\\/removal-of-priest-from-ministry-at-our-lady-of-mount-carmel-parish\\\/#breadcrumb\"},\"inLanguage\":\"fr-FR\",\"potentialAction\":[{\"@type\":\"ReadAction\",\"target\":[\"https:\\\/\\\/ottawacornwall.ca\\\/fr\\\/media_releases\\\/removal-of-priest-from-ministry-at-our-lady-of-mount-carmel-parish\\\/\"]}]},{\"@type\":\"BreadcrumbList\",\"@id\":\"https:\\\/\\\/ottawacornwall.ca\\\/fr\\\/media_releases\\\/removal-of-priest-from-ministry-at-our-lady-of-mount-carmel-parish\\\/#breadcrumb\",\"itemListElement\":[{\"@type\":\"ListItem\",\"position\":1,\"name\":\"Home\",\"item\":\"https:\\\/\\\/ottawacornwall.ca\\\/fr\\\/\"},{\"@type\":\"ListItem\",\"position\":2,\"name\":\"Retrait d&rsquo;un pr\u00eatre du minist\u00e8re \u00e0 la paroisse Our Lady of Mount Carmel\"}]},{\"@type\":\"WebSite\",\"@id\":\"https:\\\/\\\/ottawacornwall.ca\\\/#website\",\"url\":\"https:\\\/\\\/ottawacornwall.ca\\\/\",\"name\":\"Archdiocese of Ottawa-Cornwall\",\"description\":\"Welcome to the  Ottawa-Cornwall Archdiocese!\",\"publisher\":{\"@id\":\"https:\\\/\\\/ottawacornwall.ca\\\/#organization\"},\"potentialAction\":[{\"@type\":\"SearchAction\",\"target\":{\"@type\":\"EntryPoint\",\"urlTemplate\":\"https:\\\/\\\/ottawacornwall.ca\\\/?s={search_term_string}\"},\"query-input\":{\"@type\":\"PropertyValueSpecification\",\"valueRequired\":true,\"valueName\":\"search_term_string\"}}],\"inLanguage\":\"fr-FR\"},{\"@type\":\"Organization\",\"@id\":\"https:\\\/\\\/ottawacornwall.ca\\\/#organization\",\"name\":\"Archdiocese of Ottawa-Cornwall\",\"url\":\"https:\\\/\\\/ottawacornwall.ca\\\/\",\"logo\":{\"@type\":\"ImageObject\",\"inLanguage\":\"fr-FR\",\"@id\":\"https:\\\/\\\/ottawacornwall.ca\\\/#\\\/schema\\\/logo\\\/image\\\/\",\"url\":\"https:\\\/\\\/ottawacornwall.ca\\\/wp-content\\\/uploads\\\/2022\\\/11\\\/Archdiocese-Logo-Horizontal-Reverse-1.svg\",\"contentUrl\":\"https:\\\/\\\/ottawacornwall.ca\\\/wp-content\\\/uploads\\\/2022\\\/11\\\/Archdiocese-Logo-Horizontal-Reverse-1.svg\",\"caption\":\"Archdiocese of Ottawa-Cornwall\"},\"image\":{\"@id\":\"https:\\\/\\\/ottawacornwall.ca\\\/#\\\/schema\\\/logo\\\/image\\\/\"}}]}<\/script>\n<!-- \/ Yoast SEO plugin. -->","yoast_head_json":{"title":"Retrait d'un pr\u00eatre du minist\u00e8re \u00e0 la paroisse Our Lady of Mount Carmel - Archdiocese of Ottawa-Cornwall","robots":{"index":"index","follow":"follow","max-snippet":"max-snippet:-1","max-image-preview":"max-image-preview:large","max-video-preview":"max-video-preview:-1"},"canonical":"https:\/\/ottawacornwall.ca\/fr\/media_releases\/removal-of-priest-from-ministry-at-our-lady-of-mount-carmel-parish\/","og_locale":"fr_FR","og_type":"article","og_title":"Retrait d'un pr\u00eatre du minist\u00e8re \u00e0 la paroisse Our Lady of Mount Carmel - Archdiocese of Ottawa-Cornwall","og_description":"COMMUNIQU\u00c9 DE PRESSE POUR PUBLICATION IMM\u00c9DIATE 2023-05-17 \u00a0 Par mesure de pr\u00e9caution et conform\u00e9ment au processus du droit canonique, l&rsquo;archidioc\u00e8se d&rsquo;Ottawa-Cornwall a retir\u00e9 M. l\u2019abb\u00e9 Cavan-Tapia de son minist\u00e8re public jusqu&rsquo;\u00e0 nouvel ordre en raison de la r\u00e9ception d&rsquo;une plainte civile all\u00e9guant une agression sexuelle. Ces all\u00e9gations n&rsquo;ont pas \u00e9t\u00e9 prouv\u00e9es devant les tribunaux. \u00a0 [&hellip;]","og_url":"https:\/\/ottawacornwall.ca\/fr\/media_releases\/removal-of-priest-from-ministry-at-our-lady-of-mount-carmel-parish\/","og_site_name":"Archdiocese of Ottawa-Cornwall","article_modified_time":"2023-05-18T14:24:52+00:00","twitter_card":"summary_large_image","twitter_misc":{"Dur\u00e9e de lecture estim\u00e9e":"1 minute"},"schema":{"@context":"https:\/\/schema.org","@graph":[{"@type":"WebPage","@id":"https:\/\/ottawacornwall.ca\/fr\/media_releases\/removal-of-priest-from-ministry-at-our-lady-of-mount-carmel-parish\/","url":"https:\/\/ottawacornwall.ca\/fr\/media_releases\/removal-of-priest-from-ministry-at-our-lady-of-mount-carmel-parish\/","name":"Retrait d'un pr\u00eatre du minist\u00e8re \u00e0 la paroisse Our Lady of Mount Carmel - Archdiocese of Ottawa-Cornwall","isPartOf":{"@id":"https:\/\/ottawacornwall.ca\/#website"},"datePublished":"2023-05-17T19:53:51+00:00","dateModified":"2023-05-18T14:24:52+00:00","breadcrumb":{"@id":"https:\/\/ottawacornwall.ca\/fr\/media_releases\/removal-of-priest-from-ministry-at-our-lady-of-mount-carmel-parish\/#breadcrumb"},"inLanguage":"fr-FR","potentialAction":[{"@type":"ReadAction","target":["https:\/\/ottawacornwall.ca\/fr\/media_releases\/removal-of-priest-from-ministry-at-our-lady-of-mount-carmel-parish\/"]}]},{"@type":"BreadcrumbList","@id":"https:\/\/ottawacornwall.ca\/fr\/media_releases\/removal-of-priest-from-ministry-at-our-lady-of-mount-carmel-parish\/#breadcrumb","itemListElement":[{"@type":"ListItem","position":1,"name":"Home","item":"https:\/\/ottawacornwall.ca\/fr\/"},{"@type":"ListItem","position":2,"name":"Retrait d&rsquo;un pr\u00eatre du minist\u00e8re \u00e0 la paroisse Our Lady of Mount Carmel"}]},{"@type":"WebSite","@id":"https:\/\/ottawacornwall.ca\/#website","url":"https:\/\/ottawacornwall.ca\/","name":"Archdiocese of Ottawa-Cornwall","description":"Welcome to the  Ottawa-Cornwall Archdiocese!","publisher":{"@id":"https:\/\/ottawacornwall.ca\/#organization"},"potentialAction":[{"@type":"SearchAction","target":{"@type":"EntryPoint","urlTemplate":"https:\/\/ottawacornwall.ca\/?s={search_term_string}"},"query-input":{"@type":"PropertyValueSpecification","valueRequired":true,"valueName":"search_term_string"}}],"inLanguage":"fr-FR"},{"@type":"Organization","@id":"https:\/\/ottawacornwall.ca\/#organization","name":"Archdiocese of Ottawa-Cornwall","url":"https:\/\/ottawacornwall.ca\/","logo":{"@type":"ImageObject","inLanguage":"fr-FR","@id":"https:\/\/ottawacornwall.ca\/#\/schema\/logo\/image\/","url":"https:\/\/ottawacornwall.ca\/wp-content\/uploads\/2022\/11\/Archdiocese-Logo-Horizontal-Reverse-1.svg","contentUrl":"https:\/\/ottawacornwall.ca\/wp-content\/uploads\/2022\/11\/Archdiocese-Logo-Horizontal-Reverse-1.svg","caption":"Archdiocese of Ottawa-Cornwall"},"image":{"@id":"https:\/\/ottawacornwall.ca\/#\/schema\/logo\/image\/"}}]}},"_links":{"self":[{"href":"https:\/\/ottawacornwall.ca\/fr\/wp-json\/wp\/v2\/media_releases\/9936","targetHints":{"allow":["GET"]}}],"collection":[{"href":"https:\/\/ottawacornwall.ca\/fr\/wp-json\/wp\/v2\/media_releases"}],"about":[{"href":"https:\/\/ottawacornwall.ca\/fr\/wp-json\/wp\/v2\/types\/media_releases"}],"author":[{"embeddable":true,"href":"https:\/\/ottawacornwall.ca\/fr\/wp-json\/wp\/v2\/users\/6"}],"replies":[{"embeddable":true,"href":"https:\/\/ottawacornwall.ca\/fr\/wp-json\/wp\/v2\/comments?post=9936"}],"version-history":[{"count":5,"href":"https:\/\/ottawacornwall.ca\/fr\/wp-json\/wp\/v2\/media_releases\/9936\/revisions"}],"predecessor-version":[{"id":9943,"href":"https:\/\/ottawacornwall.ca\/fr\/wp-json\/wp\/v2\/media_releases\/9936\/revisions\/9943"}],"wp:attachment":[{"href":"https:\/\/ottawacornwall.ca\/fr\/wp-json\/wp\/v2\/media?parent=9936"}],"wp:term":[{"taxonomy":"media_cate","embeddable":true,"href":"https:\/\/ottawacornwall.ca\/fr\/wp-json\/wp\/v2\/media_cate?post=9936"}],"curies":[{"name":"wp","href":"https:\/\/api.w.org\/{rel}","templated":true}]}}