{"id":6566,"date":"2023-01-08T16:44:56","date_gmt":"2023-01-08T21:44:56","guid":{"rendered":"https:\/\/wp268132.wpdns.ca\/equipping-for-the-mission\/"},"modified":"2024-04-24T09:37:12","modified_gmt":"2024-04-24T13:37:12","slug":"me-preparer-pour-la-mission","status":"publish","type":"page","link":"https:\/\/ottawacornwall.ca\/fr\/me-preparer-pour-la-mission\/","title":{"rendered":"Me pr\u00e9parer pour la Mission"},"content":{"rendered":"\t\t<div data-elementor-type=\"wp-page\" data-elementor-id=\"6566\" class=\"elementor elementor-6566 elementor-1925\" data-elementor-post-type=\"page\">\n\t\t\t\t\t\t<section class=\"elementor-section elementor-top-section elementor-element elementor-element-75ba3668 pt-240 pb-120 inner-banner elementor-section-boxed elementor-section-height-default elementor-section-height-default\" data-id=\"75ba3668\" data-element_type=\"section\" data-settings=\"{&quot;background_background&quot;:&quot;classic&quot;}\">\n\t\t\t\t\t\t\t<div class=\"elementor-background-overlay\"><\/div>\n\t\t\t\t\t\t\t<div class=\"elementor-container elementor-column-gap-default\">\n\t\t\t\t\t<div class=\"elementor-column elementor-col-100 elementor-top-column elementor-element elementor-element-226a9ab3\" data-id=\"226a9ab3\" data-element_type=\"column\">\n\t\t\t<div class=\"elementor-widget-wrap elementor-element-populated\">\n\t\t\t\t\t\t<div class=\"elementor-element elementor-element-3533fb1d elementor-widget elementor-widget-heading\" data-id=\"3533fb1d\" data-element_type=\"widget\" data-widget_type=\"heading.default\">\n\t\t\t\t<div class=\"elementor-widget-container\">\n\t\t\t\t\t<h1 class=\"elementor-heading-title elementor-size-default\">Me pr\u00e9parer pour la Mission\n<\/h1>\t\t\t\t<\/div>\n\t\t\t\t<\/div>\n\t\t\t\t\t<\/div>\n\t\t<\/div>\n\t\t\t\t\t<\/div>\n\t\t<\/section>\n\t\t\t\t<section class=\"elementor-section elementor-top-section elementor-element elementor-element-5f2b9475 pt-50 pb-50 custom-right-babal-sec p-lr elementor-section-boxed elementor-section-height-default elementor-section-height-default\" data-id=\"5f2b9475\" data-element_type=\"section\">\n\t\t\t\t\t\t<div class=\"elementor-container elementor-column-gap-default\">\n\t\t\t\t\t<div class=\"elementor-column elementor-col-100 elementor-top-column elementor-element elementor-element-4699cf90 pr-30\" data-id=\"4699cf90\" data-element_type=\"column\">\n\t\t\t<div class=\"elementor-widget-wrap elementor-element-populated\">\n\t\t\t\t\t\t<div class=\"elementor-element elementor-element-657f293a pt-50 elementor-widget elementor-widget-text-editor\" data-id=\"657f293a\" data-element_type=\"widget\" data-widget_type=\"text-editor.default\">\n\t\t\t\t<div class=\"elementor-widget-container\">\n\t\t\t\t\t\t\t\t\t<p>Pour \u00eatre pr\u00eats pour la Mission que nous avons en tant que catholiques, il y a plusieurs choses que nous pouvons faire, non seulement pour nous pr\u00e9parer, mais aussi pour renouveler notre foi et rester engag\u00e9s. Voici quelques id\u00e9es pour vous aider sur votre chemin :<\/p><p><b>La pri\u00e8re &#8211; <\/b><strong>Qu\u2019est-ce que c\u2019est?<\/strong><br \/>C&rsquo;est un moyen d&rsquo;entrer en relation avec Dieu. En d&rsquo;autres termes, en priant, nous entrons dans une conversation avec Lui. De la m\u00eame mani\u00e8re que parler \u00e0 un ami approfondit notre amiti\u00e9, parler avec Dieu par la pri\u00e8re approfondit notre relation avec Lui. Tout comme dans une conversation normale, la pri\u00e8re doit comporter des temps de parole et des temps d&rsquo;\u00e9coute; Dieu veut aussi nous parler! Nous pouvons prier individuellement, o\u00f9 que nous soyons, ou en communaut\u00e9 \u00e0 des moments pr\u00e9cis (par exemple, \u00e0 la messe ou dans le cadre d&rsquo;un groupe de pri\u00e8re).<\/p><p><strong>Comment dois-je prier?<\/strong> <br \/>Il existe de nombreuses fa\u00e7ons de prier, et chaque personne pr\u00e9f\u00e8re un style diff\u00e9rent. La pri\u00e8re, dans sa forme la plus simple, est une conversation entre nous et Dieu dans nos mots; vous n&rsquo;avez pas besoin d&rsquo;un texte pour prier. Vous pouvez dire ce que vous avez sur le c\u0153ur, \u00e9couter de la musique de pri\u00e8re ou m\u00eame vous asseoir en silence. <br \/>Il existe \u00e9galement d&rsquo;autres fa\u00e7ons plus formelles de prier. Elles sont particuli\u00e8rement utiles lorsque nous avons du mal \u00e0 trouver les mots, que nous nous sentons d\u00e9pass\u00e9s ou que nous voulons rafra\u00eechir notre vie de pri\u00e8re. Vous trouverez dans la section suivante des suggestions de formes de pri\u00e8re.<\/p><p>L&rsquo;une des meilleures fa\u00e7ons de prier est de lire les \u00c9critures, qui sont la parole de Dieu pour nous. C&rsquo;est ce qu&rsquo;on appelle la Lectio Divina. Elle implique : la lecture (lectio), la m\u00e9ditation (meditatio), la pri\u00e8re (oratio) et la contemplation (contemplatio). Vous pouvez en apprendre davantage sur ce type de pri\u00e8re en rejoignant un groupe qui se sp\u00e9cialise dans cette forme, mais il existe \u00e9galement des cours sur le sujet pour ceux et celles qui veulent ma\u00eetriser cette pratique.<\/p>\t\t\t\t\t\t\t\t<\/div>\n\t\t\t\t<\/div>\n\t\t\t\t\t<\/div>\n\t\t<\/div>\n\t\t\t\t\t<\/div>\n\t\t<\/section>\n\t\t\t\t<section class=\"elementor-section elementor-top-section elementor-element elementor-element-4343070 pt-50 pb-50 custom-right-babal-sec p-lr elementor-section-boxed elementor-section-height-default elementor-section-height-default\" data-id=\"4343070\" data-element_type=\"section\">\n\t\t\t\t\t\t<div class=\"elementor-container elementor-column-gap-default\">\n\t\t\t\t\t<div class=\"elementor-column elementor-col-100 elementor-top-column elementor-element elementor-element-2e0d2bc pl-30 fancy-cercle-main\" data-id=\"2e0d2bc\" data-element_type=\"column\">\n\t\t\t<div class=\"elementor-widget-wrap elementor-element-populated\">\n\t\t\t\t\t\t<div class=\"elementor-element elementor-element-aa2c6a1 inwertaed-comma elementor-widget elementor-widget-heading\" data-id=\"aa2c6a1\" data-element_type=\"widget\" data-widget_type=\"heading.default\">\n\t\t\t\t<div class=\"elementor-widget-container\">\n\t\t\t\t\t<h3 class=\"elementor-heading-title elementor-size-default\">\u201c<\/h3>\t\t\t\t<\/div>\n\t\t\t\t<\/div>\n\t\t\t\t<div class=\"elementor-element elementor-element-66eeefc elementor-widget elementor-widget-heading\" data-id=\"66eeefc\" data-element_type=\"widget\" data-widget_type=\"heading.default\">\n\t\t\t\t<div class=\"elementor-widget-container\">\n\t\t\t\t\t<h2 class=\"elementor-heading-title elementor-size-default\">Et lorsqu\u2019on vous emm\u00e8nera pour vous livrer, ne vous inqui\u00e9tez pas d\u2019avance pour savoir ce que vous direz, mais dites ce qui vous sera donn\u00e9 \u00e0 cette heure-l\u00e0. Car ce n\u2019est pas vous qui parlerez, mais l\u2019Esprit Saint. <\/h2>\t\t\t\t<\/div>\n\t\t\t\t<\/div>\n\t\t\t\t<div class=\"elementor-element elementor-element-17222db elementor-widget elementor-widget-heading\" data-id=\"17222db\" data-element_type=\"widget\" data-widget_type=\"heading.default\">\n\t\t\t\t<div class=\"elementor-widget-container\">\n\t\t\t\t\t<p class=\"elementor-heading-title elementor-size-default\">Marc 13, 11<\/p>\t\t\t\t<\/div>\n\t\t\t\t<\/div>\n\t\t\t\t\t<\/div>\n\t\t<\/div>\n\t\t\t\t\t<\/div>\n\t\t<\/section>\n\t\t\t\t<section class=\"elementor-section elementor-top-section elementor-element elementor-element-fb6179c pt-20 pb-50 custom-right-babal-sec p-lr elementor-section-boxed elementor-section-height-default elementor-section-height-default\" data-id=\"fb6179c\" data-element_type=\"section\">\n\t\t\t\t\t\t<div class=\"elementor-container elementor-column-gap-default\">\n\t\t\t\t\t<div class=\"elementor-column elementor-col-100 elementor-top-column elementor-element elementor-element-fc7b1cd\" data-id=\"fc7b1cd\" data-element_type=\"column\">\n\t\t\t<div class=\"elementor-widget-wrap elementor-element-populated\">\n\t\t\t\t\t\t<div class=\"elementor-element elementor-element-623840f elementor-widget elementor-widget-text-editor\" data-id=\"623840f\" data-element_type=\"widget\" data-widget_type=\"text-editor.default\">\n\t\t\t\t<div class=\"elementor-widget-container\">\n\t\t\t\t\t\t\t\t\t<p>N&rsquo;oubliez pas que J\u00e9sus nous appelle aussi \u00e0 prier ensemble. C&rsquo;est l&rsquo;une des raisons pour lesquelles nous assistons \u00e0 la messe. <br \/><strong>Quels types de pri\u00e8res existe-t-il?<\/strong> <br \/>Il existe une vari\u00e9t\u00e9 de pri\u00e8res reconnues par l&rsquo;\u00c9glise catholique. Dans le cat\u00e9chisme, elles comprennent : \u00ab <strong>la pri\u00e8re de b\u00e9n\u00e9diction ou d&rsquo;adoration, la pri\u00e8re de demande, la pri\u00e8re d&rsquo;intercession, la pri\u00e8re d&rsquo;action de gr\u00e2ce et la pri\u00e8re de louange.\u00a0\u00bb<\/strong><\/p><p>(Cat\u00e9chisme de l&rsquo;\u00c9glise catholique 1324 2623-2649).<\/p>\t\t\t\t\t\t\t\t<\/div>\n\t\t\t\t<\/div>\n\t\t\t\t\t<\/div>\n\t\t<\/div>\n\t\t\t\t\t<\/div>\n\t\t<\/section>\n\t\t\t\t<section class=\"elementor-section elementor-top-section elementor-element elementor-element-6ef7623b elementor-section-content-bottom list-main-sec pt-120 pb-120 left-after-slide p-lr elementor-section-boxed elementor-section-height-default elementor-section-height-default\" data-id=\"6ef7623b\" data-element_type=\"section\" data-settings=\"{&quot;background_background&quot;:&quot;classic&quot;}\">\n\t\t\t\t\t\t<div class=\"elementor-container elementor-column-gap-default\">\n\t\t\t\t\t<div class=\"elementor-column elementor-col-50 elementor-top-column elementor-element elementor-element-3c318745 pr-30\" data-id=\"3c318745\" data-element_type=\"column\">\n\t\t\t<div class=\"elementor-widget-wrap elementor-element-populated\">\n\t\t\t\t\t\t<div class=\"elementor-element elementor-element-2b77fbc6 border-r-al elementor-widget elementor-widget-image\" data-id=\"2b77fbc6\" data-element_type=\"widget\" data-widget_type=\"image.default\">\n\t\t\t\t<div class=\"elementor-widget-container\">\n\t\t\t\t\t\t\t\t\t\t\t\t\t\t\t<img fetchpriority=\"high\" decoding=\"async\" width=\"574\" height=\"574\" src=\"https:\/\/ottawacornwall.ca\/wp-content\/uploads\/2023\/02\/Equipping-for-the-Mission-min.png\" class=\"attachment-full size-full wp-image-2628\" alt=\"\" srcset=\"https:\/\/ottawacornwall.ca\/wp-content\/uploads\/2023\/02\/Equipping-for-the-Mission-min.png 574w, https:\/\/ottawacornwall.ca\/wp-content\/uploads\/2023\/02\/Equipping-for-the-Mission-min-300x300.png 300w, https:\/\/ottawacornwall.ca\/wp-content\/uploads\/2023\/02\/Equipping-for-the-Mission-min-150x150.png 150w\" sizes=\"(max-width: 574px) 100vw, 574px\" \/>\t\t\t\t\t\t\t\t\t\t\t\t\t\t\t<\/div>\n\t\t\t\t<\/div>\n\t\t\t\t\t<\/div>\n\t\t<\/div>\n\t\t\t\t<div class=\"elementor-column elementor-col-50 elementor-top-column elementor-element elementor-element-1b2957a0\" data-id=\"1b2957a0\" data-element_type=\"column\">\n\t\t\t<div class=\"elementor-widget-wrap elementor-element-populated\">\n\t\t\t\t\t\t<div class=\"elementor-element elementor-element-50095c1c mb-0 pb-20 elementor-widget elementor-widget-heading\" data-id=\"50095c1c\" data-element_type=\"widget\" data-widget_type=\"heading.default\">\n\t\t\t\t<div class=\"elementor-widget-container\">\n\t\t\t\t\t<h2 class=\"elementor-heading-title elementor-size-default\">Les <span>Vertus\u202f \u202f\n\n<\/h2>\t\t\t\t<\/div>\n\t\t\t\t<\/div>\n\t\t\t\t<section class=\"elementor-section elementor-inner-section elementor-element elementor-element-184a19a2 elementor-section-boxed elementor-section-height-default elementor-section-height-default\" data-id=\"184a19a2\" data-element_type=\"section\">\n\t\t\t\t\t\t<div class=\"elementor-container elementor-column-gap-default\">\n\t\t\t\t\t<div class=\"elementor-column elementor-col-100 elementor-inner-column elementor-element elementor-element-3acc3918\" data-id=\"3acc3918\" data-element_type=\"column\">\n\t\t\t<div class=\"elementor-widget-wrap elementor-element-populated\">\n\t\t\t\t\t\t<div class=\"elementor-element elementor-element-34242b77 elementor-widget elementor-widget-heading\" data-id=\"34242b77\" data-element_type=\"widget\" data-widget_type=\"heading.default\">\n\t\t\t\t<div class=\"elementor-widget-container\">\n\t\t\t\t\t<h3 class=\"elementor-heading-title elementor-size-default\">Quelles sont-elles?\u202f <\/h3>\t\t\t\t<\/div>\n\t\t\t\t<\/div>\n\t\t\t\t<div class=\"elementor-element elementor-element-27c7689c elementor-widget elementor-widget-text-editor\" data-id=\"27c7689c\" data-element_type=\"widget\" data-widget_type=\"text-editor.default\">\n\t\t\t\t<div class=\"elementor-widget-container\">\n\t\t\t\t\t\t\t\t\t<p><span style=\"font-weight: 400;\">\u00ab Une vertu est une disposition int\u00e9rieure, une habitude positive, une passion qui a \u00e9t\u00e9 mise au service du bien. \u00bb (YouCat \u00a7 299)<\/span><\/p>\t\t\t\t\t\t\t\t<\/div>\n\t\t\t\t<\/div>\n\t\t\t\t\t<\/div>\n\t\t<\/div>\n\t\t\t\t\t<\/div>\n\t\t<\/section>\n\t\t\t\t<section class=\"elementor-section elementor-inner-section elementor-element elementor-element-4ac6c97 pt-50 elementor-section-boxed elementor-section-height-default elementor-section-height-default\" data-id=\"4ac6c97\" data-element_type=\"section\">\n\t\t\t\t\t\t<div class=\"elementor-container elementor-column-gap-default\">\n\t\t\t\t\t<div class=\"elementor-column elementor-col-100 elementor-inner-column elementor-element elementor-element-9f32961\" data-id=\"9f32961\" data-element_type=\"column\">\n\t\t\t<div class=\"elementor-widget-wrap elementor-element-populated\">\n\t\t\t\t\t\t<div class=\"elementor-element elementor-element-c481a62 elementor-widget elementor-widget-heading\" data-id=\"c481a62\" data-element_type=\"widget\" data-widget_type=\"heading.default\">\n\t\t\t\t<div class=\"elementor-widget-container\">\n\t\t\t\t\t<h3 class=\"elementor-heading-title elementor-size-default\">Pourquoi en ai-je besoin?\u202f <\/h3>\t\t\t\t<\/div>\n\t\t\t\t<\/div>\n\t\t\t\t<div class=\"elementor-element elementor-element-404b8a3 elementor-widget elementor-widget-text-editor\" data-id=\"404b8a3\" data-element_type=\"widget\" data-widget_type=\"text-editor.default\">\n\t\t\t\t<div class=\"elementor-widget-container\">\n\t\t\t\t\t\t\t\t\t<p><span style=\"font-weight: 400;\">Les vertus \u00ab deviennent la force motrice d&rsquo;une vie de lutte pour l&rsquo;amour et la justice. \u00bb\u00a0 (YouCat \u00a7 294)<\/span><\/p>\t\t\t\t\t\t\t\t<\/div>\n\t\t\t\t<\/div>\n\t\t\t\t\t<\/div>\n\t\t<\/div>\n\t\t\t\t\t<\/div>\n\t\t<\/section>\n\t\t\t\t<section class=\"elementor-section elementor-inner-section elementor-element elementor-element-1112d2f pt-50 elementor-section-boxed elementor-section-height-default elementor-section-height-default\" data-id=\"1112d2f\" data-element_type=\"section\">\n\t\t\t\t\t\t<div class=\"elementor-container elementor-column-gap-default\">\n\t\t\t\t\t<div class=\"elementor-column elementor-col-100 elementor-inner-column elementor-element elementor-element-b8e3a90\" data-id=\"b8e3a90\" data-element_type=\"column\">\n\t\t\t<div class=\"elementor-widget-wrap elementor-element-populated\">\n\t\t\t\t\t\t<div class=\"elementor-element elementor-element-9f01586 elementor-widget elementor-widget-heading\" data-id=\"9f01586\" data-element_type=\"widget\" data-widget_type=\"heading.default\">\n\t\t\t\t<div class=\"elementor-widget-container\">\n\t\t\t\t\t<h3 class=\"elementor-heading-title elementor-size-default\">Comment m'aident-elles \u00e0 me rapprocher de J\u00e9sus?\u202f <\/h3>\t\t\t\t<\/div>\n\t\t\t\t<\/div>\n\t\t\t\t<div class=\"elementor-element elementor-element-5cfc74f elementor-widget elementor-widget-text-editor\" data-id=\"5cfc74f\" data-element_type=\"widget\" data-widget_type=\"text-editor.default\">\n\t\t\t\t<div class=\"elementor-widget-container\">\n\t\t\t\t\t\t\t\t\t<p><i><span style=\"font-weight: 400;\">Elles nous permettent de suivre le commandement du Christ : \u00ab Vous donc, vous serez parfaits, comme votre P\u00e8re c\u00e9leste est parfait. \u00bb\u00a0 (Mt 5, 48)\u202f<\/span><\/i><\/p>\t\t\t\t\t\t\t\t<\/div>\n\t\t\t\t<\/div>\n\t\t\t\t\t<\/div>\n\t\t<\/div>\n\t\t\t\t\t<\/div>\n\t\t<\/section>\n\t\t\t\t\t<\/div>\n\t\t<\/div>\n\t\t\t\t\t<\/div>\n\t\t<\/section>\n\t\t\t\t<\/div>\n\t\t","protected":false},"excerpt":{"rendered":"<p>Me pr\u00e9parer pour la Mission Pour \u00eatre pr\u00eats pour la Mission que nous avons en tant que catholiques, il y a plusieurs choses que nous pouvons faire, non seulement pour nous pr\u00e9parer, mais aussi pour renouveler notre foi et rester engag\u00e9s. Voici quelques id\u00e9es pour vous aider sur votre chemin : La pri\u00e8re &#8211; Qu\u2019est-ce [&hellip;]<\/p>\n","protected":false},"author":6,"featured_media":0,"parent":0,"menu_order":0,"comment_status":"closed","ping_status":"closed","template":"","meta":{"_acf_changed":false,"footnotes":""},"class_list":["post-6566","page","type-page","status-publish","hentry"],"acf":[],"yoast_head":"<!-- This site is optimized with the Yoast SEO plugin v27.4 - https:\/\/yoast.com\/product\/yoast-seo-wordpress\/ -->\n<title>Me pr\u00e9parer pour la Mission - Archdiocese of Ottawa-Cornwall<\/title>\n<meta name=\"robots\" content=\"index, follow, max-snippet:-1, max-image-preview:large, max-video-preview:-1\" \/>\n<link rel=\"canonical\" href=\"https:\/\/ottawacornwall.ca\/fr\/me-preparer-pour-la-mission\/\" \/>\n<meta property=\"og:locale\" content=\"fr_FR\" \/>\n<meta property=\"og:type\" content=\"article\" \/>\n<meta property=\"og:title\" content=\"Me pr\u00e9parer pour la Mission - Archdiocese of Ottawa-Cornwall\" \/>\n<meta property=\"og:description\" content=\"Me pr\u00e9parer pour la Mission Pour \u00eatre pr\u00eats pour la Mission que nous avons en tant que catholiques, il y a plusieurs choses que nous pouvons faire, non seulement pour nous pr\u00e9parer, mais aussi pour renouveler notre foi et rester engag\u00e9s. Voici quelques id\u00e9es pour vous aider sur votre chemin : La pri\u00e8re &#8211; Qu\u2019est-ce [&hellip;]\" \/>\n<meta property=\"og:url\" content=\"https:\/\/ottawacornwall.ca\/fr\/me-preparer-pour-la-mission\/\" \/>\n<meta property=\"og:site_name\" content=\"Archdiocese of Ottawa-Cornwall\" \/>\n<meta property=\"article:modified_time\" content=\"2024-04-24T13:37:12+00:00\" \/>\n<meta property=\"og:image\" content=\"http:\/\/ottawacornwall.ca\/wp-content\/uploads\/2023\/02\/Equipping-for-the-Mission-min.png\" \/>\n<meta name=\"twitter:card\" content=\"summary_large_image\" \/>\n<meta name=\"twitter:label1\" content=\"Dur\u00e9e de lecture estim\u00e9e\" \/>\n\t<meta name=\"twitter:data1\" content=\"3 minutes\" \/>\n<script type=\"application\/ld+json\" class=\"yoast-schema-graph\">{\"@context\":\"https:\\\/\\\/schema.org\",\"@graph\":[{\"@type\":\"WebPage\",\"@id\":\"https:\\\/\\\/ottawacornwall.ca\\\/fr\\\/me-preparer-pour-la-mission\\\/\",\"url\":\"https:\\\/\\\/ottawacornwall.ca\\\/fr\\\/me-preparer-pour-la-mission\\\/\",\"name\":\"Me pr\u00e9parer pour la Mission - Archdiocese of Ottawa-Cornwall\",\"isPartOf\":{\"@id\":\"https:\\\/\\\/ottawacornwall.ca\\\/#website\"},\"primaryImageOfPage\":{\"@id\":\"https:\\\/\\\/ottawacornwall.ca\\\/fr\\\/me-preparer-pour-la-mission\\\/#primaryimage\"},\"image\":{\"@id\":\"https:\\\/\\\/ottawacornwall.ca\\\/fr\\\/me-preparer-pour-la-mission\\\/#primaryimage\"},\"thumbnailUrl\":\"http:\\\/\\\/ottawacornwall.ca\\\/wp-content\\\/uploads\\\/2023\\\/02\\\/Equipping-for-the-Mission-min.png\",\"datePublished\":\"2023-01-08T21:44:56+00:00\",\"dateModified\":\"2024-04-24T13:37:12+00:00\",\"breadcrumb\":{\"@id\":\"https:\\\/\\\/ottawacornwall.ca\\\/fr\\\/me-preparer-pour-la-mission\\\/#breadcrumb\"},\"inLanguage\":\"fr-FR\",\"potentialAction\":[{\"@type\":\"ReadAction\",\"target\":[\"https:\\\/\\\/ottawacornwall.ca\\\/fr\\\/me-preparer-pour-la-mission\\\/\"]}]},{\"@type\":\"ImageObject\",\"inLanguage\":\"fr-FR\",\"@id\":\"https:\\\/\\\/ottawacornwall.ca\\\/fr\\\/me-preparer-pour-la-mission\\\/#primaryimage\",\"url\":\"http:\\\/\\\/ottawacornwall.ca\\\/wp-content\\\/uploads\\\/2023\\\/02\\\/Equipping-for-the-Mission-min.png\",\"contentUrl\":\"http:\\\/\\\/ottawacornwall.ca\\\/wp-content\\\/uploads\\\/2023\\\/02\\\/Equipping-for-the-Mission-min.png\"},{\"@type\":\"BreadcrumbList\",\"@id\":\"https:\\\/\\\/ottawacornwall.ca\\\/fr\\\/me-preparer-pour-la-mission\\\/#breadcrumb\",\"itemListElement\":[{\"@type\":\"ListItem\",\"position\":1,\"name\":\"Home\",\"item\":\"https:\\\/\\\/ottawacornwall.ca\\\/fr\\\/\"},{\"@type\":\"ListItem\",\"position\":2,\"name\":\"Me pr\u00e9parer pour la Mission\"}]},{\"@type\":\"WebSite\",\"@id\":\"https:\\\/\\\/ottawacornwall.ca\\\/#website\",\"url\":\"https:\\\/\\\/ottawacornwall.ca\\\/\",\"name\":\"Archdiocese of Ottawa-Cornwall\",\"description\":\"Welcome to the  Ottawa-Cornwall Archdiocese!\",\"publisher\":{\"@id\":\"https:\\\/\\\/ottawacornwall.ca\\\/#organization\"},\"potentialAction\":[{\"@type\":\"SearchAction\",\"target\":{\"@type\":\"EntryPoint\",\"urlTemplate\":\"https:\\\/\\\/ottawacornwall.ca\\\/?s={search_term_string}\"},\"query-input\":{\"@type\":\"PropertyValueSpecification\",\"valueRequired\":true,\"valueName\":\"search_term_string\"}}],\"inLanguage\":\"fr-FR\"},{\"@type\":\"Organization\",\"@id\":\"https:\\\/\\\/ottawacornwall.ca\\\/#organization\",\"name\":\"Archdiocese of Ottawa-Cornwall\",\"url\":\"https:\\\/\\\/ottawacornwall.ca\\\/\",\"logo\":{\"@type\":\"ImageObject\",\"inLanguage\":\"fr-FR\",\"@id\":\"https:\\\/\\\/ottawacornwall.ca\\\/#\\\/schema\\\/logo\\\/image\\\/\",\"url\":\"https:\\\/\\\/ottawacornwall.ca\\\/wp-content\\\/uploads\\\/2022\\\/11\\\/Archdiocese-Logo-Horizontal-Reverse-1.svg\",\"contentUrl\":\"https:\\\/\\\/ottawacornwall.ca\\\/wp-content\\\/uploads\\\/2022\\\/11\\\/Archdiocese-Logo-Horizontal-Reverse-1.svg\",\"caption\":\"Archdiocese of Ottawa-Cornwall\"},\"image\":{\"@id\":\"https:\\\/\\\/ottawacornwall.ca\\\/#\\\/schema\\\/logo\\\/image\\\/\"}}]}<\/script>\n<!-- \/ Yoast SEO plugin. -->","yoast_head_json":{"title":"Me pr\u00e9parer pour la Mission - Archdiocese of Ottawa-Cornwall","robots":{"index":"index","follow":"follow","max-snippet":"max-snippet:-1","max-image-preview":"max-image-preview:large","max-video-preview":"max-video-preview:-1"},"canonical":"https:\/\/ottawacornwall.ca\/fr\/me-preparer-pour-la-mission\/","og_locale":"fr_FR","og_type":"article","og_title":"Me pr\u00e9parer pour la Mission - Archdiocese of Ottawa-Cornwall","og_description":"Me pr\u00e9parer pour la Mission Pour \u00eatre pr\u00eats pour la Mission que nous avons en tant que catholiques, il y a plusieurs choses que nous pouvons faire, non seulement pour nous pr\u00e9parer, mais aussi pour renouveler notre foi et rester engag\u00e9s. Voici quelques id\u00e9es pour vous aider sur votre chemin : La pri\u00e8re &#8211; Qu\u2019est-ce [&hellip;]","og_url":"https:\/\/ottawacornwall.ca\/fr\/me-preparer-pour-la-mission\/","og_site_name":"Archdiocese of Ottawa-Cornwall","article_modified_time":"2024-04-24T13:37:12+00:00","og_image":[{"url":"http:\/\/ottawacornwall.ca\/wp-content\/uploads\/2023\/02\/Equipping-for-the-Mission-min.png","type":"","width":"","height":""}],"twitter_card":"summary_large_image","twitter_misc":{"Dur\u00e9e de lecture estim\u00e9e":"3 minutes"},"schema":{"@context":"https:\/\/schema.org","@graph":[{"@type":"WebPage","@id":"https:\/\/ottawacornwall.ca\/fr\/me-preparer-pour-la-mission\/","url":"https:\/\/ottawacornwall.ca\/fr\/me-preparer-pour-la-mission\/","name":"Me pr\u00e9parer pour la Mission - Archdiocese of Ottawa-Cornwall","isPartOf":{"@id":"https:\/\/ottawacornwall.ca\/#website"},"primaryImageOfPage":{"@id":"https:\/\/ottawacornwall.ca\/fr\/me-preparer-pour-la-mission\/#primaryimage"},"image":{"@id":"https:\/\/ottawacornwall.ca\/fr\/me-preparer-pour-la-mission\/#primaryimage"},"thumbnailUrl":"http:\/\/ottawacornwall.ca\/wp-content\/uploads\/2023\/02\/Equipping-for-the-Mission-min.png","datePublished":"2023-01-08T21:44:56+00:00","dateModified":"2024-04-24T13:37:12+00:00","breadcrumb":{"@id":"https:\/\/ottawacornwall.ca\/fr\/me-preparer-pour-la-mission\/#breadcrumb"},"inLanguage":"fr-FR","potentialAction":[{"@type":"ReadAction","target":["https:\/\/ottawacornwall.ca\/fr\/me-preparer-pour-la-mission\/"]}]},{"@type":"ImageObject","inLanguage":"fr-FR","@id":"https:\/\/ottawacornwall.ca\/fr\/me-preparer-pour-la-mission\/#primaryimage","url":"http:\/\/ottawacornwall.ca\/wp-content\/uploads\/2023\/02\/Equipping-for-the-Mission-min.png","contentUrl":"http:\/\/ottawacornwall.ca\/wp-content\/uploads\/2023\/02\/Equipping-for-the-Mission-min.png"},{"@type":"BreadcrumbList","@id":"https:\/\/ottawacornwall.ca\/fr\/me-preparer-pour-la-mission\/#breadcrumb","itemListElement":[{"@type":"ListItem","position":1,"name":"Home","item":"https:\/\/ottawacornwall.ca\/fr\/"},{"@type":"ListItem","position":2,"name":"Me pr\u00e9parer pour la Mission"}]},{"@type":"WebSite","@id":"https:\/\/ottawacornwall.ca\/#website","url":"https:\/\/ottawacornwall.ca\/","name":"Archdiocese of Ottawa-Cornwall","description":"Welcome to the  Ottawa-Cornwall Archdiocese!","publisher":{"@id":"https:\/\/ottawacornwall.ca\/#organization"},"potentialAction":[{"@type":"SearchAction","target":{"@type":"EntryPoint","urlTemplate":"https:\/\/ottawacornwall.ca\/?s={search_term_string}"},"query-input":{"@type":"PropertyValueSpecification","valueRequired":true,"valueName":"search_term_string"}}],"inLanguage":"fr-FR"},{"@type":"Organization","@id":"https:\/\/ottawacornwall.ca\/#organization","name":"Archdiocese of Ottawa-Cornwall","url":"https:\/\/ottawacornwall.ca\/","logo":{"@type":"ImageObject","inLanguage":"fr-FR","@id":"https:\/\/ottawacornwall.ca\/#\/schema\/logo\/image\/","url":"https:\/\/ottawacornwall.ca\/wp-content\/uploads\/2022\/11\/Archdiocese-Logo-Horizontal-Reverse-1.svg","contentUrl":"https:\/\/ottawacornwall.ca\/wp-content\/uploads\/2022\/11\/Archdiocese-Logo-Horizontal-Reverse-1.svg","caption":"Archdiocese of Ottawa-Cornwall"},"image":{"@id":"https:\/\/ottawacornwall.ca\/#\/schema\/logo\/image\/"}}]}},"_links":{"self":[{"href":"https:\/\/ottawacornwall.ca\/fr\/wp-json\/wp\/v2\/pages\/6566","targetHints":{"allow":["GET"]}}],"collection":[{"href":"https:\/\/ottawacornwall.ca\/fr\/wp-json\/wp\/v2\/pages"}],"about":[{"href":"https:\/\/ottawacornwall.ca\/fr\/wp-json\/wp\/v2\/types\/page"}],"author":[{"embeddable":true,"href":"https:\/\/ottawacornwall.ca\/fr\/wp-json\/wp\/v2\/users\/6"}],"replies":[{"embeddable":true,"href":"https:\/\/ottawacornwall.ca\/fr\/wp-json\/wp\/v2\/comments?post=6566"}],"version-history":[{"count":85,"href":"https:\/\/ottawacornwall.ca\/fr\/wp-json\/wp\/v2\/pages\/6566\/revisions"}],"predecessor-version":[{"id":19745,"href":"https:\/\/ottawacornwall.ca\/fr\/wp-json\/wp\/v2\/pages\/6566\/revisions\/19745"}],"wp:attachment":[{"href":"https:\/\/ottawacornwall.ca\/fr\/wp-json\/wp\/v2\/media?parent=6566"}],"curies":[{"name":"wp","href":"https:\/\/api.w.org\/{rel}","templated":true}]}}